{"id":988,"date":"2017-10-07T23:02:12","date_gmt":"2017-10-07T21:02:12","guid":{"rendered":"http:\/\/parafiajadwigi.waw.pl\/?page_id=988"},"modified":"2019-07-21T21:47:41","modified_gmt":"2019-07-21T19:47:41","slug":"i-komunia-sw","status":"publish","type":"page","link":"https:\/\/parafiajadwigi.waw.pl\/index.php\/i-komunia-sw\/","title":{"rendered":"I KOMUNIA \u015aW."},"content":{"rendered":"\t\t<div data-elementor-type=\"wp-post\" data-elementor-id=\"988\" class=\"elementor elementor-988\">\n\t\t\t\t\t\t<section class=\"elementor-section elementor-top-section elementor-element elementor-element-3000b51 elementor-section-boxed elementor-section-height-default elementor-section-height-default\" data-id=\"3000b51\" data-element_type=\"section\" data-e-type=\"section\">\n\t\t\t\t\t\t<div class=\"elementor-container elementor-column-gap-default\">\n\t\t\t\t\t<div class=\"elementor-column elementor-col-100 elementor-top-column elementor-element elementor-element-3cc8f2f\" data-id=\"3cc8f2f\" data-element_type=\"column\" data-e-type=\"column\">\n\t\t\t<div class=\"elementor-widget-wrap elementor-element-populated\">\n\t\t\t\t\t\t<div class=\"elementor-element elementor-element-72fb9e7 elementor-widget elementor-widget-accordion\" data-id=\"72fb9e7\" data-element_type=\"widget\" data-e-type=\"widget\" data-widget_type=\"accordion.default\">\n\t\t\t\t<div class=\"elementor-widget-container\">\n\t\t\t\t\t\t\t<div class=\"elementor-accordion\">\n\t\t\t\t\t\t\t<div class=\"elementor-accordion-item\">\n\t\t\t\t\t<div id=\"elementor-tab-title-1201\" class=\"elementor-tab-title\" data-tab=\"1\" role=\"button\" aria-controls=\"elementor-tab-content-1201\" aria-expanded=\"false\">\n\t\t\t\t\t\t\t\t\t\t\t\t\t<span class=\"elementor-accordion-icon elementor-accordion-icon-left\" aria-hidden=\"true\">\n\t\t\t\t\t\t\t\t\t\t\t\t\t\t\t<span class=\"elementor-accordion-icon-closed\"><i class=\"fas fa-plus\"><\/i><\/span>\n\t\t\t\t\t\t\t\t<span class=\"elementor-accordion-icon-opened\"><i class=\"fas fa-minus\"><\/i><\/span>\n\t\t\t\t\t\t\t\t\t\t\t\t\t\t<\/span>\n\t\t\t\t\t\t\t\t\t\t\t\t<a class=\"elementor-accordion-title\" tabindex=\"0\">Spos\u00f3b przygotowania dzieci do I Komunii \u015aw. w 2020 roku:<\/a>\n\t\t\t\t\t<\/div>\n\t\t\t\t\t<div id=\"elementor-tab-content-1201\" class=\"elementor-tab-content elementor-clearfix\" data-tab=\"1\" role=\"region\" aria-labelledby=\"elementor-tab-title-1201\"><p>Spos\u00f3b przygotowania dzieci i ich rodzin w Parafii \u015awi\u0119tej Jadwigi \u015al\u0105skiej w Warszawie do uroczystej celebracji I Komunii \u015aw. w 2020 roku:<\/p><p>Msze \u015bw. niedzielne (o ile to jest mo\u017cliwe \u2013 Msza \u015bw. o godz. 10.00),<br \/>Katecheza przyparafialna \u2013 2 razy w miesi\u0105cu (1 i 3 wtorek, 18.30 &#8211; do potwierdzenie na spotkaniu na pocz\u0105tku wrze\u015bnia 2019r.),<br \/>Msze rodzinne \u2013 raz w miesi\u0105cu (czwarta niedziela miesi\u0105ca o 15.00),<br \/>Nabo\u017ce\u0144stwa: majowe, czerwcowe i r\u00f3\u017ca\u0144cowe w pa\u017adzierniku,<br \/>Spotkania dla rodzic\u00f3w \u2013 raz w miesi\u0105cu (ostatni pi\u0105tek, 19.00 &#8211; do potwierdzenie na spotkaniu na pocz\u0105tku wrze\u015bnia 2019r.),<br \/>Lekcje religii w szkole (wymagane uczestniczenie, cho\u0107 one nie przygotowuj\u0105 do I Komunii \u015bw.)<\/p><p>Wa\u017cne daty (do ustalenia):<br \/>Pocz\u0105tek pa\u017adziernika \u2013 po\u015bwi\u0119cenie r\u00f3\u017ca\u0144c\u00f3w (nale\u017cy kupi\u0107 je wcze\u015bniej \u2013 najlepiej poprosi\u0107 ojca chrzestnego),<br \/>Pierwsza niedziela grudnia (01.12) \u2013 po\u015bwi\u0119cenie i wr\u0119czenie medalik\u00f3w (nale\u017cy kupi\u0107 je wcze\u015bniej \u2013 najlepiej poprosi\u0107 matk\u0119 chrzestn\u0105),<br \/>Pierwsza niedziela lutego (02.02) \u2013 po\u015bwi\u0119cenie \u015bwiec,<br \/>Pierwsza niedziela marca (01.03)\u2013 po\u015bwi\u0119cenie ksi\u0105\u017ceczek do nabo\u017ce\u0144stwa (zakup \u2013 o. proboszcz),<br \/>Miesi\u0105c przed I Komuni\u0105 \u2013 I Spowied\u017a \u015aw. \u2013 4 kwietnia albo 18 kwietnia 2020, <br \/>W przeddzie\u0144 I Komunii \u2013 II Spowied\u017a \u015aw. \u2013 8 maja 2020,<br \/>I Komunia \u015aw. \u2013 10 maja 2020, godz. 10.00<\/p><p>Informacje o dokumentach:<br \/>\u015awiadectwo chrztu (dostarczy\u0107 do 30.09),<br \/>Pozwolenie ks. proboszcza (o ile rodzina nie nale\u017cy do naszej parafii),<br \/>Deklaracje rodzic\u00f3w (dostarczy\u0107 na spotkanie na koniec wrze\u015bnia 2019r.);<br \/>Kwestie zwi\u0105zane z uroczysto\u015bci\u0105\u00a0 I Komunii:<br \/>Szatki (jednakowe dla wszystkich)<br \/>\u015awiece komunijne (te same, kt\u00f3re by\u0142y na Chrzcie \u015bw.),<br \/>Fotograf zam\u00f3wiony przez o. proboszcza,<br \/>Sprz\u0105tanie i wystr\u00f3j ko\u015bcio\u0142a \u2013 rodzice,<br \/>Zobowi\u0105zania po I Komunii:<br \/>Msza \u015bw. dzi\u0119kczynna w Loretto (do ustalenia),<br \/>Nabo\u017ce\u0144stwa w Bia\u0142ym Tygodniu i w Oktawie Bo\u017cego Cia\u0142a,<br \/>Msza i Procesja Bo\u017cego Cia\u0142a<\/p><\/div>\n\t\t\t\t<\/div>\n\t\t\t\t\t\t\t<div class=\"elementor-accordion-item\">\n\t\t\t\t\t<div id=\"elementor-tab-title-1202\" class=\"elementor-tab-title\" data-tab=\"2\" role=\"button\" aria-controls=\"elementor-tab-content-1202\" aria-expanded=\"false\">\n\t\t\t\t\t\t\t\t\t\t\t\t\t<span class=\"elementor-accordion-icon elementor-accordion-icon-left\" aria-hidden=\"true\">\n\t\t\t\t\t\t\t\t\t\t\t\t\t\t\t<span class=\"elementor-accordion-icon-closed\"><i class=\"fas fa-plus\"><\/i><\/span>\n\t\t\t\t\t\t\t\t<span class=\"elementor-accordion-icon-opened\"><i class=\"fas fa-minus\"><\/i><\/span>\n\t\t\t\t\t\t\t\t\t\t\t\t\t\t<\/span>\n\t\t\t\t\t\t\t\t\t\t\t\t<a class=\"elementor-accordion-title\" tabindex=\"0\">INFORMACJE DLA RODZIC\u00d3W DZIECI PIERWSZOKOMUNIJNYCH<\/a>\n\t\t\t\t\t<\/div>\n\t\t\t\t\t<div id=\"elementor-tab-content-1202\" class=\"elementor-tab-content elementor-clearfix\" data-tab=\"2\" role=\"region\" aria-labelledby=\"elementor-tab-title-1202\"><p>Kochani Rodzice,<br \/>Ciesz\u0119 si\u0119, \u017ce i poprzez nasz\u0105 stron\u0119 internetow\u0105 mog\u0119 skontaktowa\u0107 si\u0119 z Wami. Bardzo zale\u017cy mi na pog\u0142\u0119bieniu istniej\u0105cej ju\u017c miedzy nami wi\u0119zi. Pozw\u00f3lcie, i\u017c zanim przejd\u0119 do podania konkret\u00f3w zwi\u0105zanych z przygotowaniem dzieci do przyj\u0119cia I Komunii \u015awi\u0119tej za\u0142\u0105cz\u0119 obszerne fragmenty interesuj\u0105cego artyku\u0142u ks. Tomasza Jaklewicza, redaktora Go\u015bcia Niedzielnego, zatytu\u0142owanego \u201eNie odbierajmy im \u015bwi\u0119ta\u201d.<br \/>Co roku w maju o\u017cywa dyskusja na temat sposob\u00f3w prze\u017cywania Pierwszej Komunii \u015awi\u0119tej. Publicy\u015bci wyliczaj\u0105, ile kosztowa\u0107 b\u0119dzie zorganizowanie komunijnej uroczysto\u015bci, wskazuj\u0105 na najnowsze trendy w strojach czy prezentach komunijnych, kt\u00f3re z roku na rok s\u0105 coraz bardziej wyszukane i dro\u017csze. \u201eKomunijne szale\u0144stwo wida\u0107 ju\u017c u fryzjerek i kosmetyczek\u201d \u2013 donosi dziennik \u201ePolska\u201d w artykule \u201eLuksus wa\u017cniejszy od sakramentu\u201d (15.04). Modne jest wystylizowanie c\u00f3rkom paznokci lub seans w solarium. Niekt\u00f3rzy rodzice gotowi s\u0105 nawet zafundowa\u0107 dziecku operacj\u0119 plastyczn\u0105 uszu. \u201eW ca\u0142ym spektaklu najwa\u017cniejszy jest oczywi\u015bcie str\u00f3j\u201d \u2013 konkluduje autorka tekstu Agnieszka Jasi\u0144ska.<br \/>Gdzie patologia, gdzie norma?<\/p><p>Zastanawiam si\u0119, sk\u0105d ta pewno\u015b\u0107 dziennikarki? Dla kogo najwa\u017cniejszy jest wygl\u0105d? Dla duszpasterzy? Na pewno nie. Dla dzieci? W\u0105tpi\u0119. Dla rodzic\u00f3w? Dla niekt\u00f3rych pewnie tak, ale czy dla wszystkich? Czy rodzice przy zdrowych zmys\u0142ach po\u015bl\u0105 dziecko przed Komuni\u0105 do solarium lub na operacj\u0119 plastyczn\u0105? Czy przypadki patologiczne nale\u017cy uznawa\u0107 za regu\u0142\u0119 lub dominuj\u0105cy trend obyczajowy? Zadzwoni\u0142em z ciekawo\u015bci do jednego z salon\u00f3w kosmetyczno-fryzjerskich i zapyta\u0142em o \u201ekomunijne szale\u0144stwo\u201d. \u2013 Od 9 lat prowadz\u0119 salon i w ci\u0105gu tego czasu dwa razy zam\u00f3wiono u mnie manicure dla komunijnego dziecka. Raz matka prosi\u0142a o solarium dla dziecka, ale wybi\u0142am jej to z g\u0142owy, bo to po prostu niebezpieczne. Owszem, dziewczynki robi\u0105 sobie przed Pierwsz\u0105 Komuni\u0105 fryzury, ale nie pami\u0119tam jakich\u015b specjalnych ekstrawagancji \u2013 us\u0142ysza\u0142em od Bernadety Krzak, w\u0142a\u015bcicielki Studia Urody w Katowicach.<\/p><p>A co z kosztami uroczysto\u015bci komunijnej? Poprosi\u0142em kilkoro znajomych rodzic\u00f3w o oszacowanie koszt\u00f3w Komunii. Pada\u0142y sumy w przedziale od 3 do 5 tys., czyli o po\u0142ow\u0119 ni\u017csze ni\u017c podawane s\u0105 w prasowych doniesieniach. Oczywi\u015bcie znajd\u0105 si\u0119 rodzice, kt\u00f3rzy wydadz\u0105 na Komuni\u0119 dziecka 10 tys. i wi\u0119cej. Mo\u017cna znowu zapyta\u0107: co jest norm\u0105, a co przerostem chorych ambicji rodzic\u00f3w? Postawy ekstremalne lepiej sprzedaj\u0105 si\u0119 medialnie, ale niekoniecznie daj\u0105 prawdziwy obraz ca\u0142o\u015bci.<br \/>Trend na skromno\u015b\u0107 w ubiorze<br \/>Kolejnym nie\u015bmiertelnym tematem s\u0105 stroje komunijne. Co roku w publikacjach na t\u0119 okoliczno\u015b\u0107 mo\u017cna wyczyta\u0107 o rewii komunijnej mody. Uczciwie przyznam, \u017ce nie przeprowadza\u0142em precyzyjnych bada\u0144, ale rozmawia\u0142em z kilkoma duszpasterzami z r\u00f3\u017cnych stron Polski. Wszyscy m\u00f3wili, \u017ce wprowadzili jednolite stroje komunijne. U niekt\u00f3rych rodzic\u00f3w budzi\u0142o to op\u00f3r, ale ostatecznie dawali si\u0119 do tego przekona\u0107. \u2013<\/p><p>Na pierwszym spotkaniu z rodzicami t\u0142umacz\u0119, \u017ce dzi\u0119ki jednolitym strojom wygasza si\u0119 wiele zb\u0119dnych emocji. Dzieci biedniejsze nie s\u0105 nara\u017cone na skr\u0119powanie, a dzieciom bogatszym oszcz\u0119dzona jest pokusa wywy\u017cszania si\u0119 z powodu wygl\u0105du \u2013 t\u0142umaczy ks. Eugeniusz Gogoli\u0144ski z parafii \u015bw. Barbary z Bytomia. \u2013 Jedna z mam, kt\u00f3ra najbardziej si\u0119 buntowa\u0142a, przysz\u0142a po Komunii i podzi\u0119kowa\u0142a mi za ten pomys\u0142. Powiedzia\u0142a: \u201eMoja c\u00f3rka wygl\u0105da\u0142a jak anio\u0142ek, mia\u0142am \u0142zy w oczach\u201d \u2013 wspomina ks. Micha\u0142 Anderko z katedry Chrystusa Kr\u00f3la w Katowicach.<\/p><p>Cena skromnego, estetycznego komunijnego ubioru to oko\u0142o 100\u2013150 z\u0142. Je\u015bli mo\u017cna m\u00f3wi\u0107 o jakim\u015b trendzie w \u201emodzie komunijnej\u201d, to jest nim coraz wi\u0119ksza liczba parafii, kt\u00f3re wprowadzi\u0142y jednolite stroje liturgiczne. Tak jest na przyk\u0142ad w wi\u0119kszo\u015bci parafii w Bielsku-Bia\u0142ej. Szukaj\u0105c ilustracji do tego materia\u0142u, przegl\u0105da\u0142em sporo fotografii w agencjach fotograficznych. Na zdecydowanej wi\u0119kszo\u015bci zdj\u0119\u0107 reporta\u017cowych z uroczysto\u015bci komunijnych dominuj\u0105 alby czy kome\u017cki.<\/p><p>W cytowanym na pocz\u0105tku artykule pojawia si\u0119 wypowied\u017a matki: \u201eZam\u00f3wi\u0142am dla c\u00f3rki dwie sukienki, bo boj\u0119 si\u0119, \u017ce jedn\u0105 poplami podczas obiadu i nie b\u0119dzie mia\u0142a w czym i\u015b\u0107 na popo\u0142udniow\u0105 Msz\u0119\u201d. Przepraszam za ironi\u0119, ale je\u015bli mama nie odr\u00f3\u017cnia nabo\u017ce\u0144stwa od Mszy \u015bw., to trudno si\u0119 dziwi\u0107, \u017ce kupuje dwie sukienki, i to jest dla niej najwa\u017cniejsze. Brak tre\u015bci duchowych nadrabia si\u0119 koncentracj\u0105 na zewn\u0119trznej oprawie, na strojach, zdj\u0119ciach, prezentach czy przyj\u0119ciu. Cierpi na tym ostatecznie dziecko.<\/p><p>Najwi\u0119cej zale\u017cy od rodzic\u00f3w<br \/>To prawda, \u017ce uroczysto\u015bci Pierwszej Komunii grozi przerost formy nad tre\u015bci\u0105. Przyczynia\u0107 si\u0119 do tego mog\u0105 zar\u00f3wno duszpasterze czy katecheci, jak i rodzice czy krewni. Decyduj\u0105cy wp\u0142yw na prze\u017cycie Komunii przez dzieci maj\u0105 jednak rodzice. \u2013 Przyznaj\u0119, \u017ce przy Komunii \u015bw. pierwszej c\u00f3rki zaj\u0119\u0142am si\u0119 przygotowaniem samej uroczysto\u015bci i uzna\u0142am, \u017ce tematy religijne to sprawa wy\u0142\u0105cznie ksi\u0119dza czy katechetki. Przy kolejnych dzieciach ju\u017c tego b\u0142\u0119du nie pope\u0142ni\u0142am. Zrozumia\u0142am, o co chodzi\u0142o proboszczowi podkre\u015blaj\u0105cemu rol\u0119 rodzic\u00f3w.<\/p><p>Zreszt\u0105 przez kilka lat mia\u0142am mo\u017cliwo\u015b\u0107 przygotowywania dzieci do Pierwszej Komunii i wspominam to z wielkim wzruszeniem \u2013 m\u00f3wi Iza Paszkowska, pedagog, polonistka, matka 4 dzieci. \u2013 Drugoklasi\u015bci dobrze rozumiej\u0105, co wa\u017cnego w ich \u017cyciu ma si\u0119 wydarzy\u0107 i s\u0105 \u201eg\u0142odni\u201d Cia\u0142a Jezusa. Udziela im si\u0119 nastr\u00f3j przygotowa\u0144, wiedz\u0105, \u017ce to poniek\u0105d z ich powodu te remonty, zmiany wystroju, rodzinne narady i planowania uroczysto\u015bci. Dzieci w wieku 9 lat s\u0105 jeszcze bardzo ufne i szczere, pozbawione buntu czy cynizmu. Wierz\u0105 we wszystko, co im si\u0119 m\u00f3wi, i bior\u0105 to sobie do serca. Ale to rodzice s\u0105 dla nich absolutnym punktem odniesienia, najwa\u017cniejszym autorytetem.<\/p><p>Dzieci szukaj\u0105 potwierdzenia tego, czego dowiedz\u0105 si\u0119 na religii, u swoich rodzic\u00f3w. Je\u015bli tego zabraknie, powstaje jakie\u015b p\u0119kni\u0119cie, rysa, kt\u00f3ra wkr\u00f3tce stanie si\u0119 szczelin\u0105, a wreszcie przepa\u015bci\u0105. Brak jednoznaczno\u015bci to fa\u0142sz, z kt\u00f3rym dziecko nie potrafi sobie poradzi\u0107. Dziecko z natury lubi harmoni\u0119, ci\u0119\u017cko znosi ka\u017cd\u0105 zauwa\u017con\u0105 niesp\u00f3jno\u015b\u0107. A poniewa\u017c w tym wieku jest lojalne wobec rodzic\u00f3w, nie bardzo potrafi sobie poradzi\u0107 z ich lekcewa\u017c\u0105cym, kpi\u0105cym, czasami wrogim lub tylko niesp\u00f3jnym z katechez\u0105 podej\u015bciem do wiary.<\/p><p>To si\u0119 czuje, czy dziecko jest zostawione samemu sobie w kwestiach wiary, czy mo\u017ce liczy\u0107 na pomoc rodzic\u00f3w, podkre\u015blaj\u0105 zgodnie katecheci. Najnowsze ko\u015bcielne statystyki podaj\u0105, \u017ce w niedzielnej Mszy \u015bwi\u0119tej uczestniczy 40,4 proc. katolik\u00f3w. Te procenty b\u0119d\u0105 rozk\u0142ada\u0142y si\u0119 podobnie w przypadku rodzic\u00f3w dzieci klas drugich. W wielkich miastach odsetek niepraktykuj\u0105cych jest jeszcze wi\u0119kszy. Duszpasterz, zapraszaj\u0105c rodzic\u00f3w dzieci komunijnych na spotkanie do ko\u015bcio\u0142a lub salki parafialnej, ma do czynienia w wi\u0119kszo\u015bci z osobami, kt\u00f3rych kontakt z Ko\u015bcio\u0142em jest s\u0142aby lub wr\u0119cz zerowy. To jest problem, ale i szansa.<\/p><p>Spotkania, spotkania, spotkania<br \/>Wielu ksi\u0119\u017cy organizuje spotkania dla rodzic\u00f3w (najcz\u0119\u015bciej od wrze\u015bnia do maja raz w miesi\u0105cu) w taki spos\u00f3b, aby mia\u0142y one charakter nie tyle \u201etechnicznego\u201d przygotowania do Komunii, ale pog\u0142\u0119bienia ich wiary. Ks. Gogoli\u0144ski podzieli\u0142 rodzic\u00f3w na mniejsze grupy. \u2013 Kontakt jest wtedy mniej oficjalny, bardziej ludzki. To okazja do katechezy sakramentalnej. Oczywi\u015bcie, cz\u0119\u015b\u0107 os\u00f3b odbiera to jako obowi\u0105zek, nie zawsze mi\u0142y, ale cz\u0119\u015b\u0107 si\u0119 otwiera. Rodzice otrzymuj\u0105 specjalne karty pracy z dzie\u0107mi. Powinni na to przeznaczy\u0107 15 minut w tygodniu. To zwykle jakie\u015b aktywizuj\u0105ce zadanie do rozwi\u0105zania. Ks. Anderko podkre\u015bla, \u017ce takie spotkania to okazja dla rodzic\u00f3w, by pyta\u0107 siebie o w\u0142asn\u0105 wiar\u0119. To szansa, by mo\u017ce po raz pierwszy pomodli\u0107 si\u0119 w rodzinie. To nieraz mobilizacja do spowiedzi po latach lub zawarcia sakramentalnego ma\u0142\u017ce\u0144stwa. \u2013 Kilka rodzin poprosi\u0142o mnie o kontynuowanie katechez ju\u017c po Komunii dzieci. Tak powsta\u0142a bardzo aktywna grupa katechezy doros\u0142ych. Rozbudzony zosta\u0142 jaki\u015b duchowy g\u0142\u00f3d \u2013 podkre\u015bla duszpasterz.<\/p><p>Biskup Antoni D\u0142ugosz, znany ze swoich \u201erozta\u0144czonych\u201d katechez dla dzieci w programie \u201eZiarno\u201d, przestrzega zar\u00f3wno rodzic\u00f3w, jak i duszpasterzy przed traktowaniem pierwszej spowiedzi i Komunii \u015bw. jako nadzwyczajnego wydarzenia w \u017cyciu dziecka. \u2013 Robi si\u0119 nieraz w parafii tyle spotka\u0144, \u017ce rodzice s\u0105 tym tak wyko\u0144czeni, \u017ce po Pierwszej Komunii \u015bw. przestaje ich obchodzi\u0107 dalsza formacja religijna dzieci, poniewa\u017c uwa\u017caj\u0105, \u017ce wype\u0142nili ju\u017c sw\u00f3j rodzicielski obowi\u0105zek. W niekt\u00f3rych rejonach Polski m\u00f3wi si\u0119, \u017ce dziecko ju\u017c \u201esi\u0119 sprawi\u0142o\u201d. A przecie\u017c Pierwsza Komunia jest jednym z etap\u00f3w wtajemniczenia w \u017cycie z Panem Bogiem i nie mo\u017cna z tego robi\u0107 fajerwerk\u00f3w. Nic si\u0119 tu nie ko\u0144czy. Idziemy dalej. Rodzice nadal odpowiadaj\u0105 za \u017cycie religijne dzieci. Duszpasterze nie powinni s\u0105dzi\u0107, \u017ce w ci\u0105gu jednego roku nadrobi\u0105 katechetyczne braki rodzic\u00f3w, tym bardziej \u017ce dzia\u0142a tutaj jednak pewna presja obyczajowa.<br \/>Duszpasterze opowiadaj\u0105, \u017ce rok przygotowa\u0144 do Komunii \u015awi\u0119tej i sama uroczysto\u015b\u0107 prowadz\u0105 nieraz rodzic\u00f3w do nawr\u00f3cenia. Zdarzaj\u0105 si\u0119 przypadki pojednania ma\u0142\u017ce\u0144stw zagro\u017conych rozpadem.<\/p><p>Jak prze\u017cy\u0107 ten dzie\u0144?<br \/>Pomys\u0142\u00f3w jest wiele. Ks. Gogoli\u0144ski podkre\u015bla, \u017ce Pierwsza Komunia ma by\u0107 wydarzeniem rodzinnym. Dlatego stara si\u0119 zaanga\u017cowa\u0107 w czytania, modlitw\u0119 wiernych, procesj\u0119 z darami i rodzic\u00f3w, i dzieci. Udziela Komunii pod dwiema postaciami. Zach\u0119ca, by przed wyj\u015bciem do ko\u015bcio\u0142a rodzina pomodli\u0142a si\u0119 wsp\u00f3lnie. \u2013 Staram si\u0119, aby w homilii by\u0142 zawsze jaki\u015b pogl\u0105d, czyli jaki\u015b przedmiot czy opowiadanie, kt\u00f3re dzia\u0142a na emocje dzieci. Na koniec kieruj\u0119 kilka s\u0142\u00f3w do rodzic\u00f3w. Zach\u0119cam te\u017c dzieci, aby podzieli\u0142y si\u0119 s\u0142odyczami czy zabawkami z dzie\u0107mi z dom\u00f3w dziecka. Taka zbi\u00f3rka bardzo dobrze si\u0119 udaje \u2013 m\u00f3wi ks. J\u00f3zef Oleszko z Bielska.<br \/>Zmor\u0105 uroczysto\u015bci komunijnych bywaj\u0105 kamerzy\u015bci i fotografowie. Duszpasterze pr\u00f3buj\u0105 opanowa\u0107 ten chaos, dopuszczaj\u0105c do Mszy \u015bw. tylko oficjalnego fotografa czy kamerzyst\u0119. Stanowcza s\u0142u\u017cba porz\u0105dkowa bywa niezb\u0119dna. W przeciwnym wypadku liturgia \u0142atwo mo\u017ce zamieni\u0107 si\u0119 w przedstawienie. Rodzice na og\u00f3\u0142 to rozumiej\u0105, gorzej z ciociami, wujkami czy kuzynami, kt\u00f3rzy walcz\u0105 w ko\u015bciele o pami\u0105tkow\u0105 fotk\u0119 z aparatem w r\u0119ku, nie zwa\u017caj\u0105c na to, \u017ce niszcz\u0105 dzieciom ich \u015bwi\u0119to.<\/p><p>Biskup D\u0142ugosz podkre\u015bla, \u017ce nie nale\u017cy planowa\u0107 wystawnych przyj\u0119\u0107, jedynie rodzinne \u015bniadanie czy obiad, podczas kt\u00f3rego na stole b\u0119dzie sta\u0142 krzy\u017c i pali\u0142a si\u0119 pierwszokomunijna \u015bwieca, znak obecno\u015bci Pana Jezusa. Spotkanie przy stole ma by\u0107 przed\u0142u\u017ceniem Eucharystii, dlatego bezcelowa jest dyskusja nad obecno\u015bci\u0105 alkoholu. To, \u017ce rodzinne spotkanie odbywa si\u0119 w lokalach, niekoniecznie musi oznacza\u0107 wielk\u0105 uczt\u0119. Tak nieraz jest dla rodzic\u00f3w po prostu wygodniej. Warto jednak zadba\u0107 o to, by podczas przyj\u0119cia w lokalu panowa\u0142a atmosfera religijna. Podkre\u015bli j\u0105 na pewno modlitwa przed posi\u0142kiem.<\/p><p>A co z prezentami? \u2013 Dziecko ma u\u015bwiadamia\u0107 sobie, \u017ce najwa\u017cniejszy jest Pan Jezus. Dlatego mi\u0119dzy innymi warto si\u0119 postara\u0107, by tego dnia prezenty nie sta\u0142y si\u0119 od Niego istotniejsze. Trzeba o tym z dzieckiem porozmawia\u0107 wcze\u015bniej, a przekonamy si\u0119, \u017ce dzieci \u015bwietnie t\u0119 prawd\u0119 rozumiej\u0105 i ch\u0119tnie akceptuj\u0105 \u2013 przekonuje bp D\u0142ugosz. Duszpasterze proponuj\u0105 rodzicom, by prezenty wr\u0119czali albo w sobot\u0119, albo nawet tydzie\u0144 wcze\u015bniej.<\/p><p>Najgorzej jest opanowa\u0107 rodzink\u0119, kt\u00f3ra nakr\u0119ca prezentow\u0105 gor\u0105czk\u0119. Psychika dziecka jest taka, \u017ce materialna rzecz b\u0119dzie dzia\u0142a\u0142a mocniej na emocje ni\u017c prze\u017cycie duchowe. \u2013 Nie wygramy prawdopodobnie z prezentami \u2013 uwa\u017ca Iza Paszkowska. \u2013 Dlatego radzi\u0142abym nie antagonizowa\u0107 na zasadzie \u201eliczy si\u0119 tylko Pan Jezus, a nie prezenty\u201d. Dziecko b\u0119dzie si\u0119 i tak cieszy\u0107 prezentami. To jest naturalne. Dlatego nie nale\u017cy mu wmawia\u0107, \u017ce ta rado\u015b\u0107 jest z\u0142a czy zakazana. Chodzi raczej o ukierunkowanie tego wszystkiego w stron\u0119 znaczenia, tego, co si\u0119 dzieje. Pokaza\u0107 mu, \u017ce go\u015bcie i prezenty s\u0105 ze wzgl\u0119du na wag\u0119 tego wydarzenia. To jest twoje \u015bwi\u0119to. Jeste\u015b wa\u017cny, jeste\u015b dzi\u015b bohaterem dnia, bo zamieszka\u0142 w tobie Kto\u015b najwi\u0119kszy i najwa\u017cniejszy.<br \/>Par\u0119 informacji, s\u0105dz\u0119 tych najistotniejszych, odnosz\u0105cych si\u0119 do przygotowania w naszej parafii dzieci z trzecich klas do pierwszego pe\u0142nego prze\u017cywania Mszy \u015awi\u0119tej.<\/p><p>Spos\u00f3b przygotowania dzieci i ich rodzin w Parafii \u015awi\u0119tej Jadwigi \u015al\u0105skiej w Warszawie:<br \/>Lekcje religii w szkole,<br \/>Msze \u015bw. niedzielne,<br \/>Katecheza przyparafialna \u2013 2 razy w miesi\u0105cu ,<br \/>Msze rodzinne \u2013 raz w miesi\u0105cu (do ustalenia; np. trzecia niedziela miesi\u0105ca o 15.00),<br \/>Nabo\u017ce\u0144stwa: majowe, czerwcowe i r\u00f3\u017ca\u0144cowe w pa\u017adzierniku,<br \/>Spotkania dla rodzic\u00f3w \u2013 raz w miesi\u0105cu (do ustalenia),<\/p><p>Wa\u017cne daty (do ustalenie):<br \/>Pocz\u0105tek pa\u017adziernika \u2013 po\u015bwi\u0119cenie r\u00f3\u017ca\u0144c\u00f3w (nale\u017cy kupi\u0107 je wcze\u015bniej \u2013 najlepiej poprosi\u0107 ojca chrzestnego),<br \/>Pierwsza niedziela grudnia \u2013 po\u015bwi\u0119cenie i wr\u0119czenie medalik\u00f3w (nale\u017cy kupi\u0107 je wcze\u015bniej \u2013 najlepiej poprosi\u0107 matk\u0119 chrzestn\u0105),<br \/>Pierwsza niedziela lutego \u2013 po\u015bwi\u0119cenie \u015bwiec,<br \/>Pierwsza niedziela marca \u2013 po\u015bwi\u0119cenie ksi\u0105\u017ceczek do nabo\u017ce\u0144stwa,<br \/>Miesi\u0105c przed I Komuni\u0105 \u2013 I Spowied\u017a \u015aw., <br \/>W przeddzie\u0144 I Komunii \u2013 II Spowied\u017a \u015aw.,<br \/>I Komunia \u015aw. (do ustalenia),<\/p><p>Informacje o dokumentach:<br \/>Ksi\u0105\u017ceczka \u017cycia sakramentalnego dziecka lub \u015bwiadectwo chrztu (dostarczy\u0107 do 30.09)<br \/>Kwestie zwi\u0105zane z uroczysto\u015bci\u0105\u00a0 I Komunii:<br \/>Szatki (jednakowe dla wszystkich)<br \/>\u015awiece komunijne (te same, kt\u00f3re by\u0142y na Chrzcie \u015bw.),<br \/>Fotograf zam\u00f3wiony przez o. proboszcza,<br \/>Sprz\u0105tanie i wystr\u00f3j ko\u015bcio\u0142a \u2013 rodzice,<br \/>Zobowi\u0105zania po I Komunii:<br \/>Msza \u015bw. dzi\u0119kczynna w Loretto (do ustalenia),<br \/>Nabo\u017ce\u0144stwa w Bia\u0142ym Tygodniu i w Oktawie Bo\u017cego Cia\u0142a,<br \/>Msza i Procesja Bo\u017cego Cia\u0142a<\/p><\/div>\n\t\t\t\t<\/div>\n\t\t\t\t\t\t\t\t<\/div>\n\t\t\t\t\t\t<\/div>\n\t\t\t\t<\/div>\n\t\t\t\t\t<\/div>\n\t\t<\/div>\n\t\t\t\t\t<\/div>\n\t\t<\/section>\n\t\t\t\t<section class=\"elementor-section elementor-top-section elementor-element elementor-element-5aef4ed elementor-section-boxed elementor-section-height-default elementor-section-height-default\" data-id=\"5aef4ed\" data-element_type=\"section\" data-e-type=\"section\">\n\t\t\t\t\t\t<div class=\"elementor-container elementor-column-gap-default\">\n\t\t\t\t\t<div class=\"elementor-column elementor-col-100 elementor-top-column elementor-element elementor-element-c509a0e\" data-id=\"c509a0e\" data-element_type=\"column\" data-e-type=\"column\">\n\t\t\t<div class=\"elementor-widget-wrap elementor-element-populated\">\n\t\t\t\t\t\t<div class=\"elementor-element elementor-element-0d7cd35 elementor-widget elementor-widget-text-editor\" data-id=\"0d7cd35\" data-element_type=\"widget\" data-e-type=\"widget\" data-widget_type=\"text-editor.default\">\n\t\t\t\t<div class=\"elementor-widget-container\">\n\t\t\t\t\t\t\t\t\t<p><strong>\u00a0<\/strong><\/p><p>\u00a0<\/p>\t\t\t\t\t\t\t\t<\/div>\n\t\t\t\t<\/div>\n\t\t\t\t\t<\/div>\n\t\t<\/div>\n\t\t\t\t\t<\/div>\n\t\t<\/section>\n\t\t\t\t<\/div>\n\t\t","protected":false},"excerpt":{"rendered":"<p>Spos\u00f3b przygotowania dzieci do I Komunii \u015aw. w 2020 roku: Spos\u00f3b przygotowania dzieci i ich rodzin w Parafii \u015awi\u0119tej Jadwigi \u015al\u0105skiej w Warszawie do uroczystej celebracji I Komunii \u015aw. w 2020 roku: Msze \u015bw. &hellip;<\/p>\n","protected":false},"author":1,"featured_media":0,"parent":0,"menu_order":0,"comment_status":"closed","ping_status":"closed","template":"","meta":{"footnotes":""},"class_list":["post-988","page","type-page","status-publish","hentry"],"yoast_head":"<!-- This site is optimized with the Yoast SEO plugin v27.5 - https:\/\/yoast.com\/product\/yoast-seo-wordpress\/ -->\n<title>I KOMUNIA \u015aW. - \u015aw. Jadwiga \u015al\u0105ska<\/title>\n<meta name=\"robots\" content=\"index, follow, max-snippet:-1, max-image-preview:large, max-video-preview:-1\" \/>\n<link rel=\"canonical\" href=\"https:\/\/parafiajadwigi.waw.pl\/index.php\/i-komunia-sw\/\" \/>\n<meta property=\"og:locale\" content=\"pl_PL\" \/>\n<meta property=\"og:type\" content=\"article\" \/>\n<meta property=\"og:title\" content=\"I KOMUNIA \u015aW. - \u015aw. Jadwiga \u015al\u0105ska\" \/>\n<meta property=\"og:description\" content=\"Spos\u00f3b przygotowania dzieci do I Komunii \u015aw. w 2020 roku: Spos\u00f3b przygotowania dzieci i ich rodzin w Parafii \u015awi\u0119tej Jadwigi \u015al\u0105skiej w Warszawie do uroczystej celebracji I Komunii \u015aw. w 2020 roku: Msze \u015bw. &hellip;\" \/>\n<meta property=\"og:url\" content=\"https:\/\/parafiajadwigi.waw.pl\/index.php\/i-komunia-sw\/\" \/>\n<meta property=\"og:site_name\" content=\"\u015aw. Jadwiga \u015al\u0105ska\" \/>\n<meta property=\"article:modified_time\" content=\"2019-07-21T19:47:41+00:00\" \/>\n<meta name=\"twitter:card\" content=\"summary_large_image\" \/>\n<meta name=\"twitter:label1\" content=\"Szacowany czas czytania\" \/>\n\t<meta name=\"twitter:data1\" content=\"13 minut\" \/>\n<script type=\"application\/ld+json\" class=\"yoast-schema-graph\">{\"@context\":\"https:\\\/\\\/schema.org\",\"@graph\":[{\"@type\":\"WebPage\",\"@id\":\"https:\\\/\\\/parafiajadwigi.waw.pl\\\/index.php\\\/i-komunia-sw\\\/\",\"url\":\"https:\\\/\\\/parafiajadwigi.waw.pl\\\/index.php\\\/i-komunia-sw\\\/\",\"name\":\"I KOMUNIA \u015aW. - \u015aw. Jadwiga \u015al\u0105ska\",\"isPartOf\":{\"@id\":\"https:\\\/\\\/parafiajadwigi.waw.pl\\\/#website\"},\"datePublished\":\"2017-10-07T21:02:12+00:00\",\"dateModified\":\"2019-07-21T19:47:41+00:00\",\"breadcrumb\":{\"@id\":\"https:\\\/\\\/parafiajadwigi.waw.pl\\\/index.php\\\/i-komunia-sw\\\/#breadcrumb\"},\"inLanguage\":\"pl-PL\",\"potentialAction\":[{\"@type\":\"ReadAction\",\"target\":[\"https:\\\/\\\/parafiajadwigi.waw.pl\\\/index.php\\\/i-komunia-sw\\\/\"]}]},{\"@type\":\"BreadcrumbList\",\"@id\":\"https:\\\/\\\/parafiajadwigi.waw.pl\\\/index.php\\\/i-komunia-sw\\\/#breadcrumb\",\"itemListElement\":[{\"@type\":\"ListItem\",\"position\":1,\"name\":\"Strona g\u0142\u00f3wna\",\"item\":\"https:\\\/\\\/parafiajadwigi.waw.pl\\\/\"},{\"@type\":\"ListItem\",\"position\":2,\"name\":\"I KOMUNIA \u015aW.\"}]},{\"@type\":\"WebSite\",\"@id\":\"https:\\\/\\\/parafiajadwigi.waw.pl\\\/#website\",\"url\":\"https:\\\/\\\/parafiajadwigi.waw.pl\\\/\",\"name\":\"\u015aw. Jadwiga \u015al\u0105ska\",\"description\":\"Witamy\",\"publisher\":{\"@id\":\"https:\\\/\\\/parafiajadwigi.waw.pl\\\/#organization\"},\"potentialAction\":[{\"@type\":\"SearchAction\",\"target\":{\"@type\":\"EntryPoint\",\"urlTemplate\":\"https:\\\/\\\/parafiajadwigi.waw.pl\\\/?s={search_term_string}\"},\"query-input\":{\"@type\":\"PropertyValueSpecification\",\"valueRequired\":true,\"valueName\":\"search_term_string\"}}],\"inLanguage\":\"pl-PL\"},{\"@type\":\"Organization\",\"@id\":\"https:\\\/\\\/parafiajadwigi.waw.pl\\\/#organization\",\"name\":\"Parafia \u015awi\u0119tej Jadwigi \u015alaskiej\",\"url\":\"https:\\\/\\\/parafiajadwigi.waw.pl\\\/\",\"logo\":{\"@type\":\"ImageObject\",\"inLanguage\":\"pl-PL\",\"@id\":\"https:\\\/\\\/parafiajadwigi.waw.pl\\\/#\\\/schema\\\/logo\\\/image\\\/\",\"url\":\"https:\\\/\\\/parafiajadwigi.waw.pl\\\/wp-content\\\/uploads\\\/2017\\\/06\\\/logooo_Jadwiga.png\",\"contentUrl\":\"https:\\\/\\\/parafiajadwigi.waw.pl\\\/wp-content\\\/uploads\\\/2017\\\/06\\\/logooo_Jadwiga.png\",\"width\":1640,\"height\":2808,\"caption\":\"Parafia \u015awi\u0119tej Jadwigi \u015alaskiej\"},\"image\":{\"@id\":\"https:\\\/\\\/parafiajadwigi.waw.pl\\\/#\\\/schema\\\/logo\\\/image\\\/\"}}]}<\/script>\n<!-- \/ Yoast SEO plugin. -->","yoast_head_json":{"title":"I KOMUNIA \u015aW. - \u015aw. Jadwiga \u015al\u0105ska","robots":{"index":"index","follow":"follow","max-snippet":"max-snippet:-1","max-image-preview":"max-image-preview:large","max-video-preview":"max-video-preview:-1"},"canonical":"https:\/\/parafiajadwigi.waw.pl\/index.php\/i-komunia-sw\/","og_locale":"pl_PL","og_type":"article","og_title":"I KOMUNIA \u015aW. - \u015aw. Jadwiga \u015al\u0105ska","og_description":"Spos\u00f3b przygotowania dzieci do I Komunii \u015aw. w 2020 roku: Spos\u00f3b przygotowania dzieci i ich rodzin w Parafii \u015awi\u0119tej Jadwigi \u015al\u0105skiej w Warszawie do uroczystej celebracji I Komunii \u015aw. w 2020 roku: Msze \u015bw. &hellip;","og_url":"https:\/\/parafiajadwigi.waw.pl\/index.php\/i-komunia-sw\/","og_site_name":"\u015aw. Jadwiga \u015al\u0105ska","article_modified_time":"2019-07-21T19:47:41+00:00","twitter_card":"summary_large_image","twitter_misc":{"Szacowany czas czytania":"13 minut"},"schema":{"@context":"https:\/\/schema.org","@graph":[{"@type":"WebPage","@id":"https:\/\/parafiajadwigi.waw.pl\/index.php\/i-komunia-sw\/","url":"https:\/\/parafiajadwigi.waw.pl\/index.php\/i-komunia-sw\/","name":"I KOMUNIA \u015aW. - \u015aw. Jadwiga \u015al\u0105ska","isPartOf":{"@id":"https:\/\/parafiajadwigi.waw.pl\/#website"},"datePublished":"2017-10-07T21:02:12+00:00","dateModified":"2019-07-21T19:47:41+00:00","breadcrumb":{"@id":"https:\/\/parafiajadwigi.waw.pl\/index.php\/i-komunia-sw\/#breadcrumb"},"inLanguage":"pl-PL","potentialAction":[{"@type":"ReadAction","target":["https:\/\/parafiajadwigi.waw.pl\/index.php\/i-komunia-sw\/"]}]},{"@type":"BreadcrumbList","@id":"https:\/\/parafiajadwigi.waw.pl\/index.php\/i-komunia-sw\/#breadcrumb","itemListElement":[{"@type":"ListItem","position":1,"name":"Strona g\u0142\u00f3wna","item":"https:\/\/parafiajadwigi.waw.pl\/"},{"@type":"ListItem","position":2,"name":"I KOMUNIA \u015aW."}]},{"@type":"WebSite","@id":"https:\/\/parafiajadwigi.waw.pl\/#website","url":"https:\/\/parafiajadwigi.waw.pl\/","name":"\u015aw. Jadwiga \u015al\u0105ska","description":"Witamy","publisher":{"@id":"https:\/\/parafiajadwigi.waw.pl\/#organization"},"potentialAction":[{"@type":"SearchAction","target":{"@type":"EntryPoint","urlTemplate":"https:\/\/parafiajadwigi.waw.pl\/?s={search_term_string}"},"query-input":{"@type":"PropertyValueSpecification","valueRequired":true,"valueName":"search_term_string"}}],"inLanguage":"pl-PL"},{"@type":"Organization","@id":"https:\/\/parafiajadwigi.waw.pl\/#organization","name":"Parafia \u015awi\u0119tej Jadwigi \u015alaskiej","url":"https:\/\/parafiajadwigi.waw.pl\/","logo":{"@type":"ImageObject","inLanguage":"pl-PL","@id":"https:\/\/parafiajadwigi.waw.pl\/#\/schema\/logo\/image\/","url":"https:\/\/parafiajadwigi.waw.pl\/wp-content\/uploads\/2017\/06\/logooo_Jadwiga.png","contentUrl":"https:\/\/parafiajadwigi.waw.pl\/wp-content\/uploads\/2017\/06\/logooo_Jadwiga.png","width":1640,"height":2808,"caption":"Parafia \u015awi\u0119tej Jadwigi \u015alaskiej"},"image":{"@id":"https:\/\/parafiajadwigi.waw.pl\/#\/schema\/logo\/image\/"}}]}},"_links":{"self":[{"href":"https:\/\/parafiajadwigi.waw.pl\/index.php\/wp-json\/wp\/v2\/pages\/988","targetHints":{"allow":["GET"]}}],"collection":[{"href":"https:\/\/parafiajadwigi.waw.pl\/index.php\/wp-json\/wp\/v2\/pages"}],"about":[{"href":"https:\/\/parafiajadwigi.waw.pl\/index.php\/wp-json\/wp\/v2\/types\/page"}],"author":[{"embeddable":true,"href":"https:\/\/parafiajadwigi.waw.pl\/index.php\/wp-json\/wp\/v2\/users\/1"}],"replies":[{"embeddable":true,"href":"https:\/\/parafiajadwigi.waw.pl\/index.php\/wp-json\/wp\/v2\/comments?post=988"}],"version-history":[{"count":10,"href":"https:\/\/parafiajadwigi.waw.pl\/index.php\/wp-json\/wp\/v2\/pages\/988\/revisions"}],"predecessor-version":[{"id":4438,"href":"https:\/\/parafiajadwigi.waw.pl\/index.php\/wp-json\/wp\/v2\/pages\/988\/revisions\/4438"}],"wp:attachment":[{"href":"https:\/\/parafiajadwigi.waw.pl\/index.php\/wp-json\/wp\/v2\/media?parent=988"}],"curies":[{"name":"wp","href":"https:\/\/api.w.org\/{rel}","templated":true}]}}