{"id":9000,"date":"2022-12-31T20:10:08","date_gmt":"2022-12-31T19:10:08","guid":{"rendered":"https:\/\/parafiajadwigi.waw.pl\/?page_id=9000"},"modified":"2023-12-31T09:00:08","modified_gmt":"2023-12-31T08:00:08","slug":"slowo-na-niedziele-2023","status":"publish","type":"page","link":"https:\/\/parafiajadwigi.waw.pl\/index.php\/slowo-na-niedziele-2023\/","title":{"rendered":"S\u0141OWO NA NIEDZIEL\u0118 2023"},"content":{"rendered":"\t\t<div data-elementor-type=\"wp-page\" data-elementor-id=\"9000\" class=\"elementor elementor-9000\">\n\t\t\t\t\t\t<section class=\"elementor-section elementor-top-section elementor-element elementor-element-61fb4c0 elementor-section-boxed elementor-section-height-default elementor-section-height-default\" data-id=\"61fb4c0\" data-element_type=\"section\" data-e-type=\"section\">\n\t\t\t\t\t\t<div class=\"elementor-container elementor-column-gap-default\">\n\t\t\t\t\t<div class=\"elementor-column elementor-col-100 elementor-top-column elementor-element elementor-element-31701c7\" data-id=\"31701c7\" data-element_type=\"column\" data-e-type=\"column\">\n\t\t\t<div class=\"elementor-widget-wrap elementor-element-populated\">\n\t\t\t\t\t\t<div class=\"elementor-element elementor-element-c226850 elementor-widget elementor-widget-accordion\" data-id=\"c226850\" data-element_type=\"widget\" data-e-type=\"widget\" data-widget_type=\"accordion.default\">\n\t\t\t\t<div class=\"elementor-widget-container\">\n\t\t\t\t\t\t\t<div class=\"elementor-accordion\">\n\t\t\t\t\t\t\t<div class=\"elementor-accordion-item\">\n\t\t\t\t\t<div id=\"elementor-tab-title-2031\" class=\"elementor-tab-title\" data-tab=\"1\" role=\"button\" aria-controls=\"elementor-tab-content-2031\" aria-expanded=\"false\">\n\t\t\t\t\t\t\t\t\t\t\t\t\t<span class=\"elementor-accordion-icon elementor-accordion-icon-left\" aria-hidden=\"true\">\n\t\t\t\t\t\t\t\t\t\t\t\t\t\t\t<span class=\"elementor-accordion-icon-closed\"><i class=\"fas fa-angle-double-down\"><\/i><\/span>\n\t\t\t\t\t\t\t\t<span class=\"elementor-accordion-icon-opened\"><i class=\"fas fa-angle-double-up\"><\/i><\/span>\n\t\t\t\t\t\t\t\t\t\t\t\t\t\t<\/span>\n\t\t\t\t\t\t\t\t\t\t\t\t<a class=\"elementor-accordion-title\" tabindex=\"0\">S\u0142owo na Niedziel\u0119  NIEDZIELA \u015aW. RODZINY (rok B) 31.12.2023<\/a>\n\t\t\t\t\t<\/div>\n\t\t\t\t\t<div id=\"elementor-tab-content-2031\" class=\"elementor-tab-content elementor-clearfix\" data-tab=\"1\" role=\"region\" aria-labelledby=\"elementor-tab-title-2031\"><p><strong><em>NIEDZIELA \u015aW. RODZINY (rok B) 31.12.2023<\/em><\/strong><br \/><strong><em>Gdy up\u0142yn\u0119\u0142y dni ich oczyszczenia wed\u0142ug Prawa Moj\u017ceszowego, Rodzice przynie\u015bli Jezusa do Jerozolimy, aby przedstawi\u0107 Go Panu. Tak bowiem jest napisane w\u00a0Prawie Pa\u0144skim: \u00abKa\u017cde pierworodne dziecko p\u0142ci m\u0119skiej b\u0119dzie po\u015bwi\u0119cone Panu\u00bb. Mieli r\u00f3wnie\u017c z\u0142o\u017cy\u0107 w\u00a0ofierze par\u0119 synogarlic albo dwa m\u0142ode go\u0142\u0119bie, zgodnie z przepisem Prawa Pa\u0144skiego. A \u017cy\u0142 w\u00a0Jeruzalem cz\u0142owiek imieniem Symeon. By\u0142 to cz\u0142owiek sprawiedliwy i\u00a0pobo\u017cny, wyczekuj\u0105cy pociechy Izraela; a Duch \u015awi\u0119ty spoczywa\u0142 na nim. Jemu Duch \u015awi\u0119ty objawi\u0142, \u017ce nie ujrzy \u015bmierci, a\u017c zobaczy Mesjasza Pa\u0144skiego. Z natchnienia wi\u0119c Ducha przyszed\u0142 do \u015bwi\u0105tyni. A gdy Rodzice wnosili Dzieci\u0105tko Jezus, aby post\u0105pi\u0107 z Nim wed\u0142ug zwyczaju Prawa, on wzi\u0105\u0142 Je w obj\u0119cia, b\u0142ogos\u0142awi\u0142 Boga i m\u00f3wi\u0142: \u00abTeraz, o W\u0142adco, pozwalasz odej\u015b\u0107 s\u0142udze Twemu w pokoju, wed\u0142ug Twojego s\u0142owa. Bo moje oczy ujrza\u0142y Twoje zbawienie, kt\u00f3re przygotowa\u0142e\u015b wobec wszystkich narod\u00f3w: \u015bwiat\u0142o na o\u015bwiecenie pogan i chwa\u0142\u0119 ludu Twego, Izraela\u00bb. A Jego ojciec i Matka dziwili si\u0119 temu, co o Nim m\u00f3wiono. Symeon za\u015b b\u0142ogos\u0142awi\u0142 Ich i\u00a0rzek\u0142 do Maryi, Matki Jego: \u00abOto Ten przeznaczony jest na upadek i na powstanie wielu w Izraelu, i na znak, kt\u00f3remu sprzeciwia\u0107 si\u0119 b\u0119d\u0105 \u2013 a Twoj\u0105 dusz\u0119 miecz przeniknie \u2013 aby na jaw wysz\u0142y zamys\u0142y serc wielu\u00bb. By\u0142a tam r\u00f3wnie\u017c prorokini Anna, c\u00f3rka Fanuela z pokolenia Asera, bardzo podesz\u0142a w\u00a0latach. Od swego panie\u0144stwa siedem lat \u017cy\u0142a z m\u0119\u017cem i\u00a0pozosta\u0142a wdow\u0105. Liczy\u0142a ju\u017c sobie osiemdziesi\u0105t cztery lata. Nie rozstawa\u0142a si\u0119 ze \u015bwi\u0105tyni\u0105, s\u0142u\u017c\u0105c Bogu w postach i modlitwach dniem i\u00a0noc\u0105. Przyszed\u0142szy w tej w\u0142a\u015bnie chwili, s\u0142awi\u0142a Boga i m\u00f3wi\u0142a o Nim wszystkim, kt\u00f3rzy oczekiwali wyzwolenia Jeruzalem. A gdy wype\u0142nili wszystko wed\u0142ug Prawa Pa\u0144skiego, wr\u00f3cili do Galilei, do swego miasta \u2013 Nazaretu. Dzieci\u0119 za\u015b ros\u0142o i nabiera\u0142o mocy, nape\u0142niaj\u0105c si\u0119 m\u0105dro\u015bci\u0105, a\u00a0\u0142aska Bo\u017ca spoczywa\u0142a na Nim. \/\u0141k 2,22-40\/<\/em><\/strong><\/p><p>**********************************************<\/p><p>Dzi\u015b obchodzimy \u015bwi\u0119to \u015awi\u0119tej Rodziny, Jezusa, Maryi i J\u00f3zefa. Jest ono dobr\u0105 okazj\u0105 do tego, aby zastanowi\u0107 si\u0119 nad kondycj\u0105 wiary w\u00a0naszych rodzinach, by spr\u00f3bowa\u0107 zmierzy\u0107 si\u0119 z wa\u017cnymi pytaniami: Jak realizuj\u0119 moje powo\u0142anie m\u0119\u017ca\/\u017cony? Czy wprowadzam moj\u0105 rodzin\u0119 na drog\u0119 wiary? Czy daj\u0119 mi\u0142o\u015b\u0107, kt\u00f3ra umacnia nasze \u017cycie rodzinne? Jak podchodz\u0119 do problem\u00f3w, kt\u00f3re pojawiaj\u0105 si\u0119 w naszej codzienno\u015bci? W dzisiejszej ewangelii \u015bw. \u0141ukasz opowiada o\u00a0ofiarowaniu Jezusa w \u015bwi\u0105tyni. Maryja i J\u00f3zef, ofiarowuj\u0105c Jezusa Bogu, post\u0119powali zgodnie z tradycj\u0105 \u017cydowsk\u0105 &#8211; byli rodzicami, kt\u00f3rzy czuli si\u0119 odpowiedzialni za religijne wychowanie swoich dzieci. Zbudowali swoj\u0105 rodzin\u0119 na g\u0142\u0119bokiej wierze w Boga. Ta wiara i\u00a0wierno\u015b\u0107 uczyni\u0142y z nich \u015bwi\u0119t\u0105 rodzin\u0119 &#8211; wz\u00f3r do na\u015bladowania dla wszystkich rodzin.<br \/>Po\u015bwi\u0119\u0107my nasze rodziny Bogu i pro\u015bmy \u015awi\u0119t\u0105 Rodzin\u0119 z Nazaretu, by pomog\u0142a naszym rodzinom pod\u0105\u017ca\u0107 ku \u015bwi\u0119to\u015bci. o. Frasiskus<\/p><p>\u00a0<\/p><\/div>\n\t\t\t\t<\/div>\n\t\t\t\t\t\t\t<div class=\"elementor-accordion-item\">\n\t\t\t\t\t<div id=\"elementor-tab-title-2032\" class=\"elementor-tab-title\" data-tab=\"2\" role=\"button\" aria-controls=\"elementor-tab-content-2032\" aria-expanded=\"false\">\n\t\t\t\t\t\t\t\t\t\t\t\t\t<span class=\"elementor-accordion-icon elementor-accordion-icon-left\" aria-hidden=\"true\">\n\t\t\t\t\t\t\t\t\t\t\t\t\t\t\t<span class=\"elementor-accordion-icon-closed\"><i class=\"fas fa-angle-double-down\"><\/i><\/span>\n\t\t\t\t\t\t\t\t<span class=\"elementor-accordion-icon-opened\"><i class=\"fas fa-angle-double-up\"><\/i><\/span>\n\t\t\t\t\t\t\t\t\t\t\t\t\t\t<\/span>\n\t\t\t\t\t\t\t\t\t\t\t\t<a class=\"elementor-accordion-title\" tabindex=\"0\">S\u0142owo na Niedziel\u0119 IV niedziela adwentu 24.12.2023 (rok B)<\/a>\n\t\t\t\t\t<\/div>\n\t\t\t\t\t<div id=\"elementor-tab-content-2032\" class=\"elementor-tab-content elementor-clearfix\" data-tab=\"2\" role=\"region\" aria-labelledby=\"elementor-tab-title-2032\"><p>IV NIEDZIELA ADWENTU (rok B) 24.12.2023<br \/><strong><em>B\u00f3g pos\u0142a\u0142 anio\u0142a Gabriela do miasta w Galilei, zwanego Nazaret, do Dziewicy po\u015blubionej m\u0119\u017cowi imieniem J\u00f3zef, z rodu Dawida; a Dziewicy by\u0142o na imi\u0119 Maryja. Wszed\u0142szy do Niej, anio\u0142 rzek\u0142: \u00abB\u0105d\u017a pozdrowiona, \u0142aski pe\u0142na, Pan z Tob\u0105, b\u0142ogos\u0142awiona jeste\u015b mi\u0119dzy niewiastami\u00bb. Ona zmiesza\u0142a si\u0119 na te s\u0142owa i\u00a0rozwa\u017ca\u0142a, co by mia\u0142o znaczy\u0107 to pozdrowienie. Lecz anio\u0142 rzek\u0142 do Niej: \u00abNie b\u00f3j si\u0119, Maryjo, znalaz\u0142a\u015b bowiem \u0142ask\u0119 u\u00a0Boga. Oto poczniesz i porodzisz Syna, kt\u00f3remu nadasz imi\u0119 Jezus. B\u0119dzie On wielki i zostanie nazwany Synem Najwy\u017cszego, a Pan B\u00f3g da Mu tron Jego praojca, Dawida. B\u0119dzie panowa\u0142 nad domem Jakuba na wieki, a Jego panowaniu nie b\u0119dzie ko\u0144ca\u00bb. Na to Maryja rzek\u0142a do anio\u0142a: \u00abJak\u017ce si\u0119 to stanie, skoro nie znam m\u0119\u017ca?\u00bb Anio\u0142 Jej odpowiedzia\u0142: \u00abDuch \u015awi\u0119ty zst\u0105pi na Ciebie i moc Najwy\u017cszego okryje Ci\u0119 cieniem. Dlatego te\u017c \u015awi\u0119te, kt\u00f3re si\u0119 narodzi, b\u0119dzie nazwane Synem Bo\u017cym. A oto r\u00f3wnie\u017c krewna Twoja, El\u017cbieta, pocz\u0119\u0142a w swej staro\u015bci syna i\u00a0jest ju\u017c w sz\u00f3stym miesi\u0105cu ta, kt\u00f3r\u0105 miano za niep\u0142odn\u0105. Dla Boga bowiem nie ma nic niemo\u017cliwego\u00bb. Na to rzek\u0142a Maryja: \u00abOto ja s\u0142u\u017cebnica Pa\u0144ska, niech mi si\u0119 stanie wed\u0142ug s\u0142owa twego\u00bb. Wtedy odszed\u0142 od Niej anio\u0142. \/\u0141k 1, 26-38\/<br \/><br \/>****************************************************<br \/><\/em><\/strong><\/p><p><br \/>Prosz\u0119 Czcigodnych, Drogie Siostry i Drodzy Bracia, mieszka\u0144cy, przyjaciele i sympatycy Parafii \u015bw. Jadwigi \u015al\u0105skiej, w ostatni\u0105 niedziel\u0119 Adwentu, w Ewangelii, po raz kolejny widzimy scen\u0119 Zwiastowania. Dla Boga bowiem nie ma nic niemo\u017cliwego. B\u00f3g swoj\u0105 wielk\u0105 moc\u0105 rozpoczyna tajemnic\u0119 WCIELENIA. Maryja, z dr\u017ceniem serca i pokor\u0105, przyjmuje te wielkie zadanie. Obok Maryi &#8211; BOGARODZICY- staje \u015bw. J\u00f3zef opiekun \u015awi\u0119tej Rodziny, kt\u00f3ry swoje \u017cycie oddaje Maryi i Jezusowi. By si\u0119 nimi opiekowa\u0107. By wype\u0142ni\u0142y si\u0119 pisma, kt\u00f3re m\u00f3wi\u0105, \u017ce B\u00f3g zbawia \u2013 znaczenie imienia &#8222;Jezus&#8221;. By potwierdzi\u0142y si\u0119 s\u0142owa, \u017ce B\u00f3g to Emmanuel, \u017ce jest z nami. Niech Dzieci\u0119 Jezus, kt\u00f3re ju\u017c nied\u0142ugo b\u0119dzie spogl\u0105da\u0142o w Wasze oczy ze \u017c\u0142\u00f3bka i b\u0119dzie prosi\u0142o, by si\u0119 nim zaopiekowa\u0107, znajdzie miejsce w waszych sercach i rodzinach. A my wszyscy &#8211; na wz\u00f3r \u015bw. J\u00f3zefa &#8211; sta\u0144my si\u0119 opiekunami Jezusa.<\/p><p>Pozdrawiam Was serdecznie i pami\u0119tam o Was w modlitwie \u2013\u00a0o. Kazimierz<\/p><\/div>\n\t\t\t\t<\/div>\n\t\t\t\t\t\t\t<div class=\"elementor-accordion-item\">\n\t\t\t\t\t<div id=\"elementor-tab-title-2033\" class=\"elementor-tab-title\" data-tab=\"3\" role=\"button\" aria-controls=\"elementor-tab-content-2033\" aria-expanded=\"false\">\n\t\t\t\t\t\t\t\t\t\t\t\t\t<span class=\"elementor-accordion-icon elementor-accordion-icon-left\" aria-hidden=\"true\">\n\t\t\t\t\t\t\t\t\t\t\t\t\t\t\t<span class=\"elementor-accordion-icon-closed\"><i class=\"fas fa-angle-double-down\"><\/i><\/span>\n\t\t\t\t\t\t\t\t<span class=\"elementor-accordion-icon-opened\"><i class=\"fas fa-angle-double-up\"><\/i><\/span>\n\t\t\t\t\t\t\t\t\t\t\t\t\t\t<\/span>\n\t\t\t\t\t\t\t\t\t\t\t\t<a class=\"elementor-accordion-title\" tabindex=\"0\">S\u0142owo na Niedziel\u0119 III niedziela adwentu 17.12.2023 (rok B) GAUDETE<\/a>\n\t\t\t\t\t<\/div>\n\t\t\t\t\t<div id=\"elementor-tab-content-2033\" class=\"elementor-tab-content elementor-clearfix\" data-tab=\"3\" role=\"region\" aria-labelledby=\"elementor-tab-title-2033\"><p>III NIEDZIELA ADWENTU \u2013 GAUDETE (rok B) 17.12.2023<br \/><strong><em>Pojawi\u0142 si\u0119 cz\u0142owiek pos\u0142any przez Boga \u2013 Jan mu by\u0142o na imi\u0119. Przyszed\u0142 on na \u015bwiadectwo, aby za\u015bwiadczy\u0107 o \u015bwiat\u0142o\u015bci, by wszyscy uwierzyli przez niego. Nie by\u0142 on \u015bwiat\u0142o\u015bci\u0105, lecz zosta\u0142 pos\u0142any, aby za\u015bwiadczy\u0107 o \u015bwiat\u0142o\u015bci. Takie jest \u015bwiadectwo Jana. Gdy \u017bydzi wys\u0142ali do niego z\u00a0Jerozolimy kap\u0142an\u00f3w i\u00a0lewit\u00f3w z zapytaniem: \u00abKto ty jeste\u015b?\u00bb, on wyzna\u0142, a nie zaprzeczy\u0142, o\u015bwiadczaj\u0105c: \u00abJa nie jestem Mesjaszem\u00bb. Zapytali go: \u00abC\u00f3\u017c zatem? Czy jeste\u015b Eliaszem?\u00bb Odrzek\u0142: \u00abNie jestem\u00bb. \u00abCzy ty jeste\u015b prorokiem?\u00bb Odpar\u0142: \u00abNie\u00bb. Powiedzieli mu wi\u0119c: \u00abKim jeste\u015b, aby\u015bmy mogli da\u0107 odpowied\u017a tym, kt\u00f3rzy nas wys\u0142ali? Co m\u00f3wisz sam o sobie?\u00bb Powiedzia\u0142: \u00abJam g\u0142os wo\u0142aj\u0105cego na pustyni: Prostujcie drog\u0119 Pa\u0144sk\u0105, jak rzek\u0142 prorok Izajasz\u00bb. A\u00a0wys\u0142annicy byli spo\u015br\u00f3d faryzeusz\u00f3w. I zacz\u0119li go pyta\u0107, m\u00f3wi\u0105c do niego: \u00abCzemu zatem chrzcisz, skoro nie jeste\u015b ani Mesjaszem, ani Eliaszem, ani prorokiem?\u00bb Jan im tak odpowiedzia\u0142: \u00abJa chrzcz\u0119 wod\u0105. Po\u015br\u00f3d was stoi Ten, kt\u00f3rego wy nie znacie, kt\u00f3ry po mnie idzie, a kt\u00f3remu ja nie jestem godzien odwi\u0105za\u0107 rzemyka u Jego sanda\u0142a\u00bb. Dzia\u0142o si\u0119 to w Betanii, po drugiej stronie Jordanu, gdzie Jan udziela\u0142 chrztu. \/J 1, 6-8. 19-28\/<br \/><br \/>*******************************************************<br \/><\/em><\/strong><\/p><p>Prosz\u0119 Czcigodnych, Drogie Siostry i Drodzy Bracia \u2013 mieszka\u0144cy, przyjaciele i\u00a0sympatycy Parafii \u015bw. Jadwigi \u015al\u0105skiej, dzi\u015b Niedziela Rado\u015bci (GAUDETE). Radujmy si\u0119, bo Pan jest naprawd\u0119 blisko.<br \/>W dzisiejszej Ewangelii \u2013 kolejny raz \u2013 widzimy posta\u0107 Jana Chrzciciela. W\u00a0odpowiedzi na pytania wys\u0142annik\u00f3w z Jerozolimy, Jan stanowczo trzy razy wskazuje, kim nie jest. Dopiero potem, w pe\u0142ni \u015bwiadomy swej to\u017csamo\u015bci i misji, m\u00f3wi, \u017ce jest g\u0142osem przygotowuj\u0105cym drog\u0119 Panu. W dzisiejszym zagubionym \u015bwiecie, my \u2013 chrze\u015bcijanie musimy jeszcze wyra\u017aniej \u015bwiadczy\u0107 o swojej to\u017csamo\u015bci i misji. W\u0142asnym \u017cyciem mamy ukazywa\u0107 przynale\u017cno\u015b\u0107 do Chrystusa, uobecnia\u0107 mi\u0142o\u015b\u0107 Bo\u017c\u0105 i nie\u015b\u0107 j\u0105 naszym braciom i\u00a0siostrom.<br \/>Pozdrawiam Was serdecznie i pami\u0119tam o Was w modlitwie o. Kazimierz<\/p><\/div>\n\t\t\t\t<\/div>\n\t\t\t\t\t\t\t<div class=\"elementor-accordion-item\">\n\t\t\t\t\t<div id=\"elementor-tab-title-2034\" class=\"elementor-tab-title\" data-tab=\"4\" role=\"button\" aria-controls=\"elementor-tab-content-2034\" aria-expanded=\"false\">\n\t\t\t\t\t\t\t\t\t\t\t\t\t<span class=\"elementor-accordion-icon elementor-accordion-icon-left\" aria-hidden=\"true\">\n\t\t\t\t\t\t\t\t\t\t\t\t\t\t\t<span class=\"elementor-accordion-icon-closed\"><i class=\"fas fa-angle-double-down\"><\/i><\/span>\n\t\t\t\t\t\t\t\t<span class=\"elementor-accordion-icon-opened\"><i class=\"fas fa-angle-double-up\"><\/i><\/span>\n\t\t\t\t\t\t\t\t\t\t\t\t\t\t<\/span>\n\t\t\t\t\t\t\t\t\t\t\t\t<a class=\"elementor-accordion-title\" tabindex=\"0\">S\u0142owo na Niedziel\u0119 II niedziela adwentu 10.12.2023 (rok B)<\/a>\n\t\t\t\t\t<\/div>\n\t\t\t\t\t<div id=\"elementor-tab-content-2034\" class=\"elementor-tab-content elementor-clearfix\" data-tab=\"4\" role=\"region\" aria-labelledby=\"elementor-tab-title-2034\"><p>II NIEDZIELA ADWENTU (rok B) 10.12.2023<br \/><strong><em>Pocz\u0105tek Ewangelii Jezusa Chrystusa, Syna Bo\u017cego. Jak jest napisane u proroka Izajasza: \u00abOto Ja posy\u0142am wys\u0142a\u0144ca mego przed Tob\u0105; on przygotuje drog\u0119 Twoj\u0105. G\u0142os wo\u0142aj\u0105cego na pustyni: Przygotujcie drog\u0119 Panu, prostujcie dla Niego \u015bcie\u017cki\u00bb, wyst\u0105pi\u0142 Jan Chrzciciel na pustyni i g\u0142osi\u0142 chrzest nawr\u00f3cenia na odpuszczenie grzech\u00f3w. Ci\u0105gn\u0119\u0142a do niego ca\u0142a judzka kraina oraz wszyscy mieszka\u0144cy Jerozolimy i przyjmowali od niego chrzest w rzece Jordan, wyznaj\u0105c swoje grzechy. Jan nosi\u0142 odzienie z sier\u015bci wielb\u0142\u0105dziej i pas sk\u00f3rzany oko\u0142o bioder, a \u017cywi\u0142 si\u0119 szara\u0144cz\u0105 i miodem le\u015bnym. I tak g\u0142osi\u0142: \u00abIdzie za mn\u0105 mocniejszy ode mnie, a ja nie jestem godzien, aby schyliwszy si\u0119, rozwi\u0105za\u0107 rzemyk u Jego sanda\u0142\u00f3w. Ja chrzci\u0142em was wod\u0105, On za\u015b chrzci\u0107 was b\u0119dzie Duchem \u015awi\u0119tym\u00bb. \/Mk 1, 1-8\/<br \/>******************<br \/><\/em><\/strong><\/p><p>Dzisiejsza Ewangelia to sam pocz\u0105tek przekazu \u015bw. Marka. Rozpoczyna si\u0119 cytatem z proroka Izajasza, przytoczonym w pierwszym czytaniu, o r\u00f3wnaniu drogi przed Panem. Stawia nam przed oczyma posta\u0107 Jana Chrzciciela, kt\u00f3ry \u2013 wraz z Maryj\u0105 Dziewic\u0105 \u2013 stanowi swego rodzaju figur\u0119 Adwentu. Jan, poruszony Bo\u017cym duchem, wzywa do \u015bwi\u0119tego \u017cycia, do sposobienia si\u0119 na rych\u0142e przyj\u015bcie Zbawiciela. Jan przyci\u0105ga\u0142 do siebie t\u0142umy ludzi. Oni wyczuli, \u017ce jest pos\u0142a\u0144cem Boga, \u017ce jest autentyczny, \u017ce nie zale\u017cy mu na w\u0142asnych sprawach. Jego or\u0119dzie spotka\u0142o si\u0119 z g\u0142\u0119bokim pragnieniem cz\u0142owieka, kt\u00f3ry oczekuje na Mesjasza. Jan wzywa nas do nawr\u00f3cenia, bo tylko w ten spos\u00f3b cz\u0142owiek mo\u017ce przygotowa\u0107 si\u0119 na przyj\u0119cie nadchodz\u0105cego Boga. Ka\u017cdy z nas potrzebuje nieustannie podejmowa\u0107 trud nawr\u00f3cenia. Adwent to dobry czas, by popatrze\u0107 na swoje \u017cycie i oceni\u0107, jak ono wygl\u0105da\u0142o w momentach, w kt\u00f3rych odwracali\u015bmy si\u0119 od Chrystusa.Kolejny Adwent naszego \u017cycia. Dzisiejszy \u015bwiat potrzebuje ludzi takich, jak Jan Chrzciciel. Pan B\u00f3g stawia nas na drodze tych, kt\u00f3rzy czekaj\u0105 na s\u0142owo daj\u0105ce nadziej\u0119, jak r\u00f3wnie\u017c wzywaj\u0105ce do nawr\u00f3cenia.<br \/>Jan jest g\u0142osem, kt\u00f3ry zapowiada nadej\u015bcie S\u0142owa. Zna swoje miejsce, wie, \u017ce jest pos\u0142any ze wzgl\u0119du na Chrystusa, \u017ce to On jest powodem jego misji. W\u00a0tym zagubionym \u015bwiecie pro\u015bmy o \u015awiat\u0142o Ducha \u015awi\u0119tego, aby\u015bmy mogli sta\u0107 si\u0119 g\u0142osem wo\u0142aj\u0105cym na pustyni ludzkich serc: Przygotujcie drog\u0119 Panu. Amen o. Eric<\/p><\/div>\n\t\t\t\t<\/div>\n\t\t\t\t\t\t\t<div class=\"elementor-accordion-item\">\n\t\t\t\t\t<div id=\"elementor-tab-title-2035\" class=\"elementor-tab-title\" data-tab=\"5\" role=\"button\" aria-controls=\"elementor-tab-content-2035\" aria-expanded=\"false\">\n\t\t\t\t\t\t\t\t\t\t\t\t\t<span class=\"elementor-accordion-icon elementor-accordion-icon-left\" aria-hidden=\"true\">\n\t\t\t\t\t\t\t\t\t\t\t\t\t\t\t<span class=\"elementor-accordion-icon-closed\"><i class=\"fas fa-angle-double-down\"><\/i><\/span>\n\t\t\t\t\t\t\t\t<span class=\"elementor-accordion-icon-opened\"><i class=\"fas fa-angle-double-up\"><\/i><\/span>\n\t\t\t\t\t\t\t\t\t\t\t\t\t\t<\/span>\n\t\t\t\t\t\t\t\t\t\t\t\t<a class=\"elementor-accordion-title\" tabindex=\"0\">S\u0142owo na Niedziel\u0119 I niedziela adwentu 03.12.2023 (rok B)<\/a>\n\t\t\t\t\t<\/div>\n\t\t\t\t\t<div id=\"elementor-tab-content-2035\" class=\"elementor-tab-content elementor-clearfix\" data-tab=\"5\" role=\"region\" aria-labelledby=\"elementor-tab-title-2035\"><p>I NIEDZIELA ADWENTU (rok B) 03.12.2023<\/p><p><strong><em>Jezus powiedzia\u0142 do swoich uczni\u00f3w: \u00abUwa\u017cajcie, czuwajcie, bo nie wiecie, kiedy czas ten nadejdzie. Bo rzecz ma si\u0119 podobnie jak z\u00a0cz\u0142owiekiem, kt\u00f3ry uda\u0142 si\u0119 w podr\u00f3\u017c. Zostawi\u0142 sw\u00f3j dom, powierzy\u0142 swym s\u0142ugom staranie o wszystko, ka\u017cdemu wyznaczy\u0142 zaj\u0119cie, a od\u017awiernemu przykaza\u0142, \u017ceby czuwa\u0142. Czuwajcie wi\u0119c, bo nie wiecie, kiedy pan domu przyjdzie: z wieczora czy o p\u00f3\u0142nocy, czy o pianiu kogut\u00f3w, czy rankiem. By niespodzianie przyszed\u0142szy, nie zasta\u0142 was \u015bpi\u0105cych. Lecz co wam m\u00f3wi\u0119, do wszystkich m\u00f3wi\u0119: Czuwajcie!\u00bb \/Mk. 13,33-37\/<br \/>*************************************<br \/><\/em><\/strong><\/p><p>Adwent zn\u00f3w nadchodzi&#8230; Adwent to czas \u0142aski w oczekiwaniu na przyj\u015bcie Pana Jezusa. Czy to oznacza, \u017ce B\u00f3g nie istnieje, nie jest obecny i nie przychodzi? Czy Pan przychodzi tylko w\u00a0czasie Adwentu i w \u015awi\u0119ta Bo\u017cego Narodzenia? I czy tylko w tym czasie Jego przyj\u015bcie jest przygotowywane i\u00a0oczekiwane? Oczywi\u015bcie, \u017ce nie! Adwent jest czasem, momentem i okazj\u0105 dla Ko\u015bcio\u0142a, dla nas, aby\u015bmy przygotowali si\u0119. Szczeg\u00f3lne przygotowujemy nasze serca na Jego przyj\u015bcie w \u015awi\u0119t\u0105 Bo\u017cego Narodzenia. Podczas gdy On ju\u017c przyszed\u0142, przychodzi tak\u017ce w naszym codziennym \u017cyciu i\u00a0do\u015bwiadczeniach \u017cyciowych. Zawsze przychodzi w\u00a0ka\u017cdej chwili, przychodzi w czasie naszej \u015bmierci i nie wiemy, kiedy to nast\u0105pi, przychodzi w swojej chwale. Tak, wi\u0119c adwent nie ogranicza si\u0119 do czterech tygodni poprzedzaj\u0105cych Bo\u017ce Narodzenie, ale trwa przez ca\u0142e nasze \u017cycie. Zawsze znajdujemy si\u0119 w\u00a0sytuacji adwentowej, poniewa\u017c B\u00f3g zawsze mo\u017ce przyj\u015b\u0107 w ka\u017cdym momencie, w\u00a0ka\u017cdym wydarzeniu. Jego przyj\u015bcie jest ca\u0142kowicie niespodziewane. Jezus przypomina nam w dzisiejszej Ewangelii, aby\u015bmy byli czujni, uwa\u017cni, gotowi przez ca\u0142y czas. Dlatego i wy b\u0105d\u017acie gotowi, bo chwili, kt\u00f3rej si\u0119 nie domy\u015blacie, Syn Cz\u0142owieczy przyjdzie \/Mt 24,44\/. On przychodzi zawsze, wsz\u0119dzie i w ka\u017cdej sytuacji.<\/p><p>\u00a0\u00a0\u00a0\u00a0\u00a0\u00a0\u00a0\u00a0\u00a0\u00a0\u00a0\u00a0\u00a0 o. Fransiskus, SVD<\/p><\/div>\n\t\t\t\t<\/div>\n\t\t\t\t\t\t\t<div class=\"elementor-accordion-item\">\n\t\t\t\t\t<div id=\"elementor-tab-title-2036\" class=\"elementor-tab-title\" data-tab=\"6\" role=\"button\" aria-controls=\"elementor-tab-content-2036\" aria-expanded=\"false\">\n\t\t\t\t\t\t\t\t\t\t\t\t\t<span class=\"elementor-accordion-icon elementor-accordion-icon-left\" aria-hidden=\"true\">\n\t\t\t\t\t\t\t\t\t\t\t\t\t\t\t<span class=\"elementor-accordion-icon-closed\"><i class=\"fas fa-angle-double-down\"><\/i><\/span>\n\t\t\t\t\t\t\t\t<span class=\"elementor-accordion-icon-opened\"><i class=\"fas fa-angle-double-up\"><\/i><\/span>\n\t\t\t\t\t\t\t\t\t\t\t\t\t\t<\/span>\n\t\t\t\t\t\t\t\t\t\t\t\t<a class=\"elementor-accordion-title\" tabindex=\"0\">S\u0142owo na Niedziel\u0119 Uroczysto\u015b\u0107 Jezusa Chrystusa Kr\u00f3la Wszech\u015bwiata 26.11.2023 (rok A)<\/a>\n\t\t\t\t\t<\/div>\n\t\t\t\t\t<div id=\"elementor-tab-content-2036\" class=\"elementor-tab-content elementor-clearfix\" data-tab=\"6\" role=\"region\" aria-labelledby=\"elementor-tab-title-2036\"><p>JEZUSA CHRYSTUSA KR\u00d3LA WSZECH\u015aWIATA 26.11.2023<br \/><strong><em>Jezus powiedzia\u0142 do swoich uczni\u00f3w:<\/em><\/strong><br \/><strong><em>\u00abGdy Syn Cz\u0142owieczy przyjdzie w swej chwale, a z Nim wszyscy anio\u0142owie, wtedy zasi\u0105dzie na swoim tronie pe\u0142nym chwa\u0142y. I zgromadz\u0105 si\u0119 przed Nim wszystkie narody, a On oddzieli jednych ludzi od drugich, jak pasterz oddziela owce od koz\u0142\u00f3w. Owce postawi po prawej, a koz\u0142y po swojej lewej stronie. Wtedy odezwie si\u0119 Kr\u00f3l do tych po prawej stronie: \u201eP\u00f3jd\u017acie, b\u0142ogos\u0142awieni u Ojca mojego, we\u017acie w posiadanie kr\u00f3lestwo, przygotowane dla was od za\u0142o\u017cenia \u015bwiata! <\/em><\/strong><strong><em>Bo by\u0142em g\u0142odny, a dali\u015bcie Mi je\u015b\u0107; <\/em><\/strong><strong><em>by\u0142em spragniony, a dali\u015bcie Mi pi\u0107; <\/em><\/strong><strong><em>by\u0142em przybyszem, a przyj\u0119li\u015bcie Mnie; <\/em><\/strong><strong><em>by\u0142em nagi, a przyodziali\u015bcie Mnie; <\/em><\/strong><strong><em>by\u0142em chory, a odwiedzili\u015bcie Mnie; <\/em><\/strong><strong><em>by\u0142em w wi\u0119zieniu, a przyszli\u015bcie do Mnie\u201d. <\/em><\/strong><strong><em>W\u00f3wczas zapytaj\u0105 sprawiedliwi: \u201ePanie, kiedy widzieli\u015bmy Ci\u0119 g\u0142odnym i nakarmili\u015bmy Ciebie? Albo spragnionym i dali\u015bmy Ci pi\u0107? Kiedy widzieli\u015bmy Ci\u0119 przybyszem i przyj\u0119li\u015bmy Ci\u0119, lub nagim i przyodziali\u015bmy Ci\u0119? Kiedy widzieli\u015bmy Ci\u0119 chorym lub w wi\u0119zieniu i przyszli\u015bmy do Ciebie?\u201d A Kr\u00f3l im odpowie: \u201eZaprawd\u0119, powiadam wam: Wszystko, co uczynili\u015bcie jednemu z tych braci moich najmniejszych, Mnie uczynili\u015bcie\u201d. <\/em><\/strong><strong><em>Wtedy odezwie si\u0119 i do tych po lewej stronie: \u201eId\u017acie precz ode Mnie, przekl\u0119ci, w ogie\u0144 wieczny, przygotowany diab\u0142u i jego anio\u0142om! Bo by\u0142em g\u0142odny, a nie dali\u015bcie Mi je\u015b\u0107; <\/em><\/strong><strong><em>by\u0142em spragniony, a nie dali\u015bcie Mi pi\u0107; by\u0142em przybyszem, a nie przyj\u0119li\u015bcie Mnie; by\u0142em nagi, a nie przyodziali\u015bcie Mnie; by\u0142em chory i w wi\u0119zieniu, a nie odwiedzili\u015bcie Mnie\u201d. <\/em><\/strong><strong><em>W\u00f3wczas zapytaj\u0105 i ci: \u201ePanie, kiedy widzieli\u015bmy Ci\u0119 g\u0142odnym albo spragnionym, albo przybyszem, albo nagim, kiedy chorym albo w wi\u0119zieniu, a nie us\u0142u\u017cyli\u015bmy Tobie?\u201d <\/em><\/strong><strong><em>Wtedy odpowie im: \u201eZaprawd\u0119, powiadam wam: Wszystko, czego nie uczynili\u015bcie jednemu z tych najmniejszych, tego i Mnie nie uczynili\u015bcie\u201d. I p\u00f3jd\u0105 ci na wieczn\u0105 kar\u0119, sprawiedliwi za\u015b do \u017cycia wiecznego\u00bb. \u00a0\/Mt 25, 31-46\/<br \/>****************************************************<br \/><\/em><\/strong><\/p><p>Stajemy dzisiaj wobec Chrystusa Kr\u00f3la Wszech\u015bwiata, kt\u00f3ry wychodzi naprzeciw wszystkim rozczarowanym ziemsk\u0105 w\u0142adz\u0105, skrzywdzonym, wszystkim pragn\u0105cym prawdziwej wolno\u015bci, sprawiedliwo\u015bci, mi\u0142o\u015bci i pokoju. Chrystus Kr\u00f3l Wszech\u015bwiata og\u0142asza doskona\u0142e Prawo Mi\u0142o\u015bci. \u201eMi\u0142ujcie si\u0119 wzajemnie, jak Ja was umi\u0142owa\u0142em\u201d. Kto wi\u0119c przyjmuje Chrystusa, jako swego Kr\u00f3la i Pana, musi tak\u017ce przyj\u0105\u0107 Jego Prawo Mi\u0142o\u015bci. Prawdziwa Intronizacja Chrystusa Kr\u00f3la w naszych sercach dokonuje si\u0119 przez otwarcie na Jego mi\u0142osiern\u0105 mi\u0142o\u015b\u0107 i przez konkretn\u0105, czynn\u0105 mi\u0142o\u015b\u0107 bli\u017aniego. W\u0142a\u015bnie z tych konkretnych uczynk\u00f3w mi\u0142o\u015bci b\u0119dziemy kiedy\u015b os\u0105dzeni, gdy Zbawiciel przyjdzie powt\u00f3rnie w swej Kr\u00f3lewskiej chwale. \u201eCokolwiek uczynili\u015bcie jednemu z tych najmniejszych, Mnie\u015bcie uczynili\u201d. [\u2026]. Wydarzenia zwi\u0105zane z og\u00f3lno\u015bwiatowym kryzysem zdrowotnym, finansowym, politycznym i spo\u0142ecznym pokazuje upadek wsp\u00f3\u0142czesnej cywilizacji opartej na budowaniu szcz\u0119\u015bcia cz\u0142owieka bez Boga. W sytuacji, gdzie szukamy punktu orientacyjnego, Jezus przypomina nam dzisiaj nasze powo\u0142anie z mi\u0142o\u015bci i do mi\u0142o\u015bci. W\u0142a\u015bnie mi\u0142o\u015b\u0107 b\u0119dzie miar\u0105 s\u0105du ostatecznego. Gdyby\u015bmy wzi\u0119li na serio tylko t\u0119 jedn\u0105 przypowie\u015b\u0107 Mistrza z Nazaretu i dostosowali do niej swoje \u017cycie, w ci\u0105gu jednego pokolenia przebudowaliby oblicze naszych rodzin, naszego kraju i ca\u0142ej ziemi. Miliard ludzi ochrzczonych, pochylony nad potrzebuj\u0105cymi pomocy, by\u0142by w stanie podnie\u015b\u0107 \u017cycie ludzko\u015bci na zupe\u0142nie nowy, wy\u017cszy poziom. Miliard ludzi mi\u0142osiernych potrafi zbudowa\u0107 nowy \u015bwiat. Pot\u0119ga mi\u0142osiernej mi\u0142o\u015bci jest wszechmocna, bo razem z tymi, kt\u00f3rzy si\u0119 ni\u0105 pos\u0142uguj\u0105, wsp\u00f3\u0142pracuje B\u00f3g.<br \/>Pro\u015bmy dzisiaj Jezusa Chrystusa Kr\u00f3la Wszech\u015bwiata, aby Jego serce \u017cy\u0142o w\u00a0sercach wszystkich ludzi. Amen\u00a0 \u00a0\u00a0\u00a0\u00a0\u00a0\u00a0\u00a0\u00a0\u00a0\u00a0\u00a0 \u00a0o. Eric<\/p><\/div>\n\t\t\t\t<\/div>\n\t\t\t\t\t\t\t<div class=\"elementor-accordion-item\">\n\t\t\t\t\t<div id=\"elementor-tab-title-2037\" class=\"elementor-tab-title\" data-tab=\"7\" role=\"button\" aria-controls=\"elementor-tab-content-2037\" aria-expanded=\"false\">\n\t\t\t\t\t\t\t\t\t\t\t\t\t<span class=\"elementor-accordion-icon elementor-accordion-icon-left\" aria-hidden=\"true\">\n\t\t\t\t\t\t\t\t\t\t\t\t\t\t\t<span class=\"elementor-accordion-icon-closed\"><i class=\"fas fa-angle-double-down\"><\/i><\/span>\n\t\t\t\t\t\t\t\t<span class=\"elementor-accordion-icon-opened\"><i class=\"fas fa-angle-double-up\"><\/i><\/span>\n\t\t\t\t\t\t\t\t\t\t\t\t\t\t<\/span>\n\t\t\t\t\t\t\t\t\t\t\t\t<a class=\"elementor-accordion-title\" tabindex=\"0\">S\u0142owo na XXXIII Niedziel\u0119 zwyk\u0142\u0105 19.11.2023 (rok A)<\/a>\n\t\t\t\t\t<\/div>\n\t\t\t\t\t<div id=\"elementor-tab-content-2037\" class=\"elementor-tab-content elementor-clearfix\" data-tab=\"7\" role=\"region\" aria-labelledby=\"elementor-tab-title-2037\"><p>NIEDZIELA ZWYK\u0141A (rok A) 19.11.2023<br \/><strong><em>Jezus opowiedzia\u0142 swoim uczniom nast\u0119puj\u0105c\u0105 przypowie\u015b\u0107: \u00abPodobnie jest z\u00a0kr\u00f3lestwem niebieskim jak z\u00a0pewnym cz\u0142owiekiem, kt\u00f3ry maj\u0105c si\u0119 uda\u0107 w podr\u00f3\u017c, przywo\u0142a\u0142 swoje s\u0142ugi i przekaza\u0142 im sw\u00f3j maj\u0105tek. Jednemu da\u0142 pi\u0119\u0107 talent\u00f3w, drugiemu dwa, trzeciemu jeden, ka\u017cdemu wed\u0142ug jego zdolno\u015bci, i odjecha\u0142. Zaraz ten, kt\u00f3ry otrzyma\u0142 pi\u0119\u0107 talent\u00f3w, poszed\u0142, pu\u015bci\u0142 je w\u00a0obieg i zyska\u0142 drugie pi\u0119\u0107. Tak samo i ten, kt\u00f3ry dwa otrzyma\u0142; on r\u00f3wnie\u017c zyska\u0142 drugie dwa. Ten za\u015b, kt\u00f3ry otrzyma\u0142 jeden, poszed\u0142 i, rozkopawszy ziemi\u0119, ukry\u0142 pieni\u0105dze swego pana. Po d\u0142u\u017cszym czasie powr\u00f3ci\u0142 pan owych s\u0142ug i zacz\u0105\u0142 rozlicza\u0107 si\u0119 z nimi. W\u00f3wczas przyszed\u0142 ten, kt\u00f3ry otrzyma\u0142 pi\u0119\u0107 talent\u00f3w. Przyni\u00f3s\u0142 drugie pi\u0119\u0107 i rzek\u0142: \u201ePanie, przekaza\u0142e\u015b mi pi\u0119\u0107 talent\u00f3w, oto drugie pi\u0119\u0107 talent\u00f3w zyska\u0142em\u201d. Rzek\u0142 mu pan: \u201eDobrze, s\u0142ugo dobry i wierny! By\u0142e\u015b wierny w\u00a0rzeczach niewielu, nad wieloma ci\u0119 postawi\u0119: wejd\u017a do rado\u015bci twego pana!\u201d Przyszed\u0142 r\u00f3wnie\u017c i ten, kt\u00f3ry otrzyma\u0142 dwa talenty, m\u00f3wi\u0105c: \u201ePanie, przekaza\u0142e\u015b mi dwa talenty, oto drugie dwa talenty zyska\u0142em\u201d. Rzek\u0142 mu pan: \u201eDobrze, s\u0142ugo dobry i wierny! By\u0142e\u015b wierny w rzeczach niewielu, nad wieloma ci\u0119 postawi\u0119: wejd\u017a do rado\u015bci twego pana!\u201d Przyszed\u0142 i ten, kt\u00f3ry otrzyma\u0142 jeden talent, i\u00a0rzek\u0142: \u201ePanie, wiedzia\u0142em, \u017ce jeste\u015b cz\u0142owiekiem twardym: \u017cniesz tam, gdzie nie posia\u0142e\u015b, i zbierasz tam, gdzie nie rozsypa\u0142e\u015b. Boj\u0105c si\u0119 wi\u0119c, poszed\u0142em i\u00a0ukry\u0142em tw\u00f3j talent w ziemi. Oto masz swoj\u0105 w\u0142asno\u015b\u0107!\u201d Odrzek\u0142 mu pan jego: \u201eS\u0142ugo z\u0142y i\u00a0gnu\u015bny! Wiedzia\u0142e\u015b, \u017ce \u017cn\u0119 tam, gdzie nie posia\u0142em, i\u00a0zbieram tam, gdzie nie rozsypa\u0142em. Powiniene\u015b wi\u0119c by\u0142 odda\u0107 moje pieni\u0105dze bankierom, a ja po powrocie by\u0142bym z\u00a0zyskiem odebra\u0142 swoj\u0105 w\u0142asno\u015b\u0107. Dlatego odbierzcie mu ten talent, a\u00a0dajcie temu, kt\u00f3ry ma dziesi\u0119\u0107 talent\u00f3w. Ka\u017cdemu bowiem, kto ma, b\u0119dzie dodane, tak \u017ce nadmiar mie\u0107 b\u0119dzie. Temu za\u015b, kto nie ma, zabior\u0105 nawet to, co ma. A s\u0142ug\u0119 nieu\u017cytecznego wyrzu\u0107cie na zewn\u0105trz \u2013 w\u00a0ciemno\u015bci! Tam b\u0119dzie p\u0142acz i\u00a0zgrzytanie z\u0119b\u00f3w\u201d\u00bb. \u00a0\/Mt 25, 14-30\/<br \/>**********************************************<\/em><\/strong><br \/>\u00a0Przes\u0142anie dzisiejszej Ewangelii brzmi: ka\u017cdy z nas otrzyma\u0142 pewn\u0105 liczb\u0119 talent\u00f3w w postaci r\u00f3\u017cnych uzdolnie\u0144 i umiej\u0119tno\u015bci; mamy rozwija\u0107 je tak, by przynosi\u0142y wielorakie owoce, rodzi\u0142y rado\u015b\u0107 i szcz\u0119\u015bcie. B\u00f3g patrzy nie na to, ile zarabiamy, ale na to, ile wysi\u0142ku i stara\u0144 wk\u0142adamy w rozwijanie w\u0142asnych zdolno\u015bci i czy, korzystaj\u0105c z nich, potrafimy s\u0142u\u017cy\u0107 innym ludziom. Dlatego nie powinni\u015bmy by\u0107 zazdro\u015bni w stosunku do tych, kt\u00f3rzy wydaj\u0105 si\u0119 mie\u0107 liczniejsze b\u0105d\u017a niezwyk\u0142e talenty. B\u0105d\u017amy wdzi\u0119czni za ka\u017cdy otrzymany dar. Dzi\u0119ki niemu mo\u017cemy przyczynia\u0107 si\u0119 do dobra i szcz\u0119\u015bcia wszystkich, kt\u00f3rych B\u00f3g stawia na naszej drodze. Dobrze jest zada\u0107 sobie dzi\u015b pytanie: w jakim stopniu rozwijamy i wykorzystujemy talenty, kt\u00f3re B\u00f3g nam da\u0142? Czy czasem &#8211; podobnie jak s\u0142uga z\u0142y i gnu\u015bny z dzisiejszego czytania &#8211; nie zakopali\u015bmy kt\u00f3rego\u015b z nich tak, \u017ce pozostaje ukryty, niewykorzystany, bezu\u017cyteczny? Warto pami\u0119ta\u0107, \u017ce temu, &#8222;kto ma, b\u0119dzie dodane, tak \u017ce nadmiar mie\u0107 b\u0119dzie. Temu za\u015b, kto nie ma, zabior\u0105 nawet to, co ma&#8221;.<br \/>Pozdrawiam Was serdecznie i pami\u0119tam o Was w modlitwie\u00a0 \u00a0 \u00a0\u00a0o. Fansiskus<\/p><\/div>\n\t\t\t\t<\/div>\n\t\t\t\t\t\t\t<div class=\"elementor-accordion-item\">\n\t\t\t\t\t<div id=\"elementor-tab-title-2038\" class=\"elementor-tab-title\" data-tab=\"8\" role=\"button\" aria-controls=\"elementor-tab-content-2038\" aria-expanded=\"false\">\n\t\t\t\t\t\t\t\t\t\t\t\t\t<span class=\"elementor-accordion-icon elementor-accordion-icon-left\" aria-hidden=\"true\">\n\t\t\t\t\t\t\t\t\t\t\t\t\t\t\t<span class=\"elementor-accordion-icon-closed\"><i class=\"fas fa-angle-double-down\"><\/i><\/span>\n\t\t\t\t\t\t\t\t<span class=\"elementor-accordion-icon-opened\"><i class=\"fas fa-angle-double-up\"><\/i><\/span>\n\t\t\t\t\t\t\t\t\t\t\t\t\t\t<\/span>\n\t\t\t\t\t\t\t\t\t\t\t\t<a class=\"elementor-accordion-title\" tabindex=\"0\">S\u0142owo na XXXII Niedziel\u0119 zwyk\u0142\u0105 12.11.2023 (rok A)<\/a>\n\t\t\t\t\t<\/div>\n\t\t\t\t\t<div id=\"elementor-tab-content-2038\" class=\"elementor-tab-content elementor-clearfix\" data-tab=\"8\" role=\"region\" aria-labelledby=\"elementor-tab-title-2038\"><p>XXXII Niedziela Zwyk\u0142a 12.11.2023<\/p><p><strong><em>Jezus opowiedzia\u0142 swoim uczniom t\u0119 przypowie\u015b\u0107:<\/em><\/strong><br \/><strong><em>\u00abPodobne b\u0119dzie kr\u00f3lestwo niebieskie do dziesi\u0119ciu panien, kt\u00f3re wzi\u0119\u0142y swoje lampy i wysz\u0142y na spotkanie pana m\u0142odego. Pi\u0119\u0107 z nich by\u0142o nierozs\u0105dnych, a pi\u0119\u0107 roztropnych. Nierozs\u0105dne wzi\u0119\u0142y lampy, ale nie wzi\u0119\u0142y z\u00a0sob\u0105 oliwy. Roztropne za\u015b razem z lampami zabra\u0142y r\u00f3wnie\u017c oliw\u0119 w\u00a0swoich naczyniach. Gdy si\u0119 pan m\u0142ody op\u00f3\u017ania\u0142, senno\u015b\u0107 ogarn\u0119\u0142a wszystkie i posn\u0119\u0142y.<\/em><\/strong><br \/><strong><em>Lecz o p\u00f3\u0142nocy rozleg\u0142o si\u0119 wo\u0142anie: \u201eOto pan m\u0142ody idzie, wyjd\u017acie mu na spotkanie!\u201d Wtedy powsta\u0142y wszystkie owe panny i opatrzy\u0142y swe lampy. A\u00a0nierozs\u0105dne rzek\u0142y do roztropnych: \u201eU\u017cyczcie nam swej oliwy, bo nasze lampy gasn\u0105\u201d. Odpowiedzia\u0142y roztropne: \u201eMog\u0142oby i nam, i wam nie wystarczy\u0107. Id\u017acie raczej do sprzedaj\u0105cych i kupcie sobie\u201d.<\/em><\/strong><br \/><strong><em>Gdy one sz\u0142y kupi\u0107, nadszed\u0142 pan m\u0142ody. Te, kt\u00f3re by\u0142y gotowe, wesz\u0142y z nim na uczt\u0119 weseln\u0105, i drzwi zamkni\u0119to. Nadchodz\u0105 w ko\u0144cu i pozosta\u0142e panny, prosz\u0105c: \u201ePanie, panie, otw\u00f3rz nam!\u201d Lecz on odpowiedzia\u0142: \u201eZaprawd\u0119, powiadam wam, nie znam was\u201d. <\/em><\/strong><strong><em>Czuwajcie wi\u0119c, bo nie znacie dnia ani godziny\u00bb. \/Mt 25, 1-13\/<br \/>***************************************************<\/em><\/strong><br \/>\u00a0Czuwajcie wi\u0119c, bo nie znacie dnia ani godziny. Gotowo\u015b\u0107 na spotkanie pana m\u0142odego, jest g\u0142\u00f3wn\u0105 my\u015bl\u0105 przypowie\u015bci. W dzisiejszej Ewangelii pan Jezus pos\u0142uguje si\u0119 obrazem dziesi\u0119ciu panien, by przybli\u017cy\u0107 nam tajemnic\u0119 kr\u00f3lestwa Bo\u017cego. Pragnie nam powiedzie\u0107, \u017ce cz\u0142owiek autentycznie wierz\u0105cy musi wytrwa\u0107 w wierze a\u017c do ko\u0144ca. Panny symbolizuj\u0105 uczni\u00f3w, oczekuj\u0105cych i wierz\u0105cych. M\u0105dro\u015b\u0107, o kt\u00f3r\u0105 chodzi, jest praktyczn\u0105 wiedz\u0105 dotycz\u0105c\u0105 zbawienia. W tradycji \u017cydowskiej druhny potrzebowa\u0142y wystarczaj\u0105cej ilo\u015bci oliwy, by pochodnie p\u0142on\u0119\u0142y podczas ca\u0142ego pochodu do domu pana m\u0142odego i ta\u0144c\u00f3w. W j\u0119zyku biblijnym oliwa symbolizuje dobre uczynki. Nierozs\u0105dne panny nie maj\u0105 wystarczaj\u0105cej ilo\u015bci dobrych uczynk\u00f3w. Mog\u0142oby (\u2026) nie wystarczy\u0107. Odmowa roztropnych panien nie jest spowodowana brakiem mi\u0142o\u015bci czy ch\u0119ci udzielenia pomocy. Ich dobre uczynki nie mog\u0105 by\u0107 zaliczane innym. Ludzie mog\u0105 pom\u00f3c, lecz gotowo\u015b\u0107 przyj\u0119cia zbawienia jest ostatecznie osobist\u0105 decyzj\u0105 i odpowiedzialno\u015bci\u0105. Nierozs\u0105dne panny nie zd\u0105\u017cy\u0142y przy\u0142\u0105czy\u0107 si\u0119 do orszaku powracaj\u0105cego do domu pana m\u0142odego, kt\u00f3remu towarzyszy\u0142y radosne \u015bpiewy i ta\u0144ce. Nie zd\u0105\u017cy\u0142y te\u017c na najwa\u017cniejszy moment \u017cydowskiej uroczysto\u015bci \u015blubnej &#8211; chwil\u0119, w kt\u00f3rej panna m\u0142oda by\u0142a prowadzona pod \u015blubny baldachim w domu swojego oblubie\u0144ca. Uraziwszy honor gospodarza domu, nie zosta\u0142y wpuszczone na uczt\u0119, kt\u00f3ra trwa\u0142a przez siedem dni od pocz\u0105tku ceremonii.<br \/>\u015awi\u0119ty Augustyn powie, \u017ce\u00a0B\u00f3g stworzy\u0142 nas bez nas, ale nie zbawi nas bez nas.\u00a0Pro\u015bmy o gotowo\u015b\u0107 i otwarto\u015b\u0107 na przyj\u0119cie Bo\u017cego zaproszenia na Jego zbawienn\u0105 uczt\u0119.\u00a0\u00a0\u00a0\u00a0\u00a0\u00a0\u00a0\u00a0\u00a0\u00a0\u00a0\u00a0\u00a0\u00a0\u00a0\u00a0\u00a0\u00a0\u00a0\u00a0\u00a0\u00a0\u00a0\u00a0\u00a0\u00a0\u00a0\u00a0\u00a0\u00a0\u00a0\u00a0\u00a0\u00a0\u00a0\u00a0\u00a0\u00a0<br \/>\u00a0o. Eric<\/p><\/div>\n\t\t\t\t<\/div>\n\t\t\t\t\t\t\t<div class=\"elementor-accordion-item\">\n\t\t\t\t\t<div id=\"elementor-tab-title-2039\" class=\"elementor-tab-title\" data-tab=\"9\" role=\"button\" aria-controls=\"elementor-tab-content-2039\" aria-expanded=\"false\">\n\t\t\t\t\t\t\t\t\t\t\t\t\t<span class=\"elementor-accordion-icon elementor-accordion-icon-left\" aria-hidden=\"true\">\n\t\t\t\t\t\t\t\t\t\t\t\t\t\t\t<span class=\"elementor-accordion-icon-closed\"><i class=\"fas fa-angle-double-down\"><\/i><\/span>\n\t\t\t\t\t\t\t\t<span class=\"elementor-accordion-icon-opened\"><i class=\"fas fa-angle-double-up\"><\/i><\/span>\n\t\t\t\t\t\t\t\t\t\t\t\t\t\t<\/span>\n\t\t\t\t\t\t\t\t\t\t\t\t<a class=\"elementor-accordion-title\" tabindex=\"0\">S\u0142owo na XXXI Niedziel\u0119 zwyk\u0142\u0105 05.11.2023 (rok A)<\/a>\n\t\t\t\t\t<\/div>\n\t\t\t\t\t<div id=\"elementor-tab-content-2039\" class=\"elementor-tab-content elementor-clearfix\" data-tab=\"9\" role=\"region\" aria-labelledby=\"elementor-tab-title-2039\"><p>XXXI Niedziela Zwyk\u0142a 05.11.2023 <br \/><strong><em>Jezus przem\u00f3wi\u0142 do t\u0142um\u00f3w i do swych uczni\u00f3w tymi s\u0142owami: \u00abNa katedrze Moj\u017cesza zasiedli uczeni w\u00a0Pi\u015bmie i\u00a0faryzeusze. Czy\u0144cie wi\u0119c i\u00a0zachowujcie wszystko, co wam polec\u0105, lecz uczynk\u00f3w ich nie na\u015bladujcie. M\u00f3wi\u0105 bowiem, ale sami nie czyni\u0105. Wi\u0105\u017c\u0105 ci\u0119\u017cary wielkie i nie do uniesienia i\u00a0k\u0142ad\u0105 je ludziom na ramiona, lecz sami palcem ruszy\u0107 ich nie chc\u0105. Wszystkie swe uczynki spe\u0142niaj\u0105 w tym celu, \u017ceby si\u0119 ludziom pokaza\u0107. Rozszerzaj\u0105 swoje filakterie i wyd\u0142u\u017caj\u0105 fr\u0119dzle u p\u0142aszcz\u00f3w. Lubi\u0105 zaszczytne miejsca na ucztach i pierwsze krzes\u0142a w\u00a0synagogach. Chc\u0105, by ich pozdrawiano na rynkach i \u017ceby ludzie nazywali ich Rabbi. A wy nie pozwalajcie nazywa\u0107 si\u0119 Rabbi, albowiem jeden jest wasz Nauczyciel, a\u00a0wy wszyscy jeste\u015bcie bra\u0107mi. Nikogo te\u017c na ziemi nie nazywajcie waszym ojcem; jeden bowiem jest Ojciec wasz, Ten w niebie. Nie chciejcie r\u00f3wnie\u017c, \u017ceby was nazywano mistrzami, bo jeden jest tylko wasz Mistrz, Chrystus. Najwi\u0119kszy z was niech b\u0119dzie waszym s\u0142ug\u0105. Kto si\u0119 wywy\u017csza, b\u0119dzie poni\u017cony, a kto si\u0119 poni\u017ca, b\u0119dzie wywy\u017cszony\u00bb. \/Mt 23,1-12\/<\/em><\/strong><\/p><p>***************************************<\/p><p>Ewangelia Mateusza, kt\u00f3rej dzi\u015b s\u0142uchamy, przedstawia Jezusa jako prawdziwego Nauczyciela. Sednem Jego dzisiejszego nauczania jest harmonia mi\u0119dzy s\u0142owami i czynami, a tak\u017ce czujno\u015b\u0107 wobec duchowej pychy. Jezus przypomina nam, jako swoim uczniom, \u017ce musimy by\u0107 konsekwentni zar\u00f3wno w s\u0142owach, jak i uczynkach. Nasze s\u0142owa nie mog\u0105 by\u0107 sprzeczne z\u00a0naszymi czynami. Jako na\u015bladowcy Chrystusa powinni\u015bmy od Niego uczy\u0107 si\u0119 okazywania mi\u0142osierdzia: &#8222;Uczcie si\u0119 ode mnie, bo jestem cichy i pokornego serca&#8221;. Jezus przypomina nam r\u00f3wnie\u017c, aby\u015bmy nie popadali w duchow\u0105 pych\u0119. Je\u015bli nasze \u017cycie duchowe jest bogatsze, g\u0142\u0119bsze ni\u017c innych, nie powinni\u015bmy ich pot\u0119pia\u0107, ale pomaga\u0107 im, dziel\u0105c si\u0119 naszymi duchowymi do\u015bwiadczeniami, aby\u015bmy mogli razem kroczy\u0107 ku \u015bwi\u0119to\u015bci.<\/p><p>Niech B\u00f3g zawsze nam b\u0142ogos\u0142awi.\u00a0<\/p><p>Pozdrawiam Was serdecznie i pami\u0119tam o Was w modlitwie.\u00a0 \u00a0 \u00a0 \u00a0o. Fransiskus<\/p><p>\u00a0<\/p><\/div>\n\t\t\t\t<\/div>\n\t\t\t\t\t\t\t<div class=\"elementor-accordion-item\">\n\t\t\t\t\t<div id=\"elementor-tab-title-20310\" class=\"elementor-tab-title\" data-tab=\"10\" role=\"button\" aria-controls=\"elementor-tab-content-20310\" aria-expanded=\"false\">\n\t\t\t\t\t\t\t\t\t\t\t\t\t<span class=\"elementor-accordion-icon elementor-accordion-icon-left\" aria-hidden=\"true\">\n\t\t\t\t\t\t\t\t\t\t\t\t\t\t\t<span class=\"elementor-accordion-icon-closed\"><i class=\"fas fa-angle-double-down\"><\/i><\/span>\n\t\t\t\t\t\t\t\t<span class=\"elementor-accordion-icon-opened\"><i class=\"fas fa-angle-double-up\"><\/i><\/span>\n\t\t\t\t\t\t\t\t\t\t\t\t\t\t<\/span>\n\t\t\t\t\t\t\t\t\t\t\t\t<a class=\"elementor-accordion-title\" tabindex=\"0\">S\u0142owo na XXX Niedziel\u0119 zwyk\u0142\u0105 29.10.2023 (rok A)<\/a>\n\t\t\t\t\t<\/div>\n\t\t\t\t\t<div id=\"elementor-tab-content-20310\" class=\"elementor-tab-content elementor-clearfix\" data-tab=\"10\" role=\"region\" aria-labelledby=\"elementor-tab-title-20310\"><p><strong><em>Gdy faryzeusze pos\u0142yszeli, \u017ce zamkn\u0105\u0142 usta saduceuszom, zebrali si\u0119 razem, a jeden z nich, uczony w Prawie, wystawiaj\u0105c Go na pr\u00f3b\u0119, zapyta\u0142: \u00abNauczycielu, kt\u00f3re przykazanie w Prawie jest najwi\u0119ksze?\u00bb <\/em><\/strong><strong><em>On mu odpowiedzia\u0142: \u00ab\u201eB\u0119dziesz mi\u0142owa\u0142 Pana Boga swego ca\u0142ym swoim sercem, ca\u0142\u0105 swoj\u0105 dusz\u0105 i ca\u0142ym swoim umys\u0142em\u201d. To jest najwi\u0119ksze i pierwsze przykazanie. Drugie podobne jest do niego: \u201eB\u0119dziesz mi\u0142owa\u0142 swego bli\u017aniego jak siebie samego\u201d. Na tych dw\u00f3ch przykazaniach zawis\u0142o ca\u0142e Prawo i Prorocy\u00bb. \/Mt 22,34-40\/<\/em><\/strong><\/p><p>***********************<\/p><p>Prosz\u0119 Czcigodnych, Drogie Siostry i Drodzy Bracia \u2013 mieszka\u0144cy, przyjaciele i sympatycy Parafii \u015bw. Jadwigi \u015al\u0105skiej, w dzisiejszej Ewangelii po raz kolejny s\u0142yszymy o najwi\u0119kszych przykazaniach &#8211; mi\u0142o\u015bci Boga i drugiego cz\u0142owieka. S\u0105 one ze sob\u0105 \u015bci\u015ble powi\u0105zane i\u00a0nie mo\u017cemy ich rozdziela\u0107 czy wype\u0142nia\u0107 tylko jedno z nich. W\u00a0Pierwszym Li\u015bcie \u015bw. Jana czytamy: &#8222;Je\u015bliby kto\u015b m\u00f3wi\u0142: \u00abMi\u0142uj\u0119 Boga\u00bb, a brata swego nienawidzi\u0142, jest k\u0142amc\u0105, albowiem kto nie mi\u0142uje brata swego, kt\u00f3rego widzi, nie mo\u017ce mi\u0142owa\u0107 Boga, kt\u00f3rego nie\u00a0widzi&#8221;\u00a0(1J 4, 20).<br \/>Sp\u00f3jrzmy po raz kolejny na krzy\u017c Chrystusa \u2013 ma on dwie belki. Belka pionowa to nasza relacja i mi\u0142o\u015b\u0107 do Boga. Belka pozioma to nasze relacje i mi\u0142o\u015b\u0107 do bli\u017anich. Mi\u0142o\u015b\u0107 do Boga przynagla nas do mi\u0142o\u015bci bli\u017aniego. A kochaj\u0105c bli\u017aniego kochamy Boga. Bez odniesienia do Boga i cz\u0142owieka nasze chrze\u015bcija\u0144stwo jest niekompletne. Tylko pe\u0142ny krzy\u017c wyra\u017ca Mi\u0142o\u015b\u0107. Mi\u0142o\u015b\u0107, kt\u00f3ra si\u0119 da\u0142a ukrzy\u017cowa\u0107, Mi\u0142o\u015b\u0107, kt\u00f3r\u0105 jest sam B\u00f3g poszukuj\u0105cy ka\u017cdego cz\u0142owieka.<\/p><p>Pozdrawiam Was serdecznie i pami\u0119tam o Was w modlitwie o. Kazimierz<\/p><\/div>\n\t\t\t\t<\/div>\n\t\t\t\t\t\t\t<div class=\"elementor-accordion-item\">\n\t\t\t\t\t<div id=\"elementor-tab-title-20311\" class=\"elementor-tab-title\" data-tab=\"11\" role=\"button\" aria-controls=\"elementor-tab-content-20311\" aria-expanded=\"false\">\n\t\t\t\t\t\t\t\t\t\t\t\t\t<span class=\"elementor-accordion-icon elementor-accordion-icon-left\" aria-hidden=\"true\">\n\t\t\t\t\t\t\t\t\t\t\t\t\t\t\t<span class=\"elementor-accordion-icon-closed\"><i class=\"fas fa-angle-double-down\"><\/i><\/span>\n\t\t\t\t\t\t\t\t<span class=\"elementor-accordion-icon-opened\"><i class=\"fas fa-angle-double-up\"><\/i><\/span>\n\t\t\t\t\t\t\t\t\t\t\t\t\t\t<\/span>\n\t\t\t\t\t\t\t\t\t\t\t\t<a class=\"elementor-accordion-title\" tabindex=\"0\">S\u0142owo na XXIX Niedziel\u0119 zwyk\u0142\u0105 22.10.2023 (rok A)<\/a>\n\t\t\t\t\t<\/div>\n\t\t\t\t\t<div id=\"elementor-tab-content-20311\" class=\"elementor-tab-content elementor-clearfix\" data-tab=\"11\" role=\"region\" aria-labelledby=\"elementor-tab-title-20311\"><p>Niedziela Zwyk\u0142a 22.10.2023<\/p><p><strong><em>Faryzeusze odeszli i naradzali si\u0119, jak by podchwyci\u0107 Jezusa w mowie. Pos\u0142ali wi\u0119c do Niego swych uczni\u00f3w razem ze zwolennikami Heroda, aby mu powiedzieli: Nauczycielu, wiemy, \u017ce jeste\u015b prawdom\u00f3wny i drogi Bo\u017cej w prawdzie nauczasz. Na nikim Ci te\u017c nie zale\u017cy, bo nie ogl\u0105dasz si\u0119 na osob\u0119 ludzk\u0105. Powiedz nam wi\u0119c, jak ci si\u0119 zdaje? Czy wolno p\u0142aci\u0107 podatek cezarowi, czy nie? Jezus przejrza\u0142 ich przewrotno\u015b\u0107 i rzek\u0142: Czemu wystawiacie Mnie na pr\u00f3b\u0119, ob\u0142udnicy? Poka\u017ccie Mi monet\u0119 podatkow\u0105! Przynie\u015bli Mu denara. On ich zapyta\u0142: Czyj jest ten obraz i napis? Odpowiedzieli: Cezara. W\u00f3wczas rzek\u0142 do nich: Oddajcie wi\u0119c cezarowi to, co nale\u017cy do cezara, a\u00a0Bogu to, co nale\u017cy do Boga. <\/em><\/strong><br \/><strong><em>\/Mt 22,15-21\/<br \/>******************************************<br \/><\/em><\/strong><\/p><p>W dzisiejszej Ewangelii mo\u017cemy zauwa\u017cy\u0107, \u017ce integralno\u015b\u0107 \u017cycia i\u00a0prawdziwie spo\u0142eczna s\u0142u\u017cba chrze\u015bcija\u0144ska jest zadaniem ca\u0142ego Ko\u015bcio\u0142a, nie tylko zadaniem pojedynczych os\u00f3b dobrej woli i serca, nie tylko grupy wierz\u0105cych, ale Ko\u015bcio\u0142a, jako ca\u0142o\u015bci. G\u0142oszenie Dobrej Nowiny i nauk Jezusa nigdy nie by\u0142o oddzielone od kulturowych, politycznych, etnicznych i\u00a0spo\u0142eczno-gospodarczych warunk\u00f3w Jego czas\u00f3w. \u017bycie i s\u0142u\u017cba spo\u0142eczna uczni\u00f3w Jezusa nigdy nie mog\u0105 by\u0107 oddzielone od tre\u015bci nauk ewangelii, kt\u00f3re On g\u0142osi\u0142. Wizerunek cesarza jest wydrukowany na walucie, kt\u00f3ra musi zosta\u0107 mu zwr\u00f3cona. Ale w sercu cz\u0142owieka wydrukowany jest obraz Boga, kt\u00f3ry kieruje naszym \u017cyciem. B\u00f3g odcisn\u0105\u0142 szczeg\u00f3lne znami\u0119 w naszych sercach i pos\u0142a\u0142 nas, aby\u015bmy \u015bwiadczyli o Nim wszystkim ludziom. To jest droga Chrystusa i Jego Ko\u015bcio\u0142a!<br \/>Dzisiaj obchodzimy \u015awiatow\u0105 Niedziel\u0119 Misyjn\u0105, co mo\u017cemy da\u0107 misjom? S\u0105 cztery rzeczy, kt\u00f3re mo\u017cemy da\u0107, a mianowicie modlitwa, dzia\u0142alno\u015b\u0107 charytatywna, po\u015bwi\u0119cenie i \u015bwiadectwo.<\/p><p>Pami\u0119tam o Was w Modlitwie i pozdrawiam serdecznie<br \/>o. Fransiskus, svd<\/p><p>\u00a0<\/p><\/div>\n\t\t\t\t<\/div>\n\t\t\t\t\t\t\t<div class=\"elementor-accordion-item\">\n\t\t\t\t\t<div id=\"elementor-tab-title-20312\" class=\"elementor-tab-title\" data-tab=\"12\" role=\"button\" aria-controls=\"elementor-tab-content-20312\" aria-expanded=\"false\">\n\t\t\t\t\t\t\t\t\t\t\t\t\t<span class=\"elementor-accordion-icon elementor-accordion-icon-left\" aria-hidden=\"true\">\n\t\t\t\t\t\t\t\t\t\t\t\t\t\t\t<span class=\"elementor-accordion-icon-closed\"><i class=\"fas fa-angle-double-down\"><\/i><\/span>\n\t\t\t\t\t\t\t\t<span class=\"elementor-accordion-icon-opened\"><i class=\"fas fa-angle-double-up\"><\/i><\/span>\n\t\t\t\t\t\t\t\t\t\t\t\t\t\t<\/span>\n\t\t\t\t\t\t\t\t\t\t\t\t<a class=\"elementor-accordion-title\" tabindex=\"0\">S\u0142owo na XXVIII Niedziel\u0119 zwyk\u0142\u0105 15.10.2023 (rok A)<\/a>\n\t\t\t\t\t<\/div>\n\t\t\t\t\t<div id=\"elementor-tab-content-20312\" class=\"elementor-tab-content elementor-clearfix\" data-tab=\"12\" role=\"region\" aria-labelledby=\"elementor-tab-title-20312\"><p><strong><em>Jezus w przypowie\u015bciach m\u00f3wi\u0142 do arcykap\u0142an\u00f3w i\u00a0starszych ludu: \u00abKr\u00f3lestwo niebieskie podobne jest do kr\u00f3la, kt\u00f3ry wyprawi\u0142 uczt\u0119 weseln\u0105 swemu synowi. Pos\u0142a\u0142 wi\u0119c swoje s\u0142ugi, \u017ceby zaproszonych zwo\u0142ali na uczt\u0119, lecz ci nie chcieli przyj\u015b\u0107. Pos\u0142a\u0142 jeszcze raz inne s\u0142ugi z\u00a0poleceniem: \u201ePowiedzcie zaproszonym: Oto przygotowa\u0142em moj\u0105 uczt\u0119; wo\u0142y i tuczne zwierz\u0119ta ubite i\u00a0wszystko jest gotowe. Przyjd\u017acie na uczt\u0119!\u201d Lecz oni zlekcewa\u017cyli to i odeszli: jeden na swoje pole, drugi do swego kupiectwa, a\u00a0inni pochwycili jego s\u0142ugi i zniewa\u017cywszy, pozabijali. Na to kr\u00f3l uni\u00f3s\u0142 si\u0119 gniewem. Pos\u0142a\u0142 swe wojska i kaza\u0142 wytraci\u0107 owych zab\u00f3jc\u00f3w, a miasto ich spali\u0107. Wtedy rzek\u0142 swoim s\u0142ugom: \u201eUczta weselna wprawdzie jest gotowa, lecz zaproszeni nie byli jej godni. Id\u017acie wi\u0119c na rozstajne drogi i zapro\u015bcie na uczt\u0119 wszystkich, kt\u00f3rych spotkacie\u201d. S\u0142udzy ci wyszli na drogi i sprowadzili wszystkich, kt\u00f3rych napotkali: z\u0142ych i dobrych. I sala weselna zape\u0142ni\u0142a si\u0119 biesiadnikami. Wszed\u0142 kr\u00f3l, \u017ceby si\u0119 przypatrzy\u0107 biesiadnikom, i zauwa\u017cy\u0142 tam cz\u0142owieka nieubranego w str\u00f3j weselny. Rzek\u0142 do niego: \u201ePrzyjacielu, jak\u017ce tu wszed\u0142e\u015b, nie maj\u0105c stroju weselnego?\u201d Lecz on oniemia\u0142. Wtedy kr\u00f3l rzek\u0142 s\u0142ugom: \u201eZwi\u0105\u017ccie mu r\u0119ce i nogi i wyrzu\u0107cie go na zewn\u0105trz, w ciemno\u015bci! Tam b\u0119dzie p\u0142acz i zgrzytanie z\u0119b\u00f3w\u201d. Bo wielu jest powo\u0142anych, lecz ma\u0142o wybranych\u00bb. <\/em><\/strong><br \/><strong><em>\/Mt22,1-14\/<br \/>*************************************************<br \/><\/em><\/strong><\/p><p>Prosz\u0119 Czcigodnych, Drogie Siostry i Drodzy Bracia \u2013 mieszka\u0144cy, przyjaciele i\u00a0sympatycy Parafii \u015bw. Jadwigi \u015al\u0105skiej, w naszej Parafii prze\u017cywamy odnowienie Misji \u015awi\u0119tych. To czas \u0142aski i umocnienia naszej wiary. Przed nami odpust parafialny ku czci \u015bw. Jadwigi \u015al\u0105skiej i\u00a0bierzmowanie naszej m\u0142odzie\u017cy. Tak, jak go\u015bci z dzisiejszej Ewangelii, tak i\u00a0nas Jezus zaprasza na wspania\u0142\u0105 uczt\u0119. Uczt\u0119 Jego mi\u0142o\u015bci i\u00a0\u0142aski. Uczt\u0119 dzi\u0119kczynienia za nasze \u017cycie i nasz\u0105 wsp\u00f3lnot\u0119 parafialn\u0105. Nie wymawiajmy si\u0119 od obecno\u015bci na Eucharystii. \u017barliwie pro\u015bmy \u015bwi\u0119t\u0105 Jadwig\u0119 \u015al\u0105sk\u0105 \u2013 nasz\u0105 patronk\u0119 \u2013 o wsparcie i\u00a0wstawiennictwo u\u00a0Naszego Pana na nasz\u0105 codzienno\u015b\u0107.<br \/>\u00a0<br \/>Pami\u0119tam o Was w modlitwie i pozdrawiam\u00a0 serdecznie.<\/p><p>o.\u00a0Kazimierz<\/p><p>\u00a0<\/p><\/div>\n\t\t\t\t<\/div>\n\t\t\t\t\t\t\t<div class=\"elementor-accordion-item\">\n\t\t\t\t\t<div id=\"elementor-tab-title-20313\" class=\"elementor-tab-title\" data-tab=\"13\" role=\"button\" aria-controls=\"elementor-tab-content-20313\" aria-expanded=\"false\">\n\t\t\t\t\t\t\t\t\t\t\t\t\t<span class=\"elementor-accordion-icon elementor-accordion-icon-left\" aria-hidden=\"true\">\n\t\t\t\t\t\t\t\t\t\t\t\t\t\t\t<span class=\"elementor-accordion-icon-closed\"><i class=\"fas fa-angle-double-down\"><\/i><\/span>\n\t\t\t\t\t\t\t\t<span class=\"elementor-accordion-icon-opened\"><i class=\"fas fa-angle-double-up\"><\/i><\/span>\n\t\t\t\t\t\t\t\t\t\t\t\t\t\t<\/span>\n\t\t\t\t\t\t\t\t\t\t\t\t<a class=\"elementor-accordion-title\" tabindex=\"0\">S\u0142owo na XXVII Niedziel\u0119 zwyk\u0142\u0105 08.10.2023 (rok A)<\/a>\n\t\t\t\t\t<\/div>\n\t\t\t\t\t<div id=\"elementor-tab-content-20313\" class=\"elementor-tab-content elementor-clearfix\" data-tab=\"13\" role=\"region\" aria-labelledby=\"elementor-tab-title-20313\"><p>Niedziela Zwyk\u0142a 08.10.2023 <br \/><strong><em>Jezus powiedzia\u0142 do arcykap\u0142an\u00f3w i starszych ludu:<\/em><\/strong><br \/><strong><em>\u00abPos\u0142uchajcie innej przypowie\u015bci. By\u0142 pewien gospodarz, kt\u00f3ry za\u0142o\u017cy\u0142 winnic\u0119. Otoczy\u0142 j\u0105 murem, wykopa\u0142 w niej t\u0142ocznie, zbudowa\u0142 wie\u017c\u0119, w ko\u0144cu odda\u0142 j\u0105 w dzier\u017caw\u0119 rolnikom i wyjecha\u0142. Gdy nadszed\u0142 czas zbior\u00f3w, pos\u0142a\u0142 swoje s\u0142ugi do rolnik\u00f3w, by odebrali plon jemu nale\u017cny. Ale rolnicy chwycili jego s\u0142ugi i jednego obili, drugiego zabili, trzeciego za\u015b ukamienowali. Wtedy pos\u0142a\u0142 inne s\u0142ugi, wi\u0119cej ni\u017c za pierwszym razem, lecz i\u00a0z\u00a0nimi tak samo post\u0105pili. W ko\u0144cu pos\u0142a\u0142 do nich swego syna, tak sobie my\u015bl\u0105c: Uszanuj\u0105 mojego syna. Lecz rolnicy, zobaczywszy syna, m\u00f3wili do siebie: \u201eTo jest dziedzic; chod\u017acie, zabijmy go, a\u00a0posi\u0105dziemy jego dziedzictwo\u201d. Chwyciwszy go, wyrzucili z winnicy i zabili. Kiedy wi\u0119c przyb\u0119dzie w\u0142a\u015bciciel winnicy, co uczyni z owymi rolnikami?\u00bb Rzekli Mu: \u00abN\u0119dznik\u00f3w marnie wytraci, a winnic\u0119 odda w dzier\u017caw\u0119 innym rolnikom, takim, kt\u00f3rzy mu b\u0119d\u0105 oddawali plon we w\u0142a\u015bciwej porze\u00bb. Jezus im rzek\u0142: \u00abCzy nigdy nie czytali\u015bcie w Pi\u015bmie: \u201eTen w\u0142a\u015bnie kamie\u0144, kt\u00f3ry odrzucili buduj\u0105cy, sta\u0142 si\u0119 g\u0142owic\u0105 w\u0119g\u0142a. Pan to sprawi\u0142, i jest cudem w\u00a0naszych oczach\u201d. Dlatego powiadam wam: Kr\u00f3lestwo Bo\u017ce b\u0119dzie wam zabrane, a\u00a0dane narodowi, kt\u00f3ry wyda jego owoce\u00bb. \/Mt21,33-43\/<\/em><\/strong><br \/>*************************************************<\/p><p>W dzisiejszej Ewangelii Jezus w przypowie\u015bci o winnicy opowiada o\u00a0Kr\u00f3lestwie Bo\u017cym. Pracownicy winnicy powinni post\u0119powa\u0107 zgodnie z\u00a0oczekiwaniami jej w\u0142a\u015bciciela. Dzier\u017cawca winnicy ma okre\u015blone prawa i\u00a0obowi\u0105zki. Uprawiana ziemia lub winnica nie nale\u017cy do niego. On tylko na niej pracuje, a gdy zbierze plony, dzieli si\u0119 nimi z w\u0142a\u015bcicielem winnicy. Odpowiedzialny rolnik podporz\u0105dkuje si\u0119 w\u0142a\u015bcicielowi winnicy. Jezus opowiedzia\u0142 t\u0119 przypowie\u015b\u0107 swoim s\u0142uchaczom, aby u\u015bwiadomi\u0107 im, \u017ce Izraelici s\u0105 dzier\u017cawcami Bo\u017cej winnicy. Postawa robotnik\u00f3w z przypowie\u015bci symbolizuje postaw\u0119 Izraelit\u00f3w, zachowuj\u0105cych si\u0119 tak, jakby winnica nale\u017ca\u0142a do nich, a przecie\u017c, jako dzier\u017cawcy powinni wywi\u0105za\u0107 si\u0119 z\u00a0ustalonych zobowi\u0105za\u0144 i zda\u0107 spraw\u0119 ze swoich zbior\u00f3w w\u0142a\u015bcicielowi -Bogu. W\u00a0przypowie\u015bci dzier\u017cawcy przyj\u0119li agresywn\u0105 i okrutn\u0105 postaw\u0119 wobec przybywaj\u0105cych pos\u0142a\u0144c\u00f3w, a nawet wobec syna w\u0142a\u015bciciela -dziedzica, kt\u00f3ry zosta\u0142 do nich wys\u0142any. Nie tylko odm\u00f3wili przekazania nale\u017cnej w\u0142a\u015bcicielowi cz\u0119\u015bci plon\u00f3w, ale posun\u0119li si\u0119 do zab\u00f3jstwa. Z\u00a0powodu tej odmowy winnica zosta\u0142a wynaj\u0119ta innym rolnikom. My r\u00f3wnie\u017c jeste\u015bmy dzier\u017cawcami w Bo\u017cej winnicy. Zostali\u015bmy obdarowani przez samego Boga Jego zaufaniem. B\u0105d\u017amy wdzi\u0119cznymi i odpowiedzialnymi dzier\u017cawcami. Dzi\u0119kujmy za mo\u017cliwo\u015b\u0107 pracy w\u00a0winnicy, za \u017cycie, kt\u00f3re da\u0142 nam Pan, za wszelkie dary Jego mi\u0142o\u015bci. A B\u00f3g pokoju niech zawsze b\u0119dzie z nami.<br \/>o. Fransiskus<\/p><\/div>\n\t\t\t\t<\/div>\n\t\t\t\t\t\t\t<div class=\"elementor-accordion-item\">\n\t\t\t\t\t<div id=\"elementor-tab-title-20314\" class=\"elementor-tab-title\" data-tab=\"14\" role=\"button\" aria-controls=\"elementor-tab-content-20314\" aria-expanded=\"false\">\n\t\t\t\t\t\t\t\t\t\t\t\t\t<span class=\"elementor-accordion-icon elementor-accordion-icon-left\" aria-hidden=\"true\">\n\t\t\t\t\t\t\t\t\t\t\t\t\t\t\t<span class=\"elementor-accordion-icon-closed\"><i class=\"fas fa-angle-double-down\"><\/i><\/span>\n\t\t\t\t\t\t\t\t<span class=\"elementor-accordion-icon-opened\"><i class=\"fas fa-angle-double-up\"><\/i><\/span>\n\t\t\t\t\t\t\t\t\t\t\t\t\t\t<\/span>\n\t\t\t\t\t\t\t\t\t\t\t\t<a class=\"elementor-accordion-title\" tabindex=\"0\">S\u0142owo na XXVI Niedziel\u0119 zwyk\u0142\u0105 01.10.2023 (rok A)<\/a>\n\t\t\t\t\t<\/div>\n\t\t\t\t\t<div id=\"elementor-tab-content-20314\" class=\"elementor-tab-content elementor-clearfix\" data-tab=\"14\" role=\"region\" aria-labelledby=\"elementor-tab-title-20314\"><p>XXVI Niedziela Zwyk\u0142a 01.10.2023<\/p><p><strong><em>Jezus powiedzia\u0142 do arcykap\u0142an\u00f3w i starszych ludu: \u00abCo my\u015blicie? Pewien cz\u0142owiek mia\u0142 dw\u00f3ch syn\u00f3w. Zwr\u00f3ci\u0142 si\u0119 do pierwszego i rzek\u0142: \u201eDziecko, id\u017a i pracuj dzisiaj w\u00a0winnicy\u201d. Ten odpowiedzia\u0142: \u201eId\u0119, panie!\u201d, lecz nie poszed\u0142. Zwr\u00f3ci\u0142 si\u0119 do drugiego\u00a0i\u00a0to samo powiedzia\u0142. Ten odpar\u0142: \u201eNie chc\u0119\u201d. P\u00f3\u017aniej jednak opami\u0119ta\u0142 si\u0119 i\u00a0poszed\u0142. Kt\u00f3ry z tych dw\u00f3ch spe\u0142ni\u0142 wol\u0119 ojca?\u00bb M\u00f3wi\u0105 Mu: \u00abTen drugi\u00bb. Wtedy Jezus rzek\u0142 do nich: \u00abZaprawd\u0119, powiadam wam: Celnicy i nierz\u0105dnice wchodz\u0105 przed wami do kr\u00f3lestwa niebieskiego. Przyszed\u0142 bowiem do was Jan drog\u0105 sprawiedliwo\u015bci, a wy mu nie uwierzyli\u015bcie. Uwierzyli mu za\u015b celnicy i nierz\u0105dnice. Wy patrzyli\u015bcie na to, ale nawet p\u00f3\u017aniej nie opami\u0119tali\u015bcie si\u0119, \u017ceby mu uwierzy\u0107\u00bb. \/Mt. 21,28-32\/<br \/>*******************************************<br \/><\/em><\/strong><\/p><p>Prosz\u0119 Czcigodnych, Drogie Siostry i Drodzy Bracia \u2013 mieszka\u0144cy, przyjaciele i sympatycy Parafii \u015bw. Jadwigi \u015al\u0105skiej, dzisiaj w Ewangelii widzimy, \u017ce mo\u017cna m\u00f3wi\u0107 \u0142adnie, a jednak wypowiada\u0107 puste s\u0142owa. Z drugiej strony, mo\u017cna buntowa\u0107 si\u0119 i denerwowa\u0107, ale w ko\u0144cu opami\u0119ta\u0107 si\u0119 i spe\u0142ni\u0107 wol\u0119 Ojca. Powinni\u015bmy z rado\u015bci\u0105 odpowiada\u0107 na Bo\u017ce wezwania, ale nie zawsze nam to wychodzi. Nawet narzekaj\u0105c, k\u0142\u00f3c\u0105c si\u0119 z Bogiem, mo\u017cemy \u017cy\u0107 zgodnie z Dekalogiem. Gorzej, gdy teoretycznie wiemy jak \u017cy\u0107, uwa\u017camy si\u0119 za lepszych, a i tak ostatecznie odst\u0119pujemy od Prawa Bo\u017cego. Celnicy i nierz\u0105dnice symbolizuj\u0105 ludzi, kt\u00f3rzy znaj\u0105 swoje s\u0142abo\u015bci, kt\u00f3rzy s\u0105 pokorni i z uni\u017ceniem nawracaj\u0105 si\u0119, by znale\u017a\u0107 si\u0119 w Kr\u00f3lestwie Bo\u017cym. Ludzie, kt\u00f3rzy koncentruj\u0105 si\u0119 na sobie nie zauwa\u017caj\u0105 w swoim \u017cyciu Jezusa. \u017byj\u0105 tak, jakby Boga nie by\u0142o, a potem jeszcze maj\u0105 pretensje, \u017ce On si\u0119 przed nimi ukry\u0142. Ka\u017cdego dnia Jezus zaprasza mnie do blisko\u015bci z sob\u0105: Dziecko id\u017a i pracuj w mojej winnicy. Dzi\u0119kujmy za ten dar.<\/p><p>Pami\u0119tam o Was w modlitwie i pozdrawiam serdecznie. o.\u00a0Kazimierz<\/p><\/div>\n\t\t\t\t<\/div>\n\t\t\t\t\t\t\t<div class=\"elementor-accordion-item\">\n\t\t\t\t\t<div id=\"elementor-tab-title-20315\" class=\"elementor-tab-title\" data-tab=\"15\" role=\"button\" aria-controls=\"elementor-tab-content-20315\" aria-expanded=\"false\">\n\t\t\t\t\t\t\t\t\t\t\t\t\t<span class=\"elementor-accordion-icon elementor-accordion-icon-left\" aria-hidden=\"true\">\n\t\t\t\t\t\t\t\t\t\t\t\t\t\t\t<span class=\"elementor-accordion-icon-closed\"><i class=\"fas fa-angle-double-down\"><\/i><\/span>\n\t\t\t\t\t\t\t\t<span class=\"elementor-accordion-icon-opened\"><i class=\"fas fa-angle-double-up\"><\/i><\/span>\n\t\t\t\t\t\t\t\t\t\t\t\t\t\t<\/span>\n\t\t\t\t\t\t\t\t\t\t\t\t<a class=\"elementor-accordion-title\" tabindex=\"0\">S\u0142owo na XXV Niedziel\u0119 zwyk\u0142\u0105 24.09.2023 (rok A)<\/a>\n\t\t\t\t\t<\/div>\n\t\t\t\t\t<div id=\"elementor-tab-content-20315\" class=\"elementor-tab-content elementor-clearfix\" data-tab=\"15\" role=\"region\" aria-labelledby=\"elementor-tab-title-20315\"><p>XXV Niedziela Zwyk\u0142a 24.09.2023 <br \/>ROCZNICA PO\u015aWI\u0118CENIA NASZEGO KO\u015aCIO\u0141A<br \/><em><strong>Jezus opowiedzia\u0142 swoim uczniom nast\u0119puj\u0105c\u0105 przypowie\u015b\u0107:<\/strong><\/em><br \/><em><strong>\u00abKr\u00f3lestwo niebieskie podobne jest do gospodarza, kt\u00f3ry wyszed\u0142 wczesnym rankiem, aby naj\u0105\u0107 robotnik\u00f3w do swej winnicy. Um\u00f3wi\u0142 si\u0119 z robotnikami o denara za dzie\u0144 i\u00a0pos\u0142a\u0142 ich do winnicy. Gdy wyszed\u0142 oko\u0142o godziny trzeciej, zobaczy\u0142 innych, stoj\u0105cych na rynku bezczynnie, i rzek\u0142 do nich: \u201eId\u017acie i wy do mojej winnicy, a co b\u0119dzie s\u0142uszne, dam wam\u201d. Oni poszli. Wyszed\u0142szy ponownie oko\u0142o godziny sz\u00f3stej i dziewi\u0105tej, tak samo uczyni\u0142. Gdy wyszed\u0142 oko\u0142o godziny jedenastej, spotka\u0142 innych stoj\u0105cych i\u00a0zapyta\u0142 ich: \u201eCzemu tu stoicie ca\u0142y dzie\u0144 bezczynnie?\u201d Odpowiedzieli mu: \u201eBo nas nikt nie naj\u0105\u0142\u201d. Rzek\u0142 im: \u201eId\u017acie i wy do winnicy\u201d. A\u00a0gdy nadszed\u0142 wiecz\u00f3r, rzek\u0142 w\u0142a\u015bciciel winnicy do swego rz\u0105dcy: \u201eZwo\u0142aj robotnik\u00f3w i wyp\u0142a\u0107 im nale\u017cno\u015b\u0107, pocz\u0105wszy od ostatnich a\u017c do pierwszych\u201d. Przyszli naj\u0119ci oko\u0142o jedenastej godziny i otrzymali po denarze. Gdy wi\u0119c przyszli pierwsi, my\u015bleli, \u017ce wi\u0119cej dostan\u0105; lecz i oni otrzymali po denarze.<\/strong><\/em><br \/><em><strong>Wzi\u0105wszy go, szemrali przeciw gospodarzowi, m\u00f3wi\u0105c: \u201eCi ostatni jedn\u0105 godzin\u0119 pracowali, a zr\u00f3wna\u0142e\u015b ich z nami, kt\u00f3rzy znosili\u015bmy ci\u0119\u017car dnia i\u00a0spiekot\u0119\u201d. Na to odrzek\u0142 jednemu z nich: \u201ePrzyjacielu, nie czyni\u0119 ci krzywdy; czy\u017c nie o denara um\u00f3wi\u0142e\u015b si\u0119 ze mn\u0105? We\u017a, co twoje, i odejd\u017a. Chc\u0119 te\u017c i temu ostatniemu da\u0107 tak samo jak tobie. Czy mi nie wolno uczyni\u0107 ze swoim, co chc\u0119? Czy na to z\u0142ym okiem patrzysz, \u017ce ja jestem dobry?\u201d Tak ostatni b\u0119d\u0105 pierwszymi, a pierwsi ostatnimi\u00bb. \/Mt 20, 1-16a\/<\/strong><\/em><\/p><p>********************************************<\/p><p>W dzisiejszej Ewangelii s\u0142yszymy o hojno\u015bci Boga. Nasz Pan w swej dobroci u\u017cywa swoich d\u00f3br tak, jak chce i tak, jak uwa\u017ca za stosowne, dla dobra wszystkich. On jest sprawiedliwy i w swej hojno\u015bci troszczy si\u0119 o to, co najlepsze dla ka\u017cdego cz\u0142owieka, bez r\u00f3\u017cnicy. Ka\u017cdy jest cenny w oczach Boga. On kocha ka\u017cdego z nas. Z obfito\u015bci Jego mi\u0142o\u015bci i\u00a0hojno\u015bci ludzko\u015b\u0107 otrzymuje dobro, \u0142ask\u0119 i zbawienie. Nie musimy by\u0107 zazdro\u015bni o Bo\u017c\u0105 dobro\u0107 i hojno\u015b\u0107. B\u00f3g jest dobry i mi\u0142osierny. To my, ludzie, cz\u0119sto dokonujemy rozr\u00f3\u017cnie\u0144, dzia\u0142amy i\u00a0my\u015blimy niesprawiedliwie. Jeste\u015bmy zazdro\u015bni i \u017ale znosimy, gdy komu\u015b wiedzie si\u0119 lepiej ni\u017c nam, gdy kto\u015b odnosi wi\u0119ksze sukcesy lub gdy jest zdrowszy i ma wi\u0119cej szcz\u0119\u015bcia w \u017cyciu. Gdy do\u015bwiadczamy trudno\u015bci i\u00a0niepowodze\u0144, \u017cyje nam si\u0119 ci\u0119\u017cej i do\u015bwiadczamy cierpienia &#8211; wtedy szczeg\u00f3lnie obwiniamy Boga. Czujemy i os\u0105dzamy, \u017ce B\u00f3g jest niesprawiedliwy, mimo \u017ce dano nam ten sam czas i mo\u017cliwo\u015bci. By\u0107 mo\u017ce jeste\u015bmy katolikami od d\u0142u\u017cszego czasu, ochrzczonymi i wiernymi na\u015bladowcami Jezusa, wiele po\u015bwi\u0119cili\u015bmy, uczynili\u015bmy wiele dobrego, ale z\u00a0drugiej strony wci\u0105\u017c domagamy si\u0119, aby traktowano nas lepiej ni\u017c tych, kt\u00f3rzy dopiero co zostali katolikami. Dlaczego B\u00f3g tak bardzo si\u0119 o nich troszczy? Narzekamy, czujemy, \u017ce B\u00f3g jest niesprawiedliwy. Tutaj oczywi\u015bcie B\u00f3g zapyta nas, jak w dzisiejszej Ewangelii: Przyjacielu, nie czyni\u0119 ci krzywdy; czy\u017c nie o denara um\u00f3wi\u0142e\u015b si\u0119 ze mn\u0105? B\u00f3g jest zawsze hojny dla ka\u017cdego z nas. Jego hojno\u015b\u0107 prowadzi do szcz\u0119\u015bliwego \u017cycia, dobrobytu i\u00a0zbawienia. Uczmy si\u0119 wi\u0119c od Boga hojno\u015bci, aby\u015bmy mogli by\u0107 hojni dla innych tak, jak B\u00f3g jest hojny. Niech B\u00f3g nam b\u0142ogos\u0142awi. \/o. Fransiskus\/<\/p><\/div>\n\t\t\t\t<\/div>\n\t\t\t\t\t\t\t<div class=\"elementor-accordion-item\">\n\t\t\t\t\t<div id=\"elementor-tab-title-20316\" class=\"elementor-tab-title\" data-tab=\"16\" role=\"button\" aria-controls=\"elementor-tab-content-20316\" aria-expanded=\"false\">\n\t\t\t\t\t\t\t\t\t\t\t\t\t<span class=\"elementor-accordion-icon elementor-accordion-icon-left\" aria-hidden=\"true\">\n\t\t\t\t\t\t\t\t\t\t\t\t\t\t\t<span class=\"elementor-accordion-icon-closed\"><i class=\"fas fa-angle-double-down\"><\/i><\/span>\n\t\t\t\t\t\t\t\t<span class=\"elementor-accordion-icon-opened\"><i class=\"fas fa-angle-double-up\"><\/i><\/span>\n\t\t\t\t\t\t\t\t\t\t\t\t\t\t<\/span>\n\t\t\t\t\t\t\t\t\t\t\t\t<a class=\"elementor-accordion-title\" tabindex=\"0\">S\u0142owo na XXIV Niedziel\u0119 zwyk\u0142\u0105 17.09.2023 (rok A)<\/a>\n\t\t\t\t\t<\/div>\n\t\t\t\t\t<div id=\"elementor-tab-content-20316\" class=\"elementor-tab-content elementor-clearfix\" data-tab=\"16\" role=\"region\" aria-labelledby=\"elementor-tab-title-20316\"><p><strong><em>Piotr podszed\u0142 do Jezusa i zapyta\u0142: \u00abPanie, ile razy mam przebaczy\u0107, je\u015bli m\u00f3j brat zawini wzgl\u0119dem mnie? Czy a\u017c siedem razy?\u00bb Jezus mu odrzek\u0142: \u00abNie m\u00f3wi\u0119 ci, \u017ce a\u017c siedem razy, lecz a\u017c siedemdziesi\u0105t siedem razy. Dlatego podobne jest kr\u00f3lestwo niebieskie do kr\u00f3la, kt\u00f3ry chcia\u0142 si\u0119 rozliczy\u0107 ze swymi s\u0142ugami. Gdy zacz\u0105\u0142 si\u0119 rozlicza\u0107, przyprowadzono mu jednego, kt\u00f3ry by\u0142 mu winien dziesi\u0119\u0107 tysi\u0119cy talent\u00f3w. Poniewa\u017c nie mia\u0142, z czego ich odda\u0107, pan kaza\u0142 sprzeda\u0107 go razem z \u017con\u0105, dzie\u0107mi i\u00a0ca\u0142ym jego mieniem, aby d\u0142ug w ten spos\u00f3b odzyska\u0107. Wtedy s\u0142uga pad\u0142 mu do st\u00f3p i\u00a0prosi\u0142 go: \u201ePanie, oka\u017c mi cierpliwo\u015b\u0107, a wszystko ci oddam\u201d. Pan ulitowa\u0142 si\u0119 na\u00a0 owym s\u0142ug\u0105, uwolni\u0142 go i\u00a0d\u0142ug mu darowa\u0142. Lecz gdy s\u0142uga \u00f3w wyszed\u0142, spotka\u0142 jednego ze wsp\u00f3\u0142s\u0142ug, kt\u00f3ry mu by\u0142 winien sto denar\u00f3w. Chwyci\u0142 go i zacz\u0105\u0142 dusi\u0107, m\u00f3wi\u0105c: \u201eOddaj, co\u015b winien!\u201d Jego wsp\u00f3\u0142s\u0142uga pad\u0142 przed nim i prosi\u0142 go: \u201eOka\u017c mi cierpliwo\u015b\u0107, a\u00a0oddam tobie\u201d. On jednak nie chcia\u0142, lecz poszed\u0142 i wtr\u0105ci\u0142 go do wi\u0119zienia, dop\u00f3ki nie odda d\u0142ugu. Wsp\u00f3\u0142s\u0142udzy jego, widz\u0105c, co si\u0119 dzia\u0142o, bardzo si\u0119 zasmucili. Poszli i opowiedzieli swemu panu wszystko, co zasz\u0142o. Wtedy pan jego, wezwawszy go, rzek\u0142 mu: \u201eS\u0142ugo niegodziwy! Darowa\u0142em ci ca\u0142y ten d\u0142ug, poniewa\u017c mnie prosi\u0142e\u015b. Czy\u017c wi\u0119c i ty nie powiniene\u015b by\u0142 ulitowa\u0107 si\u0119 nad swoim wsp\u00f3\u0142s\u0142ug\u0105, jak ja ulitowa\u0142em si\u0119 nad tob\u0105?\u201d I uni\u00f3s\u0142szy si\u0119 gniewem, pan jego kaza\u0142 wyda\u0107 go katom, dop\u00f3ki mu nie odda ca\u0142ego d\u0142ugu. Podobnie uczyni wam Ojciec m\u00f3j niebieski, je\u017celi ka\u017cdy z was nie przebaczy z serca swemu bratu\u00bb. \/Mt 18, 21-35\/<br \/>********************************************************<br \/><\/em><\/strong><\/p><p>Prosz\u0119 Czcigodnych, Drogie Siostry i Drodzy Bracia \u2013 mieszka\u0144cy, przyjaciele i sympatycy Parafii \u015bw. Jadwigi \u015al\u0105skiej, dzisiaj w Ewangelii widzimy r\u00f3\u017cne podej\u015bcie do przebaczania. W przypowie\u015bci s\u0142uga, kt\u00f3remu wiele darowano, sam nie potrafi darowa\u0107 o wiele mniejszej sumy. Je\u015bli \u017ca\u0142ujemy, B\u00f3g zawsze przebacza nam grzechy, my jednak nie zawsze potrafimy przebacza\u0107. Czasem trzymamy w sercu jak\u0105\u015b drobn\u0105 zadr\u0119 i pami\u0119tamy j\u0105 przez lata. W niekt\u00f3rych sytuacjach zapominamy z jakiego powodu pok\u0142\u00f3cili\u015bmy si\u0119, ale pami\u0119tamy, \u017ce jeste\u015bmy z kim\u015b w konflikcie. A to nie jest droga uczni\u00f3w Jezusa. Nasz Pan przypomina, \u017ce zawsze mamy przebacza\u0107. Wielu z nas przychodzi na Eucharysti\u0119 co niedziela, czasami cz\u0119\u015bciej i Jezus zawsze nam przebacza, a my mamy problem, by przebaczy\u0107 bli\u017aniemu. Przebaczenie jest niemo\u017cliwe bez modlitwy, bez Eucharystii i bez spowiedzi. Pro\u015bmy Jezusa mi\u0142osiernego, by uzdalnia\u0142 nasze serca do przebaczania w ka\u017cdej sytuacji. Dzisiaj wyj\u0105tkowy dzie\u0144 w naszej parafii. Dzi\u0119kujemy o. Ericowi, witamy o. Franciszka, mamy piknik parafialny i koncert fortepianowy z cyklu &#8222;Droga do wolno\u015bci w polskiej muzyce klasycznej&#8221;.\u00a0 Niech te wydarzenia wzmacniaj\u0105 i integruj\u0105 nasz\u0105 parafi\u0119.<br \/>Pami\u0119tam o Was w modlitwie i pozdrawiam\u00a0 serdecznie.\u00a0o.\u00a0Kazimierz<\/p><\/div>\n\t\t\t\t<\/div>\n\t\t\t\t\t\t\t<div class=\"elementor-accordion-item\">\n\t\t\t\t\t<div id=\"elementor-tab-title-20317\" class=\"elementor-tab-title\" data-tab=\"17\" role=\"button\" aria-controls=\"elementor-tab-content-20317\" aria-expanded=\"false\">\n\t\t\t\t\t\t\t\t\t\t\t\t\t<span class=\"elementor-accordion-icon elementor-accordion-icon-left\" aria-hidden=\"true\">\n\t\t\t\t\t\t\t\t\t\t\t\t\t\t\t<span class=\"elementor-accordion-icon-closed\"><i class=\"fas fa-angle-double-down\"><\/i><\/span>\n\t\t\t\t\t\t\t\t<span class=\"elementor-accordion-icon-opened\"><i class=\"fas fa-angle-double-up\"><\/i><\/span>\n\t\t\t\t\t\t\t\t\t\t\t\t\t\t<\/span>\n\t\t\t\t\t\t\t\t\t\t\t\t<a class=\"elementor-accordion-title\" tabindex=\"0\">S\u0142owo na XXIII Niedziel\u0119 zwyk\u0142\u0105 10.09.2023 (rok A)<\/a>\n\t\t\t\t\t<\/div>\n\t\t\t\t\t<div id=\"elementor-tab-content-20317\" class=\"elementor-tab-content elementor-clearfix\" data-tab=\"17\" role=\"region\" aria-labelledby=\"elementor-tab-title-20317\"><p><strong><em>XXIII Niedziela Zwyk\u0142a 10.09.2023 <\/em><\/strong><br><strong><em>Jezus powiedzia\u0142 do swoich uczni\u00f3w:<\/em><\/strong><br><strong><em>\u00abGdy brat tw\u00f3j zgrzeszy przeciw tobie, id\u017a i upomnij go w cztery oczy. Je\u015bli ci\u0119 us\u0142ucha, pozyskasz swego brata. Je\u015bli za\u015b nie us\u0142ucha, we\u017a z sob\u0105 jeszcze jednego albo dw\u00f3ch, \u017ceby na s\u0142owie dw\u00f3ch albo trzech \u015bwiadk\u00f3w opar\u0142a si\u0119 ca\u0142a sprawa. Je\u015bli i tych nie us\u0142ucha, donie\u015b Ko\u015bcio\u0142owi. A je\u015bli nawet Ko\u015bcio\u0142a nie us\u0142ucha, niech ci b\u0119dzie jak poganin i celnik. Zaprawd\u0119, powiadam wam: Wszystko, cokolwiek zwi\u0105\u017cecie na ziemi, b\u0119dzie zwi\u0105zane w niebie, a co rozwi\u0105\u017cecie na ziemi, b\u0119dzie rozwi\u0105zane w niebie. Dalej, zaprawd\u0119, powiadam wam: Je\u015bli dw\u00f3ch z was na ziemi zgodnie o co\u015b prosi\u0107 b\u0119dzie, to wszystko otrzymaj\u0105 od mojego Ojca, kt\u00f3ry jest w niebie. Bo gdzie s\u0105 dwaj albo trzej zebrani w imi\u0119 moje, tam jestem po\u015br\u00f3d nich\u00bb. \/Mt 18, 15-20\/<\/em><\/strong><br><strong><em>***************************************<\/em><\/strong><\/p>\n<p>Niekt\u00f3re z rzeczy, kt\u00f3rych Jezus uczy nas w dzisiejszej ewangelii, dotycz\u0105 upominania brata, kt\u00f3ry pope\u0142ni\u0142 z\u0142o, mocy odpuszczania grzech\u00f3w i Bo\u017cej obietnicy, \u017ce b\u0119dzie obecny, gdy dwaj lub trzej zgromadz\u0105 si\u0119 w Jego imi\u0119. Chcieliby\u015bmy zastanowi\u0107 si\u0119 szczeg\u00f3lnie nad tym, jak upomnie\u0107 brata, kt\u00f3ry pope\u0142ni\u0142 b\u0142\u0105d. W naszym wsp\u00f3lnym \u017cyciu z pewno\u015bci\u0105 s\u0105 ludzie, kt\u00f3rzy pope\u0142niaj\u0105 b\u0142\u0119dy, umy\u015blnie lub nieumy\u015blnie. \u015awiadomie lub nie\u015bwiadomie. Jako dobry brat lub przyjaciel, gdy kto\u015b pope\u0142ni b\u0142\u0105d, powinni\u015bmy mie\u0107 odwag\u0119 go upomnie\u0107 i powiedzie\u0107 mu, \u017ce to, co powiedzia\u0142 lub zrobi\u0142, by\u0142o z\u0142e. Cz\u0119sto powstrzymujemy nasze uczucia, obawiaj\u0105c si\u0119, \u017ce druga osoba poczuje si\u0119 ura\u017cona i rozgniewana; dlatego pozwalamy mu pope\u0142ni\u0107 b\u0142\u0105d. Obawiamy si\u0119, \u017ce nasze relacje braterskie lub przyja\u017a\u0144 mog\u0142yby ucierpie\u0107, gdyby\u015bmy byli ch\u0119tni i odwa\u017cni, doradzili lub upomnieli bli\u017aniego, kt\u00f3ry pope\u0142nia z\u0142o. \u0141atwiej jest nam milcze\u0107 ni\u017c powiedzie\u0107 prawd\u0119. M\u00f3wimy nawet: niech sam si\u0119 p\u00f3\u017aniej przekona. S\u0105 nawet tacy, kt\u00f3rzy odmawiaj\u0105 przyj\u0119cia rady lub upomnienia, nawet je\u015bli s\u0105 one udzielane w uprzejmy, troskliwy, osobisty spos\u00f3b. Jest oczywiste, \u017ce co\u015b jest nie tak, ale cz\u0119sto ludzie nie chc\u0105 si\u0119 do tego przyzna\u0107, a&nbsp;nawet pokornie to zaakceptowa\u0107. Nie na si\u0142\u0119, ale z cierpliwo\u015bci\u0105 i pokor\u0105. <br>Jezus oczekuje od nas, aby\u015bmy ratowali si\u0119 nawzajem w mi\u0142o\u015bci. Nie jest to \u0142atwe do zrobienia. Je\u015bli kto\u015b nadal odmawia i nie akceptuje, nie powinni\u015bmy rozpacza\u0107, ale powinni\u015bmy si\u0119 za niego modli\u0107. Dlatego mo\u017cemy zada\u0107 sobie pytanie, czy odwa\u017cymy si\u0119 pom\u00f3c naszemu b\u0142\u0105dz\u0105cemu bratu, uratowa\u0107 go przed upadkiem, udzielaj\u0105c mu rad i upominaj\u0105c go z mi\u0142o\u015bci\u0105, szczero\u015bci\u0105 i&nbsp;cierpliwo\u015bci\u0105? Czy te\u017c po prostu przebaczamy. Je\u015bli to my zawinili\u015bmy i&nbsp;otrzymali\u015bmy rad\u0119 lub nagan\u0119, czy jeste\u015bmy otwarci i gotowi j\u0105 przyj\u0105\u0107 i czy jeste\u015bmy wdzi\u0119czni, \u017ce s\u0105 ludzie, kt\u00f3rzy maj\u0105 odwag\u0119 i szczerze nam o tym powiedzie\u0107, zamiast rozpowszechnia\u0107 plotki i oszczerstwa. Pomagajmy sobie nawzajem, ratujmy si\u0119 nawzajem i m\u00f3dlmy si\u0119 za siebie nawzajem, poniewa\u017c wszyscy jeste\u015bmy cenni w oczach Boga.<\/p>\n<p>o. Fransiskus<\/p><\/div>\n\t\t\t\t<\/div>\n\t\t\t\t\t\t\t<div class=\"elementor-accordion-item\">\n\t\t\t\t\t<div id=\"elementor-tab-title-20318\" class=\"elementor-tab-title\" data-tab=\"18\" role=\"button\" aria-controls=\"elementor-tab-content-20318\" aria-expanded=\"false\">\n\t\t\t\t\t\t\t\t\t\t\t\t\t<span class=\"elementor-accordion-icon elementor-accordion-icon-left\" aria-hidden=\"true\">\n\t\t\t\t\t\t\t\t\t\t\t\t\t\t\t<span class=\"elementor-accordion-icon-closed\"><i class=\"fas fa-angle-double-down\"><\/i><\/span>\n\t\t\t\t\t\t\t\t<span class=\"elementor-accordion-icon-opened\"><i class=\"fas fa-angle-double-up\"><\/i><\/span>\n\t\t\t\t\t\t\t\t\t\t\t\t\t\t<\/span>\n\t\t\t\t\t\t\t\t\t\t\t\t<a class=\"elementor-accordion-title\" tabindex=\"0\">S\u0142owo na XXII Niedziel\u0119 zwyk\u0142\u0105 03.09.2023 (rok A)<\/a>\n\t\t\t\t\t<\/div>\n\t\t\t\t\t<div id=\"elementor-tab-content-20318\" class=\"elementor-tab-content elementor-clearfix\" data-tab=\"18\" role=\"region\" aria-labelledby=\"elementor-tab-title-20318\"><p><strong><em>J<strong>ezus zacz\u0105\u0142 w<\/strong>skazywa\u0107 swoim uczniom na to, \u017ce musi uda\u0107 si\u0119 do Jerozolimy i wiele wycierpie\u0107 od starszych i arcykap\u0142an\u00f3w oraz uczonych w Pi\u015bmie; \u017ce b\u0119dzie zabity i trzeciego dnia zmartwychwstanie. A Piotr wzi\u0105\u0142 Go na bok i pocz\u0105\u0142 robi\u0107 Mu wyrzuty: &#8222;Panie, niech Ci\u0119 B\u00f3g broni! Nie przyjdzie to nigdy na Ciebie&#8221;. Lecz On odwr\u00f3ci\u0142 si\u0119 i rzek\u0142 do Piotra: &#8222;Zejd\u017a Mi z oczu, szatanie! Jeste\u015b Mi zawad\u0105, bo nie my\u015blisz po Bo\u017cemu, lecz po ludzku&#8221;. Wtedy Jezus rzek\u0142 do swoich uczni\u00f3w: &#8222;Je\u015bli kto\u015b chce p\u00f3j\u015b\u0107 za Mn\u0105, niech si\u0119 zaprze samego siebie, niech we\u017amie krzy\u017c sw\u00f3j i niech Mnie na\u015bladuje. Bo kto chce zachowa\u0107 swoje \u017cycie, straci je; a kto straci swe \u017cycie z mego powodu, znajdzie je. C\u00f3\u017c bowiem za korzy\u015b\u0107 odniesie cz\u0142owiek, cho\u0107by ca\u0142y \u015bwiat zyska\u0142, a na swej duszy szkod\u0119 poni\u00f3s\u0142? Albo co da cz\u0142owiek w zamian za swoj\u0105 dusz\u0119? Albowiem Syn Cz\u0142owieczy przyjdzie w chwale Ojca swego razem z anio\u0142ami swoimi i wtedy odda ka\u017cdemu wed\u0142ug jego post\u0119powania&#8221;. <\/em><\/strong><br \/><strong><em>\/Mt 16, 21-27\/<br \/>************************************<br \/><\/em><\/strong><\/p><p><br \/>&#8222;Je\u015bli kto\u015b chce p\u00f3j\u015b\u0107 za Mn\u0105, niech si\u0119 zaprze samego siebie, niech we\u017amie krzy\u017c sw\u00f3j i niech Mnie na\u015bladuje. Bo kto chce zachowa\u0107 swoje \u017cycie, straci je; a kto straci swe \u017cycie z mego powodu, znajdzie je&#8221;. Podobnie jak Piotr i inni aposto\u0142owie, czujemy si\u0119 zagubieni w s\u0142owach Jezusa Chrystusa, kt\u00f3ry w dzisiejszej Ewangelii zapowiada, \u017ce idzie do Jerozolimy, wiele wycierpi od arcykap\u0142an\u00f3w i uczonych w Pi\u015bmie. Do swoich uczni\u00f3w, kt\u00f3rzy nie do ko\u0144ca rozumieli Jego zbawcz\u0105 misj\u0119 podaje warunki kroczenia drog\u0105 za Nim. Jezus nie obieca\u0142 im \u0142atwego \u017cycia, a tak\u017ce nam, uczniom dzisiejszych czas\u00f3w ,nie obiecuje. Jak cz\u0119sto podkre\u015bla papie\u017c Franciszek, nie ma Jezusa bez krzy\u017ca. Droga ucznia Jezusa Chrystusa jest drog\u0105 krzy\u017cow\u0105, ale jest drog\u0105 pewn\u0105, bo nigdy nie idziemy sami. Idzie przed nami i z nami sam Chrystus, kt\u00f3ry zwyci\u0119\u017cy\u0142. Wielu z nas jest po urlopie, a dzieci po wakacjach. Jezus ponawia nam zaproszenie do wzi\u0119cia krzy\u017ca i p\u00f3j\u015bcia za Nim. Jednocze\u015bnie przypomina nam o naszym chrze\u015bcija\u0144skim powo\u0142aniu i warunkach z nim zwi\u0105zanych. Ka\u017cdy z nas, id\u0105c drog\u0105 swojego \u017cycia, musi nie\u015b\u0107 sw\u00f3j krzy\u017c. Pro\u015bmy wi\u0119c o to, aby\u015bmy umieli my\u015ble\u0107 po Bo\u017cemu i przyjmowa\u0107 krzy\u017c naszego \u017cycia, ofiarowuj\u0105c go Ojcu niebieskiemu<\/p><p>o. Eric<\/p><\/div>\n\t\t\t\t<\/div>\n\t\t\t\t\t\t\t<div class=\"elementor-accordion-item\">\n\t\t\t\t\t<div id=\"elementor-tab-title-20319\" class=\"elementor-tab-title\" data-tab=\"19\" role=\"button\" aria-controls=\"elementor-tab-content-20319\" aria-expanded=\"false\">\n\t\t\t\t\t\t\t\t\t\t\t\t\t<span class=\"elementor-accordion-icon elementor-accordion-icon-left\" aria-hidden=\"true\">\n\t\t\t\t\t\t\t\t\t\t\t\t\t\t\t<span class=\"elementor-accordion-icon-closed\"><i class=\"fas fa-angle-double-down\"><\/i><\/span>\n\t\t\t\t\t\t\t\t<span class=\"elementor-accordion-icon-opened\"><i class=\"fas fa-angle-double-up\"><\/i><\/span>\n\t\t\t\t\t\t\t\t\t\t\t\t\t\t<\/span>\n\t\t\t\t\t\t\t\t\t\t\t\t<a class=\"elementor-accordion-title\" tabindex=\"0\">S\u0142owo na XX Niedziel\u0119 zwyk\u0142\u0105 20.08.2023 (rok A)<\/a>\n\t\t\t\t\t<\/div>\n\t\t\t\t\t<div id=\"elementor-tab-content-20319\" class=\"elementor-tab-content elementor-clearfix\" data-tab=\"19\" role=\"region\" aria-labelledby=\"elementor-tab-title-20319\"><p>XX Niedziela Zwyk\u0142a 20.08.2023<\/p><p><strong><em>Jezus pod\u0105\u017cy\u0142 w okolice Tyru i Sydonu. A oto kobieta kananejska, wyszed\u0142szy z tamtych stron, wo\u0142a\u0142a: &#8222;Ulituj si\u0119 nade mn\u0105, Panie, Synu Dawida! Moja c\u00f3rka jest ci\u0119\u017cko n\u0119kana przez z\u0142ego ducha&#8221;. Lecz On nie odezwa\u0142 si\u0119 do niej ani s\u0142owem. Na to podeszli Jego uczniowie i prosili Go: &#8222;Odpraw j\u0105, bo krzyczy za nami&#8221;. Lecz On odpowiedzia\u0142: &#8222;Jestem pos\u0142any tylko do owiec, kt\u00f3re pogin\u0119\u0142y z domu Izraela&#8221;. A ona przysz\u0142a, pad\u0142a Mu do n\u00f3g i prosi\u0142a: &#8222;Panie, dopom\u00f3\u017c mi&#8221;. On jednak odpar\u0142: &#8222;Niedobrze jest zabiera\u0107 chleb dzieciom, a rzuca\u0107 szczeni\u0119tom&#8221;. A ona odrzek\u0142a: &#8222;Tak, Panie, lecz i szczeni\u0119ta jedz\u0105 okruchy, kt\u00f3re spadaj\u0105 ze sto\u0142u ich pan\u00f3w&#8221;. Wtedy Jezus jej odpowiedzia\u0142: &#8222;O niewiasto, wielka jest twoja wiara; niech ci si\u0119 stanie, jak pragniesz!&#8221; Od tej chwili jej c\u00f3rka by\u0142a zdrowa.\/ Mt 15, 21-28\/<\/em><\/strong><\/p><p>********************************************<\/p><p>Zaskakuj\u0105ca jest dzisiejsza Ewangelia w kt\u00f3rej spotykamy si\u0119 z niecodzienn\u0105 reakcj\u0105 Jezusa wobec kobiety kananejskiej.. Przygl\u0105daj\u0105c si\u0119 kartkom Nowego Testamentu widzimy cz\u0119sto \u0142agodnego Jezusa, kt\u00f3ry pochyla si\u0119 nad chorymi i potrzebuj\u0105cymi. A dzisiaj do kobiety kananejskiej, kt\u00f3ra prosi o pomoc Jezus zwr\u00f3ci\u0142 si\u0119 tymi s\u0142owami: : &#8222;Jestem pos\u0142any tylko do owiec, kt\u00f3re pogin\u0119\u0142y z domu Izraela&#8221; Nie rozumiemy do ko\u0144ca tych s\u0142\u00f3w Jezusa, a znawet nie za bardzo nam si\u0119 podoba. Niezrozumia\u0142e jest ograniczanie pomocy tylko do \u201eowiec, kt\u00f3re pogin\u0119\u0142y z domu Izraela\u201d. (\u2026)&#8221;Niedobrze jest zabiera\u0107 chleb dzieciom, a rzuca\u0107 szczeni\u0119tom&#8221;. Trudno oprze\u0107 si\u0119 wra\u017ceniu, \u017ce by\u0142y to s\u0142owa wr\u0119cz pogardliwe, cho\u0107 wielu twierdzi, \u017ce Pan Jezus po prostu cytuje znane w tamtym regionie przys\u0142owie. Postawa kobiety kananejskiej wzbudza podziw u Jezusa. Jest ona dla nas przyk\u0142adem niezachwianej wiary. Ilu ludzi przesta\u0142o chodzi\u0107 do ko\u015bcio\u0142a czy modli\u0107 si\u0119, dlatego, \u017ce nie zostali wys\u0142uchani lub nie otrzymali natychmiast tego o co prosili? Historia kobiety kananejskiej mo\u017ce nas bardzo wspom\u00f3c w trudnych chwilach i do\u015bwiadczyniach \u017cyciowych. U\u015bwiadomia nam, \u017ce B\u00f3g nie pozostawia nas bez pomocy, nawet gdy chwilowo mog\u0142oby si\u0119 nam tak wydawa\u0107 \u2013 tak jak mog\u0142o si\u0119 wydawa\u0107 tej kobiecie. Mo\u017ce nam u\u015bwiadomi\u0107, \u017ce zawsze jest dla nas nadzieja w Bogu, nawet gdy sytuacja wydaje si\u0119 ca\u0142kiem beznadziejna. Niech przyk\u0142ad wiary kobiety kananejskiej doda nam odwagi i si\u0142y, by trwa\u0107 w wierze<\/p><p><strong><em>wiedzia\u0142 t\u0142umom t\u0119 przypowie\u015b\u0107: Kr\u00f3lestwo niebieskie podobne jest do cz\u0142owieka, kt\u00f3ry posia\u0142 dobre nasienie na swej roli. Lecz gdy ludzie spali, przyszed\u0142 jego nieprzyjaciel, nasia\u0142 chwastu mi\u0119dzy pszenic\u0119 i odszed\u0142. A gdy zbo\u017ce wyros\u0142o i wypu\u015bci\u0142o k\u0142osy, wtedy pojawi\u0142 si\u0119 i chwast. S\u0142udzy gospodarza przyszli i zapytali go: Panie, czy nie posia\u0142e\u015b dobrego nasienia na swej roli? Sk\u0105d wi\u0119c wzi\u0105\u0142 si\u0119 na niej chwast? Odpowiedzia\u0142 im: Nieprzyjazny cz\u0142owiek to sprawi\u0142. Rzekli mu s\u0142udzy: Chcesz wi\u0119c, \u017ceby\u015bmy poszli i zebrali go? A on im odrzek\u0142: Nie, by\u015bcie zbieraj\u0105c chwast nie wyrwali razem z nim i pszenicy. Pozw\u00f3lcie obojgu r\u00f3\u015b\u0107 a\u017c do \u017cniwa; a w czasie \u017cniwa powiem \u017ce\u0144com: Zbierzcie najpierw chwast i powi\u0105\u017ccie go w snopki na spalenie; pszenic\u0119 za\u015b zwie\u017acie do mego spichlerza. Inn\u0105 przypowie\u015b\u0107 im powiedzia\u0142: Kr\u00f3lestwo niebieskie podobne jest do ziarnka gorczycy, kt\u00f3re kto\u015b wzi\u0105\u0142 i posia\u0142 na swej roli. Jest ono najmniejsze ze wszystkich nasion, lecz gdy wyro\u015bnie, jest wi\u0119ksze od innych jarzyn i staje si\u0119 drzewem, tak \u017ce ptaki przylatuj\u0105 z powietrza i gnie\u017cd\u017c\u0105 si\u0119 na jego ga\u0142\u0119ziach. Powiedzia\u0142 im inn\u0105 przypowie\u015b\u0107: Kr\u00f3lestwo niebieskie podobne jest do zaczynu, kt\u00f3ry pewna kobieta wzi\u0119\u0142a i w\u0142o\u017cy\u0142a w trzy miary m\u0105ki, a\u017c si\u0119 wszystko zakwasi\u0142o. To wszystko m\u00f3wi\u0142 Jezus t\u0142umom w przypowie\u015bciach, a bez przypowie\u015bci nic im nie m\u00f3wi\u0142. Tak mia\u0142o si\u0119 spe\u0142ni\u0107 s\u0142owo Proroka: Otworz\u0119 usta w przypowie\u015bciach, wypowiem rzeczy ukryte od za\u0142o\u017cenia \u015bwiata. Wtedy odprawi\u0142 t\u0142umy i wr\u00f3ci\u0142 do domu. Tam przyst\u0105pili do Niego uczniowie i prosili Go: Wyja\u015bnij nam przypowie\u015b\u0107 o chwa\u015bcie! On odpowiedzia\u0142: Tym, kt\u00f3ry sieje dobre nasienie, jest Syn Cz\u0142owieczy. Rol\u0105 jest \u015bwiat, dobrym nasieniem s\u0105 synowie kr\u00f3lestwa, chwastem za\u015b synowie Z\u0142ego. Nieprzyjacielem, kt\u00f3ry posia\u0142 chwast, jest diabe\u0142; \u017cniwem jest koniec \u015bwiata, a \u017ce\u0144cami s\u0105 anio\u0142owie. Jak wi\u0119c zbiera si\u0119 chwast i spala ogniem, tak b\u0119dzie przy ko\u0144cu \u015bwiata. Syn Cz\u0142owieczy po\u015ble anio\u0142\u00f3w swoich: ci zbior\u0105 z Jego kr\u00f3lestwa wszystkie zgorszenia i tych, kt\u00f3rzy dopuszczaj\u0105 si\u0119 nieprawo\u015bci, i wrzuc\u0105 ich w piec rozpalony; tam b\u0119dzie p\u0142acz i zgrzytanie z\u0119b\u00f3w. Wtedy sprawiedliwi ja\u015bnie\u0107 b\u0119d\u0105 jak s\u0142o\u0144ce w kr\u00f3lestwie Ojca swego. Kto ma uszy, niechaj s\u0142ucha! (Mt 13,24-43)<\/em><\/strong><br \/>*************************************************<\/p><p>Jezus w dzisiejszej przypowie\u015bci ukazuje wielk\u0105 cierpliwo\u015b\u0107 i trosk\u0119 Boga o ka\u017cdego z nas. B\u00f3g okazuje mi\u0142osierdzie wszystkim grzesznikom, nie chce ich wyniszczy\u0107. W ksi\u0119dze Ezechiela B\u00f3g m\u00f3wi: ,,Je\u015bliby wyst\u0119pny porzuci\u0142 wszystkie swoje grzechy, kt\u00f3re pope\u0142nia\u0142, a strzeg\u0142by wszystkich moich ustaw i post\u0119powa\u0142 wed\u0142ug prawa i sprawiedliwo\u015bci, \u017cy\u0107 b\u0119dzie, a nie umrze: nie b\u0119d\u0105 mu policzone \u017cadne grzechy, jakie pope\u0142ni\u0142, lecz b\u0119dzie \u017cy\u0142 dzi\u0119ki sprawiedliwo\u015bci, z jak\u0105 post\u0119powa\u0142\u2019\u2019. B\u00f3g daje nam czas na nawr\u00f3cenie i przemian\u0119 serca. Mo\u017cemy sobie wyobrazi\u0107, co by si\u0119 dzia\u0142o z nami i nawet ze \u015bwi\u0119tymi, gdyby B\u00f3g reagowa\u0142 od razu na nasze niedoskona\u0142o\u015bci i s\u0142abo\u015bci? Kt\u00f3\u017c osta\u0142by si\u0119 przed Bogiem, gdyby B\u00f3g nie da\u0142 czasu na nawr\u00f3cenie, reaguj\u0105c zbyt pochopnie? Nie nale\u017cy od razu niszczy\u0107 cz\u0142owieka, gdy pope\u0142nia b\u0142\u0119dy. Zbawienie wi\u0105\u017ce si\u0119 z \u0142ask\u0105 i czasem danym na nawr\u00f3cenie, by w ko\u0144cu przynie\u015b\u0107 zbawienne owoce. Nie nale\u017cy ulega\u0107 pokusie niecierpliwo\u015bci, innymi s\u0142owy, ch\u0119ci natychmiastowego uporz\u0105dkowania wszystkiego, po\u0142o\u017cenia nacisku na b\u0142yskawiczny sukces. B\u00f3g nie dzia\u0142a w ten spos\u00f3b, On jest cierpliwy wzgl\u0119dem nas i daje nam czas. On pragnie, aby\u015bmy byli r\u00f3wnie\u017c cierpliwi wzgl\u0119dem innych. Czy potrafimy by\u0107 cierpliwi wzgl\u0119dem innych? Pro\u015bmy dzisiaj o to, aby\u015bmy widzieli nie tylko \u2018\u2019 chwast\u2019\u2019 w drugim cz\u0142owieku lecz dobro, kt\u00f3re w nim B\u00f3g sia\u0142. <br \/>Pozdrawiam Was serdecznie o. Eric<\/p><\/div>\n\t\t\t\t<\/div>\n\t\t\t\t\t\t\t<div class=\"elementor-accordion-item\">\n\t\t\t\t\t<div id=\"elementor-tab-title-20320\" class=\"elementor-tab-title\" data-tab=\"20\" role=\"button\" aria-controls=\"elementor-tab-content-20320\" aria-expanded=\"false\">\n\t\t\t\t\t\t\t\t\t\t\t\t\t<span class=\"elementor-accordion-icon elementor-accordion-icon-left\" aria-hidden=\"true\">\n\t\t\t\t\t\t\t\t\t\t\t\t\t\t\t<span class=\"elementor-accordion-icon-closed\"><i class=\"fas fa-angle-double-down\"><\/i><\/span>\n\t\t\t\t\t\t\t\t<span class=\"elementor-accordion-icon-opened\"><i class=\"fas fa-angle-double-up\"><\/i><\/span>\n\t\t\t\t\t\t\t\t\t\t\t\t\t\t<\/span>\n\t\t\t\t\t\t\t\t\t\t\t\t<a class=\"elementor-accordion-title\" tabindex=\"0\">S\u0142owo na XVI Niedziel\u0119 zwyk\u0142\u0105 23.07.2023 (rok A)<\/a>\n\t\t\t\t\t<\/div>\n\t\t\t\t\t<div id=\"elementor-tab-content-20320\" class=\"elementor-tab-content elementor-clearfix\" data-tab=\"20\" role=\"region\" aria-labelledby=\"elementor-tab-title-20320\"><p><strong><em>Jezus opowiedzia\u0142 t\u0142umom t\u0119 przypowie\u015b\u0107: Kr\u00f3lestwo niebieskie podobne jest do cz\u0142owieka, kt\u00f3ry posia\u0142 dobre nasienie na swej roli. Lecz gdy ludzie spali, przyszed\u0142 jego nieprzyjaciel, nasia\u0142 chwastu mi\u0119dzy pszenic\u0119 i odszed\u0142. A gdy zbo\u017ce wyros\u0142o i wypu\u015bci\u0142o k\u0142osy, wtedy pojawi\u0142 si\u0119 i chwast. S\u0142udzy gospodarza przyszli i zapytali go: Panie, czy nie posia\u0142e\u015b dobrego nasienia na swej roli? Sk\u0105d wi\u0119c wzi\u0105\u0142 si\u0119 na niej chwast? Odpowiedzia\u0142 im: Nieprzyjazny cz\u0142owiek to sprawi\u0142. Rzekli mu s\u0142udzy: Chcesz wi\u0119c, \u017ceby\u015bmy poszli i zebrali go? A on im odrzek\u0142: Nie, by\u015bcie zbieraj\u0105c chwast nie wyrwali razem z nim i pszenicy. Pozw\u00f3lcie obojgu r\u00f3\u015b\u0107 a\u017c do \u017cniwa; a w czasie \u017cniwa powiem \u017ce\u0144com: Zbierzcie najpierw chwast i powi\u0105\u017ccie go w snopki na spalenie; pszenic\u0119 za\u015b zwie\u017acie do mego spichlerza. Inn\u0105 przypowie\u015b\u0107 im powiedzia\u0142: Kr\u00f3lestwo niebieskie podobne jest do ziarnka gorczycy, kt\u00f3re kto\u015b wzi\u0105\u0142 i posia\u0142 na swej roli. Jest ono najmniejsze ze wszystkich nasion, lecz gdy wyro\u015bnie, jest wi\u0119ksze od innych jarzyn i staje si\u0119 drzewem, tak \u017ce ptaki przylatuj\u0105 z powietrza i gnie\u017cd\u017c\u0105 si\u0119 na jego ga\u0142\u0119ziach. Powiedzia\u0142 im inn\u0105 przypowie\u015b\u0107: Kr\u00f3lestwo niebieskie podobne jest do zaczynu, kt\u00f3ry pewna kobieta wzi\u0119\u0142a i w\u0142o\u017cy\u0142a w trzy miary m\u0105ki, a\u017c si\u0119 wszystko zakwasi\u0142o. To wszystko m\u00f3wi\u0142 Jezus t\u0142umom w przypowie\u015bciach, a bez przypowie\u015bci nic im nie m\u00f3wi\u0142. Tak mia\u0142o si\u0119 spe\u0142ni\u0107 s\u0142owo Proroka: Otworz\u0119 usta w przypowie\u015bciach, wypowiem rzeczy ukryte od za\u0142o\u017cenia \u015bwiata. Wtedy odprawi\u0142 t\u0142umy i wr\u00f3ci\u0142 do domu. Tam przyst\u0105pili do Niego uczniowie i prosili Go: Wyja\u015bnij nam przypowie\u015b\u0107 o chwa\u015bcie! On odpowiedzia\u0142: Tym, kt\u00f3ry sieje dobre nasienie, jest Syn Cz\u0142owieczy. Rol\u0105 jest \u015bwiat, dobrym nasieniem s\u0105 synowie kr\u00f3lestwa, chwastem za\u015b synowie Z\u0142ego. Nieprzyjacielem, kt\u00f3ry posia\u0142 chwast, jest diabe\u0142; \u017cniwem jest koniec \u015bwiata, a \u017ce\u0144cami s\u0105 anio\u0142owie. Jak wi\u0119c zbiera si\u0119 chwast i spala ogniem, tak b\u0119dzie przy ko\u0144cu \u015bwiata. Syn Cz\u0142owieczy po\u015ble anio\u0142\u00f3w swoich: ci zbior\u0105 z Jego kr\u00f3lestwa wszystkie zgorszenia i tych, kt\u00f3rzy dopuszczaj\u0105 si\u0119 nieprawo\u015bci, i wrzuc\u0105 ich w piec rozpalony; tam b\u0119dzie p\u0142acz i zgrzytanie z\u0119b\u00f3w. Wtedy sprawiedliwi ja\u015bnie\u0107 b\u0119d\u0105 jak s\u0142o\u0144ce w kr\u00f3lestwie Ojca swego. Kto ma uszy, niechaj s\u0142ucha! (Mt 13,24-43)<\/em><\/strong><br \/>*************************************************<\/p><p>Jezus w dzisiejszej przypowie\u015bci ukazuje wielk\u0105 cierpliwo\u015b\u0107 i trosk\u0119 Boga o ka\u017cdego z nas. B\u00f3g okazuje mi\u0142osierdzie wszystkim grzesznikom, nie chce ich wyniszczy\u0107. W ksi\u0119dze Ezechiela B\u00f3g m\u00f3wi: ,,Je\u015bliby wyst\u0119pny porzuci\u0142 wszystkie swoje grzechy, kt\u00f3re pope\u0142nia\u0142, a strzeg\u0142by wszystkich moich ustaw i post\u0119powa\u0142 wed\u0142ug prawa i sprawiedliwo\u015bci, \u017cy\u0107 b\u0119dzie, a nie umrze: nie b\u0119d\u0105 mu policzone \u017cadne grzechy, jakie pope\u0142ni\u0142, lecz b\u0119dzie \u017cy\u0142 dzi\u0119ki sprawiedliwo\u015bci, z jak\u0105 post\u0119powa\u0142\u2019\u2019. B\u00f3g daje nam czas na nawr\u00f3cenie i przemian\u0119 serca. Mo\u017cemy sobie wyobrazi\u0107, co by si\u0119 dzia\u0142o z nami i nawet ze \u015bwi\u0119tymi, gdyby B\u00f3g reagowa\u0142 od razu na nasze niedoskona\u0142o\u015bci i s\u0142abo\u015bci? Kt\u00f3\u017c osta\u0142by si\u0119 przed Bogiem, gdyby B\u00f3g nie da\u0142 czasu na nawr\u00f3cenie, reaguj\u0105c zbyt pochopnie? Nie nale\u017cy od razu niszczy\u0107 cz\u0142owieka, gdy pope\u0142nia b\u0142\u0119dy. Zbawienie wi\u0105\u017ce si\u0119 z \u0142ask\u0105 i czasem danym na nawr\u00f3cenie, by w ko\u0144cu przynie\u015b\u0107 zbawienne owoce. Nie nale\u017cy ulega\u0107 pokusie niecierpliwo\u015bci, innymi s\u0142owy, ch\u0119ci natychmiastowego uporz\u0105dkowania wszystkiego, po\u0142o\u017cenia nacisku na b\u0142yskawiczny sukces. B\u00f3g nie dzia\u0142a w ten spos\u00f3b, On jest cierpliwy wzgl\u0119dem nas i daje nam czas. On pragnie, aby\u015bmy byli r\u00f3wnie\u017c cierpliwi wzgl\u0119dem innych. Czy potrafimy by\u0107 cierpliwi wzgl\u0119dem innych? Pro\u015bmy dzisiaj o to, aby\u015bmy widzieli nie tylko \u2018\u2019 chwast\u2019\u2019 w drugim cz\u0142owieku lecz dobro, kt\u00f3re w nim B\u00f3g sia\u0142. <br \/>Pozdrawiam Was serdecznie o. Eric<\/p><\/div>\n\t\t\t\t<\/div>\n\t\t\t\t\t\t\t<div class=\"elementor-accordion-item\">\n\t\t\t\t\t<div id=\"elementor-tab-title-20321\" class=\"elementor-tab-title\" data-tab=\"21\" role=\"button\" aria-controls=\"elementor-tab-content-20321\" aria-expanded=\"false\">\n\t\t\t\t\t\t\t\t\t\t\t\t\t<span class=\"elementor-accordion-icon elementor-accordion-icon-left\" aria-hidden=\"true\">\n\t\t\t\t\t\t\t\t\t\t\t\t\t\t\t<span class=\"elementor-accordion-icon-closed\"><i class=\"fas fa-angle-double-down\"><\/i><\/span>\n\t\t\t\t\t\t\t\t<span class=\"elementor-accordion-icon-opened\"><i class=\"fas fa-angle-double-up\"><\/i><\/span>\n\t\t\t\t\t\t\t\t\t\t\t\t\t\t<\/span>\n\t\t\t\t\t\t\t\t\t\t\t\t<a class=\"elementor-accordion-title\" tabindex=\"0\">S\u0142owo na XV Niedziel\u0119 zwyk\u0142\u0105 16.07.2023 (rok A)<\/a>\n\t\t\t\t\t<\/div>\n\t\t\t\t\t<div id=\"elementor-tab-content-20321\" class=\"elementor-tab-content elementor-clearfix\" data-tab=\"21\" role=\"region\" aria-labelledby=\"elementor-tab-title-20321\"><p>Owego dnia Jezus wyszed\u0142 z domu i usiad\u0142 nad jeziorem. Wnet zebra\u0142y si\u0119 ko\u0142o Niego t\u0142umy tak wielkie, \u017ce wszed\u0142 do \u0142odzi i usiad\u0142, a ca\u0142y lud sta\u0142 na brzegu. I m\u00f3wi\u0142 im wiele w przypowie\u015bciach tymi s\u0142owami: \u00abOto siewca wyszed\u0142 sia\u0107. A gdy sia\u0142, jedne ziarna pad\u0142y na drog\u0119, nadlecia\u0142y ptaki i wydzioba\u0142y je. Inne pad\u0142y na grunt skalisty, gdzie niewiele mia\u0142y ziemi; i wnet powschodzi\u0142y, bo gleba nie by\u0142a g\u0142\u0119boka. Lecz gdy s\u0142o\u0144ce wzesz\u0142o, przypali\u0142y si\u0119 i usch\u0142y, bo nie mia\u0142y korzenia. Inne znowu pad\u0142y mi\u0119dzy ciernie, a ciernie wybuja\u0142y i zag\u0142uszy\u0142y je. Inne wreszcie pad\u0142y na ziemi\u0119 \u017cyzn\u0105 i plon wyda\u0142y, jedno stokrotny, drugie sze\u015b\u0107dziesi\u0119ciokrotny, a inne trzydziestokrotny.<br \/>Przyst\u0105pili do Niego uczniowie i zapytali: \u00abDlaczego m\u00f3wisz do nich w przypowie\u015bciach?\u00bb On im odpowiedzia\u0142: \u00abWam dano pozna\u0107 tajemnice kr\u00f3lestwa niebieskiego, im za\u015b nie dano. Bo kto ma, temu b\u0119dzie dodane, i w nadmiarze mie\u0107 b\u0119dzie; kto za\u015b nie ma, temu zabior\u0105 nawet to, co ma. Dlatego m\u00f3wi\u0119 do nich w przypowie\u015bciach, \u017ce patrz\u0105c, nie widz\u0105, i s\u0142uchaj\u0105c, nie s\u0142ysz\u0105 ani nie rozumiej\u0105. Tak spe\u0142nia si\u0119 na nich przepowiednia Izajasza: \u201eS\u0142ucha\u0107 b\u0119dziecie, a nie zrozumiecie, patrze\u0107 b\u0119dziecie, a nie zobaczycie. Bo stwardnia\u0142o serce tego ludu, ich uszy st\u0119pia\u0142y i oczy swe zamkn\u0119li, \u017ceby oczami nie widzieli ani uszami nie s\u0142yszeli, ani swym sercem nie rozumieli, i nie nawr\u00f3cili si\u0119, abym ich uzdrowi\u0142\u201d. Lecz szcz\u0119\u015bliwe oczy wasze, \u017ce widz\u0105, i uszy wasze, \u017ce s\u0142ysz\u0105. Bo zaprawd\u0119, powiadam wam: Wielu prorok\u00f3w i sprawiedliwych pragn\u0119\u0142o ujrze\u0107 to, na co wy patrzycie, a nie ujrzeli; i us\u0142ysze\u0107 to, co wy s\u0142yszycie, a nie us\u0142yszeli. Wy zatem pos\u0142uchajcie przypowie\u015bci o siewcy. Do ka\u017cdego, kto s\u0142ucha s\u0142owa o kr\u00f3lestwie, a nie rozumie go, przychodzi Z\u0142y i porywa to, co zasiane jest w jego sercu. Takiego cz\u0142owieka oznacza ziarno posiane na drodze. Posiane na grunt skalisty oznacza tego, kto s\u0142ucha s\u0142owa i natychmiast z rado\u015bci\u0105 je przyjmuje; ale nie ma w sobie korzenia i jest niesta\u0142y. Gdy przyjdzie ucisk lub prze\u015bladowanie z powodu s\u0142owa, zaraz si\u0119 za\u0142amuje. Posiane mi\u0119dzy ciernie oznacza tego, kto s\u0142ucha s\u0142owa, lecz troski doczesne i u\u0142uda bogactwa zag\u0142uszaj\u0105 s\u0142owo, tak \u017ce zostaje bezowocne. Posiane wreszcie na ziemi\u0119 \u017cyzn\u0105 oznacza tego, kto s\u0142ucha s\u0142owa i rozumie je. On te\u017c wydaje plon: jeden stokrotny, drugi sze\u015b\u0107dziesi\u0119ciokrotny, inny trzydziestokrotny\u00bb. Kto ma uszy, niechaj s\u0142ucha!\u00bb (Mt 11,25-30)<br \/>******************************************<\/p><p>W dzisiejszej Ewangelii, Jezus pos\u0142uguje si\u0119 obrazem wzi\u0119tym z \u017cycia rolniczego. Oto siewca wyszed\u0142 sia\u0107. A gdy sia\u0142, jedne ziarna pad\u0142y na drog\u0119, nadlecia\u0142y ptaki i wydzioba\u0142y je. Inne pad\u0142y na grunt skalisty, gdzie niewiele mia\u0142y ziemi; i wnet powschodzi\u0142y, bo gleba nie by\u0142a g\u0142\u0119boka. Lecz gdy s\u0142o\u0144ce wzesz\u0142o, przypali\u0142y si\u0119 i usch\u0142y, bo nie mia\u0142y korzenia. Inne znowu pad\u0142y mi\u0119dzy ciernie, a ciernie wybuja\u0142y i zag\u0142uszy\u0142y je. Inne wreszcie pad\u0142y na ziemi\u0119 \u017cyzn\u0105 i plon wyda\u0142y, jedno stokrotny, drugie sze\u015b\u0107dziesi\u0119ciokrotny, a inne trzydziestokrotny. Ten obraz pokazuje nam dzia\u0142anie S\u0142owa Bo\u017cego w naszym \u017cyciu i s\u0142ania nas do refleksji i do odpowiedzi na pytanie: jaki wp\u0142yw ma S\u0142owo Bo\u017ce na w moim \u017cyciu. \u00a0Nasze serce jest gleb\u0105 \u2013 z t\u0105 r\u00f3\u017cnic\u0105, \u017ce ukszta\u0142towanie i rodzaj tej gleby zale\u017cy od naszej woli. Gdy nie staramy si\u0119 rozumie\u0107 S\u0142owa Bo\u017cego, \u0142atwo jest o to, aby Z\u0142y wyrz\u0105dzi\u0142 szkod\u0119 w naszym \u017cyciu i tak, jak ptaki wydziobuj\u0105 ziarno z drogi, tak on mo\u017ce sprawi\u0107, \u017ce to S\u0142owo zniknie, zapomnimy o Bo\u017cym S\u0142owie. W ksi\u0119dze Izajasza B\u00f3g m\u00f3wi: \u00a0tak S\u0142owo, kt\u00f3re wychodzi z ust moich, nie wraca do Mnie bezowocne, zanim wpierw nie dokona tego, co chcia\u0142em, i nie spe\u0142ni pomy\u015blnie swego pos\u0142annictwa. (I\u017c 55, 11). Pro\u015bmy zatem Boga aby\u015bmy zawsze byli jak urodzajny grunt i przynosili plon stokrotny, sze\u015b\u0107dziesi\u0119ciokrotny lub trzydziestokrotny!<\/p><p>Pozdrawiam Was serdecznie o.Eric<\/p><\/div>\n\t\t\t\t<\/div>\n\t\t\t\t\t\t\t<div class=\"elementor-accordion-item\">\n\t\t\t\t\t<div id=\"elementor-tab-title-20322\" class=\"elementor-tab-title\" data-tab=\"22\" role=\"button\" aria-controls=\"elementor-tab-content-20322\" aria-expanded=\"false\">\n\t\t\t\t\t\t\t\t\t\t\t\t\t<span class=\"elementor-accordion-icon elementor-accordion-icon-left\" aria-hidden=\"true\">\n\t\t\t\t\t\t\t\t\t\t\t\t\t\t\t<span class=\"elementor-accordion-icon-closed\"><i class=\"fas fa-angle-double-down\"><\/i><\/span>\n\t\t\t\t\t\t\t\t<span class=\"elementor-accordion-icon-opened\"><i class=\"fas fa-angle-double-up\"><\/i><\/span>\n\t\t\t\t\t\t\t\t\t\t\t\t\t\t<\/span>\n\t\t\t\t\t\t\t\t\t\t\t\t<a class=\"elementor-accordion-title\" tabindex=\"0\">S\u0142owo na XIV Niedziel\u0119 zwyk\u0142\u0105 09.07.2023 (rok A)<\/a>\n\t\t\t\t\t<\/div>\n\t\t\t\t\t<div id=\"elementor-tab-content-20322\" class=\"elementor-tab-content elementor-clearfix\" data-tab=\"22\" role=\"region\" aria-labelledby=\"elementor-tab-title-20322\"><p>XIV Niedziela Zwyk\u0142a 09.07.2023<\/p><p><strong><em>W owym czasie Jezus przem\u00f3wi\u0142 tymi s\u0142owami: Wys\u0142awiam Ci\u0119, Ojcze, Panie nieba i ziemi, \u017ce zakry\u0142e\u015b te rzeczy przed m\u0105drymi i roztropnymi, a objawi\u0142e\u015b je prostaczkom. Tak, Ojcze, gdy\u017c takie by\u0142o Twoje upodobanie. Wszystko przekaza\u0142 Mi Ojciec m\u00f3j. Nikt te\u017c nie zna Syna, tylko Ojciec, ani Ojca nikt nie zna, tylko Syn, i ten, komu Syn zechce objawi\u0107. Przyjd\u017acie do Mnie wszyscy, kt\u00f3rzy utrudzeni i obci\u0105\u017ceni jeste\u015bcie, a Ja was pokrzepi\u0119. We\u017acie moje jarzmo na siebie i uczcie si\u0119 ode Mnie, bo jestem cichy i pokorny sercem, a znajdziecie ukojenie dla dusz waszych. Albowiem jarzmo moje jest s\u0142odkie, a moje brzemi\u0119 lekkie. (Mt 11,25-30)<br \/>***********************************<br \/><\/em><\/strong><\/p><p>W dzisiejszej Ewangelii, Jezus kieruje do nas szczeg\u00f3lne zaproszenie: Przyjd\u017acie do Mnie wszyscy, kt\u00f3rzy utrudzeni i obci\u0105\u017ceni jeste\u015bcie, a Ja was pokrzepi\u0119. We\u017acie moje jarzmo na siebie i uczcie si\u0119 ode Mnie, bo jestem cichy i pokorny sercem, a znajdziecie ukojenie. Jak\u017ce te s\u0142owa s\u0105 aktualne i s\u0105 osobistym zaproszeniem dla ka\u017cdego z nas. Przed tym zaproszeniem, Jezus wychwala Ojca Pana nieba i ziemi, kt\u00f3ry zakry\u0142 tajemnice kr\u00f3lestwa przed m\u0105drymi i roztropnymi, a objawi\u0142 je prostaczkom. W kontek\u015bcie Ewangelii s\u0105 to ludzie pokorni, kt\u00f3rzy nie przekazuj\u0105 swoich s\u0142\u00f3w, ale przyjmuj\u0105 i przekazuj\u0105 s\u0142owa Jezusa. Jest w tym wyra\u017cona prawda o Tr\u00f3jcy \u015awi\u0119tej, Ojciec przekazuje b\u00f3stwo Synowi. Jest to niejako umieranie, ale \u017cyciodajne umieranie, Syn bowiem przekazuje b\u00f3stwo Ojcu i ten boski ruch trwa wiecznie i z niego pochodzi Duch \u015awi\u0119ty. Wskaz\u00f3wka dla nas, \u017ce gdy ofiarujemy si\u0119 Bogu i innym, to osi\u0105gamy szcz\u0119\u015bcie. Jezus zaprasza nas wi\u0119c do \u017cycia w komunii z Tr\u00f3jc\u0105 \u015awi\u0119t\u0105. Jezus zach\u0119ca, by do Niego przyj\u015b\u0107 \u2013 pragnie budowa\u0107 z nami relacj\u0119 mi\u0142o\u015bci. Chce, by nasze serca by\u0142y ciche i pokorne, bo wtedy znajdziemy prawdziwe ukojenie ducha. Niech s\u0142owa z jednej pie\u015bni b\u0119d\u0105 nasz\u0105 modlitw\u0105 dzisiaj, aby\u015bmy przychodzili do Boga w naszej codzienno\u015bci i szukali w Nim ukojenia: Gdzie\u017c szuka\u0107 ukojenia w\u015br\u00f3d smutku i bole\u015bci? Z kim dzieli\u0107 uniesienia, gdy serce dr\u017cy z rado\u015bci? Do Ciebie spiesz\u0119, Ojcze, w dniach szcz\u0119\u015bcia i w niedoli, Wszak darzysz nas weselem. Ty ka\u017cdy koisz b\u00f3l.<\/p><p>Pozdrawiam Was serdecznie o. Eric<\/p><\/div>\n\t\t\t\t<\/div>\n\t\t\t\t\t\t\t<div class=\"elementor-accordion-item\">\n\t\t\t\t\t<div id=\"elementor-tab-title-20323\" class=\"elementor-tab-title\" data-tab=\"23\" role=\"button\" aria-controls=\"elementor-tab-content-20323\" aria-expanded=\"false\">\n\t\t\t\t\t\t\t\t\t\t\t\t\t<span class=\"elementor-accordion-icon elementor-accordion-icon-left\" aria-hidden=\"true\">\n\t\t\t\t\t\t\t\t\t\t\t\t\t\t\t<span class=\"elementor-accordion-icon-closed\"><i class=\"fas fa-angle-double-down\"><\/i><\/span>\n\t\t\t\t\t\t\t\t<span class=\"elementor-accordion-icon-opened\"><i class=\"fas fa-angle-double-up\"><\/i><\/span>\n\t\t\t\t\t\t\t\t\t\t\t\t\t\t<\/span>\n\t\t\t\t\t\t\t\t\t\t\t\t<a class=\"elementor-accordion-title\" tabindex=\"0\">S\u0142owo na X Niedziel\u0119 zwyk\u0142\u0105 11.06.2023 (rok A)<\/a>\n\t\t\t\t\t<\/div>\n\t\t\t\t\t<div id=\"elementor-tab-content-20323\" class=\"elementor-tab-content elementor-clearfix\" data-tab=\"23\" role=\"region\" aria-labelledby=\"elementor-tab-title-20323\"><p>X Niedziela Zwyk\u0142a 11.06.2023<br \/><strong><em>Jezus, wychodz\u0105c z Kafarnaum, ujrza\u0142 cz\u0142owieka imieniem Mateusz, siedz\u0105cego na komorze celnej, i rzek\u0142 do niego: \u00abP\u00f3jd\u017a za Mn\u0105!\u00bb A on wsta\u0142 i poszed\u0142 za Nim.<\/em><\/strong><br \/><strong><em>Gdy Jezus siedzia\u0142 w domu za sto\u0142em, przysz\u0142o wielu celnik\u00f3w i grzesznik\u00f3w i\u00a0zasiad\u0142o wraz z Jezusem i Jego uczniami. Widz\u0105c to, faryzeusze m\u00f3wili do Jego uczni\u00f3w: \u00abDlaczego wasz Nauczyciel jada wsp\u00f3lnie z\u00a0celnikami i\u00a0grzesznikami?\u00bb<\/em><\/strong><br \/><strong><em>On, us\u0142yszawszy to, rzek\u0142: \u00abNie potrzebuj\u0105 lekarza zdrowi, lecz ci, kt\u00f3rzy si\u0119 \u017ale maj\u0105. Id\u017acie i starajcie si\u0119 zrozumie\u0107, co znaczy: Chc\u0119 raczej mi\u0142osierdzia ni\u017c ofiary. Bo nie przyszed\u0142em, aby powo\u0142a\u0107 sprawiedliwych, ale grzesznik\u00f3w\u00bb. \/Mt 9, 9-13\/<br \/>***************************************<br \/><\/em><\/strong><\/p><p>Prosz\u0119 Czcigodnych, Drogie Siostry i Drodzy Bracia, mieszka\u0144cy, przyjaciele i sympatycy Parafii \u015bw. Jadwigi \u015al\u0105skiej, w dzisiejszej Ewangelii widzimy jak Jezus powo\u0142uje celnika Mateusza. Co musia\u0142 dostrzec Mateusz w oczach Jezusa, \u017ce zostawi\u0142 wszystko i poszed\u0142 za Zbawicielem. Jezus otwiera serce dla ka\u017cdego z nas. I w nasze oczy nasz Pan spogl\u0105da z mi\u0142o\u015bci\u0105. Chce nas wydoby\u0107 z naszej grzeszno\u015bci i zawsze chce nas przyodziewa\u0107 w\u00a0bia\u0142\u0105 szat\u0119 zbawienia. Nie wa\u017cne w jakiej jeste\u015b sytuacji, na jakim zakr\u0119cie \u017cyciowym \u2013 On czeka na Ciebie. Bo nie przyszed\u0142em, aby powo\u0142a\u0107 sprawiedliwych, ale grzesznik\u00f3w.<br \/>Za nami Uroczysto\u015b\u0107 Bo\u017cego Cia\u0142a, dzi\u0119kuj\u0119 wszystkim za pomoc i\u00a0pi\u0119kne wsp\u00f3lne celebrowanie tej uroczysto\u015bci. Jutro wspominamy b\u0142ogos\u0142awionych wsp\u00f3\u0142braci werbist\u00f3w &#8211; m\u0119czennik\u00f3w II wojny \u015bwiatowej. We wtorek wspominamy Antoniego Padewskiego a po Mszy jest nabo\u017ce\u0144stwo fatimskie. W \u015brod\u0119 zn\u00f3w wspominamy m\u0119czennika II wojny \u015bwiatowej \u2013 b\u0142.\u00a0bpa Micha\u0142a Kozala. Przez ca\u0142y miesi\u0105c szczeg\u00f3lnie czcimy Naj\u015bwi\u0119tsze Serce Jezusa. W\u00a0pi\u0105tek obchodzimy Uroczysto\u015b\u0107 Naj\u015bwi\u0119tszego Serca Pana Jezusa, po Mszy wieczornej ruszymy do kapliczki na ulicy Jagiello\u0144skiej 65 na nabo\u017ce\u0144stwo w terenie. W sobot\u0119 wspominamy Niepokalane Serce Naj\u015bwi\u0119tszej Mari Panny. W trzeci poniedzia\u0142ek miesi\u0105ca (19\u00a0VI) mamy, ostatni w\u00a0tym roku szkolnym, Wiecz\u00f3r Uwielbienia. Ju\u017c dzisiaj serdecznie zapraszamy do wsp\u00f3lnej modlitwy. <br \/>Bracie, Siostro\u2026 Czy pozwalasz Jezusowi by spojrza\u0142 w Twoje oczy i serce?<\/p><p>Pozdrawiam Was serdecznie i pami\u0119tam o Was w modlitwie o. Kazimierz<\/p><\/div>\n\t\t\t\t<\/div>\n\t\t\t\t\t\t\t<div class=\"elementor-accordion-item\">\n\t\t\t\t\t<div id=\"elementor-tab-title-20324\" class=\"elementor-tab-title\" data-tab=\"24\" role=\"button\" aria-controls=\"elementor-tab-content-20324\" aria-expanded=\"false\">\n\t\t\t\t\t\t\t\t\t\t\t\t\t<span class=\"elementor-accordion-icon elementor-accordion-icon-left\" aria-hidden=\"true\">\n\t\t\t\t\t\t\t\t\t\t\t\t\t\t\t<span class=\"elementor-accordion-icon-closed\"><i class=\"fas fa-angle-double-down\"><\/i><\/span>\n\t\t\t\t\t\t\t\t<span class=\"elementor-accordion-icon-opened\"><i class=\"fas fa-angle-double-up\"><\/i><\/span>\n\t\t\t\t\t\t\t\t\t\t\t\t\t\t<\/span>\n\t\t\t\t\t\t\t\t\t\t\t\t<a class=\"elementor-accordion-title\" tabindex=\"0\">S\u0142owo na Niedziel\u0119 Tr\u00f3jcy \u015awi\u0119tej 04.06.2023 (rok A)<\/a>\n\t\t\t\t\t<\/div>\n\t\t\t\t\t<div id=\"elementor-tab-content-20324\" class=\"elementor-tab-content elementor-clearfix\" data-tab=\"24\" role=\"region\" aria-labelledby=\"elementor-tab-title-20324\"><p><strong><em>Niedziela Tr\u00f3jcy \u015awi\u0119tej 04.06.2023<\/em><\/strong><\/p><p><strong><em>Jezus powiedzia\u0142 do Nikodema:<\/em><\/strong><br \/><strong><em>\u00abTak B\u00f3g umi\u0142owa\u0142 \u015bwiat, \u017ce Syna swego Jednorodzonego da\u0142, aby ka\u017cdy, kto w Niego wierzy, nie zgin\u0105\u0142, ale mia\u0142 \u017cycie wieczne. Albowiem B\u00f3g nie pos\u0142a\u0142 swego Syna na \u015bwiat po to, aby \u015bwiat pot\u0119pi\u0142, ale po to, by \u015bwiat zosta\u0142 przez Niego zbawiony. Kto wierzy w Niego, nie podlega pot\u0119pieniu; a kto nie wierzy, ju\u017c zosta\u0142 pot\u0119piony, bo nie uwierzy\u0142 w imi\u0119 Jednorodzonego Syna Bo\u017cego\u00bb. \/J 3,16-18\/<\/em><\/strong><\/p><p><br \/>***************************************<\/p><p><br \/>Mo\u017cna by oczekiwa\u0107, \u017ce Ewangelia z niedzieli Tr\u00f3jcy Przenaj\u015bwi\u0119tszej b\u0119dzie fragmentem m\u00f3wi\u0105cym o Ojcu, Synu i Duchu \u015awi\u0119tym, ale Ko\u015bci\u00f3\u0142 w swojej m\u0105dro\u015bci daje nam dzisiaj do rozwa\u017cania fragment Ewangelii wed\u0142ug \u015bw. Jana m\u00f3wi\u0105cy o wielkiej mi\u0142o\u015bci Boga, kt\u00f3ry dla naszego zbawienia da\u0142 Swojego jednorodzonego Syna. Nie spos\u00f3b dzisiaj rozumie\u0107 kim jest jeden B\u00f3g w trzech osobach albo jak to okre\u015blili ojcowie Ko\u015bcio\u0142a, \u017ce wierzymy w Jednego Boga w trzech osobach. Dzisiejsza prefacja przychodzi nam z pomoc\u0105: Ty z\u00a0jednorodzonym Synem Twoim i Duchem \u015awi\u0119tym jedynym jeste\u015b Bogiem, jedynym jeste\u015b Panem; nie przez jedno\u015b\u0107 osoby, lecz przez to, \u017ce Tr\u00f3jca ma jedn\u0105 natur\u0119. W cokolwiek bowiem dzi\u0119ki Twemu objawieniu wierzymy o Twojej chwale, to samo bez \u017cadnej r\u00f3\u017cnicy my\u015blimy o Twoim Synu i o Duchu \u015awi\u0119tym. Tak i\u017c wyznaj\u0105c prawdziwe i wiekuiste B\u00f3stwo wielbimy odr\u0119bno\u015b\u0107 Os\u00f3b, Jedno\u015b\u0107 w istocie i r\u00f3wno\u015b\u0107 w\u00a0majestacie.<\/p><p>Chwa\u0142a Ojcu i Synowi i Duchowi \u015awi\u0119temu, jak by\u0142a na pocz\u0105tku teraz i zawsze i na wieki wiek\u00f3w. Amen \/o. Eric\/<\/p><\/div>\n\t\t\t\t<\/div>\n\t\t\t\t\t\t\t<div class=\"elementor-accordion-item\">\n\t\t\t\t\t<div id=\"elementor-tab-title-20325\" class=\"elementor-tab-title\" data-tab=\"25\" role=\"button\" aria-controls=\"elementor-tab-content-20325\" aria-expanded=\"false\">\n\t\t\t\t\t\t\t\t\t\t\t\t\t<span class=\"elementor-accordion-icon elementor-accordion-icon-left\" aria-hidden=\"true\">\n\t\t\t\t\t\t\t\t\t\t\t\t\t\t\t<span class=\"elementor-accordion-icon-closed\"><i class=\"fas fa-angle-double-down\"><\/i><\/span>\n\t\t\t\t\t\t\t\t<span class=\"elementor-accordion-icon-opened\"><i class=\"fas fa-angle-double-up\"><\/i><\/span>\n\t\t\t\t\t\t\t\t\t\t\t\t\t\t<\/span>\n\t\t\t\t\t\t\t\t\t\t\t\t<a class=\"elementor-accordion-title\" tabindex=\"0\">S\u0142owo na Niedziel\u0119 Zes\u0142ania Ducha \u015awi\u0119tego 28.05.2023 (rok A)<\/a>\n\t\t\t\t\t<\/div>\n\t\t\t\t\t<div id=\"elementor-tab-content-20325\" class=\"elementor-tab-content elementor-clearfix\" data-tab=\"25\" role=\"region\" aria-labelledby=\"elementor-tab-title-20325\"><p>Niedziela Zes\u0142ania Ducha \u015awi\u0119tego 28.05.2023<\/p><p><strong><em>Wieczorem w dniu zmartwychwstania, tam gdzie przebywali uczniowie, cho\u0107 drzwi by\u0142y zamkni\u0119te z\u00a0obawy przed \u017bydami, przyszed\u0142 Jezus, stan\u0105\u0142 po\u015brodku i\u00a0rzek\u0142 do nich: \u00abPok\u00f3j wam!\u00bb A to powiedziawszy, pokaza\u0142 im r\u0119ce i bok. Uradowali si\u0119 zatem uczniowie, ujrzawszy Pana.<\/em><\/strong><br \/><strong><em>A Jezus znowu rzek\u0142 do nich: \u00abPok\u00f3j wam! Jak Ojciec Mnie pos\u0142a\u0142, tak i Ja was posy\u0142am\u00bb. Po tych s\u0142owach tchn\u0105\u0142 na nich i powiedzia\u0142 im: \u00abWe\u017amijcie Ducha \u015awi\u0119tego! Kt\u00f3rym odpu\u015bcicie grzechy, s\u0105 im odpuszczone, a kt\u00f3rym zatrzymacie, s\u0105 im zatrzymane\u00bb. \/J 20,19-23\/<\/em><\/strong><\/p><p>*****************************************<\/p><p>Prosz\u0119 Czcigodnych, Drogie Siostry i Drodzy Bracia, mieszka\u0144cy, przyjaciele i sympatycy Parafii \u015bw. Jadwigi \u015al\u0105skiej, w dzisiejszej Ewangelii czytamy, \u017ce Jezus przychodzi do swoich uczni\u00f3w, obdarza ich pokojem i\u00a0posy\u0142a z misj\u0105 g\u0142oszenia Kr\u00f3lestwa Bo\u017cego. I dzisiaj, w\u00a0Uroczysto\u015b\u0107 Zes\u0142ania Ducha \u015awi\u0119tego, to samo czyni w stosunku do nas. Przychodzi, obdarza pokojem i posy\u0142a do bli\u017anich, by\u015bmy zanie\u015bli im Jego mi\u0142o\u015b\u0107. Jak m\u00f3wi znana pie\u015b\u0144 &#8211; by\u015bmy dzielili si\u0119 wiar\u0105, jak chlebem i dali \u015bwiadectwo nadziei. B\u00f3g ofiarowa\u0142 nam siebie i my mamy si\u0119 Nim z lud\u017ami dzieli\u0107. Zes\u0142anie Ducha \u015awi\u0119tego to inauguracja dzia\u0142alno\u015bci Ko\u015bcio\u0142a, a\u00a0wsp\u00f3lnota Ko\u015bcio\u0142a to my wszyscy i wszelkie dzia\u0142anie w Ko\u015bciele powinni\u015bmy zaczyna\u0107 od siebie. Umocnieni moc\u0105 Parakleta \u2013 Ducha Pocieszyciela, Ducha Prawdy \u2013 mamy si\u0119 nawraca\u0107 i i\u015b\u0107 do bli\u017anich. Jeste\u015bmy nape\u0142nieni darami Ducha \u015awi\u0119tego. Nie marnujmy tych dar\u00f3w, nie zakopujmy ich g\u0142\u0119boko. U\u017cyjmy ich s\u0142u\u017c\u0105c Bogu i bli\u017aniemu. Nikt nie zapala lampy, by potem j\u0105 schowa\u0107 pod korcem. Skoro nas B\u00f3g \u015bwiat\u0142em natchn\u0105\u0142, trzeba z\u00a0tym \u015bwiat\u0142em i\u015b\u0107 w drog\u0119. <br \/>Dzisiaj Zes\u0142anie Ducha \u015awi\u0119tego, nied\u0142ugo uroczysto\u015b\u0107 Bo\u017cego Cia\u0142a. To wielkie wydarzenia, nie pozosta\u0144my oboj\u0119tni wobec takiej obfito\u015bci \u0142aski Bo\u017cej. Odrzu\u0107my zw\u0105tpienie i trwog\u0119, i\u00a0cho\u0107 \u015bwiat si\u0119 \u015bmieje z prorok\u00f3w \u2013 tak, jak Aposto\u0142owie umocnieni Duchem \u015awi\u0119tym w dniu Pi\u0119\u0107dziesi\u0105tnicy, tak i my \u2013 musimy \u015bwiadczy\u0107 odwa\u017cnie w s\u0142u\u017cbie ludziom i Bogu. Bo B\u00f3g ofiarowa\u0142 nam siebie i my mamy si\u0119 Nim z lud\u017ami dzieli\u0107.<\/p><p>Pozdrawiam Was serdecznie i pami\u0119tam o Was w modlitwie o. Kazimierz<\/p><\/div>\n\t\t\t\t<\/div>\n\t\t\t\t\t\t\t<div class=\"elementor-accordion-item\">\n\t\t\t\t\t<div id=\"elementor-tab-title-20326\" class=\"elementor-tab-title\" data-tab=\"26\" role=\"button\" aria-controls=\"elementor-tab-content-20326\" aria-expanded=\"false\">\n\t\t\t\t\t\t\t\t\t\t\t\t\t<span class=\"elementor-accordion-icon elementor-accordion-icon-left\" aria-hidden=\"true\">\n\t\t\t\t\t\t\t\t\t\t\t\t\t\t\t<span class=\"elementor-accordion-icon-closed\"><i class=\"fas fa-angle-double-down\"><\/i><\/span>\n\t\t\t\t\t\t\t\t<span class=\"elementor-accordion-icon-opened\"><i class=\"fas fa-angle-double-up\"><\/i><\/span>\n\t\t\t\t\t\t\t\t\t\t\t\t\t\t<\/span>\n\t\t\t\t\t\t\t\t\t\t\t\t<a class=\"elementor-accordion-title\" tabindex=\"0\">S\u0142owo na NIEDZIEL\u0118 WNIEBOWST\u0104PIENIA PA\u0143SKIEG 21.05.2023 (rok A)<\/a>\n\t\t\t\t\t<\/div>\n\t\t\t\t\t<div id=\"elementor-tab-content-20326\" class=\"elementor-tab-content elementor-clearfix\" data-tab=\"26\" role=\"region\" aria-labelledby=\"elementor-tab-title-20326\"><p>Wniebowst\u0105pienie Pa\u0144skie 21.05.2023<\/p><p>Jedenastu uczni\u00f3w uda\u0142o si\u0119 do Galilei, na g\u00f3r\u0119, tam, gdzie Jezus im poleci\u0142. A gdy Go ujrzeli, oddali Mu pok\u0142on. Niekt\u00f3rzy jednak w\u0105tpili. Wtedy Jezus podszed\u0142 do nich i przem\u00f3wi\u0142 tymi s\u0142owami: \u00abDana Mi jest wszelka w\u0142adza w niebie i na ziemi. Id\u017acie wi\u0119c i nauczajcie wszystkie narody, udzielaj\u0105c im chrztu w imi\u0119 Ojca i Syna, i Ducha \u015awi\u0119tego. Uczcie je zachowywa\u0107 wszystko, co wam przykaza\u0142em. A oto Ja jestem z wami przez wszystkie dni, a\u017c do sko\u0144czenia \u015bwiata\u00bb. \/Mt 28,16-20\/<br \/>*************************************************<\/p><p>W Ewangelii z dzisiejszej uroczysto\u015bci Jezus \u017cegna si\u0119 ze swoimi uczniami i powierza im kontynuowanie swojej misji. Dana Mi jest wszelka w\u0142adza w\u00a0niebie i na ziemi. Id\u017acie wi\u0119c id\u017acie i nauczajcie wszystkie narody, udzielaj\u0105c im chrztu w imi\u0119 Ojca i Syna, i Ducha \u015awi\u0119tego. Uczcie je zachowywa\u0107 wszystko, co wam przykaza\u0142em. A oto Ja jestem z wami przez wszystkie dni, a\u017c do sko\u0144czenia. Ko\u015bci\u00f3\u0142 chrystusowy wierny temu poleceniu kontynuuje misj\u0119 powierzon\u0105 a\u017c do dnia dzisiejszego. Uroczysto\u015b\u0107 Wniebowst\u0105pienia Jezusa kieruje nasz wzrok ku niebu a zarazem przypomina nam o obecno\u015bci Jezusa w\u015br\u00f3d nas. W\u00a0naszym codziennym zabieganiu cz\u0119sto zapominamy o rzeczywisto\u015bci nieba, kt\u00f3re jest ostatecznym celem naszego \u017cycia. Chocia\u017c Wniebowst\u0105pienie kieruje nasz wzrok ku niebu, \u015bw. Teresa przypomina nam, \u017ce rzeczywisto\u015b\u0107 nieba zaczyna si\u0119 ju\u017c tutaj na ziemi, kiedy czynimy dobro. \u201eSp\u0119dz\u0119 moje Niebo, czyni\u0105c dobrze na ziemi. Sprowadz\u0119 deszcz r\u00f3\u017c\u201d. Jezus wst\u0119puj\u0105c do nieba idzie przygotowa\u0107 nam miejsce, ale r\u00f3wnie\u017c pragnie, aby\u015bmy czynili z naszej ziemi niebo. Wniebowst\u0105pienie m\u00f3wi nam, \u017ce w\u00a0Chrystusie nasze cz\u0142owiecze\u0144stwo zostaje wyniesione na wysoko\u015bci Boga; w ten spos\u00f3b za ka\u017cdym razem, gdy si\u0119 modlimy, ziemia \u0142\u0105czy si\u0119 z niebem. Wniebowst\u0105pienie Pa\u0144skie nie jest po\u017cegnaniem, powiedzeniem \u201edo widzenia\u201d, ale paradoksalnie jest powiedzeniem \u201ezostaj\u0119\u201d. Uczniowie ufaj\u0105 obietnicy Jezusa Chrystusa: Ja jestem z wami przez wszystkie dni, a\u017c do sko\u0144czenia \u015bwiata\u00a0(Mt 28, 20).<\/p><p>\u00a0\u00a0\u00a0\u00a0\u00a0\u00a0\u00a0\u00a0\u00a0\u00a0\u00a0\u00a0\u00a0\u00a0\u00a0\u00a0\u00a0\u00a0\u00a0\u00a0\u00a0\u00a0\u00a0\u00a0\u00a0\u00a0\u00a0\u00a0\u00a0\u00a0\u00a0\u00a0\u00a0\u00a0\u00a0\u00a0\u00a0\u00a0\u00a0 o. Eric<\/p><\/div>\n\t\t\t\t<\/div>\n\t\t\t\t\t\t\t<div class=\"elementor-accordion-item\">\n\t\t\t\t\t<div id=\"elementor-tab-title-20327\" class=\"elementor-tab-title\" data-tab=\"27\" role=\"button\" aria-controls=\"elementor-tab-content-20327\" aria-expanded=\"false\">\n\t\t\t\t\t\t\t\t\t\t\t\t\t<span class=\"elementor-accordion-icon elementor-accordion-icon-left\" aria-hidden=\"true\">\n\t\t\t\t\t\t\t\t\t\t\t\t\t\t\t<span class=\"elementor-accordion-icon-closed\"><i class=\"fas fa-angle-double-down\"><\/i><\/span>\n\t\t\t\t\t\t\t\t<span class=\"elementor-accordion-icon-opened\"><i class=\"fas fa-angle-double-up\"><\/i><\/span>\n\t\t\t\t\t\t\t\t\t\t\t\t\t\t<\/span>\n\t\t\t\t\t\t\t\t\t\t\t\t<a class=\"elementor-accordion-title\" tabindex=\"0\">S\u0142owo na VI NIEDZIEL\u0118 WIELKANOCN\u0104 14.05.2023 (rok A)<\/a>\n\t\t\t\t\t<\/div>\n\t\t\t\t\t<div id=\"elementor-tab-content-20327\" class=\"elementor-tab-content elementor-clearfix\" data-tab=\"27\" role=\"region\" aria-labelledby=\"elementor-tab-title-20327\"><p><strong><em>Jezus powiedzia\u0142 do swoich uczni\u00f3w:<\/em><\/strong><br \/><strong><em>\u00abJe\u017celi Mnie mi\u0142ujecie, b\u0119dziecie zachowywa\u0107 moje przykazania. Ja za\u015b b\u0119d\u0119 prosi\u0142 Ojca, a innego Parakleta da wam, aby z wami by\u0142 na zawsze \u2013 Ducha Prawdy, kt\u00f3rego \u015bwiat przyj\u0105\u0107 nie mo\u017ce, poniewa\u017c Go nie widzi ani nie zna. Ale wy Go znacie, poniewa\u017c u was przebywa i w was b\u0119dzie. <\/em><\/strong><strong><em>Nie zostawi\u0119 was sierotami. Przyjd\u0119 do was. Jeszcze chwila, a \u015bwiat nie b\u0119dzie ju\u017c Mnie widzia\u0142. Ale wy Mnie widzicie; poniewa\u017c Ja \u017cyj\u0119 i wy \u017cy\u0107 b\u0119dziecie. W owym dniu poznacie, \u017ce Ja jestem w Ojcu moim, a wy we Mnie i Ja w was. <\/em><\/strong><strong><em>Kto ma przykazania moje i je zachowuje, ten Mnie mi\u0142uje. Kto za\u015b Mnie mi\u0142uje, ten b\u0119dzie umi\u0142owany przez Ojca mego, a r\u00f3wnie\u017c Ja b\u0119d\u0119 go mi\u0142owa\u0142 i objawi\u0119 mu siebie\u00bb. \/J 14, 15-21\/<\/em><\/strong><\/p><p>**************************************************<\/p><p>Prosz\u0119 Czcigodnych, Drogie Siostry i Drodzy Bracia, mieszka\u0144cy, przyjaciele i sympatycy Parafii \u015bw. Jadwigi \u015al\u0105skiej, w dzisiejszej Ewangelii Jezus zapowiada nam Parakleta \u2013 Ducha Pocieszyciela \u2013 Ducha Prawdy. Jezus nie zostawi\u0142 nas sierotami, w Duchu i prawdzie objawia nam Ojca i pozostaje z Nami. Pozostaje w postaci eucharystycznej &#8211; oddaj\u0105c nam Siebie bez ko\u0144ca i umacniaj\u0105c darami Ducha \u015bw.\u00a0 Przed nami Wniebowst\u0105pienie, potem Zes\u0142anie Ducha \u015aw. i w ko\u0144cu uroczysto\u015b\u0107 Bo\u017cego Cia\u0142a. To wielkie wydarzenia, nie pozosta\u0144my oboj\u0119tni wobec takiej obfito\u015bci \u0142aski Bo\u017cej. Niedawno, z grup\u0105 naszych parafian, byli\u015bmy w Cz\u0119stochowie. Wczoraj dziewi\u0119tna\u015bcioro naszych m\u0142odych parafian po raz\u00a0 pierwszy przyj\u0119\u0142o Jezusa w Komunii \u015bw. Cieszymy si\u0119\u00a0 ich rado\u015bci\u0105 i modlimy si\u0119, by zawsze byli przyjaci\u00f3\u0142mi Jezusa. Inna grupa naszych parafian przygotowuje si\u0119 do wyjazdu na Lednic\u0119. Ma\u0142ymi kroczkami remontujemy nasz ko\u015bci\u00f3\u0142 i tworzymy Parafialny Plac Piknikowy. Dzi\u0119kujemy Maryi, w tym szczeg\u00f3lnie Jej\u00a0 po\u015bwi\u0119conym miesi\u0105cu, za matczyn\u0105 opiek\u0119 i prowadzenie nas do Jezusa. Niech Matka naj\u015bwi\u0119tsza wspiera nas w naszej codzienno\u015bci i uczy przestrzegania Bo\u017cych przykaza\u0144. Bo kto ma przykazania moje i je zachowuje, ten Mnie mi\u0142uje. Kto za\u015b Mnie mi\u0142uje, ten b\u0119dzie umi\u0142owany przez Ojca mego, a r\u00f3wnie\u017c Ja b\u0119d\u0119 go mi\u0142owa\u0142 i objawi\u0119 mu siebie.<br \/>Pozdrawiam Was serdecznie i pami\u0119tam o Was w modlitwie o. Kazimierz<\/p><\/div>\n\t\t\t\t<\/div>\n\t\t\t\t\t\t\t<div class=\"elementor-accordion-item\">\n\t\t\t\t\t<div id=\"elementor-tab-title-20328\" class=\"elementor-tab-title\" data-tab=\"28\" role=\"button\" aria-controls=\"elementor-tab-content-20328\" aria-expanded=\"false\">\n\t\t\t\t\t\t\t\t\t\t\t\t\t<span class=\"elementor-accordion-icon elementor-accordion-icon-left\" aria-hidden=\"true\">\n\t\t\t\t\t\t\t\t\t\t\t\t\t\t\t<span class=\"elementor-accordion-icon-closed\"><i class=\"fas fa-angle-double-down\"><\/i><\/span>\n\t\t\t\t\t\t\t\t<span class=\"elementor-accordion-icon-opened\"><i class=\"fas fa-angle-double-up\"><\/i><\/span>\n\t\t\t\t\t\t\t\t\t\t\t\t\t\t<\/span>\n\t\t\t\t\t\t\t\t\t\t\t\t<a class=\"elementor-accordion-title\" tabindex=\"0\">S\u0142owo na IV NIEDZIEL\u0118 WIELKANOCN\u0104 - DOBREGO PASTERZA 30.04.2023 (rok A)<\/a>\n\t\t\t\t\t<\/div>\n\t\t\t\t\t<div id=\"elementor-tab-content-20328\" class=\"elementor-tab-content elementor-clearfix\" data-tab=\"28\" role=\"region\" aria-labelledby=\"elementor-tab-title-20328\"><p><strong><em>NIEDZIELA WIELKANOCNA 30.04.2023<\/em><\/strong><br \/><strong><em>Jezus powiedzia\u0142: \u00abZaprawd\u0119, zaprawd\u0119, powiadam wam: Kto nie wchodzi do owczarni przez bram\u0119, ale wdziera si\u0119 inn\u0105 drog\u0105, ten jest z\u0142odziejem i rozb\u00f3jnikiem. Kto jednak wchodzi przez bram\u0119, jest pasterzem owiec. Temu otwiera od\u017awierny, a owce s\u0142uchaj\u0105 jego g\u0142osu; wo\u0142a on swoje owce po imieniu i wyprowadza je. A kiedy wszystkie wyprowadzi, staje na ich czele, owce za\u015b post\u0119puj\u0105 za nim, poniewa\u017c g\u0142os jego znaj\u0105. Natomiast za obcym nie p\u00f3jd\u0105, lecz b\u0119d\u0105 ucieka\u0107 od niego, bo nie znaj\u0105 g\u0142osu obcych\u00bb. T\u0119 przypowie\u015b\u0107 opowiedzia\u0142 im Jezus, lecz oni nie poj\u0119li znaczenia tego, co im m\u00f3wi\u0142.<\/em><\/strong><br \/><strong><em>Powt\u00f3rnie wi\u0119c powiedzia\u0142 do nich Jezus: \u00abZaprawd\u0119, zaprawd\u0119, powiadam wam: Ja jestem bram\u0105 owiec. Wszyscy, kt\u00f3rzy przyszli przede Mn\u0105, s\u0105 z\u0142odziejami i rozb\u00f3jnikami, a nie pos\u0142ucha\u0142y ich owce. Ja jestem bram\u0105. Je\u017celi kto\u015b wejdzie przeze Mnie, b\u0119dzie zbawiony \u2013 wejdzie i wyjdzie, i\u00a0znajdzie pastwisko. Z\u0142odziej przychodzi tylko po to, aby kra\u015b\u0107, zabija\u0107 i\u00a0niszczy\u0107. Ja przyszed\u0142em po to, aby owce mia\u0142y \u017cycie, i mia\u0142y je w obfito\u015bci\u00bb. \/J10,1-10\/<br \/>**********************************************<br \/><\/em><\/strong><\/p><p>Prosz\u0119 Czcigodnych, Drogie Siostry i Drodzy Bracia, mieszka\u0144cy, przyjaciele i sympatycy Parafii \u015bw. Jadwigi \u015al\u0105skiej, dzisiaj IV Niedziela Wielkanocna \u2013 Niedziela Dobrego Pasterza. \u017bniwo wprawdzie wielkie, ale robotnik\u00f3w ma\u0142o. Modlimy si\u0119 o powo\u0142ania kap\u0142a\u0144skie, misyjne, zakonne i\u00a0do \u017cycia rodzinnego. Go\u015bcimy misjonark\u0119 i modlimy si\u0119 o beatyfikacj\u0119 misjonarza o.\u00a0Mariana \u017belazka SVD \u2013 ojca tr\u0119dowatych. Nape\u0142nieni rado\u015bci\u0105 Zmartwychwsta\u0142ego, umocnieni s\u0142owem Bo\u017cym i wezwani do bycia \u015bwiadkami Mi\u0142osierdzia, my r\u00f3wnie\u017c mamy g\u0142osi\u0107 Dobr\u0105 Nowin\u0119. Mamy by\u0107 \u015bwiadkami Zmartwychwsta\u0142ego \u2013 \u015bwiadkami Jezusa Dobrego Pasterza.<br \/>Dzisiejszy \u015bwiat proponuje nam wiele r\u00f3\u017cnych atrakcji, ideologii czy nawet \u201eprzepis\u00f3w\u201d na \u017cycie. Ale tylko Jezus jest drog\u0105 i prawd\u0105 i \u017cyciem. On jest nasz\u0105 Bram\u0105 do \u017bycia Wiecznego. \u201cPro\u015bcie wi\u0119c Pana \u017cniwa, aby wyprawi\u0142 robotnik\u00f3w na \u017cniwo swoje\u201d Mt. 9:38. \u017bniwo nale\u017cy do Pana. Do Niego tak\u017ce nale\u017cy wyprawi\u0107 swoich robotnik\u00f3w. To On otwiera nasze usta, gdy zwiastujemy Kr\u00f3lestwo Bo\u017ce. To On kieruje naszymi krokami. Dlatego Pan Jezus m\u00f3wi uczniom: pro\u015bcie, m\u00f3dlcie si\u0119, by robotnicy zostali wys\u0142ani.<\/p><p>Pozdrawiam Was serdecznie i pami\u0119tam o Was w modlitwie o. Kazimierz<\/p><\/div>\n\t\t\t\t<\/div>\n\t\t\t\t\t\t\t<div class=\"elementor-accordion-item\">\n\t\t\t\t\t<div id=\"elementor-tab-title-20329\" class=\"elementor-tab-title\" data-tab=\"29\" role=\"button\" aria-controls=\"elementor-tab-content-20329\" aria-expanded=\"false\">\n\t\t\t\t\t\t\t\t\t\t\t\t\t<span class=\"elementor-accordion-icon elementor-accordion-icon-left\" aria-hidden=\"true\">\n\t\t\t\t\t\t\t\t\t\t\t\t\t\t\t<span class=\"elementor-accordion-icon-closed\"><i class=\"fas fa-angle-double-down\"><\/i><\/span>\n\t\t\t\t\t\t\t\t<span class=\"elementor-accordion-icon-opened\"><i class=\"fas fa-angle-double-up\"><\/i><\/span>\n\t\t\t\t\t\t\t\t\t\t\t\t\t\t<\/span>\n\t\t\t\t\t\t\t\t\t\t\t\t<a class=\"elementor-accordion-title\" tabindex=\"0\">S\u0142owo na III NIEDZIEL\u0118 WIELKANOCN\u0104 - BIBLIJN\u0104 23.04.2023 (rok A)<\/a>\n\t\t\t\t\t<\/div>\n\t\t\t\t\t<div id=\"elementor-tab-content-20329\" class=\"elementor-tab-content elementor-clearfix\" data-tab=\"29\" role=\"region\" aria-labelledby=\"elementor-tab-title-20329\"><p><strong><em>III NIEDZIELA WIELKANOCNA 23.04.2023<\/em><\/strong><br \/><strong><em>W pierwszy dzie\u0144 tygodnia dwaj uczniowie Jezusa byli w drodze do wsi, zwanej Emaus, oddalonej o sze\u015b\u0107dziesi\u0105t stadi\u00f3w od Jeruzalem. Rozmawiali oni z sob\u0105 o tym wszystkim, co si\u0119 wydarzy\u0142o. Gdy tak rozmawiali i rozprawiali z sob\u0105, sam Jezus przybli\u017cy\u0142 si\u0119 i szed\u0142 z nimi. Lecz oczy ich by\u0142y jakby przes\u0142oni\u0119te, tak \u017ce Go nie poznali. On za\u015b ich zapyta\u0142: \u00abC\u00f3\u017c to za rozmowy prowadzicie z sob\u0105 w drodze?\u00bb Zatrzymali si\u0119 smutni. A jeden z nich, imieniem Kleofas, odpowiedzia\u0142 Mu: \u00abTy jeste\u015b chyba jedynym z przebywaj\u0105cych w Jerozolimie, kt\u00f3ry nie wie, co si\u0119 tam w tych dniach sta\u0142o\u00bb. Zapyta\u0142 ich: \u00abC\u00f3\u017c takiego?\u00bb<\/em><\/strong><br \/><strong><em>Odpowiedzieli Mu: \u00abTo, co si\u0119 sta\u0142o z Jezusem Nazarejczykiem, kt\u00f3ry by\u0142 prorokiem pot\u0119\u017cnym w czynie i s\u0142owie wobec Boga i ca\u0142ego ludu; jak arcykap\u0142ani i\u00a0nasi przyw\u00f3dcy wydali Go na \u015bmier\u0107 i ukrzy\u017cowali. A my spodziewali\u015bmy si\u0119, \u017ce On w\u0142a\u015bnie mia\u0142 wyzwoli\u0107 Izraela. Ale po tym wszystkim dzi\u015b ju\u017c trzeci dzie\u0144, jak si\u0119 to sta\u0142o. Nadto, jeszcze niekt\u00f3re z naszych kobiet przerazi\u0142y nas: by\u0142y rano u\u00a0grobu, a nie znalaz\u0142szy Jego cia\u0142a, wr\u00f3ci\u0142y i opowiedzia\u0142y, \u017ce mia\u0142y widzenie anio\u0142\u00f3w, kt\u00f3rzy zapewniaj\u0105, i\u017c On \u017cyje. Poszli niekt\u00f3rzy z naszych do grobu i\u00a0zastali wszystko tak, jak kobiety opowiada\u0142y, ale Jego nie widzieli\u00bb.<\/em><\/strong><br \/><strong><em>Na to On rzek\u0142 do nich: \u00abO, nierozumni, jak nieskore s\u0105 wasze serca do wierzenia we wszystko, co powiedzieli prorocy! Czy\u017c Mesjasz nie mia\u0142 tego cierpie\u0107, aby wej\u015b\u0107 do swej chwa\u0142y?\u00bb I zaczynaj\u0105c od Moj\u017cesza, poprzez wszystkich prorok\u00f3w, wyk\u0142ada\u0142 im, co we wszystkich Pismach odnosi\u0142o si\u0119 do Niego.<\/em><\/strong><br \/><strong><em>Tak przybli\u017cyli si\u0119 do wsi, do kt\u00f3rej zd\u0105\u017cali, a On okazywa\u0142, jakoby mia\u0142 i\u015b\u0107 dalej. Lecz przymusili Go, m\u00f3wi\u0105c: \u00abZosta\u0144 z nami, gdy\u017c ma si\u0119 ku wieczorowi i\u00a0dzie\u0144 si\u0119 ju\u017c nachyli\u0142\u00bb. Wszed\u0142 wi\u0119c, aby zosta\u0107 wraz z nimi. Gdy zaj\u0105\u0142 z nimi miejsce u sto\u0142u, wzi\u0105\u0142 chleb, odm\u00f3wi\u0142 b\u0142ogos\u0142awie\u0144stwo, po\u0142ama\u0142 go i dawa\u0142 im. Wtedy otworzy\u0142y si\u0119 im oczy i poznali Go, lecz On znikn\u0105\u0142 im z oczu. I m\u00f3wili mi\u0119dzy sob\u0105: \u00abCzy serce nie pa\u0142a\u0142o w nas, kiedy rozmawia\u0142 z nami w drodze i\u00a0Pisma nam wyja\u015bnia\u0142?\u00bb<\/em><\/strong><br \/><strong><em>W tej samej godzinie zabrali si\u0119 i wr\u00f3cili do Jeruzalem. Tam zastali zebranych Jedenastu, a z nimi innych, kt\u00f3rzy im oznajmili: \u00abPan rzeczywi\u015bcie zmartwychwsta\u0142 i\u00a0ukaza\u0142 si\u0119 Szymonowi\u00bb. Oni r\u00f3wnie\u017c opowiadali, co ich spotka\u0142o w drodze i jak Go poznali przy \u0142amaniu chleba. \/\u0141k 24, 13-35\/<br \/>******************************************************<br \/><\/em><\/strong><\/p><p>Dzisiejsza Ewangelia pokazuje nam kolejne spotkanie Zmartwychwsta\u0142ego z\u00a0uczniami z\u00a0Emaus. Zdesperowani po tym wszystkim co si\u0119 wydarzy\u0142o w\u00a0wielki pi\u0105tek, uczniowie wracaj\u0105 do Emaus, rozprawiaj\u0105 mi\u0119dzy sob\u0105 o tym wszystkim co si\u0119 sta\u0142o z Jezusem nazarejczykiem. Wtedy sam Jezus przy\u0142\u0105cza si\u0119 do nich. Jezus przychodzi do nas, by rozja\u015bni\u0107 nasze w\u0105tpliwo\u015bci. Ewangelia III niedzieli wielkanocnej zaprasza nas do przej\u015bcia wraz z\u00a0dwoma uczniami drogi do Emaus. Jezus towarzyszy tak\u017ce nam, aby nas s\u0142ucha\u0107, aby wyja\u015bnia\u0107 nam pisma i rozpala\u0107 nas Bo\u017cym s\u0142owem i wreszcie zatrzyma\u0107 si\u0119 z\u00a0nami i da\u0107 si\u0119 im rozpozna\u0107. Eucharystia jest najlepszym momentem na spotkanie zmartwychwsta\u0142ego, Jezus daje nam si\u0119 rozpozna\u0107 podczas \u0142amania chleba. Dwaj uczniowie ucz\u0105 nas dzisiaj, co to znaczy zatrzyma\u0107 Jezusa przy sobie, zw\u0142aszcza w\u00a0obliczu r\u00f3\u017cnych trudno\u015bci i problem\u00f3w codziennego \u017cycia. Czuwanie Rodziny Arnoldowej w\u00a0Cz\u0119stochowie, w kt\u00f3rym wielu z\u00a0nas\u00a0uczestniczy\u0142o, by\u0142o r\u00f3wnie\u017c swoist\u0105 drog\u0105 z Jezusem, kt\u00f3ry przy\u0142\u0105cza si\u0119 do nas i\u00a0wyja\u015bnia nam Pisma. \u017bycie chrze\u015bcijanina to droga do Emaus, pro\u015bmy wi\u0119c aby\u015bmy umieli w naszej codzienno\u015bci pozwoli\u0107 Jezusowi do\u0142\u0105czy\u0107 do nas i\u00a0z\u00a0wiar\u0105 wo\u0142ajmy do Niego; Panie zosta\u0144 z nami bo ma si\u0119 ku wieczorowi. Amen \/o. Eric\/<\/p><\/div>\n\t\t\t\t<\/div>\n\t\t\t\t\t\t\t<div class=\"elementor-accordion-item\">\n\t\t\t\t\t<div id=\"elementor-tab-title-20330\" class=\"elementor-tab-title\" data-tab=\"30\" role=\"button\" aria-controls=\"elementor-tab-content-20330\" aria-expanded=\"false\">\n\t\t\t\t\t\t\t\t\t\t\t\t\t<span class=\"elementor-accordion-icon elementor-accordion-icon-left\" aria-hidden=\"true\">\n\t\t\t\t\t\t\t\t\t\t\t\t\t\t\t<span class=\"elementor-accordion-icon-closed\"><i class=\"fas fa-angle-double-down\"><\/i><\/span>\n\t\t\t\t\t\t\t\t<span class=\"elementor-accordion-icon-opened\"><i class=\"fas fa-angle-double-up\"><\/i><\/span>\n\t\t\t\t\t\t\t\t\t\t\t\t\t\t<\/span>\n\t\t\t\t\t\t\t\t\t\t\t\t<a class=\"elementor-accordion-title\" tabindex=\"0\">S\u0142owo na II NIEDZIEL\u0118 WIELKANOCN\u0104 - \u015aWI\u0118TO MI\u0141OSIERDZIA 16.04.2023. (rok A)<\/a>\n\t\t\t\t\t<\/div>\n\t\t\t\t\t<div id=\"elementor-tab-content-20330\" class=\"elementor-tab-content elementor-clearfix\" data-tab=\"30\" role=\"region\" aria-labelledby=\"elementor-tab-title-20330\"><p><strong><em>II NIEDZIELA WIELKANOCNA &#8211; Niedziela Mi\u0142osierdzia 16.04.2023<\/em><\/strong><\/p><p><strong><em>Wieczorem w dniu zmartwychwstania, tam gdzie przebywali uczniowie, cho\u0107 drzwi by\u0142y zamkni\u0119te z obawy przed \u017bydami, przyszed\u0142 Jezus, stan\u0105\u0142 po\u015brodku i rzek\u0142 do nich: \u00abPok\u00f3j wam!\u00bb A to powiedziawszy, pokaza\u0142 im r\u0119ce i\u00a0bok. Uradowali si\u0119 zatem uczniowie, ujrzawszy Pana. A\u00a0Jezus znowu rzek\u0142 do nich: \u00abPok\u00f3j wam! Jak Ojciec Mnie pos\u0142a\u0142, tak i Ja was posy\u0142am\u00bb. Po tych s\u0142owach tchn\u0105\u0142 na nich i powiedzia\u0142 im: \u00abWe\u017amijcie Ducha \u015awi\u0119tego! Kt\u00f3rym odpu\u015bcicie grzechy, s\u0105 im odpuszczone, a\u00a0kt\u00f3rym zatrzymacie, s\u0105 im zatrzymane\u00bb. Ale Tomasz, jeden z Dwunastu, zwany Didymos, nie by\u0142 razem z nimi, kiedy przyszed\u0142 Jezus. Inni wi\u0119c uczniowie m\u00f3wili do niego: \u00abWidzieli\u015bmy Pana!\u00bb Ale on rzek\u0142 do nich: \u00abJe\u017celi na r\u0119kach Jego nie zobacz\u0119 \u015bladu gwo\u017adzi i nie w\u0142o\u017c\u0119 palca mego w miejsce gwo\u017adzi, i r\u0119ki mojej nie w\u0142o\u017c\u0119 w bok Jego, nie uwierz\u0119\u00bb. A po o\u015bmiu dniach, kiedy uczniowie Jego byli znowu wewn\u0105trz domu i Tomasz z nimi, Jezus przyszed\u0142, cho\u0107 drzwi by\u0142y zamkni\u0119te, stan\u0105\u0142 po\u015brodku i rzek\u0142: \u00abPok\u00f3j wam!\u00bb Nast\u0119pnie rzek\u0142 do Tomasza: \u00abPodnie\u015b tutaj sw\u00f3j palec i zobacz moje r\u0119ce. Podnie\u015b r\u0119k\u0119 i w\u0142\u00f3\u017c w m\u00f3j bok, i nie b\u0105d\u017a niedowiarkiem, lecz wierz\u0105cym\u00bb. Tomasz w odpowiedzi rzek\u0142 do Niego: \u00abPan m\u00f3j i B\u00f3g m\u00f3j!\u00bb<\/em><\/strong><br \/><strong><em>Powiedzia\u0142 mu Jezus: \u00abUwierzy\u0142e\u015b dlatego, \u017ce Mnie ujrza\u0142e\u015b? B\u0142ogos\u0142awieni, kt\u00f3rzy nie widzieli, a uwierzyli\u00bb. I wiele innych znak\u00f3w, kt\u00f3rych nie zapisano w tej ksi\u0119dze, uczyni\u0142 Jezus wobec uczni\u00f3w. Te za\u015b zapisano, aby\u015bcie wierzyli, \u017ce Jezus jest Mesjaszem, Synem Bo\u017cym, i aby\u015bcie wierz\u0105c, mieli \u017cycie w imi\u0119 Jego. \/J 20, 19-31\/<\/em><\/strong><\/p><p>Prosz\u0119 Czcigodnych, Drogie Siostry i Drodzy Bracia, mieszka\u0144cy, przyjaciele i\u00a0sympatycy Parafii \u015bw. Jadwigi \u015al\u0105skiej, dzisiaj II Niedziela Wielkanocna \u2013 Niedziela Mi\u0142osierdzia. Tak jak niegdy\u015b do Aposto\u0142\u00f3w, tak dzisiaj do nas przychodzi Jezus i obdarza nas pokojem. Nie tak jak daje \u015bwiat. Nie \u015bwi\u0119tym spokojem ale darem pokoju serca, kt\u00f3ry daje \u0142ask\u0119 Bo\u017c\u0105. Czyni nas dzie\u0107mi Boga i nape\u0142nia wielk\u0105 rado\u015bci\u0105. Pan umacnia nasz\u0105 wiar\u0119 i\u00a0posy\u0142a nas do drugiego cz\u0142owieka. Pok\u00f3j wam! Jak Ojciec Mnie pos\u0142a\u0142, tak i\u00a0Ja was posy\u0142am. Jeste\u015bmy lud\u017ami Wielkiego Pi\u0105tku &#8211; cz\u0119sto nie potrafimy si\u0119 u\u015bmiecha\u0107 i brak nam rado\u015bci. Dlatego okazujmy z rado\u015bci\u0105, \u017ce Jezus jest naszym Panem i Bogiem, \u017ce dla nas zmartwychwsta\u0142. Szczeg\u00f3lnie dzi\u0119kujmy za Jego mi\u0142osierdzie i\u00a0umocnieni Bo\u017c\u0105 \u0142ask\u0105 id\u017amy do naszych bli\u017anich, i\u00a0 dzielmy si\u0119 z nimi nasz\u0105 wiar\u0105 w Zmartwychwstanie i Bo\u017ce mi\u0142osierdzie.<\/p><p>Pozdrawiam Was serdecznie i pami\u0119tam o Was w modlitwie &#8211; o. Kazimierz<\/p><\/div>\n\t\t\t\t<\/div>\n\t\t\t\t\t\t\t<div class=\"elementor-accordion-item\">\n\t\t\t\t\t<div id=\"elementor-tab-title-20331\" class=\"elementor-tab-title\" data-tab=\"31\" role=\"button\" aria-controls=\"elementor-tab-content-20331\" aria-expanded=\"false\">\n\t\t\t\t\t\t\t\t\t\t\t\t\t<span class=\"elementor-accordion-icon elementor-accordion-icon-left\" aria-hidden=\"true\">\n\t\t\t\t\t\t\t\t\t\t\t\t\t\t\t<span class=\"elementor-accordion-icon-closed\"><i class=\"fas fa-angle-double-down\"><\/i><\/span>\n\t\t\t\t\t\t\t\t<span class=\"elementor-accordion-icon-opened\"><i class=\"fas fa-angle-double-up\"><\/i><\/span>\n\t\t\t\t\t\t\t\t\t\t\t\t\t\t<\/span>\n\t\t\t\t\t\t\t\t\t\t\t\t<a class=\"elementor-accordion-title\" tabindex=\"0\">S\u0142owo na  NIEDZIEL\u0118 ZMARTWYCHWSTANIA PA\u0143SKIEGO 09.04.2023 (rok A)<\/a>\n\t\t\t\t\t<\/div>\n\t\t\t\t\t<div id=\"elementor-tab-content-20331\" class=\"elementor-tab-content elementor-clearfix\" data-tab=\"31\" role=\"region\" aria-labelledby=\"elementor-tab-title-20331\"><p><strong><em>Pierwszego dnia po szabacie, wczesnym rankiem, gdy jeszcze by\u0142o ciemno, Maria Magdalena uda\u0142a si\u0119 do grobu i zobaczy\u0142a kamie\u0144 odsuni\u0119ty od grobu. Pobieg\u0142a wi\u0119c i przyby\u0142a do Szymona Piotra oraz do drugiego ucznia, kt\u00f3rego Jezus kocha\u0142, i rzek\u0142a do nich: \u00abZabrano Pana z grobu i nie wiemy, gdzie Go po\u0142o\u017cono\u00bb. Wyszed\u0142 wi\u0119c Piotr i \u00f3w drugi ucze\u0144 i szli do grobu. Biegli obydwaj razem, lecz \u00f3w drugi ucze\u0144 wyprzedzi\u0142 Piotra i przyby\u0142 pierwszy do grobu. A kiedy si\u0119 nachyli\u0142, zobaczy\u0142 le\u017c\u0105ce p\u0142\u00f3tna, jednak\u017ce nie wszed\u0142 do \u015brodka. Nadszed\u0142 potem tak\u017ce Szymon Piotr, id\u0105cy za nim. Wszed\u0142 on do wn\u0119trza grobu i ujrza\u0142 le\u017c\u0105ce p\u0142\u00f3tna oraz chust\u0119, kt\u00f3ra by\u0142a na Jego g\u0142owie, le\u017c\u0105c\u0105 nie razem z p\u0142\u00f3tnami, ale oddzielnie zwini\u0119t\u0105 w jednym miejscu. Wtedy wszed\u0142 do wn\u0119trza tak\u017ce i \u00f3w drugi ucze\u0144, kt\u00f3ry przyby\u0142 pierwszy do grobu. Ujrza\u0142 i uwierzy\u0142. Dot\u0105d bowiem nie rozumieli jeszcze Pisma, kt\u00f3re m\u00f3wi, \u017ce On ma powsta\u0107 z martwych. \/J 20, 1-9\/<\/em><\/strong><\/p><p>*****************************************<\/p><p>Chrystus zmartwychwsta\u0142, prawdziwie zmartwychwsta\u0142 Alleluja! Oto dzie\u0144, kt\u00f3ry zmieni\u0142 przebieg historii ludzko\u015bci. W wielki pi\u0105tek ciemno\u015b\u0107 ogarn\u0119\u0142a ziemi\u0119, wydawa\u0142o si\u0119 ze z\u0142o zwyci\u0119\u017cy\u0142o, \u017ce zgas\u0142a na zawsze \u015bwiat\u0142o\u015b\u0107 \u015bwiata. W wielki pi\u0105tek mia\u0142o miejsce pozorne zwyci\u0119stwo z\u0142a nad dobrem, \u015bmierci nad \u017cyciem, k\u0142amstwa na prawd\u0105. Przeciwnicy Jezusa og\u0142osili zwyci\u0119stwo. Jezus rozpaczliwym g\u0142osem zawo\u0142a\u0142 : Bo\u017ce m\u00f3j Bo\u017ce m\u00f3j czemu\u015b mnie opu\u015bci\u0142. W\u00a0poranek wielkanocny aposto\u0142owie s\u0105 \u015bwiadkami pustego grobu. Wtedy wszed\u0142 do wn\u0119trza tak\u017ce i \u00f3w drugi ucze\u0144, kt\u00f3ry przyby\u0142 pierwszy do grobu. Ujrza\u0142 i uwierzy\u0142. Dot\u0105d bowiem nie rozumieli jeszcze Pisma, kt\u00f3re m\u00f3wi, \u017ce On ma powsta\u0107 z martwych. Ujrzeli pusty gr\u00f3b i uwierzyli! Ponad dwa tysi\u0105c lat ta radosna nowina jest g\u0142oszona. Przyszli\u015bmy r\u00f3wnie\u017c tak jak aposto\u0142owie by sami ujrze\u0107 pusty gr\u00f3b Jezusa, by wy\u015bpiewa\u0107 uroczyste Alleluja i\u00a0weseli\u0107 si\u0119 z\u00a0zast\u0119pami anio\u0142\u00f3w w niebie. Dzisiaj tak\u017ce my, wraz z naszymi bra\u0107mi w\u00a0wierze na ca\u0142ym \u015bwiecie, duchowo pielgrzymujemy do tego miejsca, by przekona\u0107 si\u0119, \u017ce nie ma tam Jezusa, by stan\u0105\u0107 wobec najwi\u0119kszego cudu w\u00a0historii \u015bwiata i wyzna\u0107 wiar\u0119, \u017ce On \u017cyje. By\u0107 chrze\u015bcijaninem, to znaczy wierzy\u0107, \u017ce Chrystus zmartwychwsta\u0142. Nie\u015b\u0107 przez \u017cycie rado\u015b\u0107 poranka wielkanocnego, budzi\u0107 nadziej\u0119, tam gdzie ona ju\u017c zagas\u0142a. W \u015bwiecie gdzie pr\u00f3buje si\u0119 pozbywa\u0107 Jezusa z jego w\u0142asno\u015bci id\u017amy i g\u0142o\u015bmy odwa\u017cnie i\u017c On \u017cyje. B\u0105d\u017amy \u015bwiadkami i g\u0142osicielami tego or\u0119dzia wielkanocnego. Pro\u015bmy by, nasz\u0105 codzienn\u0105 rado\u015bci\u0105 by\u0142 Chrystus zmartwychwsta\u0142y. By On sam prowadzi\u0142 was w wierze, nadziei i mi\u0142o\u015bci do zmartwychwstania i \u017cycia wiecznego w\u00a0niebie. o. Eric<\/p><\/div>\n\t\t\t\t<\/div>\n\t\t\t\t\t\t\t<div class=\"elementor-accordion-item\">\n\t\t\t\t\t<div id=\"elementor-tab-title-20332\" class=\"elementor-tab-title\" data-tab=\"32\" role=\"button\" aria-controls=\"elementor-tab-content-20332\" aria-expanded=\"false\">\n\t\t\t\t\t\t\t\t\t\t\t\t\t<span class=\"elementor-accordion-icon elementor-accordion-icon-left\" aria-hidden=\"true\">\n\t\t\t\t\t\t\t\t\t\t\t\t\t\t\t<span class=\"elementor-accordion-icon-closed\"><i class=\"fas fa-angle-double-down\"><\/i><\/span>\n\t\t\t\t\t\t\t\t<span class=\"elementor-accordion-icon-opened\"><i class=\"fas fa-angle-double-up\"><\/i><\/span>\n\t\t\t\t\t\t\t\t\t\t\t\t\t\t<\/span>\n\t\t\t\t\t\t\t\t\t\t\t\t<a class=\"elementor-accordion-title\" tabindex=\"0\">S\u0142owo na  NIEDZIEL\u0118 PALMOW\u0104 M\u0118KI PA\u0143SKIEJ 02.04.2023 (rok A)<\/a>\n\t\t\t\t\t<\/div>\n\t\t\t\t\t<div id=\"elementor-tab-content-20332\" class=\"elementor-tab-content elementor-clearfix\" data-tab=\"32\" role=\"region\" aria-labelledby=\"elementor-tab-title-20332\"><p><strong><em>NIEDZIELA PALMOWA M\u0118KI PA\u0143SKIEJ 02.04.2023<\/em><\/strong><br \/><strong><em>Gdy si\u0119 zbli\u017cyli do Jerozolimy i przyszli do Betfage na G\u00f3rze Oliwnej, wtedy Jezus pos\u0142a\u0142 dw\u00f3ch uczni\u00f3w, m\u00f3wi\u0105c im: \u00abId\u017acie do wsi, kt\u00f3ra jest przed wami, a zaraz znajdziecie uwi\u0105zan\u0105 o\u015blic\u0119 i przy niej \u017arebi\u0119. Odwi\u0105\u017ccie je i przyprowad\u017acie do Mnie. A gdyby wam kto\u015b co\u015b m\u00f3wi\u0142, powiecie: \u201ePan ich potrzebuje i zaraz je ode\u015ble\u201d\u00bb. A sta\u0142o si\u0119 to, \u017ceby si\u0119 spe\u0142ni\u0142o s\u0142owo Proroka: \u00abPowiedzcie C\u00f3rze Syjonu: Oto Kr\u00f3l tw\u00f3j przychodzi do ciebie \u0142agodny, siedz\u0105cy na osio\u0142ku, \u017arebi\u0119ciu o\u015blicy\u00bb. Uczniowie poszli i uczynili, jak im Jezus poleci\u0142. Przyprowadzili o\u015blic\u0119 i \u017arebi\u0119 i po\u0142o\u017cyli na nie swe p\u0142aszcze, a On usiad\u0142 na nich. T\u0142um za\u015b ogromny s\u0142a\u0142 swe p\u0142aszcze na drodze, a inni obcinali ga\u0142\u0105zki z drzew i s\u0142ali nimi drog\u0119. A t\u0142umy, kt\u00f3re Go poprzedza\u0142y i kt\u00f3re sz\u0142y za Nim, wo\u0142a\u0142y g\u0142o\u015bno:<\/em><\/strong><br \/><strong><em>\u00abHosanna Synowi Dawida! B\u0142ogos\u0142awiony Ten, kt\u00f3ry przychodzi w imi\u0119 Pa\u0144skie!<\/em><\/strong><br \/><strong><em>Hosanna na wysoko\u015bciach!\u00bb Gdy wjecha\u0142 do Jerozolimy, poruszy\u0142o si\u0119 ca\u0142e miasto, i pytano: \u00abKto to jest?\u00bb A t\u0142umy odpowiada\u0142y: \u00abTo jest prorok, Jezus z Nazaretu w Galilei\u00bb.<br \/>*********************************************<br \/><\/em><\/strong><\/p><p>Prosz\u0119 Czcigodnych, Drogie Siostry i Drodzy Bracia, mieszka\u0144cy, przyjaciele i sympatycy Parafii \u015bw. Jadwigi \u015al\u0105skiej, wchodzimy w Wielki Tydzie\u0144. Po raz kolejny zbli\u017camy si\u0119 do centralnych wydarze\u0144 naszej wiary. W Wielki Czwartek Msz\u0105 Wieczerzy Pa\u0144skiej rozpoczniemy Triduum Paschalne. Jest to najkr\u00f3tszy, ale te\u017c najwa\u017cniejszy okres liturgiczny w roku ko\u015bcielnym. W\u0142a\u015bciwie jest to nieprzerwana liturgia. Msza Wieczerzy Pa\u0144skiej ko\u0144czy si\u0119 bez b\u0142ogos\u0142awie\u0144stwa. W Wielki Pi\u0105tek Liturgia M\u0119ki Pa\u0144skiej zaczyna si\u0119 i ko\u0144czy w ciszy. Wielkosobotnia Wigilia Paschalna zaczyna si\u0119 od po\u015bwi\u0119cenia ognia i dopiero na jej ko\u0144cu, pierwszy raz od czwartku, pojawia si\u0119 b\u0142ogos\u0142awie\u0144stwo ko\u0144cz\u0105ce Msz\u0119 \u015bw. W Niedziel\u0119 Zmartwychwstania wieczorem ko\u0144czy si\u0119 Triduum Paschalne. Jest to nieustaj\u0105ca liturgia naszego odkupienia. Dzi\u0119kujmy Panu Jezusowi za jego wielkie dzie\u0142o zbawcze. Nie tylko w chwilach dobrobytu, ale te\u017c w codziennych, trudnych sytuacjach. Kr\u00f3luj nam Chryste\u2026 Zawsze i wsz\u0119dzie. Pro\u015bmy o zmartwychwstanie dla Ukrainy. Pro\u015bmy o pok\u00f3j na ca\u0142ym \u015bwiecie, w naszych domach na podczas prze\u017cywania wydarze\u0144 paschalnych, gdy Chrystus po raz kolejny umiera i zmartwychwstaje dla nas.<br \/>Pozdrawiam Was serdecznie i pami\u0119tam o Was w modlitwie. o. Kazimierz<\/p><\/div>\n\t\t\t\t<\/div>\n\t\t\t\t\t\t\t<div class=\"elementor-accordion-item\">\n\t\t\t\t\t<div id=\"elementor-tab-title-20333\" class=\"elementor-tab-title\" data-tab=\"33\" role=\"button\" aria-controls=\"elementor-tab-content-20333\" aria-expanded=\"false\">\n\t\t\t\t\t\t\t\t\t\t\t\t\t<span class=\"elementor-accordion-icon elementor-accordion-icon-left\" aria-hidden=\"true\">\n\t\t\t\t\t\t\t\t\t\t\t\t\t\t\t<span class=\"elementor-accordion-icon-closed\"><i class=\"fas fa-angle-double-down\"><\/i><\/span>\n\t\t\t\t\t\t\t\t<span class=\"elementor-accordion-icon-opened\"><i class=\"fas fa-angle-double-up\"><\/i><\/span>\n\t\t\t\t\t\t\t\t\t\t\t\t\t\t<\/span>\n\t\t\t\t\t\t\t\t\t\t\t\t<a class=\"elementor-accordion-title\" tabindex=\"0\">S\u0142owo na  V Niedziel\u0119 Wielkiego Postu 26.03.2023 r. (rok A)<\/a>\n\t\t\t\t\t<\/div>\n\t\t\t\t\t<div id=\"elementor-tab-content-20333\" class=\"elementor-tab-content elementor-clearfix\" data-tab=\"33\" role=\"region\" aria-labelledby=\"elementor-tab-title-20333\"><p>V Niedziela Wielkiego Postu 26.03.2023 r.<br \/><strong><em>Siostry \u0141azarza pos\u0142a\u0142y do Jezusa wiadomo\u015b\u0107: \u00abPanie, oto choruje ten, kt\u00f3rego Ty kochasz\u00bb. Jezus, us\u0142yszawszy to, rzek\u0142: \u00abChoroba ta nie zmierza ku \u015bmierci, ale ku chwale Bo\u017cej, aby dzi\u0119ki niej Syn Bo\u017cy zosta\u0142 otoczony chwa\u0142\u0105\u00bb. A Jezus mi\u0142owa\u0142 Mart\u0119 i jej siostr\u0119, i\u00a0\u0141azarza. Gdy pos\u0142ysza\u0142 o jego chorobie, pozosta\u0142 przez dwa dni tam, gdzie przebywa\u0142. Dopiero potem powiedzia\u0142 do swoich uczni\u00f3w: \u00abChod\u017amy zn\u00f3w do Judei\u00bb.<\/em><\/strong><br \/><strong><em>Kiedy Jezus tam przyby\u0142, zasta\u0142 \u0141azarza ju\u017c od czterech dni spoczywaj\u0105cego w grobie. Kiedy wi\u0119c Marta dowiedzia\u0142a si\u0119, \u017ce Jezus nadchodzi, wysz\u0142a Mu na spotkanie. Maria za\u015b siedzia\u0142a w\u00a0domu. Marta wi\u0119c rzek\u0142a do Jezusa: \u00abPanie, gdyby\u015b tu by\u0142, m\u00f3j brat by nie umar\u0142. Lecz i teraz wiem, \u017ce B\u00f3g da Ci wszystko, o cokolwiek by\u015b prosi\u0142 Boga\u00bb. Rzek\u0142 do niej Jezus: \u00abBrat tw\u00f3j zmartwychwstanie\u00bb. Marta Mu odrzek\u0142a: \u00abWiem, \u017ce powstanie z\u00a0martwych w czasie zmartwychwstania w dniu ostatecznym\u00bb. Powiedzia\u0142 do niej Jezus: \u00abJa jestem zmartwychwstaniem i \u017cyciem. Kto we Mnie wierzy, to cho\u0107by umar\u0142, \u017cy\u0107 b\u0119dzie. Ka\u017cdy, kto \u017cyje i wierzy we Mnie, nie umrze na wieki. Wierzysz w to?\u00bb Odpowiedzia\u0142a Mu: \u00abTak, Panie! Ja mocno wierz\u0119, \u017ce Ty jeste\u015b Mesjasz, Syn Bo\u017cy, kt\u00f3ry mia\u0142 przyj\u015b\u0107 na \u015bwiat\u00bb. Jezus wzruszy\u0142 si\u0119 w duchu, rozrzewni\u0142 i zapyta\u0142: \u00abGdzie go po\u0142o\u017cyli\u015bcie?\u00bb Odpowiedzieli Mu: \u00abPanie, chod\u017a i zobacz!\u00bb Jezus zap\u0142aka\u0142. \u017bydzi wi\u0119c m\u00f3wili: \u00abOto jak go mi\u0142owa\u0142!\u00bb Niekt\u00f3rzy za\u015b z nich powiedzieli: \u00abCzy Ten, kt\u00f3ry otworzy\u0142 oczy niewidomemu, nie m\u00f3g\u0142 sprawi\u0107, by on nie umar\u0142?\u00bb A Jezus, ponownie okazuj\u0105c g\u0142\u0119bokie wzruszenie, przyszed\u0142 do grobu. By\u0142a to pieczara, a na niej spoczywa\u0142 kamie\u0144. Jezus powiedzia\u0142: \u00abUsu\u0144cie kamie\u0144!\u00bb Siostra zmar\u0142ego, Marta, rzek\u0142a do Niego: \u00abPanie, ju\u017c cuchnie. Le\u017cy bowiem od czterech dni w grobie\u00bb. Jezus rzek\u0142 do niej: \u00abCzy\u017c nie powiedzia\u0142em ci, \u017ce je\u015bli uwierzysz, ujrzysz chwa\u0142\u0119 Bo\u017c\u0105?\u00bb Usuni\u0119to wi\u0119c kamie\u0144. Jezus wzni\u00f3s\u0142 oczy do g\u00f3ry i\u00a0rzek\u0142: \u00abOjcze, dzi\u0119kuj\u0119 Ci, \u017ce Mnie wys\u0142ucha\u0142e\u015b. Ja wiedzia\u0142em, \u017ce Mnie zawsze wys\u0142uchujesz. Ale ze wzgl\u0119du na otaczaj\u0105cy Mnie t\u0142um to powiedzia\u0142em, aby uwierzyli, \u017ce Ty Mnie pos\u0142a\u0142e\u015b\u00bb. To powiedziawszy, zawo\u0142a\u0142 dono\u015bnym g\u0142osem: \u00ab\u0141azarzu, wyjd\u017a na zewn\u0105trz!\u00bb I wyszed\u0142 zmar\u0142y, maj\u0105c nogi i\u00a0r\u0119ce przewi\u0105zane opaskami, a twarz jego by\u0142a owini\u0119ta chust\u0105. Rzek\u0142 do nich Jezus: \u00abRozwi\u0105\u017ccie go i pozw\u00f3lcie mu chodzi\u0107\u00bb. Wielu zatem spo\u015br\u00f3d \u017byd\u00f3w przyby\u0142ych do Marii, ujrzawszy to, czego Jezus dokona\u0142, uwierzy\u0142o w Niego. \/J 11, 3-7. 17. 20-27. 33b-45\/<br \/><br \/>*******************<br \/><\/em><\/strong>Zbli\u017camy si\u0119 powoli do wielkiego tygodnia. Tydzie\u0144 temu s\u0142yszeli\u015bmy w\u00a0Ewangelii o uzdrowieniu niewidomego od urodzenia. Dzisiaj jeste\u015bmy \u015bwiadkami kolejnego cudu Jezusa, wskrzeszenia \u0141azarza. \u00abCzy\u017c nie powiedzia\u0142em ci, \u017ce je\u015bli uwierzysz, ujrzysz chwa\u0142\u0119 Bo\u017c\u0105?\u00bb Tymi s\u0142owami Jezus zwraca si\u0119 do siostry zmar\u0142ego. Dla Jezusa liczy si\u0119 Chwa\u0142a Bo\u017ca, ale \u017ceby j\u0105 ujrze\u0107 potrzeba nam wiary. W pierwszym czytaniu, z Proroka Ezechiela, s\u0142yszymy o zmartwychwstaniu: \u00abTak m\u00f3wi Pan B\u00f3g: Oto otwieram wasze groby i wydobywam was z grob\u00f3w, ludu m\u00f3j, i wiod\u0119 was do kraju Izraela, i\u00a0poznacie, \u017ce Ja jestem Pan, gdy wasze groby otworz\u0119 i z grob\u00f3w was wydob\u0119d\u0119, ludu m\u00f3j\u00bb. W\u00a0czasie Jezusa nie wszyscy wierzyli w\u00a0zmartwychwstanie. Maria i Marta wierzy\u0142y, ale w dniu ostatecznym. Jezus odpowiada nie w czasie przysz\u0142ym, ale tera\u017aniejszym. \u201eJa jestem zmartwychwstaniem i \u017cyciem. Kto we Mnie wierzy, to cho\u0107by umar\u0142, \u017cy\u0107 b\u0119dzie. Ka\u017cdy, kto \u017cyje i\u00a0wierzy we Mnie, nie umrze na wieki\u201d. \u00abJa jestem zmartwychwstaniem i \u017cyciem\u00bb: oznacza to, \u017ce \u015bmier\u0107 w sensie oddzielenia od Boga ju\u017c nie istnieje, zostaje pokonana w zmartwychwstaniu Chrystusa. Ze \u015bwi\u0119tym Paw\u0142em mo\u017cemy powiedzie\u0107: O \u015bmierci, gdzie jest twoje zwyci\u0119stwo? Odt\u0105d nic nie mo\u017ce nas od\u0142\u0105czy\u0107 od nas od mi\u0142o\u015bci Chrystusa, nawet \u015bmier\u0107. Przygotowuj\u0105c si\u0119 do celebrowania najwi\u0119kszych misteri\u00f3w naszej wiary, pro\u015bmy o wiar\u0119 dla nas, by\u015bmy wierzyli i\u00a0otworzyli si\u0119 na mi\u0142osierdzie Bo\u017ce, kt\u00f3re wydob\u0119dzie nas z grob\u00f3w naszych grzech\u00f3w. o. Eric<\/p><\/div>\n\t\t\t\t<\/div>\n\t\t\t\t\t\t\t<div class=\"elementor-accordion-item\">\n\t\t\t\t\t<div id=\"elementor-tab-title-20334\" class=\"elementor-tab-title\" data-tab=\"34\" role=\"button\" aria-controls=\"elementor-tab-content-20334\" aria-expanded=\"false\">\n\t\t\t\t\t\t\t\t\t\t\t\t\t<span class=\"elementor-accordion-icon elementor-accordion-icon-left\" aria-hidden=\"true\">\n\t\t\t\t\t\t\t\t\t\t\t\t\t\t\t<span class=\"elementor-accordion-icon-closed\"><i class=\"fas fa-angle-double-down\"><\/i><\/span>\n\t\t\t\t\t\t\t\t<span class=\"elementor-accordion-icon-opened\"><i class=\"fas fa-angle-double-up\"><\/i><\/span>\n\t\t\t\t\t\t\t\t\t\t\t\t\t\t<\/span>\n\t\t\t\t\t\t\t\t\t\t\t\t<a class=\"elementor-accordion-title\" tabindex=\"0\">S\u0142owo na  IV Niedziel\u0119 Wielkiego Postu 19.03.2023 r. (rok A)<\/a>\n\t\t\t\t\t<\/div>\n\t\t\t\t\t<div id=\"elementor-tab-content-20334\" class=\"elementor-tab-content elementor-clearfix\" data-tab=\"34\" role=\"region\" aria-labelledby=\"elementor-tab-title-20334\"><p>IV Niedziela Wielkiego Postu (LAETARE) 19.03.2023 r.<br \/><strong><em>Jezus, przechodz\u0105c, ujrza\u0142 pewnego cz\u0142owieka, niewidomego od urodzenia. Splun\u0105\u0142 na ziemi\u0119, uczyni\u0142 b\u0142oto ze \u015bliny i na\u0142o\u017cy\u0142 je na oczy niewidomego, i rzek\u0142 do niego: \u00abId\u017a, obmyj si\u0119 w sadzawce Siloam\u00bb \u2013 co si\u0119 t\u0142umaczy: Pos\u0142any. On wi\u0119c odszed\u0142, obmy\u0142 si\u0119 i wr\u00f3ci\u0142, widz\u0105c.<\/em><\/strong><br \/><strong><em>A s\u0105siedzi i ci, kt\u00f3rzy przedtem widywali go jako \u017cebraka, m\u00f3wili: \u00abCzy\u017c to nie jest ten, kt\u00f3ry siedzi i\u00a0\u017cebrze?\u00bb Jedni twierdzili: \u00abTak, to jest ten\u00bb, a inni przeczyli: \u00abNie, jest tylko do tamtego podobny\u00bb. On za\u015b m\u00f3wi\u0142: \u00abTo ja jestem\u00bb.<\/em><\/strong><br \/><strong><em>Zaprowadzili wi\u0119c tego cz\u0142owieka, niedawno jeszcze niewidomego, do faryzeusz\u00f3w. A\u00a0tego dnia, w kt\u00f3rym Jezus uczyni\u0142 b\u0142oto i otworzy\u0142 mu oczy, by\u0142 szabat. I zn\u00f3w faryzeusze pytali go o to, w jaki spos\u00f3b przejrza\u0142. Powiedzia\u0142 do nich: \u00abPo\u0142o\u017cy\u0142 mi b\u0142oto na oczy, obmy\u0142em si\u0119 i widz\u0119\u00bb.<\/em><\/strong><br \/><strong><em>Niekt\u00f3rzy wi\u0119c spo\u015br\u00f3d faryzeusz\u00f3w rzekli: \u00abCz\u0142owiek ten nie jest od Boga, bo nie zachowuje szabatu\u00bb. Inni powiedzieli: \u00abAle w jaki spos\u00f3b cz\u0142owiek grzeszny mo\u017ce czyni\u0107 takie znaki?\u00bb I powsta\u0142 w\u015br\u00f3d nich roz\u0142am. Ponownie wi\u0119c zwr\u00f3cili si\u0119 do niewidomego: \u00abA\u00a0ty, co o Nim m\u00f3wisz, jako \u017ce ci otworzy\u0142 oczy?\u00bb Odpowiedzia\u0142: \u00abTo prorok\u00bb.<\/em><\/strong><br \/><strong><em>Rzekli mu w odpowiedzi: \u00abCa\u0142y urodzi\u0142e\u015b si\u0119 w grzechach, a nas pouczasz?\u00bb I wyrzucili go precz.<\/em><\/strong><br \/><strong><em>Jezus us\u0142ysza\u0142, \u017ce wyrzucili go precz, i spotkawszy go, rzek\u0142 do niego: \u00abCzy ty wierzysz w Syna Cz\u0142owieczego?\u00bb On odpowiedzia\u0142: \u00abA kt\u00f3\u017c to jest, Panie, abym w Niego uwierzy\u0142?\u00bb Rzek\u0142 do niego Jezus: \u00abJest nim Ten, kt\u00f3rego widzisz i kt\u00f3ry m\u00f3wi do ciebie\u00bb. On za\u015b odpowiedzia\u0142: \u00abWierz\u0119, Panie!\u00bb i odda\u0142 Mu pok\u0142on. \/J 9, 1. 6-9. 13-17. 34-38\/<br \/>*********************************************<br \/><\/em><\/strong><\/p><p>Prosz\u0119 Czcigodnych, Drogie Siostry i Drodzy Bracia, mieszka\u0144cy, przyjaciele i sympatycy Parafii \u015bw. Jadwigi \u015al\u0105skiej, jeste\u015bmy w trakcie naszych parafialnych rekolekcji wielkopostnych, a w Ewangelii spotykamy cz\u0142owieka, kt\u00f3remu Pan przywr\u00f3ci\u0142 wzrok. Czas rekolekcji to taki czas \u201eodzyskiwania\u201d wzroku \u2013 czas zatrzymania si\u0119 i spojrzenia na nasze \u017cycie. Poprzez s\u0142uchanie S\u0142owa, praktyki rekolekcyjne i w\u0142a\u015bciwe nastawienie ducha mamy dostrzec Jezusa w naszym \u017cyciu. Mamy zobaczy\u0107 w\u0142asne grzechy i oczy\u015bci\u0107 serce, by m\u00f3c rado\u015bnie prze\u017cy\u0107 czas Wielkanocy.\u00a0 Niekt\u00f3rzy pytaj\u0105: dlaczego ca\u0142y czas trzeba si\u0119 nawraca\u0107, dlaczego zn\u00f3w prze\u017cywamy Wielki Post, Gorzkie \u017bale i Drogi Krzy\u017cowe? Mo\u017cna by im odpowiedzie\u0107: A dlaczego wci\u0105\u017c pope\u0142niamy te same grzechy, dlaczego w\u015br\u00f3d nas jest tyle agresji i niezrozumienia, przemocy i smutku? Ca\u0142y czas potrzebujemy nawr\u00f3cenia. Codzienne \u017cycie przes\u0142ania nam sprawy duchowe i sprawia, \u017ce coraz s\u0142absze s\u0105 \u201eoczy\u201d naszej duszy. Niech Wielki Post, nasze rekolekcje i postne praktyki duchowo-cielesne pomagaj\u0105 nam dostrzec mi\u0142o\u015b\u0107 Boga i zauwa\u017cy\u0107 drugiego cz\u0142owieka. Niech przygotuj\u0105 nas na rado\u015b\u0107 \u015awi\u0105t Zmartwychwstania.<br \/>Pozdrawiam Was serdecznie i pami\u0119tam o Was w modlitwie.\u00a0 \u00a0 \u00a0 \u00a0 o. Kazimierz<\/p><\/div>\n\t\t\t\t<\/div>\n\t\t\t\t\t\t\t<div class=\"elementor-accordion-item\">\n\t\t\t\t\t<div id=\"elementor-tab-title-20335\" class=\"elementor-tab-title\" data-tab=\"35\" role=\"button\" aria-controls=\"elementor-tab-content-20335\" aria-expanded=\"false\">\n\t\t\t\t\t\t\t\t\t\t\t\t\t<span class=\"elementor-accordion-icon elementor-accordion-icon-left\" aria-hidden=\"true\">\n\t\t\t\t\t\t\t\t\t\t\t\t\t\t\t<span class=\"elementor-accordion-icon-closed\"><i class=\"fas fa-angle-double-down\"><\/i><\/span>\n\t\t\t\t\t\t\t\t<span class=\"elementor-accordion-icon-opened\"><i class=\"fas fa-angle-double-up\"><\/i><\/span>\n\t\t\t\t\t\t\t\t\t\t\t\t\t\t<\/span>\n\t\t\t\t\t\t\t\t\t\t\t\t<a class=\"elementor-accordion-title\" tabindex=\"0\">S\u0142owo na  III Niedziel\u0119 Wielkiego Postu 12.03.2023 r. (rok A)<\/a>\n\t\t\t\t\t<\/div>\n\t\t\t\t\t<div id=\"elementor-tab-content-20335\" class=\"elementor-tab-content elementor-clearfix\" data-tab=\"35\" role=\"region\" aria-labelledby=\"elementor-tab-title-20335\"><p><strong><em>III Niedziela Wielkiego Postu 12.03.2023 r.<\/em><\/strong><br \/><strong><em>Jezus przyby\u0142 do miasta samaryta\u0144skiego zwanego Sychar, w pobli\u017cu pola, kt\u00f3re da\u0142 Jakub synowi swemu, J\u00f3zefowi. By\u0142o tam \u017ar\u00f3d\u0142o Jakuba. Jezus zm\u0119czony drog\u0105 siedzia\u0142 sobie przy \u017ar\u00f3dle. By\u0142o to oko\u0142o sz\u00f3stej godziny. <\/em><\/strong><strong><em>W\u00f3wczas nadesz\u0142a kobieta z Samarii, aby zaczerpn\u0105\u0107 wody. Jezus rzek\u0142 do niej: \u00abDaj Mi pi\u0107!\u00bb Jego uczniowie bowiem udali si\u0119 przedtem do miasta, by zakupi\u0107 \u017cywno\u015bci. Na to rzek\u0142a do Niego Samarytanka: \u00abJak\u017ce\u017c Ty, b\u0119d\u0105c \u017bydem, prosisz mnie, Samarytank\u0119, bym Ci da\u0142a si\u0119 napi\u0107?\u00bb \u017bydzi bowiem i Samarytanie unikaj\u0105 si\u0119 nawzajem. Jezus odpowiedzia\u0142 jej na to: \u00abO, gdyby\u015b zna\u0142a dar Bo\u017cy i wiedzia\u0142a, kim jest Ten, kto ci m\u00f3wi: \u201eDaj Mi si\u0119 napi\u0107\u201d, to prosi\u0142aby\u015b Go, a da\u0142by ci wody \u017cywej\u00bb. Powiedzia\u0142a do Niego kobieta: \u00abPanie, nie masz czerpaka, a studnia jest g\u0142\u0119boka. Sk\u0105d\u017ce wi\u0119c we\u017amiesz wody \u017cywej? Czy Ty jeste\u015b wi\u0119kszy od ojca naszego, Jakuba, kt\u00f3ry da\u0142 nam t\u0119 studni\u0119, i on sam z niej pi\u0142, i jego synowie, i jego byd\u0142o?\u00bb W odpowiedzi na to rzek\u0142 do niej Jezus: \u00abKa\u017cdy, kto pije t\u0119 wod\u0119, zn\u00f3w b\u0119dzie pragn\u0105\u0142. Kto za\u015b b\u0119dzie pi\u0142 wod\u0119, kt\u00f3r\u0105 Ja mu dam, nie b\u0119dzie pragn\u0105\u0142 na wieki, lecz woda, kt\u00f3r\u0105 Ja mu dam, stanie si\u0119 w nim \u017ar\u00f3d\u0142em tryskaj\u0105cym ku \u017cyciu wiecznemu\u00bb. Rzek\u0142a do Niego kobieta: \u00abPanie, daj mi tej wody, abym ju\u017c nie pragn\u0119\u0142a i nie przychodzi\u0142a tu czerpa\u0107. Widz\u0119, \u017ce jeste\u015b prorokiem. Ojcowie nasi oddawali cze\u015b\u0107 Bogu na tej g\u00f3rze, a wy m\u00f3wicie, \u017ce w Jerozolimie jest miejsce, gdzie nale\u017cy czci\u0107 Boga\u00bb. Odpowiedzia\u0142 jej Jezus: \u00abWierz Mi, kobieto, \u017ce nadchodzi godzina, kiedy ani na tej g\u00f3rze, ani w Jerozolimie nie b\u0119dziecie czcili Ojca. Wy czcicie to, czego nie znacie, my czcimy to, co znamy, poniewa\u017c zbawienie bierze pocz\u0105tek od \u017byd\u00f3w. Nadchodzi jednak godzina, nawet ju\u017c jest, kiedy to prawdziwi czciciele b\u0119d\u0105 oddawa\u0107 cze\u015b\u0107 Ojcu w Duchu i prawdzie, a takich to czcicieli szuka Ojciec. B\u00f3g jest duchem; trzeba wi\u0119c, by czciciele Jego oddawali Mu cze\u015b\u0107 w Duchu i prawdzie\u00bb. Rzek\u0142a do Niego kobieta: \u00abWiem, \u017ce przyjdzie Mesjasz, zwany Chrystusem. A kiedy On przyjdzie, objawi nam wszystko\u00bb. Powiedzia\u0142 do niej Jezus: \u00abJestem nim Ja, kt\u00f3ry z tob\u0105 m\u00f3wi\u0119\u00bb. Wielu Samarytan z owego miasta zacz\u0119\u0142o w Niego wierzy\u0107 dzi\u0119ki s\u0142owu kobiety. Kiedy wi\u0119c Samarytanie przybyli do Niego, prosili Go, aby u nich zosta\u0142. Pozosta\u0142 tam zatem dwa dni. I o wiele wi\u0119cej ich uwierzy\u0142o dzi\u0119ki Jego s\u0142owu, a do tej kobiety m\u00f3wili: \u00abWierzymy ju\u017c nie dzi\u0119ki twemu opowiadaniu, us\u0142yszeli\u015bmy bowiem na w\u0142asne uszy i wiemy, \u017ce On prawdziwie jest Zbawicielem \u015bwiata\u00bb. \/J 4, 5-15. 19b-26. 39a. 40-42\/<\/em><\/strong><\/p><p>\u00a0\u00a0\u00a0\u00a0\u00a0\u00a0\u00a0\u00a0\u00a0\u00a0\u00a0\u00a0\u00a0\u00a0\u00a0\u00a0\u00a0\u00a0\u00a0\u00a0\u00a0\u00a0\u00a0\u00a0\u00a0\u00a0\u00a0\u00a0\u00a0\u00a0\u00a0\u00a0 **********************************************<\/p><p>Trwamy w naszej wielkopostnej w\u0119dr\u00f3wce. W pierwsz\u0105 niedziel\u0119 wielkiego postu Ewangelia zaprosi\u0142a nas na pustyni\u0119, gdzie Jezus przebywa\u0142 na modlitwie i po\u015bcie i\u00a0gdzie by\u0142 kuszony przez z\u0142ego ducha. W zesz\u0142\u0105 niedziel\u0119 us\u0142yszeli\u015bmy jak Jezus uda\u0142 si\u0119 na g\u00f3r\u0119 Tabor, gdzie si\u0119 przemieni\u0142 wobec swoich uczni\u00f3w i gdzie uczniowie us\u0142yszeli g\u0142os Ojca, kt\u00f3ry m\u00f3wi\u0142: ,,To jest m\u00f3j syn umi\u0142owany w kt\u00f3rym mam upodobanie, Jego s\u0142uchajcie\u201d. Dzisiaj Jezus przychodzi do miasta samaryta\u0144skiego do \u017ar\u00f3d\u0142a Jakuba i prosi samarytank\u0119: Daj mi pi\u0107. Spotkanie Jezusa z samarytank\u0105 pokazuje nam, \u017ce B\u00f3g przychodzi do nas, by nawi\u0105za\u0107 z nami dialog, by rozja\u015bni\u0107 nasze w\u0105tpliwo\u015bci. Daj mi pi\u0107 &#8211; oto s\u0142owa Jezusa do samaryta\u0144skiej kobiety. Kieruj\u0105c do samarytanki pro\u015bb\u0119, Jezus pragnie nawi\u0105za\u0107 kontakt, rozmow\u0119, kt\u00f3ra pozwoli\u0142a jej przekaza\u0107 prawd\u0119 o mi\u0142o\u015bci Boga da nas. \u00abPanie, daj mi tej wody, abym ju\u017c nie pragn\u0119\u0142a i nie przychodzi\u0142a tu czerpa\u0107. Widz\u0119, \u017ce jeste\u015b prorokiem. Ojcowie nasi oddawali cze\u015b\u0107 Bogu na tej g\u00f3rze, a wy m\u00f3wicie, \u017ce w Jerozolimie jest miejsce, gdzie nale\u017cy czci\u0107 Boga\u00bb. Samarytanka spotka\u0142a Jezusa i uwierzy\u0142a w Niego i zacz\u0119\u0142a dzieli\u0107 z innymi tym co j\u0105 spotka\u0142o. Spotkanie Jezusa zmieni\u0142o ca\u0142kowicie jej \u017cycie tak, \u017ce rozpowiada\u0142a wszystkim o tym co j\u0105 spotka\u0142o. Wielu uwierzy\u0142o dzi\u0119ki s\u0142owom kobiety. B\u0142ogos\u0142awieni, kt\u00f3rzy s\u0142ysz\u0105c g\u0142os Pana, serc nie zatwardzaj\u0105, ale nawracaj\u0105 si\u0119 i\u00a0wierz\u0105 w Ewangeli\u0119. Przyjmuj\u0105c zaproszenie Jezusa, kt\u00f3ry m\u00f3wi: Nawracajcie si\u0119 i\u00a0wierzcie w Ewangeli\u0119 pro\u015bmy o \u0142ask\u0119 wiar\u0119 dla nas. Tak jak aposto\u0142owie wo\u0142amy do Jezusa: Panie przymn\u00f3\u017c nam wiary. \/o. Eric\/<\/p><\/div>\n\t\t\t\t<\/div>\n\t\t\t\t\t\t\t<div class=\"elementor-accordion-item\">\n\t\t\t\t\t<div id=\"elementor-tab-title-20336\" class=\"elementor-tab-title\" data-tab=\"36\" role=\"button\" aria-controls=\"elementor-tab-content-20336\" aria-expanded=\"false\">\n\t\t\t\t\t\t\t\t\t\t\t\t\t<span class=\"elementor-accordion-icon elementor-accordion-icon-left\" aria-hidden=\"true\">\n\t\t\t\t\t\t\t\t\t\t\t\t\t\t\t<span class=\"elementor-accordion-icon-closed\"><i class=\"fas fa-angle-double-down\"><\/i><\/span>\n\t\t\t\t\t\t\t\t<span class=\"elementor-accordion-icon-opened\"><i class=\"fas fa-angle-double-up\"><\/i><\/span>\n\t\t\t\t\t\t\t\t\t\t\t\t\t\t<\/span>\n\t\t\t\t\t\t\t\t\t\t\t\t<a class=\"elementor-accordion-title\" tabindex=\"0\">S\u0142owo na  II Niedziel\u0119 Wielkiego Postu 05.03.2023 r. (rok A)<\/a>\n\t\t\t\t\t<\/div>\n\t\t\t\t\t<div id=\"elementor-tab-content-20336\" class=\"elementor-tab-content elementor-clearfix\" data-tab=\"36\" role=\"region\" aria-labelledby=\"elementor-tab-title-20336\"><p><strong><em>Jezus wzi\u0105\u0142 z sob\u0105 Piotra, Jakuba oraz brata jego, Jana, i zaprowadzi\u0142 ich na g\u00f3r\u0119 wysok\u0105, osobno. Tam przemieni\u0142 si\u0119 wobec nich: twarz Jego zaja\u015bnia\u0142a jak s\u0142o\u0144ce, odzienie za\u015b sta\u0142o si\u0119 bia\u0142e jak \u015bwiat\u0142o. A oto ukazali si\u0119 im Moj\u017cesz i Eliasz, rozmawiaj\u0105cy z Nim. Wtedy Piotr rzek\u0142 do Jezusa: \u00abPanie, dobrze, \u017ce tu jeste\u015bmy; je\u015bli chcesz, postawi\u0119 tu trzy namioty: jeden dla Ciebie, jeden dla Moj\u017cesza i jeden dla Eliasza\u00bb. Gdy on jeszcze m\u00f3wi\u0142, oto ob\u0142ok \u015bwietlany os\u0142oni\u0142 ich, a z ob\u0142oku odezwa\u0142 si\u0119 g\u0142os: \u00abTo jest m\u00f3j Syn umi\u0142owany, w kt\u00f3rym mam upodobanie, Jego s\u0142uchajcie!\u00bb Uczniowie, s\u0142ysz\u0105c to, upadli na twarz i bardzo si\u0119 zl\u0119kli. A Jezus zbli\u017cy\u0142 si\u0119 do nich, dotkn\u0105\u0142 ich i rzek\u0142: \u00abWsta\u0144cie, nie l\u0119kajcie si\u0119!\u00bb Gdy podnie\u015bli oczy, nikogo nie widzieli, tylko samego Jezusa.<\/em><\/strong><br \/><strong><em>A gdy schodzili z g\u00f3ry, Jezus przykaza\u0142 im, m\u00f3wi\u0105c: \u00abNie opowiadajcie nikomu o tym widzeniu, a\u017c Syn Cz\u0142owieczy zmartwychwstanie\u00bb. \/Mt 17, 1-9\/<br \/>*****************************************<br \/><\/em><\/strong><\/p><p>Prosz\u0119 Czcigodnych, Drogie Siostry i Drodzy Bracia, mieszka\u0144cy, przyjaciele i\u00a0sympatycy Parafii \u015bw. Jadwigi \u015al\u0105skiej, w dzisiejszej Ewangelii Jezus przemienia si\u0119 na oczach swoich uczni\u00f3w. Na g\u00f3rze Tabor podczas ziemskiego \u017cycia ukaza\u0142 sw\u0105 chwa\u0142\u0119. Jeszcze przed Swoj\u0105 \u015bmierci\u0105 i\u00a0Zmartwychwstaniem ukaza\u0142 cz\u0119\u015bciowo Swoje cia\u0142o uwielbione, kt\u00f3re posiada\u0142 po zmartwychwstaniu. W ten spos\u00f3b, Jezus, pokazuje nam drog\u0119, kt\u00f3r\u0105 idziemy &#8211; z \u017cycia na ziemi do \u017cycia w Niebie. Wszyscy zd\u0105\u017camy ku \u015bmierci i zmartwychwstaniu i b\u0119dziemy mieli cia\u0142a uwielbione. By to osi\u0105gn\u0105\u0107 potrzebujemy przemiany serca i umys\u0142u \u2013 potrzebujemy nawr\u00f3cenia. Czasami jak Piotr m\u00f3wimy: Panie dobrze nam tu by\u0107. I\u00a0rzeczywi\u015bcie dobrze nam by\u0107 z Panem i dobrze jest szuka\u0107 Naszego Boga na modlitwie. Wa\u017cne by nie tylko przedstawi\u0107 Mu nasze pro\u015bby, ale te\u017c Go s\u0142ucha\u0107 i\u00a0wprowadza\u0107 w \u017cycie Jego s\u0142owa. Ze s\u0142owem Bo\u017cym mamy i\u015b\u0107 dalej w \u017cycie i przekazywa\u0107 je naszym braciom i\u00a0siostrom.<br \/>Niech Wielki Post b\u0119dzie czasem przemiany i nawr\u00f3cenia. Niech otwiera nas na Boga i\u00a0drugiego cz\u0142owieka.<\/p><p>Pozdrawiam serdecznie i pami\u0119tam o Was w modlitwie. o Kazimierz<\/p><\/div>\n\t\t\t\t<\/div>\n\t\t\t\t\t\t\t<div class=\"elementor-accordion-item\">\n\t\t\t\t\t<div id=\"elementor-tab-title-20337\" class=\"elementor-tab-title\" data-tab=\"37\" role=\"button\" aria-controls=\"elementor-tab-content-20337\" aria-expanded=\"false\">\n\t\t\t\t\t\t\t\t\t\t\t\t\t<span class=\"elementor-accordion-icon elementor-accordion-icon-left\" aria-hidden=\"true\">\n\t\t\t\t\t\t\t\t\t\t\t\t\t\t\t<span class=\"elementor-accordion-icon-closed\"><i class=\"fas fa-angle-double-down\"><\/i><\/span>\n\t\t\t\t\t\t\t\t<span class=\"elementor-accordion-icon-opened\"><i class=\"fas fa-angle-double-up\"><\/i><\/span>\n\t\t\t\t\t\t\t\t\t\t\t\t\t\t<\/span>\n\t\t\t\t\t\t\t\t\t\t\t\t<a class=\"elementor-accordion-title\" tabindex=\"0\">S\u0142owo na  I Niedziel\u0119 Wielkiego Postu 26.02.2023 r. (rok A)<\/a>\n\t\t\t\t\t<\/div>\n\t\t\t\t\t<div id=\"elementor-tab-content-20337\" class=\"elementor-tab-content elementor-clearfix\" data-tab=\"37\" role=\"region\" aria-labelledby=\"elementor-tab-title-20337\"><p>I Niedziela Wielkiego Postu 26.02.2023 r. <br \/><strong><em>Duch wyprowadzi\u0142 Jezusa na pustyni\u0119, aby by\u0142 kuszony przez diab\u0142a. A gdy po\u015bci\u0142 ju\u017c czterdzie\u015bci dni i czterdzie\u015bci nocy, poczu\u0142 w ko\u0144cu g\u0142\u00f3d. Wtedy przyst\u0105pi\u0142 kusiciel i rzek\u0142 do Niego: \u00abJe\u015bli jeste\u015b Synem Bo\u017cym, powiedz, \u017ceby te kamienie sta\u0142y si\u0119 chlebem\u00bb. Lecz On mu odpar\u0142: \u00abNapisane jest: \u201eNie samym chlebem \u017cyje cz\u0142owiek, ale ka\u017cdym s\u0142owem, kt\u00f3re pochodzi z ust Bo\u017cych\u201d\u00bb. Wtedy wzi\u0105\u0142 Go diabe\u0142 do Miasta \u015awi\u0119tego, postawi\u0142 na szczycie naro\u017cnika \u015bwi\u0105tyni i rzek\u0142 Mu: \u00abJe\u015bli jeste\u015b Synem Bo\u017cym, rzu\u0107 si\u0119 w d\u00f3\u0142, napisane jest bowiem: \u201eAnio\u0142om swoim da rozkaz co do ciebie, a na r\u0119kach nosi\u0107 ci\u0119 b\u0119d\u0105, by\u015b przypadkiem nie urazi\u0142 swej nogi o kamie\u0144\u201d\u00bb. Odrzek\u0142 mu Jezus: \u00abAle napisane jest tak\u017ce: \u201eNie b\u0119dziesz wystawia\u0142 na pr\u00f3b\u0119 Pana, Boga swego\u201d\u00bb. Jeszcze raz wzi\u0105\u0142 Go diabe\u0142 na bardzo wysok\u0105 g\u00f3r\u0119, pokaza\u0142 Mu wszystkie kr\u00f3lestwa \u015bwiata oraz ich przepych i rzek\u0142 do Niego: \u00abDam Ci to wszystko, je\u015bli upadniesz i oddasz mi pok\u0142on\u00bb. Na to odrzek\u0142 mu Jezus: \u00abId\u017a precz, szatanie! Jest bowiem napisane: \u201ePanu, Bogu swemu, b\u0119dziesz oddawa\u0142 pok\u0142on i Jemu samemu s\u0142u\u017cy\u0107 b\u0119dziesz\u201d\u00bb. Wtedy opu\u015bci\u0142 Go diabe\u0142, a oto przyst\u0105pili anio\u0142owie i us\u0142ugiwali Mu. \/Mt4,1-11\/<\/em><\/strong><br \/>**********************************************<\/p><p>W pierwsz\u0105 niedziel\u0119 Wielkiego Postu Ewangelia przenosi nas na pustyni\u0119, gdzie Jezus przebywa\u0142 na modlitwie i po\u015bcie czterdzie\u015bci dni i czterdzie\u015bci nocy. Uczyni\u0142 to przed swoj\u0105 publiczn\u0105 dzia\u0142alno\u015bci\u0105. Ewangeli\u0119 o kuszeniu Jezusa, w t\u0119 pierwsz\u0105 niedziel\u0119 Wielkiego Postu, przypomina nam o walce duchowej, kt\u00f3r\u0105 mam podejmowa\u0107 ka\u017cdego dnia, by zwyci\u0119\u017cy\u0107 pokusy z\u0142ego ducha. Diabe\u0142 od samego pocz\u0105tku jest sprytny i uderza zawsze w\u00a0czu\u0142e punkty, by wyprowadzi\u0107 cz\u0142owieka w z\u0142\u0105 drog\u0119. Tak by\u0142o z pierwszymi lud\u017ami i tak jest do dzisiaj. Jezus daje nam przyk\u0142ad jak zwyci\u0119\u017cy\u0107. W przeciwie\u0144stwie do Adama i Ewy Jezus nie daje si\u0119 zmanipulowa\u0107 diab\u0142u \u2013 zwyci\u0119sko odpiera pokusy, w mgnieniu oka znajduje w\u0142a\u015bciwe wersety w Pi\u015bmie \u015awi\u0119tym: \u201eId\u017a precz, szatanie!\u201d. Pewnie ka\u017cdy z nas, na serio zmagaj\u0105cych si\u0119 z w\u0142asnym grzechem i s\u0142abo\u015bci\u0105, marzy o tego rodzaju triumfie. Zauwa\u017cmy jednak, \u017ce to zwyci\u0119skie starcie Jezusa z szatanem poprzedzone by\u0142o czterdziestodniowym czasem postu i modlitewnego ws\u0142uchiwania si\u0119 w g\u0142os Ojca. Jezus zaprasza nas dzisiaj na pustyni\u0119, na pustyni\u0119 naszych serc, tam gdzie mo\u017cemy przebywa\u0107 sam na sam z Bogiem, tam gdzie mo\u017cemy si\u0119 wyciszy\u0107, umocni\u0107 nasz\u0105 wi\u0119\u017a z Nim, by zwyci\u0119\u017cy\u0107 codzienne pokusy z\u0142ego ducha. Czas wielkiego postu to czas, by wej\u015b\u0107 na pustyni\u0119 naszych serc, czas ciszy, czas ws\u0142uchiwania si\u0119 w S\u0142owo Bo\u017ce. Zauwa\u017cmy \u017ce diabe\u0142 r\u00f3wnie\u017c zna dobrze S\u0142owo Bo\u017ce i\u00a0ch\u0119tnie Go u\u017cywa, by manipulowa\u0107 Jezusem. Jezus &#8211; S\u0142owo wcielone &#8211; odpar\u0142 ataki cytuj\u0105c S\u0142owo Bo\u017ce. Obecny rok liturgiczny prze\u017cywamy jako rok biblijny. Niech ten czas wielkiego postu b\u0119dzie dla nas czasem ws\u0142uchiwania si\u0119 w g\u0142os Boga i w Jego S\u0142owo. \/o. Eric\/<\/p><\/div>\n\t\t\t\t<\/div>\n\t\t\t\t\t\t\t<div class=\"elementor-accordion-item\">\n\t\t\t\t\t<div id=\"elementor-tab-title-20338\" class=\"elementor-tab-title\" data-tab=\"38\" role=\"button\" aria-controls=\"elementor-tab-content-20338\" aria-expanded=\"false\">\n\t\t\t\t\t\t\t\t\t\t\t\t\t<span class=\"elementor-accordion-icon elementor-accordion-icon-left\" aria-hidden=\"true\">\n\t\t\t\t\t\t\t\t\t\t\t\t\t\t\t<span class=\"elementor-accordion-icon-closed\"><i class=\"fas fa-angle-double-down\"><\/i><\/span>\n\t\t\t\t\t\t\t\t<span class=\"elementor-accordion-icon-opened\"><i class=\"fas fa-angle-double-up\"><\/i><\/span>\n\t\t\t\t\t\t\t\t\t\t\t\t\t\t<\/span>\n\t\t\t\t\t\t\t\t\t\t\t\t<a class=\"elementor-accordion-title\" tabindex=\"0\">S\u0142owo na niedziel\u0119 VII Niedziela Zwyk\u0142a 19.02.2023 r. (rok A)<\/a>\n\t\t\t\t\t<\/div>\n\t\t\t\t\t<div id=\"elementor-tab-content-20338\" class=\"elementor-tab-content elementor-clearfix\" data-tab=\"38\" role=\"region\" aria-labelledby=\"elementor-tab-title-20338\"><p><em><strong>Jezus powiedzia\u0142 do swoich uczni\u00f3w:<\/strong><\/em><br \/><em><strong>\u00abS\u0142yszeli\u015bcie, \u017ce powiedziano: \u201eOko za oko i z\u0105b za z\u0105b\u201d. A Ja wam powiadam: Nie stawiajcie oporu z\u0142emu: lecz je\u015bli ci\u0119 kto\u015b uderzy w prawy policzek, nadstaw mu i drugi. Temu, kto chce prawowa\u0107 si\u0119 z tob\u0105 i wzi\u0105\u0107 twoj\u0105 szat\u0119, odst\u0105p i p\u0142aszcz. Zmusza ci\u0119 kto\u015b, \u017ceby i\u015b\u0107 z nim tysi\u0105c krok\u00f3w, id\u017a dwa tysi\u0105ce. Daj temu, kto ci\u0119 prosi, i nie odwracaj si\u0119 od tego, kto chce po\u017cyczy\u0107 od ciebie. <\/strong><\/em><em><strong>S\u0142yszeli\u015bcie, \u017ce powiedziano: \u201eB\u0119dziesz mi\u0142owa\u0142 swego bli\u017aniego\u201d, a nieprzyjaciela swego b\u0119dziesz nienawidzi\u0142. A Ja wam powiadam: Mi\u0142ujcie waszych nieprzyjaci\u00f3\u0142 i m\u00f3dlcie si\u0119 za tych, kt\u00f3rzy was prze\u015bladuj\u0105, aby\u015bcie si\u0119 stali synami Ojca waszego, kt\u00f3ry jest w niebie; poniewa\u017c On sprawia, \u017ce s\u0142o\u0144ce Jego wschodzi nad z\u0142ymi i nad dobrymi, i On zsy\u0142a deszcz na sprawiedliwych i niesprawiedliwych.<\/strong><\/em><br \/><em><strong>Je\u015bli bowiem mi\u0142ujecie tych, kt\u00f3rzy was mi\u0142uj\u0105, c\u00f3\u017c za nagrod\u0119 mie\u0107 b\u0119dziecie? Czy\u017c i celnicy tego nie czyni\u0105? I je\u015bli pozdrawiacie tylko swych braci, c\u00f3\u017c szczeg\u00f3lnego czynicie? Czy\u017c i poganie tego nie czyni\u0105? B\u0105d\u017acie wi\u0119c wy doskonali, jak doskona\u0142y jest Ojciec wasz niebieski\u00bb. \/ Mt 5, 38-48\/<br \/>********************************************<br \/><\/strong><\/em><\/p><p>Prosz\u0119 Czcigodnych, Drogie Siostry i Drodzy Bracia, mieszka\u0144cy, przyjaciele i sympatycy Parafii \u015bw. Jadwigi \u015al\u0105skiej, w dzisiejszej Ewangelii Jezus wzywa nas do zrezygnowania z\u00a0odwetu i do mi\u0142o\u015bci nieprzyjaci\u00f3\u0142. Jak tego dokona\u0107 my\u015bl\u0105c o wojnie za nasz\u0105 wschodni\u0105 granic\u0105? Jak mi\u0142owa\u0107 tych od kt\u00f3rych doznajmy krzywdy i przemocy? Rozpoczynamy Wielki Post. Niech to b\u0119dzie czas przemiany serca a nie tylko zewn\u0119trzne praktyki. Towarzyszmy naszemu cierpi\u0105cemu Panu w jego m\u0119ce i \u015bmierci by razem z Nim Zmartwychwsta\u0107. On za nas odda\u0142 wszystko \u2013 po gr\u00f3b i \u015bmier\u0107. W tym czasie nawr\u00f3cenia i przemiany serc znajd\u017amy czas dla Jezusa, dla naszych bliskich i dla siebie. Aby to by\u0142 owocny czas przygotowania na \u015awi\u0119ta Zmartwychwstania.<\/p><p>Pozdrawiam Was serdecznie i pami\u0119tam o Was w modlitwie \u2013 o. Kazimierz<\/p><\/div>\n\t\t\t\t<\/div>\n\t\t\t\t\t\t\t<div class=\"elementor-accordion-item\">\n\t\t\t\t\t<div id=\"elementor-tab-title-20339\" class=\"elementor-tab-title\" data-tab=\"39\" role=\"button\" aria-controls=\"elementor-tab-content-20339\" aria-expanded=\"false\">\n\t\t\t\t\t\t\t\t\t\t\t\t\t<span class=\"elementor-accordion-icon elementor-accordion-icon-left\" aria-hidden=\"true\">\n\t\t\t\t\t\t\t\t\t\t\t\t\t\t\t<span class=\"elementor-accordion-icon-closed\"><i class=\"fas fa-angle-double-down\"><\/i><\/span>\n\t\t\t\t\t\t\t\t<span class=\"elementor-accordion-icon-opened\"><i class=\"fas fa-angle-double-up\"><\/i><\/span>\n\t\t\t\t\t\t\t\t\t\t\t\t\t\t<\/span>\n\t\t\t\t\t\t\t\t\t\t\t\t<a class=\"elementor-accordion-title\" tabindex=\"0\">S\u0142owo na niedziel\u0119 VI Niedziela Zwyk\u0142a 12.02.2023 r. (rok A)<\/a>\n\t\t\t\t\t<\/div>\n\t\t\t\t\t<div id=\"elementor-tab-content-20339\" class=\"elementor-tab-content elementor-clearfix\" data-tab=\"39\" role=\"region\" aria-labelledby=\"elementor-tab-title-20339\"><p><strong><em>Jezus powiedzia\u0142 do\u00a0swoich uczni\u00f3w: \u00abJe\u015bli wasza sprawiedliwo\u015b\u0107 nie b\u0119dzie wi\u0119ksza ni\u017c uczonych w\u00a0Pi\u015bmie i\u00a0faryzeusz\u00f3w, nie wejdziecie do\u00a0kr\u00f3lestwa niebieskiego. S\u0142yszeli\u015bcie, \u017ce\u00a0powiedziano przodkom: \u201eNie zabijaj\u201d; a kto by\u00a0si\u0119 dopu\u015bci\u0142 zab\u00f3jstwa, podlega s\u0105dowi. A\u00a0Ja wam powiadam: Ka\u017cdy, kto si\u0119 gniewa na\u00a0swego brata, podlega s\u0105dowi. S\u0142yszeli\u015bcie, \u017ce\u00a0powiedziano: \u201eNie cudzo\u0142\u00f3\u017c\u201d. A\u00a0Ja wam powiadam: Ka\u017cdy, kto po\u017c\u0105dliwie patrzy na\u00a0kobiet\u0119, ju\u017c si\u0119 w\u00a0swoim sercu dopu\u015bci\u0142 z\u00a0ni\u0105 cudzo\u0142\u00f3stwa. S\u0142yszeli\u015bcie r\u00f3wnie\u017c, \u017ce\u00a0powiedziano przodkom: \u201eNie b\u0119dziesz fa\u0142szywie przysi\u0119ga\u0142, lecz dotrzymasz Panu swej przysi\u0119gi\u201d. A\u00a0 Ja wam powiadam: Wcale nie przysi\u0119gajcie. Niech wasza mowa b\u0119dzie: Tak, tak; nie, nie. A\u00a0co nadto jest, od\u00a0Z\u0142ego pochodzi\u00bb.<\/em><\/strong><br \/><strong><em>\/ Mt 5, 20-22a. 27-28. 33-34a. 37\/<br \/>*************************************************<br \/><\/em><\/strong><\/p><p>\u201eNie zabijaj\u201d; \u201eNie cudzo\u0142\u00f3\u017c\u201d, \u201eNie b\u0119dziesz fa\u0142szywie przysi\u0119ga\u0142, lecz dotrzymasz Panu swej przysi\u0119gi\u201d. A\u00a0Ja wam powiadam: (\u2026.). Oto sedno nauczania Jezusa z dzisiejszej Ewangelii. W judaizmie cz\u0142owiek sprawiedliwy to taki, kt\u00f3ry wype\u0142nia Prawo nadane przez Boga. Jezus daje nam inne spojrzenie na Prawo Bo\u017ce. Jezus ucina domys\u0142y, twierdz\u0105ce, \u017ce od Jego przyj\u015bcia Prawo zostaje zawieszone czy zniesione. Nie s\u0105d\u017acie, \u017ce przyszed\u0142em znie\u015b\u0107 Prawo albo Prorok\u00f3w. Nie przyszed\u0142em znie\u015b\u0107, ale wype\u0142ni\u0107 (Mt 5,17). Dlatego nowa sprawiedliwo\u015b\u0107 chrze\u015bcija\u0144ska przekracza Stary Testament, bo skupia si\u0119 wok\u00f3\u0142 osoby Jezusa, kt\u00f3ry sam staje si\u0119 Nowym Prawem, Now\u0105 Tor\u0105 i tym, kt\u00f3ry wype\u0142nia prawo. Wszystkie zapowiedzi i proroctwa mesja\u0144skie spe\u0142ni\u0142y si\u0119 w Chrystusie. On doskonale wype\u0142ni\u0142 wol\u0119 Ojca zawart\u0105 w przykazaniach i Stare Prawo zostaje dope\u0142nione i udoskonalone. W taki spos\u00f3b nale\u017cy spojrze\u0107 na poszczeg\u00f3lne nakazy zawarte w dzisiejszym fragmencie. Przykazania z Dekalogu by\u0142y oparte na negatywnych nakazach \u201enie b\u0119dziesz\u2026\u201d. Natomiast Jezus ukazuje pozytywne oblicze Prawa: \u201ea ja wam powiadam\u2026\u201d &#8211; b\u0119dziesz!. Chrze\u015bcijanin ma spe\u0142nia\u0107 przykazania oparte na zakazach, ale jest jednocze\u015bnie wezwany do wznio\u015blejszej moralno\u015bci, kt\u00f3ra wynika z mi\u0142o\u015bci Boga i bli\u017aniego, nawet wroga. Nowa droga sprawiedliwo\u015bci to droga mi\u0142o\u015bci, to droga, kt\u00f3ra upodabnia do Chrystusa. Dlatego pro\u015bmy o otwarto\u015b\u0107 naszych serc aby\u015bmy pozytywnie przyjmowali Bo\u017ce przykazania i wype\u0142niali je w naszej codzienno\u015bci \/o. Eric\/<\/p><\/div>\n\t\t\t\t<\/div>\n\t\t\t\t\t\t\t<div class=\"elementor-accordion-item\">\n\t\t\t\t\t<div id=\"elementor-tab-title-20340\" class=\"elementor-tab-title\" data-tab=\"40\" role=\"button\" aria-controls=\"elementor-tab-content-20340\" aria-expanded=\"false\">\n\t\t\t\t\t\t\t\t\t\t\t\t\t<span class=\"elementor-accordion-icon elementor-accordion-icon-left\" aria-hidden=\"true\">\n\t\t\t\t\t\t\t\t\t\t\t\t\t\t\t<span class=\"elementor-accordion-icon-closed\"><i class=\"fas fa-angle-double-down\"><\/i><\/span>\n\t\t\t\t\t\t\t\t<span class=\"elementor-accordion-icon-opened\"><i class=\"fas fa-angle-double-up\"><\/i><\/span>\n\t\t\t\t\t\t\t\t\t\t\t\t\t\t<\/span>\n\t\t\t\t\t\t\t\t\t\t\t\t<a class=\"elementor-accordion-title\" tabindex=\"0\">S\u0142owo na niedziel\u0119 V Niedziela Zwyk\u0142a 05.02.2023 r. (rok A)<\/a>\n\t\t\t\t\t<\/div>\n\t\t\t\t\t<div id=\"elementor-tab-content-20340\" class=\"elementor-tab-content elementor-clearfix\" data-tab=\"40\" role=\"region\" aria-labelledby=\"elementor-tab-title-20340\"><p><em><strong>Jezus powiedzia\u0142 do swoich uczni\u00f3w:<\/strong><\/em><br \/><em><strong>\u00abWy jeste\u015bcie sol\u0105 ziemi. Lecz je\u015bli s\u00f3l utraci sw\u00f3j smak, czym\u017ce j\u0105 posoli\u0107? Na nic si\u0119 ju\u017c nie przyda, chyba na wyrzucenie i podeptanie przez ludzi. Wy jeste\u015bcie \u015bwiat\u0142em \u015bwiata. Nie mo\u017ce si\u0119 ukry\u0107 miasto po\u0142o\u017cone na g\u00f3rze. Nie zapala si\u0119 te\u017c lampy i nie umieszcza pod korcem, ale na \u015bwieczniku, aby \u015bwieci\u0142a wszystkim, kt\u00f3rzy s\u0105 w domu. Tak niech wasze \u015bwiat\u0142o ja\u015bnieje przed lud\u017ami, aby widzieli wasze dobre uczynki i chwalili Ojca waszego, kt\u00f3ry jest w niebie\u00bb. \/Mt 5, 13-16\/<\/strong><\/em><br \/>***********************************************<\/p><p><br \/>W dzisiejszej Ewangelii Jezus zwraca si\u0119 do swoich uczni\u00f3w: Wy jeste\u015bcie sol\u0105 ziemi (..), Wy jeste\u015bcie \u015bwiat\u0142em \u015bwiata. Celem ukazania zadania, jakie staje przed uczniami, Jezus si\u0119ga po kilka alegorii. Izraelici uwa\u017cali s\u00f3l za niezb\u0119dn\u0105 do \u017cycia. Ksi\u0119ga M\u0105dro\u015bci Syracha m\u00f3wi: \u201eRzeczy pierwszej potrzeby dla \u017cycia cz\u0142owieka \u2013 to: woda, ogie\u0144, \u017celazo i s\u00f3l, m\u0105ka pszenna, mleko i mi\u00f3d, krew winogron, oliwa i odzienie: wszystko to s\u0142u\u017cy bogobojnym ku dobremu, grzesznikom za\u015b obr\u00f3ci si\u0119 na nieszcz\u0119\u015bcie\u201d (Syr 39,26-27). Pos\u0142uguj\u0105c si\u0119 tymi obrazami, Jezus chce po\u0142o\u017cy\u0107 akcent na zadania powierzone uczniom, kt\u00f3rzy s\u0105 pos\u0142ani do \u015bwiata, by w\u00a0nim \u017cy\u0107 nie w spos\u00f3b odr\u0119bny i odizolowany, ale w spos\u00f3b alternatywny przez swoje \u015bwiadectwo \u017cycia. Je\u015bli chrze\u015bcijanin traci sw\u00f3j zapa\u0142 ewangelizacyjny, staje si\u0119 podobny do soli, kt\u00f3ra straci\u0142a sw\u00f3j smak i nie nadaje si\u0119 do niczego. Je\u015bli chrze\u015bcijanin nie promieniuje jak \u015bwiat\u0142o, to mija si\u0119 ze swoim powo\u0142aniem. Bez naszego \u015bwiat\u0142a, czyli \u015bwiadectwa \u017cycia, nasze na\u015bladowanie Chrystusa staje si\u0119 ma\u0142o wyra\u017ane. Wszyscy jeste\u015bmy zgodni co tego kryzysu wiary wsp\u00f3\u0142czesnego \u015bwiata. Jezus nas zaprasza, aby\u015bmy o\u017cywili nasz\u0105 wiar\u0119 i\u00a0\u015bwiadczyli o niej. \u201eTak niech wasze \u015bwiat\u0142o ja\u015bnieje przed lud\u017ami, aby widzieli wasze dobre uczynki i\u00a0chwalili Ojca waszego, kt\u00f3ry jest w niebie.\u201d \/o. Eric\/<\/p><\/div>\n\t\t\t\t<\/div>\n\t\t\t\t\t\t\t<div class=\"elementor-accordion-item\">\n\t\t\t\t\t<div id=\"elementor-tab-title-20341\" class=\"elementor-tab-title\" data-tab=\"41\" role=\"button\" aria-controls=\"elementor-tab-content-20341\" aria-expanded=\"false\">\n\t\t\t\t\t\t\t\t\t\t\t\t\t<span class=\"elementor-accordion-icon elementor-accordion-icon-left\" aria-hidden=\"true\">\n\t\t\t\t\t\t\t\t\t\t\t\t\t\t\t<span class=\"elementor-accordion-icon-closed\"><i class=\"fas fa-angle-double-down\"><\/i><\/span>\n\t\t\t\t\t\t\t\t<span class=\"elementor-accordion-icon-opened\"><i class=\"fas fa-angle-double-up\"><\/i><\/span>\n\t\t\t\t\t\t\t\t\t\t\t\t\t\t<\/span>\n\t\t\t\t\t\t\t\t\t\t\t\t<a class=\"elementor-accordion-title\" tabindex=\"0\">S\u0142owo na niedziel\u0119 IV Niedziela Zwyk\u0142a 29.01.2023 r. (rok A)<\/a>\n\t\t\t\t\t<\/div>\n\t\t\t\t\t<div id=\"elementor-tab-content-20341\" class=\"elementor-tab-content elementor-clearfix\" data-tab=\"41\" role=\"region\" aria-labelledby=\"elementor-tab-title-20341\"><p><em><strong>Jezus, widz\u0105c t\u0142umy, wyszed\u0142 na g\u00f3r\u0119. A gdy usiad\u0142, przyst\u0105pili do Niego Jego uczniowie. Wtedy otworzy\u0142 usta i naucza\u0142 ich tymi s\u0142owami: \u00abB\u0142ogos\u0142awieni ubodzy w duchu, albowiem do nich nale\u017cy kr\u00f3lestwo niebieskie. B\u0142ogos\u0142awieni, kt\u00f3rzy si\u0119 smuc\u0105, albowiem oni b\u0119d\u0105 pocieszeni. B\u0142ogos\u0142awieni cisi, albowiem oni na w\u0142asno\u015b\u0107 posi\u0105d\u0105 ziemi\u0119. B\u0142ogos\u0142awieni, kt\u00f3rzy \u0142akn\u0105 i pragn\u0105 sprawiedliwo\u015bci, albowiem oni b\u0119d\u0105 nasyceni. B\u0142ogos\u0142awieni mi\u0142osierni, albowiem oni mi\u0142osierdzia dost\u0105pi\u0105. B\u0142ogos\u0142awieni czystego serca, albowiem oni Boga ogl\u0105da\u0107 b\u0119d\u0105. B\u0142ogos\u0142awieni, kt\u00f3rzy wprowadzaj\u0105 pok\u00f3j, albowiem oni b\u0119d\u0105 nazwani synami Bo\u017cymi. B\u0142ogos\u0142awieni, kt\u00f3rzy cierpi\u0105 prze\u015bladowanie dla sprawiedliwo\u015bci, albowiem do nich nale\u017cy kr\u00f3lestwo niebieskie. B\u0142ogos\u0142awieni jeste\u015bcie, gdy wam ur\u0105gaj\u0105 i prze\u015bladuj\u0105 was i gdy z mego powodu m\u00f3wi\u0105 k\u0142amliwie wszystko z\u0142e o was. Cieszcie si\u0119 i radujcie, albowiem wielka jest wasza nagroda w niebie\u00bb. \/Mt 5, 1-12a\/<\/strong><\/em><br \/>*************************************************<\/p><p>Prosz\u0119 Czcigodnych, Drogie Siostry i Drodzy Bracia, mieszka\u0144cy, przyjaciele i\u00a0sympatycy Parafii \u015bw. Jadwigi \u015al\u0105skiej, dzisiaj obchodzimy wspomnienie \u015bw. J\u00f3zefa Freinademetza \u2013 pierwszego misjonarza Zgromadzenia S\u0142owa Bo\u017cego.\u00a0 Chi\u0144czycy, w\u015br\u00f3d kt\u00f3rych pracowa\u0142 o.\u00a0J\u00f3zef nazywali go &#8222;Fu&#8221;, to znaczy &#8222;szcz\u0119\u015bcie&#8221;. Jak\u017ce wiarygodnie musia\u0142y brzmie\u0107 w jego ustach s\u0142owa: &#8222;J\u0119zyk mi\u0142o\u015bci jest jedynym j\u0119zykiem, kt\u00f3ry rozumiej\u0105 wszyscy ludzie&#8221;. Ten dzielny misjonarz i \u015bwiadek Chrystusa by\u0142 b\u0142ogos\u0142awiony \u2013 tzn. szcz\u0119\u015bliwy. Mimo prze\u015bladowa\u0144, niezrozumienia i trudnych warunk\u00f3w, pokocha\u0142 Chi\u0144czyk\u00f3w i po\u015bwi\u0119ci\u0142 im ca\u0142e swoje \u017cycie. Dzi\u0119ki \u0142asce Boga zrozumia\u0142 inn\u0105 kultur\u0119 i odda\u0142 \u017cycie g\u0142oszeniu Ewangelii tak, by dotar\u0142a ona do jak najwi\u0119kszej liczby os\u00f3b. W homilii wyg\u0142oszonej w czasie kanonizacji \u015bw. Jan Pawe\u0142 II powiedzia\u0142 o nim, \u017ce \u201eZ prawdziwie g\u00f3ralskim uporem ten wielkoduszny \u00ab\u015bwiadek mi\u0142o\u015bci\u00bb odda\u0142 si\u0119 ca\u0142kowicie chi\u0144skim ludom w po\u0142udniowym Szantungu. Z mi\u0142o\u015bci i z mi\u0142o\u015bci\u0105 dzieli\u0142 ich los, (\u2026.) \u015awi\u0119ty ten, (to) doskona\u0142y wz\u00f3r\u00a0 ewangelicznej inkulturacji, na\u015bladowa\u0142 Jezusa, kt\u00f3ry zbawi\u0142 ludzi, w pe\u0142ni dziel\u0105c ich \u017cycie\u201d.<\/p><p>Pozdrawiam Was serdecznie i pami\u0119tam o Was w modlitwie.\u00a0 o. Kazimierz<\/p><\/div>\n\t\t\t\t<\/div>\n\t\t\t\t\t\t\t<div class=\"elementor-accordion-item\">\n\t\t\t\t\t<div id=\"elementor-tab-title-20342\" class=\"elementor-tab-title\" data-tab=\"42\" role=\"button\" aria-controls=\"elementor-tab-content-20342\" aria-expanded=\"false\">\n\t\t\t\t\t\t\t\t\t\t\t\t\t<span class=\"elementor-accordion-icon elementor-accordion-icon-left\" aria-hidden=\"true\">\n\t\t\t\t\t\t\t\t\t\t\t\t\t\t\t<span class=\"elementor-accordion-icon-closed\"><i class=\"fas fa-angle-double-down\"><\/i><\/span>\n\t\t\t\t\t\t\t\t<span class=\"elementor-accordion-icon-opened\"><i class=\"fas fa-angle-double-up\"><\/i><\/span>\n\t\t\t\t\t\t\t\t\t\t\t\t\t\t<\/span>\n\t\t\t\t\t\t\t\t\t\t\t\t<a class=\"elementor-accordion-title\" tabindex=\"0\">S\u0142owo na niedziel\u0119 III Niedziela Zwyk\u0142a 22.01.2023 r. (rok A)<\/a>\n\t\t\t\t\t<\/div>\n\t\t\t\t\t<div id=\"elementor-tab-content-20342\" class=\"elementor-tab-content elementor-clearfix\" data-tab=\"42\" role=\"region\" aria-labelledby=\"elementor-tab-title-20342\"><p>Gdy Jezus pos\u0142ysza\u0142, \u017ce Jan zosta\u0142 uwi\u0119ziony, usun\u0105\u0142 si\u0119 do Galilei. Opu\u015bci\u0142 jednak Nazaret, przyszed\u0142 i osiad\u0142 w Kafarnaum nad jeziorem, na pograniczu ziem Zabulona i Neftalego. Tak mia\u0142o si\u0119 spe\u0142ni\u0107 s\u0142owo proroka Izajasza: \u00abZiemia Zabulona i ziemia Neftalego, na drodze ku morzu, Zajordanie, Galilea pogan! Lud, kt\u00f3ry siedzia\u0142 w ciemno\u015bci, ujrza\u0142 \u015bwiat\u0142o wielkie, i mieszka\u0144com cienistej krainy \u015bmierci wzesz\u0142o \u015bwiat\u0142o\u00bb. Odt\u0105d pocz\u0105\u0142 Jezus naucza\u0107 i m\u00f3wi\u0107: \u00abNawracajcie si\u0119, albowiem bliskie jest kr\u00f3lestwo niebieskie\u00bb.<br \/>Przechodz\u0105c obok Jeziora Galilejskiego, Jezus ujrza\u0142 dw\u00f3ch braci: Szymona, zwanego Piotrem, i brata jego, Andrzeja, jak zarzucali sie\u0107 w jezioro; byli bowiem rybakami. I\u00a0rzek\u0142 do nich: \u00abP\u00f3jd\u017acie za Mn\u0105, a uczyni\u0119 was rybakami ludzi\u00bb. Oni natychmiast, zostawiwszy sieci, poszli za Nim. A id\u0105c stamt\u0105d dalej, ujrza\u0142 innych dw\u00f3ch braci: Jakuba, syna Zebedeusza, i brata jego, Jana, jak z ojcem swym Zebedeuszem naprawiali w \u0142odzi swe sieci. Ich te\u017c powo\u0142a\u0142. A oni natychmiast zostawili \u0142\u00f3d\u017a i ojca i poszli za Nim.<br \/>I obchodzi\u0142 Jezus ca\u0142\u0105 Galile\u0119, nauczaj\u0105c w tamtejszych synagogach, g\u0142osz\u0105c Ewangeli\u0119 o kr\u00f3lestwie i lecz\u0105c wszelkie choroby i wszelkie s\u0142abo\u015bci w\u015br\u00f3d ludu. (Mt 4, 12-23)<br \/>***************************************<\/p><p>Dzisiejsza Ewangelia pokazuje nam Jezusa, kt\u00f3ry rozpoczyna swoj\u0105 dzia\u0142alno\u015b\u0107 wzywaj\u0105c do nawr\u00f3cenia: \u201eNawracajcie si\u0119, albowiem bliskie jest kr\u00f3lestwo niebieskie\u201d. Do Szymona i\u00a0jego brata Andrzeja kieruje s\u0142owa: \u201eP\u00f3jd\u017acie za Mn\u0105, a uczyni\u0119 was rybakami ludzi\u2019\u2019. Ewangeli\u015bci zanotowali gotowo\u015b\u0107 tych braci do p\u00f3j\u015bcia za Chrystusem. Tak samo uczynili Jakub i jego brat Jan, kt\u00f3rzy nie wahali si\u0119 zostawi\u0107 swego ojca i dotychczasowego \u017cycia, by i\u015b\u0107 za Chrystusem. Stali si\u0119 uczniami Jezusa, kroczyli za Nim s\u0142uchaj\u0105c Jego nauczania i\u00a0widz\u0105c cuda, kt\u00f3re zdzia\u0142a\u0142. Aposto\u0142owie staj\u0105 si\u0119 dla nas wzorem odpowiedzi cz\u0142owieka na zaproszenie Boga. Wszyscy jeste\u015bmy powo\u0142ani przez Chrystusa, by i\u015b\u0107 za Nim, by s\u0142ucha\u0107 Jego s\u0142owa i by\u0107 Jego \u015bwiadkami w\u00a0dzisiejszym \u015bwiecie. G\u0142osz\u0105c Ewangeli\u0119 o kr\u00f3lestwie i\u00a0lecz\u0105c wszystkie choroby pan Jezus pokazuje nam, Jego uczniom, jak powinna wygl\u0105da\u0107 realizacja naszego powo\u0142ania. Sta\u0142 si\u0119 przyk\u0142adem konsekwentnego kroczenia drogami ewangelicznej mi\u0142o\u015bci. Pokaza\u0142 drog\u0119 stawania si\u0119 darem dla innych. We wsp\u00f3\u0142czesnym \u015bwiecie na\u015bladowanie tej postawy nie jest \u0142atwe, dlatego pro\u015bmy o potrzebne nam \u0142aski w\u00a0codziennej realizacji naszego powo\u0142ania. o. Eric<\/p><\/div>\n\t\t\t\t<\/div>\n\t\t\t\t\t\t\t<div class=\"elementor-accordion-item\">\n\t\t\t\t\t<div id=\"elementor-tab-title-20343\" class=\"elementor-tab-title\" data-tab=\"43\" role=\"button\" aria-controls=\"elementor-tab-content-20343\" aria-expanded=\"false\">\n\t\t\t\t\t\t\t\t\t\t\t\t\t<span class=\"elementor-accordion-icon elementor-accordion-icon-left\" aria-hidden=\"true\">\n\t\t\t\t\t\t\t\t\t\t\t\t\t\t\t<span class=\"elementor-accordion-icon-closed\"><i class=\"fas fa-angle-double-down\"><\/i><\/span>\n\t\t\t\t\t\t\t\t<span class=\"elementor-accordion-icon-opened\"><i class=\"fas fa-angle-double-up\"><\/i><\/span>\n\t\t\t\t\t\t\t\t\t\t\t\t\t\t<\/span>\n\t\t\t\t\t\t\t\t\t\t\t\t<a class=\"elementor-accordion-title\" tabindex=\"0\">S\u0142owo na niedziel\u0119 Uroczysto\u015b\u0107 \u015aw. Arnolda Janssena SVD 15.01.2023 (rok A)<\/a>\n\t\t\t\t\t<\/div>\n\t\t\t\t\t<div id=\"elementor-tab-content-20343\" class=\"elementor-tab-content elementor-clearfix\" data-tab=\"43\" role=\"region\" aria-labelledby=\"elementor-tab-title-20343\"><p><strong><em>Na pocz\u0105tku by\u0142o S\u0142owo, a S\u0142owo by\u0142o u Boga, i Bogiem by\u0142o S\u0142owo. Ono by\u0142o na pocz\u0105tku u Boga. Wszystko przez Nie si\u0119 sta\u0142o, a bez Niego nic si\u0119 nie sta\u0142o, co si\u0119 sta\u0142o. W Nim by\u0142o \u017cycie, a \u017cycie by\u0142o \u015bwiat\u0142o\u015bci\u0105 ludzi, a \u015bwiat\u0142o\u015b\u0107 w ciemno\u015bci \u015bwieci i ciemno\u015b\u0107 jej nie ogarn\u0119\u0142a. By\u0142a \u015bwiat\u0142o\u015b\u0107 prawdziwa, kt\u00f3ra o\u015bwieca ka\u017cdego cz\u0142owieka, gdy na \u015bwiat przychodzi. Na \u015bwiecie by\u0142o S\u0142owo, a \u015bwiat sta\u0142 si\u0119 przez Nie, lecz \u015bwiat Go nie pozna\u0142. Przysz\u0142o do swojej w\u0142asno\u015bci, a swoi Go nie przyj\u0119li. Wszystkim tym jednak, kt\u00f3rzy Je przyj\u0119li, da\u0142o moc, aby si\u0119 stali dzie\u0107mi Bo\u017cymi, tym, kt\u00f3rzy wierz\u0105 w imi\u0119 Jego &#8211; kt\u00f3rzy ani z krwi, ani z \u017c\u0105dzy cia\u0142a, ani z woli m\u0119\u017ca, ale z Boga si\u0119 narodzili.A S\u0142owo sta\u0142o si\u0119 cia\u0142em i zamieszka\u0142o w\u015br\u00f3d\u00a0 nas. I ogl\u0105dali\u015bmy Jego chwa\u0142\u0119, chwa\u0142\u0119, jak\u0105 Jednorodzony otrzymuje od Ojca, pe\u0142en \u0142aski i prawdy. Z Jego pe\u0142no\u015bci wszyscy\u015bmy otrzymali &#8211; \u0142ask\u0119 po \u0142asce. Podczas gdy Prawo zosta\u0142o nadane przez Moj\u017cesza, \u0142aska i prawda przysz\u0142y przez Jezusa Chrystusa. Boga nikt nigdy nie widzia\u0142, Ten Jednorodzony B\u00f3g, kt\u00f3ry jest w \u0142onie Ojca, o Nim pouczy\u0142. <\/em><\/strong><br \/><strong><em>(J 1, 1-5. 9-14. 1<br \/><\/em><\/strong><\/p><p>***********************************************<\/p><p>Prosz\u0119 Czcigodnych, Drogie Siostry i Drodzy Bracia, mieszka\u0144cy, przyjaciele i sympatycy Parafii \u015bw. Jadwigi \u015al\u0105skiej, dzisiaj obchodzimy uroczysto\u015b\u0107 \u015bw. Arnolda Janssena \u2013 za\u0142o\u017cyciela Zgromadzenia S\u0142owa Bo\u017cego \u2013 misjonarzy werbist\u00f3w. Tak\u017ce dw\u00f3ch Zgromadze\u0144 si\u00f3str misyjnych &#8211; S\u0142u\u017cebnic Ducha \u015awi\u0119tego. Jeden z koleg\u00f3w seminaryjnych Arnolda wspomina\u0142 po latach, \u017ce gdyby w seminarium szukano kogo\u015b do rozpocz\u0119cia dzie\u0142a misyjnego, seminarzy\u015bci nie typowaliby do tego Janssena. By\u0142o wielu bardziej zdolnych i\u00a0przedsi\u0119biorczych. Jednak ci wszyscy obdarzeni tyloma i\u00a0zdolno\u015bciami nie mieli odwagi i\u00a0maryjnej gotowo\u015bci wsp\u00f3\u0142pracy z Bogiem, jak\u0105 mia\u0142 w\u0142a\u015bnie Arnold Janssen. Odwaga misyjna by\u0142a zakorzeniona w\u00a0duchowo\u015bci S\u0142owa Bo\u017cego. Dla Arnolda S\u0142owo Bo\u017ce przynios\u0142o \u015bwiatu pe\u0142ni\u0119 \u017cycia. Bo\u017ce S\u0142owo sta\u0142o si\u0119 tak\u017ce \u015bwiat\u0142em \u015bwiata i wskazuje ludziom drog\u0119, jak osi\u0105gn\u0105\u0107 t\u0119 pe\u0142ni\u0119 \u017cycia. My, kt\u00f3rzy\u015bmy w Nie uwierzyli i stali si\u0119 uczestnikami tej pe\u0142ni, zostali\u015bmy powo\u0142ani, aby g\u0142osi\u0107 \u015bwiatu S\u0142owo, kt\u00f3re sta\u0142o si\u0119 cia\u0142em i zamieszka\u0142o w\u015br\u00f3d nas, a zarazem dawa\u0107 \u015bwiadectwo S\u0142owu jako misjonarze. (<a href=\"http:\/\/www.bp.ecclesia.org.pl\/swiety.arnold.html\">http:\/\/www.bp.ecclesia.org.pl\/swiety.arnold.html<\/a> Dzi\u0119kujemy za \u017cycie tego skromnego kap\u0142ana, kt\u00f3remu zale\u017ca\u0142o na zbawieniu ka\u017cdego cz\u0142owieka. Dlatego ca\u0142e \u017cycie po\u015bwi\u0119ci\u0142 dzie\u0142u misyjnemu Ko\u015bcio\u0142a \u015bwi\u0119tego, ku czci najs\u0142odszego S\u0142owa, kt\u00f3re zst\u0105pi\u0142o z\u00a0nieba, aby nam, ubogim mieszka\u0144com ziemi, umo\u017cliwi\u0107 uczestnictwo w\u00a0Jego niebieskich skarbach.<\/p><p>Pozdrawiam Was serdecznie i pami\u0119tam o Was w modlitwie. o. Kazimierz<\/p><\/div>\n\t\t\t\t<\/div>\n\t\t\t\t\t\t\t<div class=\"elementor-accordion-item\">\n\t\t\t\t\t<div id=\"elementor-tab-title-20344\" class=\"elementor-tab-title\" data-tab=\"44\" role=\"button\" aria-controls=\"elementor-tab-content-20344\" aria-expanded=\"false\">\n\t\t\t\t\t\t\t\t\t\t\t\t\t<span class=\"elementor-accordion-icon elementor-accordion-icon-left\" aria-hidden=\"true\">\n\t\t\t\t\t\t\t\t\t\t\t\t\t\t\t<span class=\"elementor-accordion-icon-closed\"><i class=\"fas fa-angle-double-down\"><\/i><\/span>\n\t\t\t\t\t\t\t\t<span class=\"elementor-accordion-icon-opened\"><i class=\"fas fa-angle-double-up\"><\/i><\/span>\n\t\t\t\t\t\t\t\t\t\t\t\t\t\t<\/span>\n\t\t\t\t\t\t\t\t\t\t\t\t<a class=\"elementor-accordion-title\" tabindex=\"0\">S\u0142owo na niedziel\u0119 Niedziela Chrztu Pa\u0144skiego 08.01.2023 (rok A)<\/a>\n\t\t\t\t\t<\/div>\n\t\t\t\t\t<div id=\"elementor-tab-content-20344\" class=\"elementor-tab-content elementor-clearfix\" data-tab=\"44\" role=\"region\" aria-labelledby=\"elementor-tab-title-20344\"><p><strong><em>Jezus przyszed\u0142 z Galilei nad Jordan do Jana, \u017ceby przyj\u0105\u0107 od niego chrzest. Lecz Jan powstrzymywa\u0142 Go, m\u00f3wi\u0105c: \u201eTo ja potrzebuj\u0119 chrztu od Ciebie, a Ty przychodzisz do mnie?\u201d Jezus mu odpowiedzia\u0142: \u201eUst\u0105p teraz, bo tak godzi si\u0119 nam wype\u0142ni\u0107 wszystko, co sprawiedliwe\u201d. Wtedy Mu ust\u0105pi\u0142. A gdy Jezus zosta\u0142 ochrzczony, natychmiast wyszed\u0142 z\u00a0wody. A oto otworzy\u0142y si\u0119 nad Nim niebiosa i ujrza\u0142 ducha Bo\u017cego zst\u0119puj\u0105cego jak go\u0142\u0119bica i przychodz\u0105cego nad Niego. A oto g\u0142os z\u00a0nieba m\u00f3wi\u0142: \u201eTen jest m\u00f3j Syn umi\u0142owany, w kt\u00f3rym mam upodobanie\u201d. (Mt 3, 13-17)<br \/>**************************************************<br \/><\/em><\/strong><\/p><p>Niedziela Chrztu Pa\u0144skiego liturgicznie ko\u0144czy okres Bo\u017cego narodzenia. Po uroczysto\u015bci Objawienia Pa\u0144skiego, liturgia przenosi nas dzisiaj nad Jordan, gdzie Jezus przyjmuje chrzest z r\u0105k Jana Chrzciciela. Jezus tak jak inni przychodzi do Jana i prosi o chrzest, nie dlatego, \u017ce potrzebowa\u0142 chrztu, ale \u017ceby Ojciec m\u00f3g\u0142 objawi\u0107 swojego umi\u0142owanego Syna: \u201eA gdy Jezus zosta\u0142 ochrzczony, natychmiast wyszed\u0142 z wody. A oto otworzy\u0142y si\u0119 nad Nim niebiosa i ujrza\u0142 ducha Bo\u017cego zst\u0119puj\u0105cego jak go\u0142\u0119bica i\u00a0przychodz\u0105cego nad Niego. A oto g\u0142os z nieba m\u00f3wi\u0142: \u201eTen jest m\u00f3j Syn umi\u0142owany, w kt\u00f3rym mam upodobanie\u201d. W swojej homilii wyg\u0142oszonej 13 stycznia 2013 papie\u017c Benedykt XVI przypomina, \u017ce w obliczu tego pokornego aktu mi\u0142o\u015bci Syna Bo\u017cego, otwiera si\u0119 niebo i Duch \u015awi\u0119ty wyra\u017anie si\u0119 ukazuje si\u0119 w postaci go\u0142\u0119bicy, podczas gdy g\u0142os z wysoka wyra\u017ca upodobanie Ojca, kt\u00f3ry uznaje, \u017ce jest to Jego Jednorodzony Syn, Umi\u0142owany. Chodzi o prawdziwe objawienie si\u0119 Tr\u00f3jcy \u015awi\u0119tej, kt\u00f3ra za\u015bwiadcza o bosko\u015bci Jezusa, o tym, \u017ce jest On obiecanym Mesjaszem, Tym, kt\u00f3rego B\u00f3g pos\u0142a\u0142, aby wyzwoli\u0142 sw\u00f3j lud, aby zosta\u0142 zbawiony (por. Iz 40,2). W sakramencie chrztu \u015bwi\u0119tego zostali\u015bmy zanurzeni w\u00a0tajemnic\u0119 Tr\u00f3jcy \u015bwi\u0119tej. Zostali\u015bmy dzie\u0107mi Bo\u017cymi i\u00a0rzeczywi\u015bcie nimi jeste\u015bmy. Dlatego dzi\u0119kujmy dzisiaj za ten niewys\u0142owiony dar. Niech nasze my\u015bli i\u00a0podzi\u0119kowanie p\u0142yn\u0105 wzgl\u0119dem Tr\u00f3jcy przenaj\u015bwi\u0119tszej, naszych rodzic\u00f3w, chrzestnych i szafarzy dzi\u0119ki kt\u00f3rym dost\u0105pili\u015bmy tej \u0142aski. o. Eric<\/p><\/div>\n\t\t\t\t<\/div>\n\t\t\t\t\t\t\t<div class=\"elementor-accordion-item\">\n\t\t\t\t\t<div id=\"elementor-tab-title-20345\" class=\"elementor-tab-title\" data-tab=\"45\" role=\"button\" aria-controls=\"elementor-tab-content-20345\" aria-expanded=\"false\">\n\t\t\t\t\t\t\t\t\t\t\t\t\t<span class=\"elementor-accordion-icon elementor-accordion-icon-left\" aria-hidden=\"true\">\n\t\t\t\t\t\t\t\t\t\t\t\t\t\t\t<span class=\"elementor-accordion-icon-closed\"><i class=\"fas fa-angle-double-down\"><\/i><\/span>\n\t\t\t\t\t\t\t\t<span class=\"elementor-accordion-icon-opened\"><i class=\"fas fa-angle-double-up\"><\/i><\/span>\n\t\t\t\t\t\t\t\t\t\t\t\t\t\t<\/span>\n\t\t\t\t\t\t\t\t\t\t\t\t<a class=\"elementor-accordion-title\" tabindex=\"0\">S\u0142owo na niedziel\u0119 \u015awi\u0119tej Bo\u017cej Rodzicielki Maryi 01.01.2023<\/a>\n\t\t\t\t\t<\/div>\n\t\t\t\t\t<div id=\"elementor-tab-content-20345\" class=\"elementor-tab-content elementor-clearfix\" data-tab=\"45\" role=\"region\" aria-labelledby=\"elementor-tab-title-20345\"><p>Pasterze po\u015bpiesznie udali si\u0119 do Betlejem \u00a0 znale\u017ali Maryj\u0119, J\u00f3zefa oraz le\u017c\u0105ce w \u017c\u0142obie Niemowl\u0119. Gdy Je ujrzeli, opowiedzieli, co im zosta\u0142o objawione o tym dzieci\u0119ciu. A wszyscy, kt\u00f3rzy to s\u0142yszeli, zdumieli si\u0119 tym, co im pasterze opowiedzieli. Lecz Maryja zachowywa\u0142a wszystkie te sprawy i rozwa\u017ca\u0142a je w swoim sercu. A pasterze wr\u00f3cili, wielbi\u0105c i wys\u0142awiaj\u0105c Boga za wszystko, co s\u0142yszeli i widzieli, jak im to zosta\u0142o przedtem powiedziane. Gdy nadszed\u0142 dzie\u0144 \u00f3smy i nale\u017ca\u0142o obrzeza\u0107 dzieci\u0119, nadano Mu imi\u0119 Jezus, kt\u00f3rym Je nazwa\u0142 Anio\u0142, zanim si\u0119 pocz\u0119\u0142o w \u0142onie Matki. (\u0141k 2, 16-21)<br \/>***************************************************<\/p><p>Prosz\u0119 Czcigodnych, Drogie Siostry i Drodzy Bracia, mieszka\u0144cy, przyjaciele i sympatycy Parafii \u015bw. Jadwigi \u015al\u0105skiej, w dzisiejszej Ewangelii spotykamy prostych pasterzy, kt\u00f3rzy opowiadaj\u0105 o tym, co s\u0142yszeli od anio\u0142a zwiastuj\u0105cego im narodzenie Zbawiciela i dziel\u0105 si\u0119 swoim do\u015bwiadczeniem spotkania z Dzieci\u0105tkiem i Jego Matk\u0105. Byli zadziwieni tym niezwyk\u0142ym wydarzeniem. A czy nas ono jeszcze zadziwia? Czy zastanawia mnie, jak wielka to \u0142aska, \u017ce B\u00f3g si\u0119 dla mnie narodzi\u0142, \u017ce chce by\u0107 obecny w moim \u017cyciu? Niech \u015awi\u0119ta Bo\u017ca Rodzicielka prowadzi nas do swojego Syna i sprawi, by\u015bmy zadziwieni, zachwyceni spotkaniem z Ma\u0142ym Jezusem,\u00a0 potrafili &#8211; jak Ona &#8211; rozwa\u017ca\u0107 i zachowywa\u0107 te wielkie sprawy w swoich sercach. Dzi\u0119kujmy Nowonarodzonemu Jezusowi za kolejny rok naszego \u017cycia &#8211; za dni dobre i za te trudne, za wszystko, co nas ubogaca w drodze do Nieba, za ka\u017cdego napotkanego cz\u0142owieka. Niech Pan rozpromienia nad nami sw\u00f3j u\u015bmiech i nich obdarza darem pokoju nasz\u0105 spragnion\u0105 ziemi\u0119.<\/p><p>Pozdrawiam Was serdecznie i pami\u0119tam o Was w modlitwie &#8211; o. Kazimierz<\/p><\/div>\n\t\t\t\t<\/div>\n\t\t\t\t\t\t\t\t<\/div>\n\t\t\t\t\t\t<\/div>\n\t\t\t\t<\/div>\n\t\t\t\t\t<\/div>\n\t\t<\/div>\n\t\t\t\t\t<\/div>\n\t\t<\/section>\n\t\t\t\t<\/div>\n\t\t","protected":false},"excerpt":{"rendered":"<p>S\u0142owo na Niedziel\u0119 NIEDZIELA \u015aW. RODZINY (rok B) 31.12.2023 NIEDZIELA \u015aW. RODZINY (rok B) 31.12.2023Gdy up\u0142yn\u0119\u0142y dni ich oczyszczenia wed\u0142ug Prawa Moj\u017ceszowego, Rodzice przynie\u015bli Jezusa do Jerozolimy, aby przedstawi\u0107 Go Panu. Tak bowiem jest &hellip;<\/p>\n","protected":false},"author":1,"featured_media":0,"parent":0,"menu_order":0,"comment_status":"closed","ping_status":"closed","template":"","meta":{"footnotes":""},"class_list":["post-9000","page","type-page","status-publish","hentry"],"yoast_head":"<!-- This site is optimized with the Yoast SEO plugin v27.5 - https:\/\/yoast.com\/product\/yoast-seo-wordpress\/ -->\n<title>S\u0141OWO NA NIEDZIEL\u0118 2023 - \u015aw. Jadwiga \u015al\u0105ska<\/title>\n<meta name=\"robots\" content=\"index, follow, max-snippet:-1, max-image-preview:large, max-video-preview:-1\" \/>\n<link rel=\"canonical\" href=\"https:\/\/parafiajadwigi.waw.pl\/index.php\/slowo-na-niedziele-2023\/\" \/>\n<meta property=\"og:locale\" content=\"pl_PL\" \/>\n<meta property=\"og:type\" content=\"article\" \/>\n<meta property=\"og:title\" content=\"S\u0141OWO NA NIEDZIEL\u0118 2023 - \u015aw. Jadwiga \u015al\u0105ska\" \/>\n<meta property=\"og:description\" content=\"S\u0142owo na Niedziel\u0119 NIEDZIELA \u015aW. RODZINY (rok B) 31.12.2023 NIEDZIELA \u015aW. RODZINY (rok B) 31.12.2023Gdy up\u0142yn\u0119\u0142y dni ich oczyszczenia wed\u0142ug Prawa Moj\u017ceszowego, Rodzice przynie\u015bli Jezusa do Jerozolimy, aby przedstawi\u0107 Go Panu. Tak bowiem jest &hellip;\" \/>\n<meta property=\"og:url\" content=\"https:\/\/parafiajadwigi.waw.pl\/index.php\/slowo-na-niedziele-2023\/\" \/>\n<meta property=\"og:site_name\" content=\"\u015aw. Jadwiga \u015al\u0105ska\" \/>\n<meta property=\"article:modified_time\" content=\"2023-12-31T08:00:08+00:00\" \/>\n<meta name=\"twitter:card\" content=\"summary_large_image\" \/>\n<meta name=\"twitter:label1\" content=\"Szacowany czas czytania\" \/>\n\t<meta name=\"twitter:data1\" content=\"109 minut\" \/>\n<script type=\"application\/ld+json\" class=\"yoast-schema-graph\">{\"@context\":\"https:\\\/\\\/schema.org\",\"@graph\":[{\"@type\":\"WebPage\",\"@id\":\"https:\\\/\\\/parafiajadwigi.waw.pl\\\/index.php\\\/slowo-na-niedziele-2023\\\/\",\"url\":\"https:\\\/\\\/parafiajadwigi.waw.pl\\\/index.php\\\/slowo-na-niedziele-2023\\\/\",\"name\":\"S\u0141OWO NA NIEDZIEL\u0118 2023 - \u015aw. Jadwiga \u015al\u0105ska\",\"isPartOf\":{\"@id\":\"https:\\\/\\\/parafiajadwigi.waw.pl\\\/#website\"},\"datePublished\":\"2022-12-31T19:10:08+00:00\",\"dateModified\":\"2023-12-31T08:00:08+00:00\",\"breadcrumb\":{\"@id\":\"https:\\\/\\\/parafiajadwigi.waw.pl\\\/index.php\\\/slowo-na-niedziele-2023\\\/#breadcrumb\"},\"inLanguage\":\"pl-PL\",\"potentialAction\":[{\"@type\":\"ReadAction\",\"target\":[\"https:\\\/\\\/parafiajadwigi.waw.pl\\\/index.php\\\/slowo-na-niedziele-2023\\\/\"]}]},{\"@type\":\"BreadcrumbList\",\"@id\":\"https:\\\/\\\/parafiajadwigi.waw.pl\\\/index.php\\\/slowo-na-niedziele-2023\\\/#breadcrumb\",\"itemListElement\":[{\"@type\":\"ListItem\",\"position\":1,\"name\":\"Strona g\u0142\u00f3wna\",\"item\":\"https:\\\/\\\/parafiajadwigi.waw.pl\\\/\"},{\"@type\":\"ListItem\",\"position\":2,\"name\":\"S\u0141OWO NA NIEDZIEL\u0118 2023\"}]},{\"@type\":\"WebSite\",\"@id\":\"https:\\\/\\\/parafiajadwigi.waw.pl\\\/#website\",\"url\":\"https:\\\/\\\/parafiajadwigi.waw.pl\\\/\",\"name\":\"\u015aw. Jadwiga \u015al\u0105ska\",\"description\":\"Witamy\",\"publisher\":{\"@id\":\"https:\\\/\\\/parafiajadwigi.waw.pl\\\/#organization\"},\"potentialAction\":[{\"@type\":\"SearchAction\",\"target\":{\"@type\":\"EntryPoint\",\"urlTemplate\":\"https:\\\/\\\/parafiajadwigi.waw.pl\\\/?s={search_term_string}\"},\"query-input\":{\"@type\":\"PropertyValueSpecification\",\"valueRequired\":true,\"valueName\":\"search_term_string\"}}],\"inLanguage\":\"pl-PL\"},{\"@type\":\"Organization\",\"@id\":\"https:\\\/\\\/parafiajadwigi.waw.pl\\\/#organization\",\"name\":\"Parafia \u015awi\u0119tej Jadwigi \u015alaskiej\",\"url\":\"https:\\\/\\\/parafiajadwigi.waw.pl\\\/\",\"logo\":{\"@type\":\"ImageObject\",\"inLanguage\":\"pl-PL\",\"@id\":\"https:\\\/\\\/parafiajadwigi.waw.pl\\\/#\\\/schema\\\/logo\\\/image\\\/\",\"url\":\"https:\\\/\\\/parafiajadwigi.waw.pl\\\/wp-content\\\/uploads\\\/2017\\\/06\\\/logooo_Jadwiga.png\",\"contentUrl\":\"https:\\\/\\\/parafiajadwigi.waw.pl\\\/wp-content\\\/uploads\\\/2017\\\/06\\\/logooo_Jadwiga.png\",\"width\":1640,\"height\":2808,\"caption\":\"Parafia \u015awi\u0119tej Jadwigi \u015alaskiej\"},\"image\":{\"@id\":\"https:\\\/\\\/parafiajadwigi.waw.pl\\\/#\\\/schema\\\/logo\\\/image\\\/\"}}]}<\/script>\n<!-- \/ Yoast SEO plugin. -->","yoast_head_json":{"title":"S\u0141OWO NA NIEDZIEL\u0118 2023 - \u015aw. Jadwiga \u015al\u0105ska","robots":{"index":"index","follow":"follow","max-snippet":"max-snippet:-1","max-image-preview":"max-image-preview:large","max-video-preview":"max-video-preview:-1"},"canonical":"https:\/\/parafiajadwigi.waw.pl\/index.php\/slowo-na-niedziele-2023\/","og_locale":"pl_PL","og_type":"article","og_title":"S\u0141OWO NA NIEDZIEL\u0118 2023 - \u015aw. Jadwiga \u015al\u0105ska","og_description":"S\u0142owo na Niedziel\u0119 NIEDZIELA \u015aW. RODZINY (rok B) 31.12.2023 NIEDZIELA \u015aW. RODZINY (rok B) 31.12.2023Gdy up\u0142yn\u0119\u0142y dni ich oczyszczenia wed\u0142ug Prawa Moj\u017ceszowego, Rodzice przynie\u015bli Jezusa do Jerozolimy, aby przedstawi\u0107 Go Panu. Tak bowiem jest &hellip;","og_url":"https:\/\/parafiajadwigi.waw.pl\/index.php\/slowo-na-niedziele-2023\/","og_site_name":"\u015aw. Jadwiga \u015al\u0105ska","article_modified_time":"2023-12-31T08:00:08+00:00","twitter_card":"summary_large_image","twitter_misc":{"Szacowany czas czytania":"109 minut"},"schema":{"@context":"https:\/\/schema.org","@graph":[{"@type":"WebPage","@id":"https:\/\/parafiajadwigi.waw.pl\/index.php\/slowo-na-niedziele-2023\/","url":"https:\/\/parafiajadwigi.waw.pl\/index.php\/slowo-na-niedziele-2023\/","name":"S\u0141OWO NA NIEDZIEL\u0118 2023 - \u015aw. Jadwiga \u015al\u0105ska","isPartOf":{"@id":"https:\/\/parafiajadwigi.waw.pl\/#website"},"datePublished":"2022-12-31T19:10:08+00:00","dateModified":"2023-12-31T08:00:08+00:00","breadcrumb":{"@id":"https:\/\/parafiajadwigi.waw.pl\/index.php\/slowo-na-niedziele-2023\/#breadcrumb"},"inLanguage":"pl-PL","potentialAction":[{"@type":"ReadAction","target":["https:\/\/parafiajadwigi.waw.pl\/index.php\/slowo-na-niedziele-2023\/"]}]},{"@type":"BreadcrumbList","@id":"https:\/\/parafiajadwigi.waw.pl\/index.php\/slowo-na-niedziele-2023\/#breadcrumb","itemListElement":[{"@type":"ListItem","position":1,"name":"Strona g\u0142\u00f3wna","item":"https:\/\/parafiajadwigi.waw.pl\/"},{"@type":"ListItem","position":2,"name":"S\u0141OWO NA NIEDZIEL\u0118 2023"}]},{"@type":"WebSite","@id":"https:\/\/parafiajadwigi.waw.pl\/#website","url":"https:\/\/parafiajadwigi.waw.pl\/","name":"\u015aw. Jadwiga \u015al\u0105ska","description":"Witamy","publisher":{"@id":"https:\/\/parafiajadwigi.waw.pl\/#organization"},"potentialAction":[{"@type":"SearchAction","target":{"@type":"EntryPoint","urlTemplate":"https:\/\/parafiajadwigi.waw.pl\/?s={search_term_string}"},"query-input":{"@type":"PropertyValueSpecification","valueRequired":true,"valueName":"search_term_string"}}],"inLanguage":"pl-PL"},{"@type":"Organization","@id":"https:\/\/parafiajadwigi.waw.pl\/#organization","name":"Parafia \u015awi\u0119tej Jadwigi \u015alaskiej","url":"https:\/\/parafiajadwigi.waw.pl\/","logo":{"@type":"ImageObject","inLanguage":"pl-PL","@id":"https:\/\/parafiajadwigi.waw.pl\/#\/schema\/logo\/image\/","url":"https:\/\/parafiajadwigi.waw.pl\/wp-content\/uploads\/2017\/06\/logooo_Jadwiga.png","contentUrl":"https:\/\/parafiajadwigi.waw.pl\/wp-content\/uploads\/2017\/06\/logooo_Jadwiga.png","width":1640,"height":2808,"caption":"Parafia \u015awi\u0119tej Jadwigi \u015alaskiej"},"image":{"@id":"https:\/\/parafiajadwigi.waw.pl\/#\/schema\/logo\/image\/"}}]}},"_links":{"self":[{"href":"https:\/\/parafiajadwigi.waw.pl\/index.php\/wp-json\/wp\/v2\/pages\/9000","targetHints":{"allow":["GET"]}}],"collection":[{"href":"https:\/\/parafiajadwigi.waw.pl\/index.php\/wp-json\/wp\/v2\/pages"}],"about":[{"href":"https:\/\/parafiajadwigi.waw.pl\/index.php\/wp-json\/wp\/v2\/types\/page"}],"author":[{"embeddable":true,"href":"https:\/\/parafiajadwigi.waw.pl\/index.php\/wp-json\/wp\/v2\/users\/1"}],"replies":[{"embeddable":true,"href":"https:\/\/parafiajadwigi.waw.pl\/index.php\/wp-json\/wp\/v2\/comments?post=9000"}],"version-history":[{"count":187,"href":"https:\/\/parafiajadwigi.waw.pl\/index.php\/wp-json\/wp\/v2\/pages\/9000\/revisions"}],"predecessor-version":[{"id":9986,"href":"https:\/\/parafiajadwigi.waw.pl\/index.php\/wp-json\/wp\/v2\/pages\/9000\/revisions\/9986"}],"wp:attachment":[{"href":"https:\/\/parafiajadwigi.waw.pl\/index.php\/wp-json\/wp\/v2\/media?parent=9000"}],"curies":[{"name":"wp","href":"https:\/\/api.w.org\/{rel}","templated":true}]}}