{"id":832,"date":"2017-08-04T21:57:10","date_gmt":"2017-08-04T19:57:10","guid":{"rendered":"http:\/\/parafiajadwigi.waw.pl\/?page_id=832"},"modified":"2024-11-26T01:16:58","modified_gmt":"2024-11-26T00:16:58","slug":"pierwsza-sobota-miesiaca","status":"publish","type":"page","link":"https:\/\/parafiajadwigi.waw.pl\/index.php\/pierwsza-sobota-miesiaca\/","title":{"rendered":"PIERWSZA SOBOTA MIESI\u0104CA"},"content":{"rendered":"\t\t<div data-elementor-type=\"wp-page\" data-elementor-id=\"832\" class=\"elementor elementor-832\">\n\t\t\t\t\t\t<section class=\"elementor-section elementor-top-section elementor-element elementor-element-7c161814 elementor-section-boxed elementor-section-height-default elementor-section-height-default\" data-id=\"7c161814\" data-element_type=\"section\" data-e-type=\"section\">\n\t\t\t\t\t\t<div class=\"elementor-container elementor-column-gap-default\">\n\t\t\t\t\t<div class=\"elementor-column elementor-col-100 elementor-top-column elementor-element elementor-element-41d9d9b4\" data-id=\"41d9d9b4\" data-element_type=\"column\" data-e-type=\"column\">\n\t\t\t<div class=\"elementor-widget-wrap elementor-element-populated\">\n\t\t\t\t\t\t<div class=\"elementor-element elementor-element-fe9c2bb elementor-widget elementor-widget-image\" data-id=\"fe9c2bb\" data-element_type=\"widget\" data-e-type=\"widget\" data-widget_type=\"image.default\">\n\t\t\t\t<div class=\"elementor-widget-container\">\n\t\t\t\t\t\t\t\t\t\t\t\t\t\t\t<img fetchpriority=\"high\" decoding=\"async\" width=\"920\" height=\"250\" src=\"https:\/\/parafiajadwigi.waw.pl\/wp-content\/uploads\/2024\/11\/pierwsza-sobota.png\" class=\"attachment-full size-full wp-image-13124\" alt=\"\" srcset=\"https:\/\/parafiajadwigi.waw.pl\/wp-content\/uploads\/2024\/11\/pierwsza-sobota.png 920w, https:\/\/parafiajadwigi.waw.pl\/wp-content\/uploads\/2024\/11\/pierwsza-sobota-300x82.png 300w, https:\/\/parafiajadwigi.waw.pl\/wp-content\/uploads\/2024\/11\/pierwsza-sobota-768x209.png 768w\" sizes=\"(max-width: 920px) 100vw, 920px\" \/>\t\t\t\t\t\t\t\t\t\t\t\t\t\t\t<\/div>\n\t\t\t\t<\/div>\n\t\t\t\t<div class=\"elementor-element elementor-element-2956ccf3 elementor-widget elementor-widget-text-editor\" data-id=\"2956ccf3\" data-element_type=\"widget\" data-e-type=\"widget\" data-widget_type=\"text-editor.default\">\n\t\t\t\t<div class=\"elementor-widget-container\">\n\t\t\t\t\t\t\t\t\t<h2 align=\"CENTER\">Nabo\u017ce\u0144stwo pierwszych sob\u00f3t miesi\u0105ca<\/h2><p align=\"center\"><b>NAJ\u015aWI\u0118TSZA MARYJA PANNA OBJAWIA SI\u0118 W FATIMIE<\/b><\/p><p align=\"justify\">\u00a0\u00a0\u00a0\u00a0\u00a0\u00a0 W 1917 r. w Fatimie w Portugalii Matka Naj\u015bwi\u0119tsza objawi\u0142a si\u0119 tr\u00f3jce dzieci: Franciszkowi, Hiacyncie i \u0141ucji. Przychodzi\u0142a przez kolejnych sze\u015b\u0107 miesi\u0119cy, od maja do pa\u017adziernika, ka\u017cdego trzynastego dnia miesi\u0105ca. W sierpniu Pi\u0119kna Pani pojawi\u0142a si\u0119 p\u00f3\u017aniej, gdy\u017c trzynastego dzieci by\u0142y wi\u0119zione. Ukazuj\u0105c si\u0119 po raz drugi, 13 czerwca, Matka Bo\u017ca zapowiedzia\u0142a, \u017ce nied\u0142ugo zabierze Franciszka i Hiacynt\u0119 do nieba, a \u0141ucj\u0119 pozostawi, gdy\u017c Jezus pragnie pos\u0142u\u017cy\u0107 si\u0119 ni\u0105, aby ustanowi\u0107 na \u015bwiecie nabo\u017ce\u0144stwo do Jej Niepokalanego Serca. Tego dnia dzieci ujrza\u0142y Niepokalane Serce Maryi zniewa\u017cane przez grzechy ludzko\u015bci, co symbolizowa\u0142y otaczaj\u0105ce Je ciernie. Maryja powiedzia\u0142a te\u017c do dzieci i innych zgromadzonych:<\/p><p style=\"text-align: center;\"><i><b><span style=\"color: #000080;\">Chc\u0119, \u017ceby\u015bcie codziennie odmawiali r\u00f3\u017caniec.<br \/><\/span><\/b><\/i>Innym razem Matka Bo\u017ca prosi\u0142a o ofiarowanie modlitw i cierpie\u0144 w intencji grzesznik\u00f3w:<\/p><p style=\"text-align: center;\"><b><i><span style=\"color: #000080;\">M\u00f3dlcie si\u0119, m\u00f3dlcie si\u0119 du\u017co i dokonujcie umartwie\u0144 za grzesznik\u00f3w, bo wiele dusz idzie do piek\u0142a, bo nikt nie chce si\u0119 umartwia\u0107 za nie i za nimi wstawia\u0107<\/span><\/i><\/b> (sierpie\u0144).<\/p><p>Dzieci ujrza\u0142y tak\u017ce przera\u017caj\u0105c\u0105 wizj\u0119 piek\u0142a. Matka Bo\u017ca powiedzia\u0142a do nich:<\/p><p style=\"text-align: center;\"><b><i><span style=\"color: #000080;\">Widzia\u0142y\u015bcie piek\u0142o, do kt\u00f3rego trafiaj\u0105 dusze biednych grzesznik\u00f3w. Aby ich zbawi\u0107, B\u00f3g chce ustanowi\u0107 na \u015bwiecie nabo\u017ce\u0144stwo do mego Niepokalanego Serca. Je\u017celi uczyni\u0105 to, co wam powiem, wiele dusz si\u0119 zbawi i zazna pokoju&#8230;. Przyb\u0119d\u0119, aby za\u017c\u0105da\u0107 po\u015bwi\u0119cenia Rosji memu Niepokalanemu Sercu i zado\u015b\u0107czyni\u0105cej Komunii w pierwsze soboty miesi\u0105ca. Je\u017celi wys\u0142uchaj\u0105 moich pr\u00f3\u015bb, Rosja nawr\u00f3ci si\u0119 i zapanuje pok\u00f3j<\/span><\/i><\/b> (13 lipca)<\/p><p style=\"text-align: center;\"><b>NABO\u017bE\u0143STWO PIERWSZYCH SOB\u00d3T MIESI\u0104CA<br \/><\/b><br \/>Zgodnie z zapowiedzi\u0105 Matka Bo\u017ca ukaza\u0142a si\u0119 siostrze \u0141ucji ponownie, ju\u017c po \u015bmierci Franciszka i Hiacynty, 10 grudnia 1925 r., w Pontevedra (Hiszpania), tym razem z Dzieci\u0105tkiem Jezus. W czasie tego objawienia po raz kolejny Maryja zwr\u00f3ci\u0142a uwag\u0119 na Jej Niepokalane Serce otoczone cierniami, a Jezus powiedzia\u0142:<\/p><p><span style=\"color: #ff0000;\"><b><i>Wsp\u00f3\u0142czuj Sercu swojej Naj\u015bwi\u0119tszej Matki, kt\u00f3re jest ukoronowane cierniami, jakie przez ca\u0142y czas niewdzi\u0119czni ludzie we\u0144 wbijaj\u0105, a nie ma nikogo, kto czyni\u0142by akt zado\u015b\u0107uczynienia, \u017ceby owe kolce wyrwa\u0107.<\/i><\/b><\/span><\/p><p>Wtedy Matka Bo\u017ca wezwa\u0142a do podj\u0119cia wynagradzaj\u0105cego nabo\u017ce\u0144stwa pierwszych sob\u00f3t miesi\u0105ca:<\/p><p><b><i><span style=\"color: #000080;\">Sp\u00f3jrz, moja c\u00f3rko, na moje Serce ukoronowane cierniami, kt\u00f3re niewdzi\u0119czni ludzie bez ustanku wbijaj\u0105 w Nie przez swoje blu\u017anierstwa i brak wdzi\u0119czno\u015bci. Przynajmniej ty staraj si\u0119 Mnie pocieszy\u0107. W godzin\u0119 \u015bmierci obiecuj\u0119 przyj\u015b\u0107 na pomoc z \u0142askami potrzebnymi do zbawienia tym, kt\u00f3rzy przez pi\u0119\u0107 miesi\u0119cy w pierwsze soboty odprawia spowied\u017a, przyjm\u0105 Komuni\u0119 \u015bw., odm\u00f3wi\u0105 jeden r\u00f3\u017caniec i przez pi\u0119tna\u015bcie minut rozmy\u015blania nad pi\u0119tnastu tajemnicami r\u00f3\u017ca\u0144cowymi towarzyszy\u0107 mi b\u0119d\u0105 w intencji zado\u015b\u0107uczynienia.<\/span><\/i><\/b><\/p><p align=\"justify\">\u00a0\u00a0\u00a0\u00a0\u00a0\u00a0 13 wrze\u015bnia 1939 r. Nabo\u017ce\u0144stwo pierwszych sob\u00f3t miesi\u0105ca uzyska\u0142o aprobat\u0119 ko\u015bcieln\u0105 i rozwija si\u0119 na ca\u0142ym \u015bwiecie. Przez to nabo\u017ce\u0144stwo wynagradzamy pi\u0119\u0107 r\u00f3\u017cnych zniewag i blu\u017anierstw rani\u0105cych Niepokalane Serce Maryi:<\/p><p><span style=\"font-family: arial;\"><span style=\"color: black;\"><span style=\"color: #ff0000;\">1.<\/span> blu\u017anierstwa przeciwko Jej Niepokalanemu Pocz\u0119ciu,<br \/><span style=\"color: #ff0000;\">2.<\/span> blu\u017anierstwa przeciw Jej Dziewictwu,<br \/><span style=\"color: #ff0000;\">3.<\/span> blu\u017anierstwa przeciw Jej Boskiemu Macierzy\u0144stwu i nieuznawanie w Niej Matki ludzi,<br \/><span style=\"color: #ff0000;\">4.<\/span> zniewa\u017canie czynione przez tych, kt\u00f3rzy wpajaj\u0105 w serca dzieci oboj\u0119tno\u015b\u0107, pogard\u0119, a nawet odraz\u0119 do Niepokalanej Matki,<br \/><span style=\"color: #ff0000;\">5<\/span>. obraz\u0119 czynion\u0105 przez tych, kt\u00f3rzy zniewa\u017caj\u0105 J\u0105 w Jej \u015bwi\u0119tych wizerunkach.<\/span><\/span><\/p><p style=\"text-align: left;\" align=\"justify\"><span style=\"font-family: arial;\"><span style=\"color: black;\"><b><span style=\"color: #ff0000;\">\u00a0\u00a0\u00a0\u00a0\u00a0\u00a0\u00a0\u00a0\u00a0\u00a0\u00a0\u00a0\u00a0\u00a0\u00a0\u00a0\u00a0\u00a0\u00a0 NA CZYM POLEGA NABO\u017bE\u0143STWO PIERWSZYCH SOB\u00d3T MIESI\u0104CA<\/span><br \/><\/b>Istot\u0105 tego nabo\u017ce\u0144stwa jest wynagrodzenie za grzechy pope\u0142nione przeciwko Niepokalanemu Sercu Naj\u015bwi\u0119tszej Maryi Panny. Obra\u017caj\u0105 one Boga i Jej Niepokalane Serce, s\u0105 pogard\u0105 wobec Bo\u017cej mi\u0142o\u015bci oraz powodem piekielnych m\u0105k ludzi, za kt\u00f3rych umar\u0142 Jej Syn. Pragnie Ona ocali\u0107 jak najwi\u0119cej os\u00f3b, dlatego przychodzi, aby ostrzec przed konsekwencjami grzechu, aby ocali\u0107 grzesznik\u00f3w od piek\u0142a, aby sk\u0142oni\u0107 ich do nawr\u00f3cenia. Maryja chce naszego zaanga\u017cowania w t\u0119 misj\u0119.<br \/>Nabo\u017ce\u0144stwo pierwszych sob\u00f3t miesi\u0105ca to forma pomocy grzesznikom, zaproponowana przez Maryj\u0119 i Jezusa. Przez to nabo\u017ce\u0144stwo mo\u017cemy przeprasza\u0107 Boga i wynagradza\u0107 za grzechy obra\u017caj\u0105ce Niepokalane Serce Maryi, a gdy b\u0119dziemy t\u0119 modlitw\u0119 praktykowa\u0107, tak\u017ce w naszych sercach wzro\u015bnie mi\u0142o\u015b\u0107 ku Bogu i bli\u017anim.<br \/><\/span><span style=\"color: black;\"><br \/><\/span><\/span><span style=\"font-family: arial;\"><span style=\"color: black;\"><b>\u00a0 \u00a0 \u00a0 \u00a0 \u00a0\u00a0 \u00a0 <span style=\"color: #ff0000;\">CZTERY WARUNKI NABO\u017bE\u0143STWA PIERWSZYCH SOB\u00d3T MIESI\u0104CA<br \/><\/span><\/b>Naj\u015bwi\u0119tsza Panna i Jezus ukazali si\u0119 siostrze \u0141ucji dnia 10 grudnia 1925 r., aby opisa\u0107 nabo\u017ce\u0144stwo wynagradzaj\u0105ce grzechy pope\u0142nione przeciw Niepokalanemu Sercu Maryi. W jego ramach powinni\u015bmy:<br \/><span style=\"color: #ff0000;\">1<\/span>. w pierwsze soboty miesi\u0105ca przyst\u0105pi\u0107 do spowiedzi z intencj\u0105 wynagrodzenia za grzechy pope\u0142nione przeciw\u00a0\u00a0\u00a0 Niepokalanemu Sercu Maryi. Mo\u017cna tak\u017ce skorzysta\u0107 z \u0142aski sakramentu pojednania wcze\u015bniej, byleby w tym\u00a0\u00a0 dniu by\u0107 w stanie \u0142aski u\u015bwi\u0119caj\u0105cej, bez grzechu ci\u0119\u017ckiego;<br \/><span style=\"color: #ff0000;\">2.<\/span> przyj\u0105\u0107 Komuni\u0119 \u015aw. w pi\u0119\u0107 pierwszych sob\u00f3t miesi\u0105ca w powy\u017cszej intencji;<br \/><span style=\"color: #ff0000;\">3.<\/span> odm\u00f3wi\u0107 pi\u0119\u0107 tajemnic r\u00f3\u017ca\u0144cowych;<\/span><span style=\"color: black;\"><br \/><span style=\"color: #ff0000;\">4.<\/span> przez pi\u0119tna\u015bcie minut rozwa\u017ca\u0107 tajemnice r\u00f3\u017ca\u0144cowe ofiaruj\u0105c t\u0119 medytacj\u0119 w wymienionej intencji.<\/span><\/span><\/p><p><span style=\"color: #0000ff;\">Niezb\u0119dnym warunkiem dobrego odprawienia nabo\u017ce\u0144stwa jest nastawienie, z jakim te praktyki wype\u0142niamy, co Jezus podkre\u015bli\u0142 w objawieniu 15 lutego 1926 r.:<\/span><br \/><span style=\"color: #ff0000;\"><span style=\"color: #000000;\">***************************************************************<\/span><br \/><b><i><span style=\"color: #ff0000;\">To jest prawda, moja c\u00f3rko, \u017ce wiele dusz zaczyna, lecz ma\u0142o kto ko\u0144czy, i ci, kt\u00f3rzy ko\u0144cz\u0105, maj\u0105 za cel otrzyma\u0107 przyrzeczone \u0142aski; Ja jednak wol\u0119, \u017ceby odprawiali pi\u0119\u0107 pierwszych sob\u00f3t miesi\u0105ca w celu wynagrodzenia Niepokalanemu Sercu twojej Matki Niebieskiej, ni\u017c \u017ceby odprawia\u0107 pi\u0119tna\u015bcie bezdusznie i z oboj\u0119tno\u015bci\u0105&#8230;<br \/><span style=\"color: #000000;\">***************************************************************************<\/span><br \/><\/span><\/i><\/b><\/span><\/p><p>Jezus wymienia trzy grupy os\u00f3b odprawiaj\u0105cych nabo\u017ce\u0144stwo pierwszych sob\u00f3t miesi\u0105ca: tych, kt\u00f3rzy zaczynaj\u0105 je odprawia\u0107, lecz nie ko\u0144cz\u0105; takich, kt\u00f3rzy ko\u0144cz\u0105, ale odprawiaj\u0105 je jedynie ze wzgl\u0119du na obiecane \u0142aski; i w ko\u0144cu trzecia grupa to osoby, kt\u00f3re czyni\u0105 to przede wszystkim w celu wynagrodzenia Niepokalanemu Sercu NMP; one najbardziej podobaj\u0105 si\u0119 Jezusowi.<\/p><p><span style=\"color: #ff0000;\"><strong>Je\u015bli kto\u015b nie b\u0119dzie m\u00f3g\u0142 odprawi\u0107 tego nabo\u017ce\u0144stwa w sobot\u0119, mo\u017ce, za zgod\u0105 kap\u0142ana, praktykowa\u0107 je w niedziel\u0119 po pierwszej sobocie.<\/strong><\/span><\/p><p>W pobo\u017cnym wzbudzaniu w\u0142a\u015bciwej intencji potrzebnej do dobrego odprawienia nabo\u017ce\u0144stwa do Niepokalanego Serca Maryi pomo\u017ce nam modlitwa pozostawiona przez Pi\u0119kn\u0105 Pani\u0105:<\/p><p><b><i><span style=\"color: #000080;\">Jezu, to z mi\u0142o\u015bci do Ciebie, za nawr\u00f3cenie grzesznik\u00f3w i dla zado\u015b\u0107uczynienia za grzechy pope\u0142nione przeciwko Niepokalanemu Sercu Maryi<\/span><\/i><\/b> (13 lipca 1917 r.).<\/p><p><strong>\u00a0\u00a0\u00a0\u00a0\u00a0\u00a0\u00a0<\/strong><\/p>\t\t\t\t\t\t\t\t<\/div>\n\t\t\t\t<\/div>\n\t\t\t\t\t<\/div>\n\t\t<\/div>\n\t\t\t\t\t<\/div>\n\t\t<\/section>\n\t\t\t\t<\/div>\n\t\t","protected":false},"excerpt":{"rendered":"<p>Nabo\u017ce\u0144stwo pierwszych sob\u00f3t miesi\u0105ca NAJ\u015aWI\u0118TSZA MARYJA PANNA OBJAWIA SI\u0118 W FATIMIE \u00a0\u00a0\u00a0\u00a0\u00a0\u00a0 W 1917 r. w Fatimie w Portugalii Matka Naj\u015bwi\u0119tsza objawi\u0142a si\u0119 tr\u00f3jce dzieci: Franciszkowi, Hiacyncie i \u0141ucji. Przychodzi\u0142a przez kolejnych sze\u015b\u0107 miesi\u0119cy, &hellip;<\/p>\n","protected":false},"author":1,"featured_media":0,"parent":0,"menu_order":0,"comment_status":"closed","ping_status":"closed","template":"","meta":{"footnotes":""},"class_list":["post-832","page","type-page","status-publish","hentry"],"yoast_head":"<!-- This site is optimized with the Yoast SEO plugin v27.5 - https:\/\/yoast.com\/product\/yoast-seo-wordpress\/ -->\n<title>PIERWSZA SOBOTA MIESI\u0104CA - \u015aw. Jadwiga \u015al\u0105ska<\/title>\n<meta name=\"robots\" content=\"index, follow, max-snippet:-1, max-image-preview:large, max-video-preview:-1\" \/>\n<link rel=\"canonical\" href=\"https:\/\/parafiajadwigi.waw.pl\/index.php\/pierwsza-sobota-miesiaca\/\" \/>\n<meta property=\"og:locale\" content=\"pl_PL\" \/>\n<meta property=\"og:type\" content=\"article\" \/>\n<meta property=\"og:title\" content=\"PIERWSZA SOBOTA MIESI\u0104CA - \u015aw. Jadwiga \u015al\u0105ska\" \/>\n<meta property=\"og:description\" content=\"Nabo\u017ce\u0144stwo pierwszych sob\u00f3t miesi\u0105ca NAJ\u015aWI\u0118TSZA MARYJA PANNA OBJAWIA SI\u0118 W FATIMIE \u00a0\u00a0\u00a0\u00a0\u00a0\u00a0 W 1917 r. w Fatimie w Portugalii Matka Naj\u015bwi\u0119tsza objawi\u0142a si\u0119 tr\u00f3jce dzieci: Franciszkowi, Hiacyncie i \u0141ucji. Przychodzi\u0142a przez kolejnych sze\u015b\u0107 miesi\u0119cy, &hellip;\" \/>\n<meta property=\"og:url\" content=\"https:\/\/parafiajadwigi.waw.pl\/index.php\/pierwsza-sobota-miesiaca\/\" \/>\n<meta property=\"og:site_name\" content=\"\u015aw. Jadwiga \u015al\u0105ska\" \/>\n<meta property=\"article:modified_time\" content=\"2024-11-26T00:16:58+00:00\" \/>\n<meta property=\"og:image\" content=\"https:\/\/parafiajadwigi.waw.pl\/wp-content\/uploads\/2024\/11\/pierwsza-sobota.png\" \/>\n<meta name=\"twitter:card\" content=\"summary_large_image\" \/>\n<meta name=\"twitter:label1\" content=\"Szacowany czas czytania\" \/>\n\t<meta name=\"twitter:data1\" content=\"6 minut\" \/>\n<script type=\"application\/ld+json\" class=\"yoast-schema-graph\">{\"@context\":\"https:\\\/\\\/schema.org\",\"@graph\":[{\"@type\":\"WebPage\",\"@id\":\"https:\\\/\\\/parafiajadwigi.waw.pl\\\/index.php\\\/pierwsza-sobota-miesiaca\\\/\",\"url\":\"https:\\\/\\\/parafiajadwigi.waw.pl\\\/index.php\\\/pierwsza-sobota-miesiaca\\\/\",\"name\":\"PIERWSZA SOBOTA MIESI\u0104CA - \u015aw. Jadwiga \u015al\u0105ska\",\"isPartOf\":{\"@id\":\"https:\\\/\\\/parafiajadwigi.waw.pl\\\/#website\"},\"primaryImageOfPage\":{\"@id\":\"https:\\\/\\\/parafiajadwigi.waw.pl\\\/index.php\\\/pierwsza-sobota-miesiaca\\\/#primaryimage\"},\"image\":{\"@id\":\"https:\\\/\\\/parafiajadwigi.waw.pl\\\/index.php\\\/pierwsza-sobota-miesiaca\\\/#primaryimage\"},\"thumbnailUrl\":\"https:\\\/\\\/parafiajadwigi.waw.pl\\\/wp-content\\\/uploads\\\/2024\\\/11\\\/pierwsza-sobota.png\",\"datePublished\":\"2017-08-04T19:57:10+00:00\",\"dateModified\":\"2024-11-26T00:16:58+00:00\",\"breadcrumb\":{\"@id\":\"https:\\\/\\\/parafiajadwigi.waw.pl\\\/index.php\\\/pierwsza-sobota-miesiaca\\\/#breadcrumb\"},\"inLanguage\":\"pl-PL\",\"potentialAction\":[{\"@type\":\"ReadAction\",\"target\":[\"https:\\\/\\\/parafiajadwigi.waw.pl\\\/index.php\\\/pierwsza-sobota-miesiaca\\\/\"]}]},{\"@type\":\"ImageObject\",\"inLanguage\":\"pl-PL\",\"@id\":\"https:\\\/\\\/parafiajadwigi.waw.pl\\\/index.php\\\/pierwsza-sobota-miesiaca\\\/#primaryimage\",\"url\":\"https:\\\/\\\/parafiajadwigi.waw.pl\\\/wp-content\\\/uploads\\\/2024\\\/11\\\/pierwsza-sobota.png\",\"contentUrl\":\"https:\\\/\\\/parafiajadwigi.waw.pl\\\/wp-content\\\/uploads\\\/2024\\\/11\\\/pierwsza-sobota.png\",\"width\":920,\"height\":250},{\"@type\":\"BreadcrumbList\",\"@id\":\"https:\\\/\\\/parafiajadwigi.waw.pl\\\/index.php\\\/pierwsza-sobota-miesiaca\\\/#breadcrumb\",\"itemListElement\":[{\"@type\":\"ListItem\",\"position\":1,\"name\":\"Strona g\u0142\u00f3wna\",\"item\":\"https:\\\/\\\/parafiajadwigi.waw.pl\\\/\"},{\"@type\":\"ListItem\",\"position\":2,\"name\":\"PIERWSZA SOBOTA MIESI\u0104CA\"}]},{\"@type\":\"WebSite\",\"@id\":\"https:\\\/\\\/parafiajadwigi.waw.pl\\\/#website\",\"url\":\"https:\\\/\\\/parafiajadwigi.waw.pl\\\/\",\"name\":\"\u015aw. Jadwiga \u015al\u0105ska\",\"description\":\"Witamy\",\"publisher\":{\"@id\":\"https:\\\/\\\/parafiajadwigi.waw.pl\\\/#organization\"},\"potentialAction\":[{\"@type\":\"SearchAction\",\"target\":{\"@type\":\"EntryPoint\",\"urlTemplate\":\"https:\\\/\\\/parafiajadwigi.waw.pl\\\/?s={search_term_string}\"},\"query-input\":{\"@type\":\"PropertyValueSpecification\",\"valueRequired\":true,\"valueName\":\"search_term_string\"}}],\"inLanguage\":\"pl-PL\"},{\"@type\":\"Organization\",\"@id\":\"https:\\\/\\\/parafiajadwigi.waw.pl\\\/#organization\",\"name\":\"Parafia \u015awi\u0119tej Jadwigi \u015alaskiej\",\"url\":\"https:\\\/\\\/parafiajadwigi.waw.pl\\\/\",\"logo\":{\"@type\":\"ImageObject\",\"inLanguage\":\"pl-PL\",\"@id\":\"https:\\\/\\\/parafiajadwigi.waw.pl\\\/#\\\/schema\\\/logo\\\/image\\\/\",\"url\":\"https:\\\/\\\/parafiajadwigi.waw.pl\\\/wp-content\\\/uploads\\\/2017\\\/06\\\/logooo_Jadwiga.png\",\"contentUrl\":\"https:\\\/\\\/parafiajadwigi.waw.pl\\\/wp-content\\\/uploads\\\/2017\\\/06\\\/logooo_Jadwiga.png\",\"width\":1640,\"height\":2808,\"caption\":\"Parafia \u015awi\u0119tej Jadwigi \u015alaskiej\"},\"image\":{\"@id\":\"https:\\\/\\\/parafiajadwigi.waw.pl\\\/#\\\/schema\\\/logo\\\/image\\\/\"}}]}<\/script>\n<!-- \/ Yoast SEO plugin. -->","yoast_head_json":{"title":"PIERWSZA SOBOTA MIESI\u0104CA - \u015aw. Jadwiga \u015al\u0105ska","robots":{"index":"index","follow":"follow","max-snippet":"max-snippet:-1","max-image-preview":"max-image-preview:large","max-video-preview":"max-video-preview:-1"},"canonical":"https:\/\/parafiajadwigi.waw.pl\/index.php\/pierwsza-sobota-miesiaca\/","og_locale":"pl_PL","og_type":"article","og_title":"PIERWSZA SOBOTA MIESI\u0104CA - \u015aw. Jadwiga \u015al\u0105ska","og_description":"Nabo\u017ce\u0144stwo pierwszych sob\u00f3t miesi\u0105ca NAJ\u015aWI\u0118TSZA MARYJA PANNA OBJAWIA SI\u0118 W FATIMIE \u00a0\u00a0\u00a0\u00a0\u00a0\u00a0 W 1917 r. w Fatimie w Portugalii Matka Naj\u015bwi\u0119tsza objawi\u0142a si\u0119 tr\u00f3jce dzieci: Franciszkowi, Hiacyncie i \u0141ucji. Przychodzi\u0142a przez kolejnych sze\u015b\u0107 miesi\u0119cy, &hellip;","og_url":"https:\/\/parafiajadwigi.waw.pl\/index.php\/pierwsza-sobota-miesiaca\/","og_site_name":"\u015aw. Jadwiga \u015al\u0105ska","article_modified_time":"2024-11-26T00:16:58+00:00","og_image":[{"url":"https:\/\/parafiajadwigi.waw.pl\/wp-content\/uploads\/2024\/11\/pierwsza-sobota.png","type":"","width":"","height":""}],"twitter_card":"summary_large_image","twitter_misc":{"Szacowany czas czytania":"6 minut"},"schema":{"@context":"https:\/\/schema.org","@graph":[{"@type":"WebPage","@id":"https:\/\/parafiajadwigi.waw.pl\/index.php\/pierwsza-sobota-miesiaca\/","url":"https:\/\/parafiajadwigi.waw.pl\/index.php\/pierwsza-sobota-miesiaca\/","name":"PIERWSZA SOBOTA MIESI\u0104CA - \u015aw. Jadwiga \u015al\u0105ska","isPartOf":{"@id":"https:\/\/parafiajadwigi.waw.pl\/#website"},"primaryImageOfPage":{"@id":"https:\/\/parafiajadwigi.waw.pl\/index.php\/pierwsza-sobota-miesiaca\/#primaryimage"},"image":{"@id":"https:\/\/parafiajadwigi.waw.pl\/index.php\/pierwsza-sobota-miesiaca\/#primaryimage"},"thumbnailUrl":"https:\/\/parafiajadwigi.waw.pl\/wp-content\/uploads\/2024\/11\/pierwsza-sobota.png","datePublished":"2017-08-04T19:57:10+00:00","dateModified":"2024-11-26T00:16:58+00:00","breadcrumb":{"@id":"https:\/\/parafiajadwigi.waw.pl\/index.php\/pierwsza-sobota-miesiaca\/#breadcrumb"},"inLanguage":"pl-PL","potentialAction":[{"@type":"ReadAction","target":["https:\/\/parafiajadwigi.waw.pl\/index.php\/pierwsza-sobota-miesiaca\/"]}]},{"@type":"ImageObject","inLanguage":"pl-PL","@id":"https:\/\/parafiajadwigi.waw.pl\/index.php\/pierwsza-sobota-miesiaca\/#primaryimage","url":"https:\/\/parafiajadwigi.waw.pl\/wp-content\/uploads\/2024\/11\/pierwsza-sobota.png","contentUrl":"https:\/\/parafiajadwigi.waw.pl\/wp-content\/uploads\/2024\/11\/pierwsza-sobota.png","width":920,"height":250},{"@type":"BreadcrumbList","@id":"https:\/\/parafiajadwigi.waw.pl\/index.php\/pierwsza-sobota-miesiaca\/#breadcrumb","itemListElement":[{"@type":"ListItem","position":1,"name":"Strona g\u0142\u00f3wna","item":"https:\/\/parafiajadwigi.waw.pl\/"},{"@type":"ListItem","position":2,"name":"PIERWSZA SOBOTA MIESI\u0104CA"}]},{"@type":"WebSite","@id":"https:\/\/parafiajadwigi.waw.pl\/#website","url":"https:\/\/parafiajadwigi.waw.pl\/","name":"\u015aw. Jadwiga \u015al\u0105ska","description":"Witamy","publisher":{"@id":"https:\/\/parafiajadwigi.waw.pl\/#organization"},"potentialAction":[{"@type":"SearchAction","target":{"@type":"EntryPoint","urlTemplate":"https:\/\/parafiajadwigi.waw.pl\/?s={search_term_string}"},"query-input":{"@type":"PropertyValueSpecification","valueRequired":true,"valueName":"search_term_string"}}],"inLanguage":"pl-PL"},{"@type":"Organization","@id":"https:\/\/parafiajadwigi.waw.pl\/#organization","name":"Parafia \u015awi\u0119tej Jadwigi \u015alaskiej","url":"https:\/\/parafiajadwigi.waw.pl\/","logo":{"@type":"ImageObject","inLanguage":"pl-PL","@id":"https:\/\/parafiajadwigi.waw.pl\/#\/schema\/logo\/image\/","url":"https:\/\/parafiajadwigi.waw.pl\/wp-content\/uploads\/2017\/06\/logooo_Jadwiga.png","contentUrl":"https:\/\/parafiajadwigi.waw.pl\/wp-content\/uploads\/2017\/06\/logooo_Jadwiga.png","width":1640,"height":2808,"caption":"Parafia \u015awi\u0119tej Jadwigi \u015alaskiej"},"image":{"@id":"https:\/\/parafiajadwigi.waw.pl\/#\/schema\/logo\/image\/"}}]}},"_links":{"self":[{"href":"https:\/\/parafiajadwigi.waw.pl\/index.php\/wp-json\/wp\/v2\/pages\/832","targetHints":{"allow":["GET"]}}],"collection":[{"href":"https:\/\/parafiajadwigi.waw.pl\/index.php\/wp-json\/wp\/v2\/pages"}],"about":[{"href":"https:\/\/parafiajadwigi.waw.pl\/index.php\/wp-json\/wp\/v2\/types\/page"}],"author":[{"embeddable":true,"href":"https:\/\/parafiajadwigi.waw.pl\/index.php\/wp-json\/wp\/v2\/users\/1"}],"replies":[{"embeddable":true,"href":"https:\/\/parafiajadwigi.waw.pl\/index.php\/wp-json\/wp\/v2\/comments?post=832"}],"version-history":[{"count":22,"href":"https:\/\/parafiajadwigi.waw.pl\/index.php\/wp-json\/wp\/v2\/pages\/832\/revisions"}],"predecessor-version":[{"id":13131,"href":"https:\/\/parafiajadwigi.waw.pl\/index.php\/wp-json\/wp\/v2\/pages\/832\/revisions\/13131"}],"wp:attachment":[{"href":"https:\/\/parafiajadwigi.waw.pl\/index.php\/wp-json\/wp\/v2\/media?parent=832"}],"curies":[{"name":"wp","href":"https:\/\/api.w.org\/{rel}","templated":true}]}}