{"id":4036,"date":"2019-06-06T16:31:48","date_gmt":"2019-06-06T14:31:48","guid":{"rendered":"https:\/\/parafiajadwigi.waw.pl\/?page_id=4036"},"modified":"2019-07-21T22:43:43","modified_gmt":"2019-07-21T20:43:43","slug":"pokuty-i-pojednania","status":"publish","type":"page","link":"https:\/\/parafiajadwigi.waw.pl\/index.php\/pokuty-i-pojednania\/","title":{"rendered":"POKUTY I POJEDNANIA"},"content":{"rendered":"\t\t<div data-elementor-type=\"wp-post\" data-elementor-id=\"4036\" class=\"elementor elementor-4036\">\n\t\t\t\t\t\t<section class=\"elementor-section elementor-top-section elementor-element elementor-element-daa4fc6 elementor-section-boxed elementor-section-height-default elementor-section-height-default\" data-id=\"daa4fc6\" data-element_type=\"section\" data-e-type=\"section\">\n\t\t\t\t\t\t<div class=\"elementor-container elementor-column-gap-default\">\n\t\t\t\t\t<div class=\"elementor-column elementor-col-100 elementor-top-column elementor-element elementor-element-810e4e1\" data-id=\"810e4e1\" data-element_type=\"column\" data-e-type=\"column\">\n\t\t\t<div class=\"elementor-widget-wrap elementor-element-populated\">\n\t\t\t\t\t\t<div class=\"elementor-element elementor-element-85e470c elementor-widget elementor-widget-text-editor\" data-id=\"85e470c\" data-element_type=\"widget\" data-e-type=\"widget\" data-widget_type=\"text-editor.default\">\n\t\t\t\t<div class=\"elementor-widget-container\">\n\t\t\t\t\t\t\t\t\t<p><strong><u>SAKRAMENT POJEDNANIA<\/u><\/strong><\/p><p>(par\u0119 wskaz\u00f3wek praktycznych)<\/p><p>Chcia\u0142bym m\u00f3wi\u0107 o <u>rado\u015bci z sakramentu<\/u> <u>pojednania.<\/u> U\u017cywam \u015bwiadomie okre\u015blenia sakrament pojednania a nie pokuty, gdy\u017c istot\u0105 jego nie jest czynienie pokuty (pokuta jest jedynie jednym z jego element\u00f3w), ale w\u0142a\u015bnie pojednanie si\u0119 z Bogiem i z lud\u017ami.<\/p><p>Wiemy wszyscy, \u017ce sakrament ten sprawia wsp\u00f3\u0142czesnemu cz\u0142owiekowi wiele trudno\u015bci. Dzieje si\u0119 tak, z jednej strony, z powodu formy, tego sakramentu, do kt\u00f3rej przywykli\u015bmy: wyznawane po cichu, niemal po kryjomu grzechy a cz\u0119sto jeszcze w kontek\u015bcie wielkich \u015bwi\u0105t, w po\u015bpiechu i na oczach zniecierpliwionych penitent\u00f3w, kt\u00f3rzy czekaj\u0105 za nami w kolejce\u2026 Z drugiej za\u015b strony, nie zawsze mamy \u015bwiadomo\u015b\u0107 spotkania z samym Bogiem, st\u0105d i wstyd, za\u017cenowanie, czy nawet l\u0119k, kt\u00f3re czasami mog\u0105 towarzyszy\u0107 spowiadaj\u0105cym si\u0119 wiernym.<\/p><p>Podstaw\u0105 i warunkiem radosnego podej\u015bcia do tego sakramentu jest \u015bwiadomo\u015b\u0107 osobistej relacji z Bogiem Ojcem, kt\u00f3ry nie tylko got\u00f3w jest do przebaczenia nam wszystkiego, ale i pragnie tego pojednania bardziej ni\u017c my sami. Je\u015bli brak nam tej \u015bwiadomo\u015bci, sakrament ten b\u0119dzie dla nas stale ci\u0119\u017carem, czy, o zgrozo, wymuszonym przez proboszcza i system kartek do podpisania, z\u0142em koniecznym.<\/p><p>Je\u015bli nie prze\u017cywamy sakramentu pojednania jako osobistej, radosnej relacji z Bogiem, stanie si\u0119 on wkr\u00f3tce formalno\u015bci\u0105 w celu wyeliminowania pewnych spraw, kt\u00f3re s\u0105 dla nas niewygodne, kt\u00f3re pozostawiaj\u0105 niesmak, kt\u00f3rych si\u0119 wstydzimy. Tak wi\u0119c, sakrament ten sam w sobie jest dobry, ale my powoli oddalamy si\u0119 od niego, widz\u0105c, \u017ce jest uci\u0105\u017cliwy, smutny, ci\u0119\u017cki. W rzeczywisto\u015bci jest radosnym spotkaniem z Bogiem pe\u0142nym mi\u0142osierdzia.<\/p><p>Jak wi\u0119c uczyni\u0107 z tego sakramentu prawdziwe radosne spotkanie? Jak go prze\u017cy\u0107 w spos\u00f3b najg\u0142\u0119bszy, tak by mi pom\u00f3g\u0142 w przyj\u0119ciu przebaczenia ofiarowanego mi przez Boga, a jednocze\u015bnie pom\u00f3g\u0142 mi w lepszym zrozumieniu, kim jestem, dok\u0105d zmierzam, do czego jestem powo\u0142any, w czym pomyli\u0142em si\u0119, kim nie chcia\u0142bym ju\u017c wi\u0119cej by\u0107, o co prosi\u0107 Boga?<\/p><p>Sugestia, jak\u0105 wam daj\u0119 jest owocem refleksji, lektury (dzi\u0119kuje zw\u0142aszcza by\u0142emu kardyna\u0142owi Mediolanu, Karlowi Marii Martiniemu, za jego na ten temat refleksje) jak i w\u0142asnej praktyki. To, do czego was zach\u0119cam, to do potraktowania sakramentu spowiedzi, jako, cho\u0107 od czasu do czasu, <u>kolokwium pokutnego<\/u>. Chodzi o to, by nie tylko powiedzie\u0107 to, co sobie przygotowali\u015bmy, ale \u017ceby wej\u015b\u0107 g\u0142\u0119biej w nas samych i by zrobi\u0107 to bez po\u015bpiechu.<\/p><p>Kolokwium to, t\u0119 <u>rozmow\u0119 pokutn\u0105<\/u> mo\u017cemy podzieli\u0107 na trzy cz\u0119\u015bci, zgodnie z tradycyjnym znaczeniem \u0142aci\u0144skiego s\u0142owa \u201econfessio\u201d, czyli \u201ewyznania\u201d. W rzeczy samej oznacza ono tak wyznanie, jak i chwalenie, proklamowanie, uznanie. St\u0105d b\u0119dziemy m\u00f3wi\u0107 o sakramencie pojednania, w kt\u00f3rym mamy:<\/p><ol><li><em>confessio laudis <\/em>\u2013 wyznanie chwa\u0142y, czyli chwalenie, dzi\u0119kowanie;<\/li><li><em>confessio vitae <\/em>\u2013 wyznanie w\u0142asnego \u017cycia, w\u0142asnych win;<\/li><li><em>confessio fidei \u2013<\/em> wyznanie wiary w moc bo\u017cej \u0142aski<\/li><\/ol><ol><li>Spowied\u017a chwa\u0142y, czy <strong>confessio laudis<\/strong>, to nic innego jak dzi\u0119kczynienie z\u0142o\u017cone Bogu w ramach sakramentu pojednania. Zamiast rozpoczyna\u0107 spowied\u017a, na przyk\u0142ad: \u201eZ pokor\u0105 i \u017calem wyznaj\u0119 nast\u0119puj\u0105ce grzechy\u2026\u201d, m\u00f3wimy: \u201ePanie dzi\u0119kuj\u0119 Ci\u2026\u201d i podzi\u0119kowa\u0107 za co\u015b konkretnego, co mia\u0142o miejsce w twoim \u017cyciu od ostatniej spowiedzi. Mamy chyba za ma\u0142o \u015bwiadomo\u015bci bo\u017cej mi\u0142o\u015bci i za ma\u0142o szacunku do nas samych. Gdy zastanowimy si\u0119 chwil\u0119 zobaczymy ile rzeczy otrzymali\u015bmy od Boga, w prezencie, ile \u0142ask otrzymujemy ka\u017cdego dnia. Powiedzie\u0107 na wst\u0119pie spotkania z Panem: \u201eDzi\u0119kuj\u0119 Ci\u2026\u201d, to uzna\u0107 Jego mi\u0142o\u015b\u0107. A gdy jestem \u015bwiadom, ze kto\u015b mnie kocha, czy mog\u0119 si\u0119 go ba\u0107? Tak wi\u0119c, nie idziemy ju\u017c, niemal po kryjomu, aby po\u015bpiesznie wyszepta\u0107 nasze grzechy i uciec z konfesjona\u0142u jak najszybciej. Ale staj\u0119 przed moim Ojcem, aby Mu powiedzie\u0107, na przyk\u0142ad: \u201eDzi\u0119ki Ci, o Panie, poniewa\u017c w tym miesi\u0105cu uda\u0142o mi si\u0119 pojedna\u0107\u2026 albo \u2026bo da\u0142e\u015b mi si\u0142y i wiar\u0119, by podej\u015b\u0107 do tego zaleg\u0142ego egzaminu\u2026 czy \u2026dzi\u0119kuj\u0119 Ci za to, \u017ce obdarzy\u0142e\u015b mnie zdrowiem, \u017ce babcia wr\u00f3ci\u0142a za szpitala\u2026\u201d.<\/li><\/ol><p>Powinni\u015bmy wyrazi\u0107 jedn\u0105 lub dwie rzeczy, za kt\u00f3re czujemy si\u0119 naprawd\u0119 wdzi\u0119czni Panu. To jest w\u0142a\u015bnie spowied\u017a chwa\u0142y.<\/p><ol start=\"2\"><li><strong>Confessio vitae<\/strong>, to druga cz\u0119\u015b\u0107 \u2013 wyznanie naszych win. To jednak nie tylko wymienienie listy grzech\u00f3w, ile raczej postawienie sobie pytania: Czego mi najbardziej wstyd? Gdybym m\u00f3g\u0142 wr\u00f3ci\u0107 wstecz, czego nie chcia\u0142bym, aby si\u0119 wydarzy\u0142o? Po prostu: co mi najbardziej ci\u0105\u017cy z tego co si\u0119 sta\u0142o od ostatniej spowiedzi? W tych pytaniach jest wiele tego, co stanowi o sensie naszego \u017cycia. Tego, co nazywamy g\u0142\u00f3wnymi wadami, czy motorami naszych dzia\u0142a\u0144, my\u015bli i decyzji. Chodzi o doj\u015bcie do korzeni naszych zachowa\u0144. Na przyk\u0142ad: \u201ePanie Bo\u017ce, czuj\u0119 w sobie niezwyci\u0119\u017cone antypatie, kt\u00f3re p\u00f3\u017aniej s\u0105 przyczyn\u0105 z\u0142ego samopoczucia, utrudniaj\u0105 mi relacje z tymi osobami, powoduj\u0105 we mnie uczucie pogardy, doprowadzaj\u0105 do obmawiania. Chcia\u0142bym by\u0107 przez Ciebie uzdrowiony.\u201d Albo: \u201ePanie, czuj\u0119 w sobie niesmak z powodu rzeczy, kt\u00f3re robi\u0119, co doprowadza mnie do niech\u0119ci do siebie samego. To z kolei powoduje we mnie z\u0142e samopoczucie, czuj\u0119 w sobie lenistwo, potem niech\u0119\u0107 do modlitwy i w og\u00f3le w\u0105tpliwo\u015bci, kt\u00f3re mnie niepokoj\u0105.\u201d<\/li><\/ol><p>Chodzi wi\u0119c o to, by wyrazi\u0107 kilka najg\u0142\u0119bszych odczu\u0107 lub emocji, kt\u00f3re nam ci\u0105\u017c\u0105 i kt\u00f3rych nie akceptujemy: gorycz, napi\u0119cia, chorobliwe gusty, to, co nam si\u0119 nie podoba oddajemy Bogu; \u201eZobacz, jestem grzesznikiem. Tylko Ty mo\u017cesz mnie zbawi\u0107.\u201d<\/p><ol start=\"3\"><li>Trzeci moment to spowied\u017a wiary \u2013 <strong>confessio fidei<\/strong>. Chodzi tu po prostu o powiedzenie Panu: \u201e<em>Bo\u017ce, wiem, \u017ce jestem kruchy, wiem, \u017ce jestem s\u0142aby, wiem, \u017ce mog\u0119 ci\u0105gle upada\u0107, ale wierz\u0105, \u017ce Ty, w Twoim mi\u0142osierdziu mo\u017cesz i chcesz zatroszczy\u0107 si\u0119 o mnie. Ustrze\u017c moj\u0105 s\u0142abo\u015b\u0107. Pozw\u00f3l mi zobaczy\u0107, jakie postanowienia msz\u0119 podj\u0105\u0107, aby wyra\u017ca\u0142y moj\u0105 dobr\u0105 wol\u0119 podobania si\u0119 Tobie<\/em>.\u201d I z takiego wyznania rodzi si\u0119 modlitwa \u017calu: <em>Panie, wiem, \u017ce to, co uczyni\u0142em, nie tylko mnie szkodzi, moim braciom i siostrom, osobom, kt\u00f3re skrzywdzi\u0142em, kt\u00f3re poczu\u0142y niesmak, kt\u00f3re zosta\u0142y wykorzystane, ale jest to tak\u017ce obraza Ciebie, Ojcze, kt\u00f3ry mnie ukocha\u0142e\u015b. Wybacz mi. Chc\u0119 unikn\u0105\u0107 grzechu i tego wszystkiego, co do niego prowadzi.\u201d<\/em><\/li><\/ol><p><em>\u00a0<\/em>Sakrament pojednania rozumiany i odbyty w ten spos\u00f3b nigdy nas nie b\u0119dzie nudzi\u0142, bo zawsze b\u0119dzie inny, nowy. Zawsze b\u0119d\u0105 nowe powody, by wyrazi\u0107 Panu nasz\u0105 wdzi\u0119czno\u015b\u0107, inne postawy, za kt\u00f3ry nam przykro i kt\u00f3re pragniemy odda\u0107 Bogu.<\/p><p>\u00a0<\/p>\t\t\t\t\t\t\t\t<\/div>\n\t\t\t\t<\/div>\n\t\t\t\t\t<\/div>\n\t\t<\/div>\n\t\t\t\t\t<\/div>\n\t\t<\/section>\n\t\t\t\t<\/div>\n\t\t","protected":false},"excerpt":{"rendered":"<p>SAKRAMENT POJEDNANIA (par\u0119 wskaz\u00f3wek praktycznych) Chcia\u0142bym m\u00f3wi\u0107 o rado\u015bci z sakramentu pojednania. U\u017cywam \u015bwiadomie okre\u015blenia sakrament pojednania a nie pokuty, gdy\u017c istot\u0105 jego nie jest czynienie pokuty (pokuta jest jedynie jednym z jego element\u00f3w), &hellip;<\/p>\n","protected":false},"author":1,"featured_media":0,"parent":0,"menu_order":0,"comment_status":"closed","ping_status":"closed","template":"","meta":{"footnotes":""},"class_list":["post-4036","page","type-page","status-publish","hentry"],"yoast_head":"<!-- This site is optimized with the Yoast SEO plugin v27.5 - https:\/\/yoast.com\/product\/yoast-seo-wordpress\/ -->\n<title>POKUTY I POJEDNANIA - \u015aw. Jadwiga \u015al\u0105ska<\/title>\n<meta name=\"robots\" content=\"index, follow, max-snippet:-1, max-image-preview:large, max-video-preview:-1\" \/>\n<link rel=\"canonical\" href=\"https:\/\/parafiajadwigi.waw.pl\/index.php\/pokuty-i-pojednania\/\" \/>\n<meta property=\"og:locale\" content=\"pl_PL\" \/>\n<meta property=\"og:type\" content=\"article\" \/>\n<meta property=\"og:title\" content=\"POKUTY I POJEDNANIA - \u015aw. Jadwiga \u015al\u0105ska\" \/>\n<meta property=\"og:description\" content=\"SAKRAMENT POJEDNANIA (par\u0119 wskaz\u00f3wek praktycznych) Chcia\u0142bym m\u00f3wi\u0107 o rado\u015bci z sakramentu pojednania. U\u017cywam \u015bwiadomie okre\u015blenia sakrament pojednania a nie pokuty, gdy\u017c istot\u0105 jego nie jest czynienie pokuty (pokuta jest jedynie jednym z jego element\u00f3w), &hellip;\" \/>\n<meta property=\"og:url\" content=\"https:\/\/parafiajadwigi.waw.pl\/index.php\/pokuty-i-pojednania\/\" \/>\n<meta property=\"og:site_name\" content=\"\u015aw. Jadwiga \u015al\u0105ska\" \/>\n<meta property=\"article:modified_time\" content=\"2019-07-21T20:43:43+00:00\" \/>\n<meta name=\"twitter:card\" content=\"summary_large_image\" \/>\n<meta name=\"twitter:label1\" content=\"Szacowany czas czytania\" \/>\n\t<meta name=\"twitter:data1\" content=\"6 minut\" \/>\n<script type=\"application\/ld+json\" class=\"yoast-schema-graph\">{\"@context\":\"https:\\\/\\\/schema.org\",\"@graph\":[{\"@type\":\"WebPage\",\"@id\":\"https:\\\/\\\/parafiajadwigi.waw.pl\\\/index.php\\\/pokuty-i-pojednania\\\/\",\"url\":\"https:\\\/\\\/parafiajadwigi.waw.pl\\\/index.php\\\/pokuty-i-pojednania\\\/\",\"name\":\"POKUTY I POJEDNANIA - \u015aw. Jadwiga \u015al\u0105ska\",\"isPartOf\":{\"@id\":\"https:\\\/\\\/parafiajadwigi.waw.pl\\\/#website\"},\"datePublished\":\"2019-06-06T14:31:48+00:00\",\"dateModified\":\"2019-07-21T20:43:43+00:00\",\"breadcrumb\":{\"@id\":\"https:\\\/\\\/parafiajadwigi.waw.pl\\\/index.php\\\/pokuty-i-pojednania\\\/#breadcrumb\"},\"inLanguage\":\"pl-PL\",\"potentialAction\":[{\"@type\":\"ReadAction\",\"target\":[\"https:\\\/\\\/parafiajadwigi.waw.pl\\\/index.php\\\/pokuty-i-pojednania\\\/\"]}]},{\"@type\":\"BreadcrumbList\",\"@id\":\"https:\\\/\\\/parafiajadwigi.waw.pl\\\/index.php\\\/pokuty-i-pojednania\\\/#breadcrumb\",\"itemListElement\":[{\"@type\":\"ListItem\",\"position\":1,\"name\":\"Strona g\u0142\u00f3wna\",\"item\":\"https:\\\/\\\/parafiajadwigi.waw.pl\\\/\"},{\"@type\":\"ListItem\",\"position\":2,\"name\":\"POKUTY I POJEDNANIA\"}]},{\"@type\":\"WebSite\",\"@id\":\"https:\\\/\\\/parafiajadwigi.waw.pl\\\/#website\",\"url\":\"https:\\\/\\\/parafiajadwigi.waw.pl\\\/\",\"name\":\"\u015aw. Jadwiga \u015al\u0105ska\",\"description\":\"Witamy\",\"publisher\":{\"@id\":\"https:\\\/\\\/parafiajadwigi.waw.pl\\\/#organization\"},\"potentialAction\":[{\"@type\":\"SearchAction\",\"target\":{\"@type\":\"EntryPoint\",\"urlTemplate\":\"https:\\\/\\\/parafiajadwigi.waw.pl\\\/?s={search_term_string}\"},\"query-input\":{\"@type\":\"PropertyValueSpecification\",\"valueRequired\":true,\"valueName\":\"search_term_string\"}}],\"inLanguage\":\"pl-PL\"},{\"@type\":\"Organization\",\"@id\":\"https:\\\/\\\/parafiajadwigi.waw.pl\\\/#organization\",\"name\":\"Parafia \u015awi\u0119tej Jadwigi \u015alaskiej\",\"url\":\"https:\\\/\\\/parafiajadwigi.waw.pl\\\/\",\"logo\":{\"@type\":\"ImageObject\",\"inLanguage\":\"pl-PL\",\"@id\":\"https:\\\/\\\/parafiajadwigi.waw.pl\\\/#\\\/schema\\\/logo\\\/image\\\/\",\"url\":\"https:\\\/\\\/parafiajadwigi.waw.pl\\\/wp-content\\\/uploads\\\/2017\\\/06\\\/logooo_Jadwiga.png\",\"contentUrl\":\"https:\\\/\\\/parafiajadwigi.waw.pl\\\/wp-content\\\/uploads\\\/2017\\\/06\\\/logooo_Jadwiga.png\",\"width\":1640,\"height\":2808,\"caption\":\"Parafia \u015awi\u0119tej Jadwigi \u015alaskiej\"},\"image\":{\"@id\":\"https:\\\/\\\/parafiajadwigi.waw.pl\\\/#\\\/schema\\\/logo\\\/image\\\/\"}}]}<\/script>\n<!-- \/ Yoast SEO plugin. -->","yoast_head_json":{"title":"POKUTY I POJEDNANIA - \u015aw. Jadwiga \u015al\u0105ska","robots":{"index":"index","follow":"follow","max-snippet":"max-snippet:-1","max-image-preview":"max-image-preview:large","max-video-preview":"max-video-preview:-1"},"canonical":"https:\/\/parafiajadwigi.waw.pl\/index.php\/pokuty-i-pojednania\/","og_locale":"pl_PL","og_type":"article","og_title":"POKUTY I POJEDNANIA - \u015aw. Jadwiga \u015al\u0105ska","og_description":"SAKRAMENT POJEDNANIA (par\u0119 wskaz\u00f3wek praktycznych) Chcia\u0142bym m\u00f3wi\u0107 o rado\u015bci z sakramentu pojednania. U\u017cywam \u015bwiadomie okre\u015blenia sakrament pojednania a nie pokuty, gdy\u017c istot\u0105 jego nie jest czynienie pokuty (pokuta jest jedynie jednym z jego element\u00f3w), &hellip;","og_url":"https:\/\/parafiajadwigi.waw.pl\/index.php\/pokuty-i-pojednania\/","og_site_name":"\u015aw. Jadwiga \u015al\u0105ska","article_modified_time":"2019-07-21T20:43:43+00:00","twitter_card":"summary_large_image","twitter_misc":{"Szacowany czas czytania":"6 minut"},"schema":{"@context":"https:\/\/schema.org","@graph":[{"@type":"WebPage","@id":"https:\/\/parafiajadwigi.waw.pl\/index.php\/pokuty-i-pojednania\/","url":"https:\/\/parafiajadwigi.waw.pl\/index.php\/pokuty-i-pojednania\/","name":"POKUTY I POJEDNANIA - \u015aw. Jadwiga \u015al\u0105ska","isPartOf":{"@id":"https:\/\/parafiajadwigi.waw.pl\/#website"},"datePublished":"2019-06-06T14:31:48+00:00","dateModified":"2019-07-21T20:43:43+00:00","breadcrumb":{"@id":"https:\/\/parafiajadwigi.waw.pl\/index.php\/pokuty-i-pojednania\/#breadcrumb"},"inLanguage":"pl-PL","potentialAction":[{"@type":"ReadAction","target":["https:\/\/parafiajadwigi.waw.pl\/index.php\/pokuty-i-pojednania\/"]}]},{"@type":"BreadcrumbList","@id":"https:\/\/parafiajadwigi.waw.pl\/index.php\/pokuty-i-pojednania\/#breadcrumb","itemListElement":[{"@type":"ListItem","position":1,"name":"Strona g\u0142\u00f3wna","item":"https:\/\/parafiajadwigi.waw.pl\/"},{"@type":"ListItem","position":2,"name":"POKUTY I POJEDNANIA"}]},{"@type":"WebSite","@id":"https:\/\/parafiajadwigi.waw.pl\/#website","url":"https:\/\/parafiajadwigi.waw.pl\/","name":"\u015aw. Jadwiga \u015al\u0105ska","description":"Witamy","publisher":{"@id":"https:\/\/parafiajadwigi.waw.pl\/#organization"},"potentialAction":[{"@type":"SearchAction","target":{"@type":"EntryPoint","urlTemplate":"https:\/\/parafiajadwigi.waw.pl\/?s={search_term_string}"},"query-input":{"@type":"PropertyValueSpecification","valueRequired":true,"valueName":"search_term_string"}}],"inLanguage":"pl-PL"},{"@type":"Organization","@id":"https:\/\/parafiajadwigi.waw.pl\/#organization","name":"Parafia \u015awi\u0119tej Jadwigi \u015alaskiej","url":"https:\/\/parafiajadwigi.waw.pl\/","logo":{"@type":"ImageObject","inLanguage":"pl-PL","@id":"https:\/\/parafiajadwigi.waw.pl\/#\/schema\/logo\/image\/","url":"https:\/\/parafiajadwigi.waw.pl\/wp-content\/uploads\/2017\/06\/logooo_Jadwiga.png","contentUrl":"https:\/\/parafiajadwigi.waw.pl\/wp-content\/uploads\/2017\/06\/logooo_Jadwiga.png","width":1640,"height":2808,"caption":"Parafia \u015awi\u0119tej Jadwigi \u015alaskiej"},"image":{"@id":"https:\/\/parafiajadwigi.waw.pl\/#\/schema\/logo\/image\/"}}]}},"_links":{"self":[{"href":"https:\/\/parafiajadwigi.waw.pl\/index.php\/wp-json\/wp\/v2\/pages\/4036","targetHints":{"allow":["GET"]}}],"collection":[{"href":"https:\/\/parafiajadwigi.waw.pl\/index.php\/wp-json\/wp\/v2\/pages"}],"about":[{"href":"https:\/\/parafiajadwigi.waw.pl\/index.php\/wp-json\/wp\/v2\/types\/page"}],"author":[{"embeddable":true,"href":"https:\/\/parafiajadwigi.waw.pl\/index.php\/wp-json\/wp\/v2\/users\/1"}],"replies":[{"embeddable":true,"href":"https:\/\/parafiajadwigi.waw.pl\/index.php\/wp-json\/wp\/v2\/comments?post=4036"}],"version-history":[{"count":6,"href":"https:\/\/parafiajadwigi.waw.pl\/index.php\/wp-json\/wp\/v2\/pages\/4036\/revisions"}],"predecessor-version":[{"id":4471,"href":"https:\/\/parafiajadwigi.waw.pl\/index.php\/wp-json\/wp\/v2\/pages\/4036\/revisions\/4471"}],"wp:attachment":[{"href":"https:\/\/parafiajadwigi.waw.pl\/index.php\/wp-json\/wp\/v2\/media?parent=4036"}],"curies":[{"name":"wp","href":"https:\/\/api.w.org\/{rel}","templated":true}]}}