{"id":35,"date":"2017-06-19T23:47:37","date_gmt":"2017-06-19T21:47:37","guid":{"rendered":"http:\/\/parafiajadwigi.waw.pl\/?page_id=35"},"modified":"2022-11-28T19:08:58","modified_gmt":"2022-11-28T18:08:58","slug":"kronika","status":"publish","type":"page","link":"https:\/\/parafiajadwigi.waw.pl\/index.php\/kronika\/","title":{"rendered":"KRONIKA"},"content":{"rendered":"\t\t<div data-elementor-type=\"wp-page\" data-elementor-id=\"35\" class=\"elementor elementor-35\">\n\t\t\t\t\t\t<section class=\"elementor-section elementor-top-section elementor-element elementor-element-3fcf5f2 elementor-section-boxed elementor-section-height-default elementor-section-height-default\" data-id=\"3fcf5f2\" data-element_type=\"section\" data-e-type=\"section\">\n\t\t\t\t\t\t<div class=\"elementor-container elementor-column-gap-default\">\n\t\t\t\t\t<div class=\"elementor-column elementor-col-100 elementor-top-column elementor-element elementor-element-bd0e721\" data-id=\"bd0e721\" data-element_type=\"column\" data-e-type=\"column\">\n\t\t\t<div class=\"elementor-widget-wrap elementor-element-populated\">\n\t\t\t\t\t\t<div class=\"elementor-element elementor-element-3b771f0 elementor-widget elementor-widget-accordion\" data-id=\"3b771f0\" data-element_type=\"widget\" data-e-type=\"widget\" data-widget_type=\"accordion.default\">\n\t\t\t\t<div class=\"elementor-widget-container\">\n\t\t\t\t\t\t\t<div class=\"elementor-accordion\">\n\t\t\t\t\t\t\t<div class=\"elementor-accordion-item\">\n\t\t\t\t\t<div id=\"elementor-tab-title-6231\" class=\"elementor-tab-title\" data-tab=\"1\" role=\"button\" aria-controls=\"elementor-tab-content-6231\" aria-expanded=\"false\">\n\t\t\t\t\t\t\t\t\t\t\t\t\t<span class=\"elementor-accordion-icon elementor-accordion-icon-left\" aria-hidden=\"true\">\n\t\t\t\t\t\t\t\t\t\t\t\t\t\t\t<span class=\"elementor-accordion-icon-closed\"><i class=\"fas fa-angle-double-down\"><\/i><\/span>\n\t\t\t\t\t\t\t\t<span class=\"elementor-accordion-icon-opened\"><i class=\"fas fa-angle-double-up\"><\/i><\/span>\n\t\t\t\t\t\t\t\t\t\t\t\t\t\t<\/span>\n\t\t\t\t\t\t\t\t\t\t\t\t<a class=\"elementor-accordion-title\" tabindex=\"0\">22.05.2022 VI Niedziela Wielkanocna<\/a>\n\t\t\t\t\t<\/div>\n\t\t\t\t\t<div id=\"elementor-tab-content-6231\" class=\"elementor-tab-content elementor-clearfix\" data-tab=\"1\" role=\"region\" aria-labelledby=\"elementor-tab-title-6231\"><p>Dzisiejszy dzie\u0144 obfitowa\u0142 w wydarzenia. Od pierwszej mszy \u015bw. go\u015bcili\u015bmy p. Dominik\u0119 Przybysz z organizacji Open Doors, kt\u00f3ra pomaga Ko\u015bcio\u0142owi prze\u015bladowanemu na ca\u0142ym \u015bwiecie. Pani Dominika opowiedzia\u0142a o swojej pracy w Indiach<\/p><\/div>\n\t\t\t\t<\/div>\n\t\t\t\t\t\t\t<div class=\"elementor-accordion-item\">\n\t\t\t\t\t<div id=\"elementor-tab-title-6232\" class=\"elementor-tab-title\" data-tab=\"2\" role=\"button\" aria-controls=\"elementor-tab-content-6232\" aria-expanded=\"false\">\n\t\t\t\t\t\t\t\t\t\t\t\t\t<span class=\"elementor-accordion-icon elementor-accordion-icon-left\" aria-hidden=\"true\">\n\t\t\t\t\t\t\t\t\t\t\t\t\t\t\t<span class=\"elementor-accordion-icon-closed\"><i class=\"fas fa-angle-double-down\"><\/i><\/span>\n\t\t\t\t\t\t\t\t<span class=\"elementor-accordion-icon-opened\"><i class=\"fas fa-angle-double-up\"><\/i><\/span>\n\t\t\t\t\t\t\t\t\t\t\t\t\t\t<\/span>\n\t\t\t\t\t\t\t\t\t\t\t\t<a class=\"elementor-accordion-title\" tabindex=\"0\">07.05.2022 Pierwsza Komunia \u015bw. dzieci z rocznika ....<\/a>\n\t\t\t\t\t<\/div>\n\t\t\t\t\t<div id=\"elementor-tab-content-6232\" class=\"elementor-tab-content elementor-clearfix\" data-tab=\"2\" role=\"region\" aria-labelledby=\"elementor-tab-title-6232\"><p>Dzisiaj uczestniczyli\u015bmy w pierwszej komunii \u015bw. W Sakramencie Eucharystii w pe\u0142ni uczestniczy\u0142o czworo dzieci z naszej parafii Msz\u0119 \u015bwi\u0119t\u0105 celebrowa\u0142 o.Kazimierz Sza\u0142aj proboszcz.<\/p><\/div>\n\t\t\t\t<\/div>\n\t\t\t\t\t\t\t<div class=\"elementor-accordion-item\">\n\t\t\t\t\t<div id=\"elementor-tab-title-6233\" class=\"elementor-tab-title\" data-tab=\"3\" role=\"button\" aria-controls=\"elementor-tab-content-6233\" aria-expanded=\"false\">\n\t\t\t\t\t\t\t\t\t\t\t\t\t<span class=\"elementor-accordion-icon elementor-accordion-icon-left\" aria-hidden=\"true\">\n\t\t\t\t\t\t\t\t\t\t\t\t\t\t\t<span class=\"elementor-accordion-icon-closed\"><i class=\"fas fa-angle-double-down\"><\/i><\/span>\n\t\t\t\t\t\t\t\t<span class=\"elementor-accordion-icon-opened\"><i class=\"fas fa-angle-double-up\"><\/i><\/span>\n\t\t\t\t\t\t\t\t\t\t\t\t\t\t<\/span>\n\t\t\t\t\t\t\t\t\t\t\t\t<a class=\"elementor-accordion-title\" tabindex=\"0\">20-21.04 2022 Wymiana przy\u0142\u0105cza wody miejskiej<\/a>\n\t\t\t\t\t<\/div>\n\t\t\t\t\t<div id=\"elementor-tab-content-6233\" class=\"elementor-tab-content elementor-clearfix\" data-tab=\"3\" role=\"region\" aria-labelledby=\"elementor-tab-title-6233\"><p>W tym tygodniu wymienili\u015bmy przy\u0142\u0105cze wodne do ko\u015bcio\u0142a i plebanii. Koszt to 12 tysi\u0119cy z\u0142.<\/p><\/div>\n\t\t\t\t<\/div>\n\t\t\t\t\t\t\t<div class=\"elementor-accordion-item\">\n\t\t\t\t\t<div id=\"elementor-tab-title-6234\" class=\"elementor-tab-title\" data-tab=\"4\" role=\"button\" aria-controls=\"elementor-tab-content-6234\" aria-expanded=\"false\">\n\t\t\t\t\t\t\t\t\t\t\t\t\t<span class=\"elementor-accordion-icon elementor-accordion-icon-left\" aria-hidden=\"true\">\n\t\t\t\t\t\t\t\t\t\t\t\t\t\t\t<span class=\"elementor-accordion-icon-closed\"><i class=\"fas fa-angle-double-down\"><\/i><\/span>\n\t\t\t\t\t\t\t\t<span class=\"elementor-accordion-icon-opened\"><i class=\"fas fa-angle-double-up\"><\/i><\/span>\n\t\t\t\t\t\t\t\t\t\t\t\t\t\t<\/span>\n\t\t\t\t\t\t\t\t\t\t\t\t<a class=\"elementor-accordion-title\" tabindex=\"0\">14-16.04.2022 Triduum Paschalne <\/a>\n\t\t\t\t\t<\/div>\n\t\t\t\t\t<div id=\"elementor-tab-content-6234\" class=\"elementor-tab-content elementor-clearfix\" data-tab=\"4\" role=\"region\" aria-labelledby=\"elementor-tab-title-6234\"><p>\u015awi\u0119ta Wielkiej Nocy w tym roku wypad\u0142y po zako\u0144czeniu&nbsp; wszystkich obostrze\u0144 zwi\u0105zanych z pandemi\u0105 korona wirusa COVID 19. Pomimo braku ogranicze\u0144 w Wielki Czwartek w naszej \u015bwi\u0105tyni, w por\u00f3wnaniu z latami przed pandemicznymi by\u0142o znacznie mniej wiernych. w tym dniu Msz\u0119 Wieczerzy Pa\u0144skiej celebrowa\u0142 o.Kazimierz Sza\u0142aj proboszcz naszej parafii. S\u0142owa Ewangelii w tym dniu od\u015bpiewa\u0142 o. Eryk nasz wikariusz nast\u0119pnie proboszcz wyg\u0142osi\u0142 homili\u0119 w kt\u00f3rej zadawa\u0142 retoryczne pytania ,,po co zosta\u0142e\u015b ksi\u0119dzem&#8221; kontynuuj\u0105c powiedzia\u0142 \u017ce \u015bwiat niszczy&nbsp; kap\u0142a\u0144stwo, oskar\u017ca, wy\u015bmiewa chce skaza\u0107 na zamkni\u0119cie, najlepiej na wymarcie. W dalszej cz\u0119\u015bci powiedzia\u0142 ,\u017ce takie pytania mog\u0105 si\u0119 pojawia\u0107,ale w Zes\u0142anie Ducha \u015awi\u0119tego i od tego czasu przez ponad 2000 lat przychodzi Jezus do nas, zamkni\u0119tych przed wsp\u00f3\u0142czesnym \u015bwiatem i m\u00f3wi Pok\u00f3j wam, nie l\u0119kajcie si\u0119, ja wam daj\u0119 Ducha pocieszyciela, Duch \u015awi\u0119ty was obroni, Duch \u015bwi\u0119ty was umocni, Duch \u015awi\u0119ty wska\u017ce prawd\u0119, pok\u00f3j wam, nie l\u0119kajcie si\u0119. \u015awi\u0119ty Jan Pawe\u0142 II, znamy jego s\u0142owa ,,Nie l\u0119kajcie si\u0119&#8221;, otw\u00f3rzcie drzwi Chrystusowi, w 50 rocznic\u0119 swoich \u015bwi\u0119ce\u0144 kap\u0142a\u0144skich napisa\u0142 ksi\u0105\u017ck\u0119 ,,Dar i tajemnica&#8221; opisuje swoje powo\u0142anie, pisze o powi\u0105zaniu kap\u0142a\u0144stwa i Eucharystii, pisz\u0119 o wielkim znaczeniu, sensie kap\u0142a\u0144stwa ale rozumianym jako dar i tajemnica. Wobec Boga nie mo\u017cna tego poj\u0105\u0107, bo po ludzku to niemo\u017cliwe&#8230;Dzisiaj Chrystus po raz kolejny uczy nas ofiary i potwierdza, \u017ce ka\u017cdorazowo Ofiara Eucharystii to jest uobecnieniem dzie\u0142a zbawczego, dzie\u0142a Boga cz\u0142owieka, ka\u017cda Eucharystia jest wielkim dramatem, gdzie Jezus Chrystus wychodzi by szuka\u0107 tego co zgin\u0119\u0142o, by szuka\u0107 ka\u017cdego z nas, jest to dramat, ale nie tragedia, bo na ko\u0144cu jest zmartwychwstanie. W Eucharystii powinni\u015bmy szuka\u0107 lekarstwa na nasze dolegliwo\u015bci, na brak mi\u0142o\u015bci, na nasz egoizm, na rozpacz, na zniech\u0119cenie, to w Eucharystii powinni\u015bmy si\u0119 uczy\u0107 jak dawa\u0107 siebie, jak siebie ofiarowywa\u0107 za najbli\u017cszych, za pok\u00f3j&nbsp; na \u015bwiecie i zbawienie \u015bwiata. Po homilii o. Kazimierz dokona\u0142 aktu obmycia n\u00f3g. Na zako\u0144czenie Mszy \u015bwi\u0119tej celebrans w procesji przeni\u00f3s\u0142 Naj\u015bwi\u0119tszy Sakrament&nbsp; do ciemnicy. Adoruj\u0105c pana Jezusa w ciemnicy wierni odm\u00f3wili r\u00f3\u017caniec w intencji pokoju na \u015bwiecie.<\/p><\/div>\n\t\t\t\t<\/div>\n\t\t\t\t\t\t\t<div class=\"elementor-accordion-item\">\n\t\t\t\t\t<div id=\"elementor-tab-title-6235\" class=\"elementor-tab-title\" data-tab=\"5\" role=\"button\" aria-controls=\"elementor-tab-content-6235\" aria-expanded=\"false\">\n\t\t\t\t\t\t\t\t\t\t\t\t\t<span class=\"elementor-accordion-icon elementor-accordion-icon-left\" aria-hidden=\"true\">\n\t\t\t\t\t\t\t\t\t\t\t\t\t\t\t<span class=\"elementor-accordion-icon-closed\"><i class=\"fas fa-angle-double-down\"><\/i><\/span>\n\t\t\t\t\t\t\t\t<span class=\"elementor-accordion-icon-opened\"><i class=\"fas fa-angle-double-up\"><\/i><\/span>\n\t\t\t\t\t\t\t\t\t\t\t\t\t\t<\/span>\n\t\t\t\t\t\t\t\t\t\t\t\t<a class=\"elementor-accordion-title\" tabindex=\"0\">19.03.2022 \u015awi\u0119to \u015bw. J\u00f3zefa<\/a>\n\t\t\t\t\t<\/div>\n\t\t\t\t\t<div id=\"elementor-tab-content-6235\" class=\"elementor-tab-content elementor-clearfix\" data-tab=\"5\" role=\"region\" aria-labelledby=\"elementor-tab-title-6235\"><p style=\"padding-left: 40px;\">W tym dniu odby\u0142o si\u0119 pierwsze spotkanie dla m\u0119\u017cczyzn, utworzono grup\u0119 \u015awi\u0119tego J\u00f3zefa oko\u0142o 20 m\u0119\u017cczyzn konferencje wyg\u0142osi\u0142 ojciec Marcin Piwnicki, nast\u0119pnie odby\u0142o si\u0119 m\u0119skie uwielbienie Pana Boga za wstawiennictwem \u015awi\u0119tego J\u00f3zefa<\/p><\/div>\n\t\t\t\t<\/div>\n\t\t\t\t\t\t\t<div class=\"elementor-accordion-item\">\n\t\t\t\t\t<div id=\"elementor-tab-title-6236\" class=\"elementor-tab-title\" data-tab=\"6\" role=\"button\" aria-controls=\"elementor-tab-content-6236\" aria-expanded=\"false\">\n\t\t\t\t\t\t\t\t\t\t\t\t\t<span class=\"elementor-accordion-icon elementor-accordion-icon-left\" aria-hidden=\"true\">\n\t\t\t\t\t\t\t\t\t\t\t\t\t\t\t<span class=\"elementor-accordion-icon-closed\"><i class=\"fas fa-angle-double-down\"><\/i><\/span>\n\t\t\t\t\t\t\t\t<span class=\"elementor-accordion-icon-opened\"><i class=\"fas fa-angle-double-up\"><\/i><\/span>\n\t\t\t\t\t\t\t\t\t\t\t\t\t\t<\/span>\n\t\t\t\t\t\t\t\t\t\t\t\t<a class=\"elementor-accordion-title\" tabindex=\"0\">16.10.2021 100-lecie parafii \u015bw. Jadwigi na \u017beraniu<\/a>\n\t\t\t\t\t<\/div>\n\t\t\t\t\t<div id=\"elementor-tab-content-6236\" class=\"elementor-tab-content elementor-clearfix\" data-tab=\"6\" role=\"region\" aria-labelledby=\"elementor-tab-title-6236\"><p class=\"_16d5i\">Bywali tu b\u0142ogos\u0142awieni ks. Popie\u0142uszko i kard. Wyszy\u0144ski<br \/>Uroczysta msza \u015bwi\u0119ta z okazji 100-lecia parafii odby\u0142a si\u0119 w sobot\u0119 16 pa\u017adziernika, przewodniczy\u0142 jej biskup warszawsko-praski Romuald Kami\u0144ski. W kazaniu podkre\u015bli\u0142, \u017ce parafia \u015bw. Jadwigi \u015al\u0105skiej rodzi\u0142a si\u0119 wraz z odbudowuj\u0105c\u0105 si\u0119 po zaborach II Rzeczpospolit\u0105. Bp Kami\u0144ski zwr\u00f3ci\u0142 te\u017c uwag\u0119, \u017ce z obecnym terenem parafii wi\u0105\u017ce si\u0119 tak\u017ce posta\u0107 b\u0142. ks. Ignacego K\u0142opotowskiego, kt\u00f3ry by\u0142 proboszczem w\u00f3wczas s\u0105siedzkiej parafii Matki Bo\u017cej Loreta\u0144skiej przy ko\u015bciele \u015bw. Floriana na warszawskiej Pradze.\u201eParafia \u015bw. Jadwigi \u015al\u0105skiej wpisa\u0142a si\u0119 tutaj dobrze w te wszystkie estakady drogowe. Je\u015bli komu\u015b si\u0119 chce wyt\u0142umaczy\u0107 gdzie jest ko\u015bci\u00f3\u0142 \u015bw. Jadwigi, to tylko trzeba doda\u0107 \u2013 wszystkie mo\u017cliwe estakady s\u0105 wok\u00f3\u0142 tej \u015bwi\u0105tyni. Czyli wszystkie drogi prowadz\u0105 do \u015bw. Jadwigi\u201d \u2013 m\u00f3wi\u0142 ordynariusz warszawsko-praski.<br \/>\u00a0\u00a0\u00a0 Jubileuszowa msza \u015bwi\u0119ta by\u0142a po\u0142\u0105czona z sakramentem bierzmowania. Bp Kami\u0144ski podkre\u015bla\u0142, \u017ce kwestia dojrza\u0142o\u015bci chrze\u015bcija\u0144skiej wi\u0105\u017ce si\u0119 te\u017c z \u017cyciem w ramach wsp\u00f3lnoty parafialnej. \u201eJedni drugich mamy brzemiona nosi\u0107, jedni drugim mamy pomaga\u0107 w naszym pielgrzymowaniu przez \u015bwiat i \u017ceby\u015bmy wiedzieli co powinni\u015bmy zaofiarowa\u0107 naszym siostrom i braciom. \u017byczmy sobie, by to nowe stulecie by\u0142o pi\u0119kne i bogate. Bogate duchowo \u201d \u2013 powiedzia\u0142.<br \/>\u00a0\u00a0\u00a0\u00a0 O. Kazimierz Sza\u0142aj SVD cz\u0119sto podkre\u015bla, \u017ce \u015bw. Jadwiga \u015al\u0105ska to skromna parafia. Ze wzgl\u0119du na pandemi\u0119 skromny charakter mia\u0142y te\u017c obchody jubileuszowe. \u201eJednak, rozpoczynaj\u0105c kolejne stulecie istnienia parafii, z nadziej\u0105 patrzymy w przysz\u0142o\u015b\u0107. Wraz ze \u015bw. Janem Paw\u0142em II (\u2026) powtarzamy z ufno\u015bci\u0105: Niech nasza droga b\u0119dzie wsp\u00f3lna. Niech nasza modlitwa b\u0119dzie pokorna. Niech nasza mi\u0142o\u015b\u0107 b\u0119dzie pot\u0119\u017cna. Niech nasza nadzieja b\u0119dzie wi\u0119ksze od wszystkiego, co si\u0119 tej nadziei mo\u017ce sprzeciwia\u0107\u201d \u2013 napisa\u0142 do wiernych proboszcz \u015bwi\u0119tuj\u0105cej 100-lecie swego istnienia parafii \u015bw. Jadwigi \u015al\u0105skiej w Warszawie.N<br \/>Na obchody tego jubileuszu przyby\u0142 r\u00f3wnie\u017c by\u0142 proboszcz ks.Andrzej Legutko oraz Zaproszeni werbi\u015bci o.Sylwester Grabowski, o. Jacek Gniadek, o.Krzysztof Malejko<\/p><p><\/p><\/div>\n\t\t\t\t<\/div>\n\t\t\t\t\t\t\t<div class=\"elementor-accordion-item\">\n\t\t\t\t\t<div id=\"elementor-tab-title-6237\" class=\"elementor-tab-title\" data-tab=\"7\" role=\"button\" aria-controls=\"elementor-tab-content-6237\" aria-expanded=\"false\">\n\t\t\t\t\t\t\t\t\t\t\t\t\t<span class=\"elementor-accordion-icon elementor-accordion-icon-left\" aria-hidden=\"true\">\n\t\t\t\t\t\t\t\t\t\t\t\t\t\t\t<span class=\"elementor-accordion-icon-closed\"><i class=\"fas fa-angle-double-down\"><\/i><\/span>\n\t\t\t\t\t\t\t\t<span class=\"elementor-accordion-icon-opened\"><i class=\"fas fa-angle-double-up\"><\/i><\/span>\n\t\t\t\t\t\t\t\t\t\t\t\t\t\t<\/span>\n\t\t\t\t\t\t\t\t\t\t\t\t<a class=\"elementor-accordion-title\" tabindex=\"0\">11.10.2021 Tydzie\u0144 przygotowa\u0144 do odpustu \u015bw. Jadwigi \u015al\u0105skiej  w 100-Lecie Parafii <\/a>\n\t\t\t\t\t<\/div>\n\t\t\t\t\t<div id=\"elementor-tab-content-6237\" class=\"elementor-tab-content elementor-clearfix\" data-tab=\"7\" role=\"region\" aria-labelledby=\"elementor-tab-title-6237\"><p>11.10.2021 (poniedzia\u0142ek) \u2013 o. Andrzej Borek SVD powiedzia\u0142: \u201eMoi Drodzy, to dla mnie wielki zaszczyt, \u017ce mog\u0119 by\u0107 tutaj dzisiaj z Wami. Na pocz\u0105tku chcia\u0142bym podzi\u0119kowa\u0107 o. proboszczowi i o. wikaremu za zaproszenie. Dzi\u015b przyjrzymy si\u0119 pierwszemu misjonarzowi werbi\u015bcie, \u015bw. J\u00f3zefowi Freinademetzowi. M\u0142odzi okre\u015blili by go dzi\u015b jako takiego cichego bohatera. Urodzi\u0142 si\u0119 w 1852 r. w Oies w po\u0142udniowym Tyrolu. By\u0142 czwartym dzieckiem Jana i Anny z domu Algrong. Zosta\u0142 ochrzczony w dniu swego urodzenia, w ko\u015bciele parafialnym \u015bw. Leonarda. Jego rodzina by\u0142a bardzo liczna. Jan i Anna mieli trzyna\u015bcioro dzieci, ale czworo z nich zmar\u0142o zaraz po urodzeniu. Rodzina \u017cy\u0142a bardzo skromnie i musia\u0142a ci\u0119\u017cko pracowa\u0107 na swoje utrzymanie. Od dzieci\u0144stwa J\u00f3zef Freinademetz wiedzia\u0142, co to znaczy wyrzeczenie i niedostatek. W szkole podstawowej by\u0142 wzorowym uczniem, by\u0142 bardzo zdolny i pilny. Zwr\u00f3ci\u0142 tym na siebie uwag\u0119 nauczyciela i proboszcza, dzi\u0119ki kt\u00f3remu w 1862 r. przeni\u00f3s\u0142 si\u0119 do niemieckiej szko\u0142y, oddalonej o 50 km od jego domu. W 1872 r. zda\u0142 matur\u0119 i w tym samym roku wst\u0105pi\u0142 do seminarium duchownego w Bressanone. 5 lipca 1875 r. otrzyma\u0142 \u015bwi\u0119cenia kap\u0142a\u0144skie i zosta\u0142 ksi\u0119dzem diecezjalnym. Dwa lata pracowa\u0142 w parafii \u015aw. Marcina. Znany by\u0142 ze swojej skromno\u015bci i \u017cyczliwo\u015bci. Wst\u0105pi\u0142 do Domu Misyjnego w Steylu i w roku 1879 wyruszy\u0142 na plac\u00f3wk\u0119 misyjn\u0105 do Chin. Rozpocz\u0105\u0142 tam nauk\u0119 j\u0119zyka chi\u0144skiego, a w 1880 r. zacz\u0105\u0142 odwiedza\u0107 okoliczne wsie. Wyjecha\u0142 do Szantungu, gdzie nasze Zgromadzenie obj\u0119\u0142o plac\u00f3wki po zakonie franciszkan\u00f3w. W 1882 r. przeni\u00f3s\u0142 si\u0119 do Puoli, miejscowo\u015bci, gdzie byli ju\u017c chrze\u015bcijanie. S\u0142u\u017cy\u0142 ludziom poprzez modlitw\u0119, sakramenty, naucza\u0142 katechezy i kszta\u0142ci\u0142 przysz\u0142ych katechist\u00f3w. K\u0142ad\u0142 na to szczeg\u00f3lnie du\u017cy nacisk, bo wiedzia\u0142, \u017ce kap\u0142ani sami z siebie nie s\u0105 w stanie ogarn\u0105\u0107 tak wielkiego terenu. W 1885 r. z\u0142o\u017cy\u0142 swoje wieczyste \u015bluby zakonne. Jego praca nie nale\u017ca\u0142a do \u0142atwych, cz\u0119sto cierpia\u0142 niedostatek, kilkakrotnie zosta\u0142 pobity, by\u0142 prze\u015bladowany. \u015aw. J\u00f3zef Freinademetz cieszy\u0142 si\u0119 jednak ze swojej pracy i po wielu latach powiedzia\u0142, \u017ce: \u201esta\u0142 si\u0119 Chi\u0144czykiem dla Chi\u0144czyk\u00f3w\u201d.\u00a0 Gdy w Chinach wybuch\u0142a epidemia tyfusu, zarazi\u0142 si\u0119 i zmar\u0142 28 stycznia 1908 r. Pochowany zosta\u0142 w Tekia na cmentarzu misyjnym przy 12 stacji drogi krzy\u017cowej. 19 pa\u017adziernika 1975 r. og\u0142oszono go b\u0142ogos\u0142awionym, a 5 pa\u017adziernika 2003 r. w Rzymie zaliczono do grona \u015bwi\u0119tych. Zosta\u0142 kanonizowany razem ze \u015bw. Arnoldem Janssenem, za\u0142o\u017cycielem Zgromadzenia S\u0142owa Bo\u017cego.<\/p><p>\u00a0<\/p><p><span style=\"color: #ff0000;\"><span style=\"color: #0000ff;\">\u00a0<\/span><\/span><\/p><\/div>\n\t\t\t\t<\/div>\n\t\t\t\t\t\t\t<div class=\"elementor-accordion-item\">\n\t\t\t\t\t<div id=\"elementor-tab-title-6238\" class=\"elementor-tab-title\" data-tab=\"8\" role=\"button\" aria-controls=\"elementor-tab-content-6238\" aria-expanded=\"false\">\n\t\t\t\t\t\t\t\t\t\t\t\t\t<span class=\"elementor-accordion-icon elementor-accordion-icon-left\" aria-hidden=\"true\">\n\t\t\t\t\t\t\t\t\t\t\t\t\t\t\t<span class=\"elementor-accordion-icon-closed\"><i class=\"fas fa-angle-double-down\"><\/i><\/span>\n\t\t\t\t\t\t\t\t<span class=\"elementor-accordion-icon-opened\"><i class=\"fas fa-angle-double-up\"><\/i><\/span>\n\t\t\t\t\t\t\t\t\t\t\t\t\t\t<\/span>\n\t\t\t\t\t\t\t\t\t\t\t\t<a class=\"elementor-accordion-title\" tabindex=\"0\">10.10.2021 Tydzie\u0144 przygotowa\u0144 do odpustu \u015bw. Jadwigi \u015al\u0105skiej  w 100-Lecie Parafii <\/a>\n\t\t\t\t\t<\/div>\n\t\t\t\t\t<div id=\"elementor-tab-content-6238\" class=\"elementor-tab-content elementor-clearfix\" data-tab=\"8\" role=\"region\" aria-labelledby=\"elementor-tab-title-6238\"><p>10.10.2021 (niedziela) \u2013 o. Andrzej Danilewicz SVD opowiedzia\u0142 o za\u0142o\u017cycielu Zgromadzenia S\u0142owa Bo\u017cego \u015bw. Arnoldzie Janssenie, ur. 1837 r. w zachodnich Niemczech, w wielodzietnej, pobo\u017cnej rodzinie. W domu Janssen\u00f3w ka\u017cdego dnia odmawiano r\u00f3\u017caniec. Matka Arnolda codziennie uczestniczy\u0142a we Mszy \u015bwi\u0119tej i mawia\u0142a, \u017ce je\u015bli rano jej si\u0119 to nie uda, to potem nie mo\u017ce poradzi\u0107 sobie z domowymi obowi\u0105zkami. Tata z kolei uczy\u0142 dzieci katechizmu, a potem je wymagaj\u0105co egzaminowa\u0142. Wychowanie wyniesione z domu znacz\u0105co wp\u0142yn\u0119\u0142o na to, \u017ce Arnold Janssen z czasem zosta\u0142 ksi\u0119dzem. Najpierw uczy\u0142 dzieci w gimnazjum, a potem zosta\u0142 kapelanem Si\u00f3str Urszulanek. By\u0142 te\u017c odpowiedzialny za apostolat modlitwy w ca\u0142ej diecezji. Odwiedza\u0142 parafie i zach\u0119ca\u0142 ludzi do codziennej modlitwy. <br \/>Bardzo interesowa\u0142 si\u0119 misjami \u2013 g\u0142oszeniem Chrystusa daleko poza Europ\u0105. Po d\u0142ugich modlitwach i namy\u015ble, 8 wrze\u015bnia 1875 r., o. Arnold za\u0142o\u017cy\u0142 pierwszy Dom Misyjny, zal\u0105\u017cek Zgromadzenia S\u0142owa Bo\u017cego. Ze wzgl\u0119du na trudn\u0105 sytuacj\u0119 w Niemczech dzie\u0142o to powstawa\u0142o w Holandii, w przygranicznej miejscowo\u015bci Steyl. Nowe Zgromadzenie otrzyma\u0142o \u0142aci\u0144sk\u0105 nazw\u0119 Societas Verbi Divini, czyli Zgromadzenie S\u0142owa Bo\u017cego (od s\u0142owa verbi popularna jest w Polsce nazwa \u201ewerbi\u015bci\u201d).\u00a0 Cztery lata p\u00f3\u017aniej o. Arnold wys\u0142a\u0142 do Chin pierwszych misjonarzy. Jednym z nich by\u0142 J\u00f3zef Freinademetz. W p\u00f3\u017aniejszych latach o. Arnold za\u0142o\u017cy\u0142 jeszcze dwa \u017ce\u0144skie misyjne zgromadzenia: S\u0142u\u017cebnice Ducha \u015awi\u0119tego SSpS i S\u0142u\u017cebnice Ducha \u015awi\u0119tego od Wieczystej Adoracji SSpSAP. <br \/>Ojciec Arnold Janssen umar\u0142 15 stycznia 1909 r., a jego ostatnim s\u0142owem, kt\u00f3re wypowiedzia\u0142 na chwil\u0119 przed \u015bmierci\u0105 by\u0142o: \u201eJezus\u201d. W 1975 r. zosta\u0142 zaliczony do grona b\u0142ogos\u0142awionych, a w 2003 r. Jan Pawe\u0142 II og\u0142osi\u0142 go \u015bwi\u0119tym. \u015awi\u0119ty o. Arnold zostawi\u0142 pi\u0119kne zawo\u0142anie, kt\u00f3rym codziennie modl\u0105 si\u0119 jego duchowi synowie i c\u00f3rki: <span style=\"color: #ff0000;\">\u201ePrzed \u015bwiat\u0142o\u015bci\u0105 s\u0142owa i duchem \u0142aski niech ust\u0119puj\u0105 ciemno\u015bci grzechu i noc niewiary, a serce Jezusa niech \u017cyje w sercach wszystkich ludzi\u201d. <span style=\"color: #0000ff;\">Warto, aby zago\u015bci\u0142o ono w naszych rodzinach i w tej parafii.<\/span><\/span><\/p><\/div>\n\t\t\t\t<\/div>\n\t\t\t\t\t\t\t<div class=\"elementor-accordion-item\">\n\t\t\t\t\t<div id=\"elementor-tab-title-6239\" class=\"elementor-tab-title\" data-tab=\"9\" role=\"button\" aria-controls=\"elementor-tab-content-6239\" aria-expanded=\"false\">\n\t\t\t\t\t\t\t\t\t\t\t\t\t<span class=\"elementor-accordion-icon elementor-accordion-icon-left\" aria-hidden=\"true\">\n\t\t\t\t\t\t\t\t\t\t\t\t\t\t\t<span class=\"elementor-accordion-icon-closed\"><i class=\"fas fa-angle-double-down\"><\/i><\/span>\n\t\t\t\t\t\t\t\t<span class=\"elementor-accordion-icon-opened\"><i class=\"fas fa-angle-double-up\"><\/i><\/span>\n\t\t\t\t\t\t\t\t\t\t\t\t\t\t<\/span>\n\t\t\t\t\t\t\t\t\t\t\t\t<a class=\"elementor-accordion-title\" tabindex=\"0\">11.06.2020 Uroczysto\u015b\u0107 Bo\u017cego Cia\u0142a<\/a>\n\t\t\t\t\t<\/div>\n\t\t\t\t\t<div id=\"elementor-tab-content-6239\" class=\"elementor-tab-content elementor-clearfix\" data-tab=\"9\" role=\"region\" aria-labelledby=\"elementor-tab-title-6239\"><p>11.06.2020 uroczysto\u015b\u0107 Bo\u017cego cia\u0142a rozpocz\u0119li\u015bmy Msz\u0105 \u015bw. o 9:00 kt\u00f3r\u0105 celebrowa\u0142 ojciec Eryk. W homilii ojciec Eryk powiedzia\u0142 \u017ce uroczysto\u015b\u0107 Cia\u0142a i Krwi Pa\u0144skiej jest okazj\u0105 do wyznania naszej wiary w Jezusa obecnego w\u015br\u00f3d nas, nie spos\u00f3b zrozumie\u0107 tej tajemnicy, zaproszeni jeste\u015bmy aby ukl\u0119kn\u0105\u0107 przed Bogiem i dzi\u0119kowa\u0107 mu za t\u0119 wielk\u0105 i niepoj\u0119t\u0105 mi\u0142o\u015b\u0107. Po mszy \u015bwi\u0119tej by\u0142o nabo\u017ce\u0144stwo czerwcowe, po nabo\u017ce\u0144stwie czerwcowym do prezbiterium przybyli pozostali kap\u0142ani proboszcz o. Kazimierz Sza\u0142aj ,o. Jacek Gniadek ojciec Marcin Piwnicki, o.January z Indonezji oraz o. krzysztof Malejko. Rozpocz\u0119\u0142a si\u0119 procesja Bo\u017cego Cia\u0142a do czterech o\u0142tarzy wok\u00f3\u0142 ko\u015bcio\u0142a, trzy okr\u0105\u017cenia. Po zako\u0144czonej procesji od\u015bpiewali\u015bmy Te Deum nast\u0119pnie b\u0142ogos\u0142awie\u0144stwo Naj\u015bwi\u0119tszym Sakramentem, po czym rozpocz\u0119\u0142a si\u0119 Msza \u015bwi\u0119ta g\u0142\u00f3wna o 11:00, kt\u00f3r\u0105 celebrowa\u0142 o. Kazimierz Sza\u0142aj. Proboszcz w homilii powiedzia\u0142,\u017ce Pan Jezus jest w centrum ,\u017ce to dla Niego sypiemy kwiaty, dla Niego stawiamy o\u0142tarze, aby wyszed\u0142 z ko\u015bcio\u0142a i b\u0142ogos\u0142awi\u0142 na cztery strony \u015bwiata, nasz\u0105 prac\u0119, nasz\u0105 parafi\u0119. Po zako\u0144czeniu ceremonii odby\u0142 si\u0119 grill dla go\u015bci parafii oraz parafian<\/p><\/div>\n\t\t\t\t<\/div>\n\t\t\t\t\t\t\t<div class=\"elementor-accordion-item\">\n\t\t\t\t\t<div id=\"elementor-tab-title-62310\" class=\"elementor-tab-title\" data-tab=\"10\" role=\"button\" aria-controls=\"elementor-tab-content-62310\" aria-expanded=\"false\">\n\t\t\t\t\t\t\t\t\t\t\t\t\t<span class=\"elementor-accordion-icon elementor-accordion-icon-left\" aria-hidden=\"true\">\n\t\t\t\t\t\t\t\t\t\t\t\t\t\t\t<span class=\"elementor-accordion-icon-closed\"><i class=\"fas fa-angle-double-down\"><\/i><\/span>\n\t\t\t\t\t\t\t\t<span class=\"elementor-accordion-icon-opened\"><i class=\"fas fa-angle-double-up\"><\/i><\/span>\n\t\t\t\t\t\t\t\t\t\t\t\t\t\t<\/span>\n\t\t\t\t\t\t\t\t\t\t\t\t<a class=\"elementor-accordion-title\" tabindex=\"0\">27.08.2017 Przekazanie parafii ksi\u0119\u017com Werbistom oraz w prowadzenie na pos\u0142ug\u0119 proboszcza o.Krzysztofa \u0141ukoszczyka <\/a>\n\t\t\t\t\t<\/div>\n\t\t\t\t\t<div id=\"elementor-tab-content-62310\" class=\"elementor-tab-content elementor-clearfix\" data-tab=\"10\" role=\"region\" aria-labelledby=\"elementor-tab-title-62310\"><p>Od 1.08.2017 Pos\u0142ug\u0119 w naszej parafii przejmuj\u0105 misjonarze Zgromadzenia S\u0142owa Bo\u017cego SVD potocznie Werbi\u015bci. Uroczysta Msza \u015bwi\u0119ta przekazania pos\u0142ugi na stanowisku proboszcza odby\u0142a si\u0119 27.08.2017 roku o godzinie 12.00. Uroczysto\u015b\u0107 rozpocz\u0105\u0142 dziekan ks.Ryszard Jan Ladzi\u0144ski odczytaniem dekretu nast\u0119puj\u0105cej tre\u015bci:<\/p><p style=\"text-align: center;\">Dekret<\/p><p>Bior\u0105c pod uwag\u0119 pro\u015bb\u0119 o. Eryka Koppy prowincja\u0142a Zgromadzenia S\u0142owa Bo\u017cego ksi\u0119\u017cy werbist\u00f3w z dnia 14 czerwca br. stosownie do kanonu 523 KPK oraz statutu 124 \u00a7 1, pierwszego Synodu diecezji Warszawsko-Praskiej moc\u0105 niniejszego dekretu mianuj\u0119 ksi\u0119dza Krzysztofa \u0141ukoszczyka proboszczem parafii p.w. \u015bw. Jadwigi w Warszawie w dekanacie praskim. W zwi\u0105zku z tym od dnia 1.08.2017 obejmuje ks.proboszcz po prowadzeniu na powierzone stanowisko przez ks. dziekana dekanatu Br\u00f3dnowskiego swoje obowi\u0105zki wraz ze wszystkimi upowa\u017cnieniami, prawami i przywilejami, kt\u00f3re na mocy prawa przys\u0142uguj\u0105 proboszczom w Diecezji Warszawsko-Praskiej. \u017bycz\u0119 obfito\u015bci \u0142ask bo\u017cych na powierzonym stanowisku, polecamy wielebnego ksi\u0119dza Opatrzno\u015bci Bo\u017cej i opiece Matki Bo\u017cej Zwyci\u0119skiej. Podpisa\u0142 ks. arcybiskup Henryk Hoser.<\/p><p>Po odczytaniu dekretu ks. dziekan poprosi\u0142 parafian aby nowego proboszcza przyj\u0119li z mi\u0142o\u015bci\u0105 i otwartym sercem, potem zwr\u00f3ci\u0142 si\u0119 do ojca Krzysztofa powierzaj\u0105c mu duszpasterstwo w naszej parafii. Nast\u0119pnie przedstawiciele parafii powitali uroczy\u015bcie nowego proboszcza \u017cycz\u0105c mu B\u0142ogos\u0142awie\u0144stwa Bo\u017cego i Mocy Ducha \u015awi\u0119tego cytuj\u0105c s\u0142owa \u015bw. Jana Paw\u0142a II <br \/><span style=\"color: #0000ff;\">,,Niech nasza droga b\u0119dzie wsp\u00f3lna, niech nasza modlitwa b\u0119dzie pokorna, niech nasza mi\u0142o\u015b\u0107 b\u0119dzie pot\u0119\u017cna, niech nasza nadzieja b\u0119dzie wi\u0119ksza od wszystkich, co si\u0119 tej nadziei b\u0119d\u0105 sprzeciwia\u0107&#8221;.<\/span><\/p><p>Po uroczystym przywitaniu o. Krzysztof rozpocz\u0105\u0142 Msz\u0119 \u015bw. na kt\u00f3rej przywita\u0142 zaproszonych go\u015bci&#8230;&#8230;&#8230;&#8230;&#8230;&#8230;&#8230;&#8230;&#8230;&#8230;&#8230;&#8230;&#8230;.. W homilii ojciec Krzysztof sparafrazowa\u0142 s\u0142owa ksi\u0119dza biskupa Edwarda Dajczaka i powiedzia\u0142, \u017ce nie zostaje proboszczem tej parafii dlatego \u017ce jest lepszy od innych, ale dlatego \u017ce bardziej ni\u017c od innych macie prawo ode mnie wymaga\u0107 bym wam s\u0142u\u017cy\u0142, macie prawo wymaga\u0107 ode mnie \u017cebym bardziej was kocha\u0142 ni\u017c inni kap\u0142ani, moj\u0105 najwi\u0119ksz\u0105 trosk\u0105 jest jak najmniej przeszkadza\u0107 Duchowi \u015awi\u0119temu.\u00a0 W dalszej cz\u0119\u015bci o. Krzysztof poprosi\u0142 parafian o otwarto\u015b\u0107 szczero\u015b\u0107 i trwanie w prawdzie oraz aby z ka\u017cd\u0105 inicjatyw\u0105, pomys\u0142em zwraca\u0107 si\u0119 do niego osobi\u015bcie. Na zako\u0144czenie poprosi\u0142 o modlitw\u0119 w jego intencji i podzi\u0119kowa\u0142 za obecno\u015b\u0107.<\/p><p>\u00a0<\/p><p>\u00a0<\/p><\/div>\n\t\t\t\t<\/div>\n\t\t\t\t\t\t\t<div class=\"elementor-accordion-item\">\n\t\t\t\t\t<div id=\"elementor-tab-title-62311\" class=\"elementor-tab-title\" data-tab=\"11\" role=\"button\" aria-controls=\"elementor-tab-content-62311\" aria-expanded=\"false\">\n\t\t\t\t\t\t\t\t\t\t\t\t\t<span class=\"elementor-accordion-icon elementor-accordion-icon-left\" aria-hidden=\"true\">\n\t\t\t\t\t\t\t\t\t\t\t\t\t\t\t<span class=\"elementor-accordion-icon-closed\"><i class=\"fas fa-angle-double-down\"><\/i><\/span>\n\t\t\t\t\t\t\t\t<span class=\"elementor-accordion-icon-opened\"><i class=\"fas fa-angle-double-up\"><\/i><\/span>\n\t\t\t\t\t\t\t\t\t\t\t\t\t\t<\/span>\n\t\t\t\t\t\t\t\t\t\t\t\t<a class=\"elementor-accordion-title\" tabindex=\"0\">6.08.2017  Pierwsze Uwielbienie <\/a>\n\t\t\t\t\t<\/div>\n\t\t\t\t\t<div id=\"elementor-tab-content-62311\" class=\"elementor-tab-content elementor-clearfix\" data-tab=\"11\" role=\"region\" aria-labelledby=\"elementor-tab-title-62311\"><p>6.08..2017 niedziela odby\u0142o si\u0119 pierwsze uwielbienie Pana Boga w naszym ko\u015bciele po Mszy \u015bw.o godzinie 10:00 przygotowane i poprowadzone przez zelator\u00f3w r\u00f3\u017ca\u0144ca rodzinnego Beat\u0119 Sa\u0142asi\u0144sk\u0105 i Wies\u0142awa Nadolnego przy wsp\u00f3\u0142pracy pani Eli K\u0119ski organistki.<\/p><p>\u00a0 <\/p><\/div>\n\t\t\t\t<\/div>\n\t\t\t\t\t\t\t<div class=\"elementor-accordion-item\">\n\t\t\t\t\t<div id=\"elementor-tab-title-62312\" class=\"elementor-tab-title\" data-tab=\"12\" role=\"button\" aria-controls=\"elementor-tab-content-62312\" aria-expanded=\"false\">\n\t\t\t\t\t\t\t\t\t\t\t\t\t<span class=\"elementor-accordion-icon elementor-accordion-icon-left\" aria-hidden=\"true\">\n\t\t\t\t\t\t\t\t\t\t\t\t\t\t\t<span class=\"elementor-accordion-icon-closed\"><i class=\"fas fa-angle-double-down\"><\/i><\/span>\n\t\t\t\t\t\t\t\t<span class=\"elementor-accordion-icon-opened\"><i class=\"fas fa-angle-double-up\"><\/i><\/span>\n\t\t\t\t\t\t\t\t\t\t\t\t\t\t<\/span>\n\t\t\t\t\t\t\t\t\t\t\t\t<a class=\"elementor-accordion-title\" tabindex=\"0\">27.06.2017   Bierzmowanie<\/a>\n\t\t\t\t\t<\/div>\n\t\t\t\t\t<div id=\"elementor-tab-content-62312\" class=\"elementor-tab-content elementor-clearfix\" data-tab=\"12\" role=\"region\" aria-labelledby=\"elementor-tab-title-62312\"><p>27.06.2017 wtorek odby\u0142 si\u0119 Sakrament Bierzmowania naszej m\u0142odzie\u017cy.Eucharysti\u0119 celebrowa\u0142\u00a0 ksi\u0105dz infu\u0142ata Lucjan \u015awi\u0119szkowski, kt\u00f3ry w homilii opowiedzia\u0142 mi\u0119dzy innymi histori\u0119 budowy naszego murowanego ko\u015bcio\u0142a. Na zako\u0144czenie m\u0142odzie\u017c podzi\u0119kowa\u0142a za udzielenie Sakramentu Bierzmowania.<\/p><p><img fetchpriority=\"high\" decoding=\"async\" class=\"aligncenter wp-image-7606\" src=\"https:\/\/parafiajadwigi.waw.pl\/wp-content\/uploads\/2022\/01\/DSC_4857-300x199.jpg\" alt=\"\" width=\"600\" height=\"399\" srcset=\"https:\/\/parafiajadwigi.waw.pl\/wp-content\/uploads\/2022\/01\/DSC_4857-300x199.jpg 300w, https:\/\/parafiajadwigi.waw.pl\/wp-content\/uploads\/2022\/01\/DSC_4857-1024x680.jpg 1024w, https:\/\/parafiajadwigi.waw.pl\/wp-content\/uploads\/2022\/01\/DSC_4857-768x510.jpg 768w, https:\/\/parafiajadwigi.waw.pl\/wp-content\/uploads\/2022\/01\/DSC_4857-452x300.jpg 452w, https:\/\/parafiajadwigi.waw.pl\/wp-content\/uploads\/2022\/01\/DSC_4857.jpg 1072w\" sizes=\"(max-width: 600px) 100vw, 600px\" \/> <img decoding=\"async\" class=\"aligncenter wp-image-7607\" src=\"https:\/\/parafiajadwigi.waw.pl\/wp-content\/uploads\/2022\/01\/DSC_4860-300x199.jpg\" alt=\"\" width=\"600\" height=\"399\" srcset=\"https:\/\/parafiajadwigi.waw.pl\/wp-content\/uploads\/2022\/01\/DSC_4860-300x199.jpg 300w, https:\/\/parafiajadwigi.waw.pl\/wp-content\/uploads\/2022\/01\/DSC_4860-1024x680.jpg 1024w, https:\/\/parafiajadwigi.waw.pl\/wp-content\/uploads\/2022\/01\/DSC_4860-768x510.jpg 768w, https:\/\/parafiajadwigi.waw.pl\/wp-content\/uploads\/2022\/01\/DSC_4860-452x300.jpg 452w, https:\/\/parafiajadwigi.waw.pl\/wp-content\/uploads\/2022\/01\/DSC_4860.jpg 1072w\" sizes=\"(max-width: 600px) 100vw, 600px\" \/> <img decoding=\"async\" class=\"wp-image-7608 aligncenter\" src=\"https:\/\/parafiajadwigi.waw.pl\/wp-content\/uploads\/2022\/01\/DSC_4874-300x199.jpg\" alt=\"\" width=\"600\" height=\"399\" srcset=\"https:\/\/parafiajadwigi.waw.pl\/wp-content\/uploads\/2022\/01\/DSC_4874-300x199.jpg 300w, https:\/\/parafiajadwigi.waw.pl\/wp-content\/uploads\/2022\/01\/DSC_4874-1024x680.jpg 1024w, https:\/\/parafiajadwigi.waw.pl\/wp-content\/uploads\/2022\/01\/DSC_4874-768x510.jpg 768w, https:\/\/parafiajadwigi.waw.pl\/wp-content\/uploads\/2022\/01\/DSC_4874-452x300.jpg 452w, https:\/\/parafiajadwigi.waw.pl\/wp-content\/uploads\/2022\/01\/DSC_4874.jpg 1072w\" sizes=\"(max-width: 600px) 100vw, 600px\" \/><\/p><\/div>\n\t\t\t\t<\/div>\n\t\t\t\t\t\t\t<div class=\"elementor-accordion-item\">\n\t\t\t\t\t<div id=\"elementor-tab-title-62313\" class=\"elementor-tab-title\" data-tab=\"13\" role=\"button\" aria-controls=\"elementor-tab-content-62313\" aria-expanded=\"false\">\n\t\t\t\t\t\t\t\t\t\t\t\t\t<span class=\"elementor-accordion-icon elementor-accordion-icon-left\" aria-hidden=\"true\">\n\t\t\t\t\t\t\t\t\t\t\t\t\t\t\t<span class=\"elementor-accordion-icon-closed\"><i class=\"fas fa-angle-double-down\"><\/i><\/span>\n\t\t\t\t\t\t\t\t<span class=\"elementor-accordion-icon-opened\"><i class=\"fas fa-angle-double-up\"><\/i><\/span>\n\t\t\t\t\t\t\t\t\t\t\t\t\t\t<\/span>\n\t\t\t\t\t\t\t\t\t\t\t\t<a class=\"elementor-accordion-title\" tabindex=\"0\">15.06.2017  Bo\u017ce Cia\u0142o<\/a>\n\t\t\t\t\t<\/div>\n\t\t\t\t\t<div id=\"elementor-tab-content-62313\" class=\"elementor-tab-content elementor-clearfix\" data-tab=\"13\" role=\"region\" aria-labelledby=\"elementor-tab-title-62313\"><p>W tym dniu odby\u0142a si\u0119 uroczysta Msza \u015bw. o g.11:00. Koncelebrze przewodniczy\u0142 proboszcz ks.Wies\u0142aw Boche\u0144ski z ojcem Jackiem Gniadkiem verbist\u0105 z udzia\u0142em w presji Bo\u017cego Cia\u0142a o.Marcinem Piwnickim SVD. Procesja tradycyjnie odby\u0142a si\u0119 do czterech o\u0142tarzy.z licznym udzia\u0142em Wiernych.<\/p><p>\u00a0\u00a0\u00a0\u00a0\u00a0 <\/p><\/div>\n\t\t\t\t<\/div>\n\t\t\t\t\t\t\t<div class=\"elementor-accordion-item\">\n\t\t\t\t\t<div id=\"elementor-tab-title-62314\" class=\"elementor-tab-title\" data-tab=\"14\" role=\"button\" aria-controls=\"elementor-tab-content-62314\" aria-expanded=\"false\">\n\t\t\t\t\t\t\t\t\t\t\t\t\t<span class=\"elementor-accordion-icon elementor-accordion-icon-left\" aria-hidden=\"true\">\n\t\t\t\t\t\t\t\t\t\t\t\t\t\t\t<span class=\"elementor-accordion-icon-closed\"><i class=\"fas fa-angle-double-down\"><\/i><\/span>\n\t\t\t\t\t\t\t\t<span class=\"elementor-accordion-icon-opened\"><i class=\"fas fa-angle-double-up\"><\/i><\/span>\n\t\t\t\t\t\t\t\t\t\t\t\t\t\t<\/span>\n\t\t\t\t\t\t\t\t\t\t\t\t<a class=\"elementor-accordion-title\" tabindex=\"0\">4.09.2016 I Msza \u015bw. w nowej parafii<\/a>\n\t\t\t\t\t<\/div>\n\t\t\t\t\t<div id=\"elementor-tab-content-62314\" class=\"elementor-tab-content elementor-clearfix\" data-tab=\"14\" role=\"region\" aria-labelledby=\"elementor-tab-title-62314\"><p>W niedziel\u0119 4 wrze\u015bnia 2016 roku proboszcz Wies\u0142aw Boche\u0144ski uda\u0142 si\u0119 na pierwsz\u0105 Msz\u0119 \u015bwi\u0119t\u0105 sprawowan\u0105 na terenie nowej parafii p.w Matki Bo\u017cej Pompeja\u0144skiej ofiaruj\u0105c naszym nowym s\u0105siadom cztery ornaty<\/p><p>\u00a0<\/p><p><img loading=\"lazy\" decoding=\"async\" class=\"wp-image-7585 size-large aligncenter\" src=\"https:\/\/parafiajadwigi.waw.pl\/wp-content\/uploads\/2022\/01\/DSC_2387-1024x680.jpg\" alt=\"\" width=\"1024\" height=\"680\" srcset=\"https:\/\/parafiajadwigi.waw.pl\/wp-content\/uploads\/2022\/01\/DSC_2387-1024x680.jpg 1024w, https:\/\/parafiajadwigi.waw.pl\/wp-content\/uploads\/2022\/01\/DSC_2387-300x199.jpg 300w, https:\/\/parafiajadwigi.waw.pl\/wp-content\/uploads\/2022\/01\/DSC_2387-768x510.jpg 768w, https:\/\/parafiajadwigi.waw.pl\/wp-content\/uploads\/2022\/01\/DSC_2387-1536x1020.jpg 1536w, https:\/\/parafiajadwigi.waw.pl\/wp-content\/uploads\/2022\/01\/DSC_2387-2048x1360.jpg 2048w, https:\/\/parafiajadwigi.waw.pl\/wp-content\/uploads\/2022\/01\/DSC_2387-452x300.jpg 452w\" sizes=\"(max-width: 1024px) 100vw, 1024px\" \/><img loading=\"lazy\" decoding=\"async\" class=\"aligncenter wp-image-7586 size-large\" src=\"https:\/\/parafiajadwigi.waw.pl\/wp-content\/uploads\/2022\/01\/DSC_2389-1024x680.jpg\" alt=\"\" width=\"1024\" height=\"680\" srcset=\"https:\/\/parafiajadwigi.waw.pl\/wp-content\/uploads\/2022\/01\/DSC_2389-1024x680.jpg 1024w, https:\/\/parafiajadwigi.waw.pl\/wp-content\/uploads\/2022\/01\/DSC_2389-300x199.jpg 300w, https:\/\/parafiajadwigi.waw.pl\/wp-content\/uploads\/2022\/01\/DSC_2389-768x510.jpg 768w, https:\/\/parafiajadwigi.waw.pl\/wp-content\/uploads\/2022\/01\/DSC_2389-1536x1020.jpg 1536w, https:\/\/parafiajadwigi.waw.pl\/wp-content\/uploads\/2022\/01\/DSC_2389-2048x1360.jpg 2048w, https:\/\/parafiajadwigi.waw.pl\/wp-content\/uploads\/2022\/01\/DSC_2389-452x300.jpg 452w\" sizes=\"(max-width: 1024px) 100vw, 1024px\" \/> \u00a0 <img loading=\"lazy\" decoding=\"async\" class=\"wp-image-7587 size-large aligncenter\" src=\"https:\/\/parafiajadwigi.waw.pl\/wp-content\/uploads\/2022\/01\/DSC_2395-1024x680.jpg\" alt=\"\" width=\"1024\" height=\"680\" srcset=\"https:\/\/parafiajadwigi.waw.pl\/wp-content\/uploads\/2022\/01\/DSC_2395-1024x680.jpg 1024w, https:\/\/parafiajadwigi.waw.pl\/wp-content\/uploads\/2022\/01\/DSC_2395-300x199.jpg 300w, https:\/\/parafiajadwigi.waw.pl\/wp-content\/uploads\/2022\/01\/DSC_2395-768x510.jpg 768w, https:\/\/parafiajadwigi.waw.pl\/wp-content\/uploads\/2022\/01\/DSC_2395-1536x1020.jpg 1536w, https:\/\/parafiajadwigi.waw.pl\/wp-content\/uploads\/2022\/01\/DSC_2395-2048x1360.jpg 2048w, https:\/\/parafiajadwigi.waw.pl\/wp-content\/uploads\/2022\/01\/DSC_2395-452x300.jpg 452w\" sizes=\"(max-width: 1024px) 100vw, 1024px\" \/><\/p><\/div>\n\t\t\t\t<\/div>\n\t\t\t\t\t\t\t<div class=\"elementor-accordion-item\">\n\t\t\t\t\t<div id=\"elementor-tab-title-62315\" class=\"elementor-tab-title\" data-tab=\"15\" role=\"button\" aria-controls=\"elementor-tab-content-62315\" aria-expanded=\"false\">\n\t\t\t\t\t\t\t\t\t\t\t\t\t<span class=\"elementor-accordion-icon elementor-accordion-icon-left\" aria-hidden=\"true\">\n\t\t\t\t\t\t\t\t\t\t\t\t\t\t\t<span class=\"elementor-accordion-icon-closed\"><i class=\"fas fa-angle-double-down\"><\/i><\/span>\n\t\t\t\t\t\t\t\t<span class=\"elementor-accordion-icon-opened\"><i class=\"fas fa-angle-double-up\"><\/i><\/span>\n\t\t\t\t\t\t\t\t\t\t\t\t\t\t<\/span>\n\t\t\t\t\t\t\t\t\t\t\t\t<a class=\"elementor-accordion-title\" tabindex=\"0\">08.2016 Dekret o podziale parafii<\/a>\n\t\t\t\t\t<\/div>\n\t\t\t\t\t<div id=\"elementor-tab-content-62315\" class=\"elementor-tab-content elementor-clearfix\" data-tab=\"15\" role=\"region\" aria-labelledby=\"elementor-tab-title-62315\"><p>Dekretem ordynariusza diecezji warszawsko-praskiej abp Henryka Hosera z cz\u0119\u015bci naszej parafii zostaje wydzielona parafia pw. Matki Bo\u017cej Pompeja\u0144skiej. Tym samym okolice ulicy My\u015bliborskiej zostaj\u0105 wcielone do nowej parafii.<\/p><\/div>\n\t\t\t\t<\/div>\n\t\t\t\t\t\t\t\t<\/div>\n\t\t\t\t\t\t<\/div>\n\t\t\t\t<\/div>\n\t\t\t\t\t<\/div>\n\t\t<\/div>\n\t\t\t\t\t<\/div>\n\t\t<\/section>\n\t\t\t\t<section class=\"elementor-section elementor-top-section elementor-element elementor-element-156dc518 elementor-section-boxed elementor-section-height-default elementor-section-height-default\" data-id=\"156dc518\" data-element_type=\"section\" data-e-type=\"section\">\n\t\t\t\t\t\t<div class=\"elementor-container elementor-column-gap-default\">\n\t\t\t\t\t<div class=\"elementor-column elementor-col-100 elementor-top-column elementor-element elementor-element-2d261287\" data-id=\"2d261287\" data-element_type=\"column\" data-e-type=\"column\">\n\t\t\t<div class=\"elementor-widget-wrap elementor-element-populated\">\n\t\t\t\t\t\t<div class=\"elementor-element elementor-element-77ba464 elementor-widget elementor-widget-text-editor\" data-id=\"77ba464\" data-element_type=\"widget\" data-e-type=\"widget\" data-widget_type=\"text-editor.default\">\n\t\t\t\t<div class=\"elementor-widget-container\">\n\t\t\t\t\t\t\t\t\t<h1>ROK 2017<\/h1>\r\n<h1><a href=\"http:\/\/parafiajadwigi.waw.pl\/index.php\/kronika-2018\/\">ROK 2018<\/a><\/h1>\r\n&nbsp;\r\n\r\n&nbsp;\r\n\r\n&nbsp;\r\n\r\n&nbsp;\r\n\r\n&nbsp;\r\n\r\n&nbsp;\t\t\t\t\t\t\t\t<\/div>\n\t\t\t\t<\/div>\n\t\t\t\t\t<\/div>\n\t\t<\/div>\n\t\t\t\t\t<\/div>\n\t\t<\/section>\n\t\t\t\t<\/div>\n\t\t","protected":false},"excerpt":{"rendered":"<p>22.05.2022 VI Niedziela Wielkanocna Dzisiejszy dzie\u0144 obfitowa\u0142 w wydarzenia. Od pierwszej mszy \u015bw. go\u015bcili\u015bmy p. Dominik\u0119 Przybysz z organizacji Open Doors, kt\u00f3ra pomaga Ko\u015bcio\u0142owi prze\u015bladowanemu na ca\u0142ym \u015bwiecie. Pani Dominika opowiedzia\u0142a o swojej pracy &hellip;<\/p>\n","protected":false},"author":1,"featured_media":0,"parent":0,"menu_order":0,"comment_status":"closed","ping_status":"closed","template":"","meta":{"footnotes":""},"class_list":["post-35","page","type-page","status-publish","hentry"],"yoast_head":"<!-- This site is optimized with the Yoast SEO plugin v27.5 - https:\/\/yoast.com\/product\/yoast-seo-wordpress\/ -->\n<title>KRONIKA - \u015aw. Jadwiga \u015al\u0105ska<\/title>\n<meta name=\"robots\" content=\"index, follow, max-snippet:-1, max-image-preview:large, max-video-preview:-1\" \/>\n<link rel=\"canonical\" href=\"https:\/\/parafiajadwigi.waw.pl\/index.php\/kronika\/\" \/>\n<meta property=\"og:locale\" content=\"pl_PL\" \/>\n<meta property=\"og:type\" content=\"article\" \/>\n<meta property=\"og:title\" content=\"KRONIKA - \u015aw. Jadwiga \u015al\u0105ska\" \/>\n<meta property=\"og:description\" content=\"22.05.2022 VI Niedziela Wielkanocna Dzisiejszy dzie\u0144 obfitowa\u0142 w wydarzenia. Od pierwszej mszy \u015bw. go\u015bcili\u015bmy p. Dominik\u0119 Przybysz z organizacji Open Doors, kt\u00f3ra pomaga Ko\u015bcio\u0142owi prze\u015bladowanemu na ca\u0142ym \u015bwiecie. Pani Dominika opowiedzia\u0142a o swojej pracy &hellip;\" \/>\n<meta property=\"og:url\" content=\"https:\/\/parafiajadwigi.waw.pl\/index.php\/kronika\/\" \/>\n<meta property=\"og:site_name\" content=\"\u015aw. Jadwiga \u015al\u0105ska\" \/>\n<meta property=\"article:modified_time\" content=\"2022-11-28T18:08:58+00:00\" \/>\n<meta property=\"og:image\" content=\"https:\/\/parafiajadwigi.waw.pl\/wp-content\/uploads\/2022\/01\/DSC_4857-300x199.jpg\" \/>\n<meta name=\"twitter:card\" content=\"summary_large_image\" \/>\n<meta name=\"twitter:label1\" content=\"Szacowany czas czytania\" \/>\n\t<meta name=\"twitter:data1\" content=\"15 minut\" \/>\n<script type=\"application\/ld+json\" class=\"yoast-schema-graph\">{\"@context\":\"https:\\\/\\\/schema.org\",\"@graph\":[{\"@type\":\"WebPage\",\"@id\":\"https:\\\/\\\/parafiajadwigi.waw.pl\\\/index.php\\\/kronika\\\/\",\"url\":\"https:\\\/\\\/parafiajadwigi.waw.pl\\\/index.php\\\/kronika\\\/\",\"name\":\"KRONIKA - \u015aw. Jadwiga \u015al\u0105ska\",\"isPartOf\":{\"@id\":\"https:\\\/\\\/parafiajadwigi.waw.pl\\\/#website\"},\"primaryImageOfPage\":{\"@id\":\"https:\\\/\\\/parafiajadwigi.waw.pl\\\/index.php\\\/kronika\\\/#primaryimage\"},\"image\":{\"@id\":\"https:\\\/\\\/parafiajadwigi.waw.pl\\\/index.php\\\/kronika\\\/#primaryimage\"},\"thumbnailUrl\":\"https:\\\/\\\/parafiajadwigi.waw.pl\\\/wp-content\\\/uploads\\\/2022\\\/01\\\/DSC_4857-300x199.jpg\",\"datePublished\":\"2017-06-19T21:47:37+00:00\",\"dateModified\":\"2022-11-28T18:08:58+00:00\",\"breadcrumb\":{\"@id\":\"https:\\\/\\\/parafiajadwigi.waw.pl\\\/index.php\\\/kronika\\\/#breadcrumb\"},\"inLanguage\":\"pl-PL\",\"potentialAction\":[{\"@type\":\"ReadAction\",\"target\":[\"https:\\\/\\\/parafiajadwigi.waw.pl\\\/index.php\\\/kronika\\\/\"]}]},{\"@type\":\"ImageObject\",\"inLanguage\":\"pl-PL\",\"@id\":\"https:\\\/\\\/parafiajadwigi.waw.pl\\\/index.php\\\/kronika\\\/#primaryimage\",\"url\":\"https:\\\/\\\/parafiajadwigi.waw.pl\\\/wp-content\\\/uploads\\\/2022\\\/01\\\/DSC_4857.jpg\",\"contentUrl\":\"https:\\\/\\\/parafiajadwigi.waw.pl\\\/wp-content\\\/uploads\\\/2022\\\/01\\\/DSC_4857.jpg\",\"width\":1072,\"height\":712},{\"@type\":\"BreadcrumbList\",\"@id\":\"https:\\\/\\\/parafiajadwigi.waw.pl\\\/index.php\\\/kronika\\\/#breadcrumb\",\"itemListElement\":[{\"@type\":\"ListItem\",\"position\":1,\"name\":\"Strona g\u0142\u00f3wna\",\"item\":\"https:\\\/\\\/parafiajadwigi.waw.pl\\\/\"},{\"@type\":\"ListItem\",\"position\":2,\"name\":\"KRONIKA\"}]},{\"@type\":\"WebSite\",\"@id\":\"https:\\\/\\\/parafiajadwigi.waw.pl\\\/#website\",\"url\":\"https:\\\/\\\/parafiajadwigi.waw.pl\\\/\",\"name\":\"\u015aw. Jadwiga \u015al\u0105ska\",\"description\":\"Witamy\",\"publisher\":{\"@id\":\"https:\\\/\\\/parafiajadwigi.waw.pl\\\/#organization\"},\"potentialAction\":[{\"@type\":\"SearchAction\",\"target\":{\"@type\":\"EntryPoint\",\"urlTemplate\":\"https:\\\/\\\/parafiajadwigi.waw.pl\\\/?s={search_term_string}\"},\"query-input\":{\"@type\":\"PropertyValueSpecification\",\"valueRequired\":true,\"valueName\":\"search_term_string\"}}],\"inLanguage\":\"pl-PL\"},{\"@type\":\"Organization\",\"@id\":\"https:\\\/\\\/parafiajadwigi.waw.pl\\\/#organization\",\"name\":\"Parafia \u015awi\u0119tej Jadwigi \u015alaskiej\",\"url\":\"https:\\\/\\\/parafiajadwigi.waw.pl\\\/\",\"logo\":{\"@type\":\"ImageObject\",\"inLanguage\":\"pl-PL\",\"@id\":\"https:\\\/\\\/parafiajadwigi.waw.pl\\\/#\\\/schema\\\/logo\\\/image\\\/\",\"url\":\"https:\\\/\\\/parafiajadwigi.waw.pl\\\/wp-content\\\/uploads\\\/2017\\\/06\\\/logooo_Jadwiga.png\",\"contentUrl\":\"https:\\\/\\\/parafiajadwigi.waw.pl\\\/wp-content\\\/uploads\\\/2017\\\/06\\\/logooo_Jadwiga.png\",\"width\":1640,\"height\":2808,\"caption\":\"Parafia \u015awi\u0119tej Jadwigi \u015alaskiej\"},\"image\":{\"@id\":\"https:\\\/\\\/parafiajadwigi.waw.pl\\\/#\\\/schema\\\/logo\\\/image\\\/\"}}]}<\/script>\n<!-- \/ Yoast SEO plugin. -->","yoast_head_json":{"title":"KRONIKA - \u015aw. Jadwiga \u015al\u0105ska","robots":{"index":"index","follow":"follow","max-snippet":"max-snippet:-1","max-image-preview":"max-image-preview:large","max-video-preview":"max-video-preview:-1"},"canonical":"https:\/\/parafiajadwigi.waw.pl\/index.php\/kronika\/","og_locale":"pl_PL","og_type":"article","og_title":"KRONIKA - \u015aw. Jadwiga \u015al\u0105ska","og_description":"22.05.2022 VI Niedziela Wielkanocna Dzisiejszy dzie\u0144 obfitowa\u0142 w wydarzenia. Od pierwszej mszy \u015bw. go\u015bcili\u015bmy p. Dominik\u0119 Przybysz z organizacji Open Doors, kt\u00f3ra pomaga Ko\u015bcio\u0142owi prze\u015bladowanemu na ca\u0142ym \u015bwiecie. Pani Dominika opowiedzia\u0142a o swojej pracy &hellip;","og_url":"https:\/\/parafiajadwigi.waw.pl\/index.php\/kronika\/","og_site_name":"\u015aw. Jadwiga \u015al\u0105ska","article_modified_time":"2022-11-28T18:08:58+00:00","og_image":[{"url":"https:\/\/parafiajadwigi.waw.pl\/wp-content\/uploads\/2022\/01\/DSC_4857-300x199.jpg","type":"","width":"","height":""}],"twitter_card":"summary_large_image","twitter_misc":{"Szacowany czas czytania":"15 minut"},"schema":{"@context":"https:\/\/schema.org","@graph":[{"@type":"WebPage","@id":"https:\/\/parafiajadwigi.waw.pl\/index.php\/kronika\/","url":"https:\/\/parafiajadwigi.waw.pl\/index.php\/kronika\/","name":"KRONIKA - \u015aw. Jadwiga \u015al\u0105ska","isPartOf":{"@id":"https:\/\/parafiajadwigi.waw.pl\/#website"},"primaryImageOfPage":{"@id":"https:\/\/parafiajadwigi.waw.pl\/index.php\/kronika\/#primaryimage"},"image":{"@id":"https:\/\/parafiajadwigi.waw.pl\/index.php\/kronika\/#primaryimage"},"thumbnailUrl":"https:\/\/parafiajadwigi.waw.pl\/wp-content\/uploads\/2022\/01\/DSC_4857-300x199.jpg","datePublished":"2017-06-19T21:47:37+00:00","dateModified":"2022-11-28T18:08:58+00:00","breadcrumb":{"@id":"https:\/\/parafiajadwigi.waw.pl\/index.php\/kronika\/#breadcrumb"},"inLanguage":"pl-PL","potentialAction":[{"@type":"ReadAction","target":["https:\/\/parafiajadwigi.waw.pl\/index.php\/kronika\/"]}]},{"@type":"ImageObject","inLanguage":"pl-PL","@id":"https:\/\/parafiajadwigi.waw.pl\/index.php\/kronika\/#primaryimage","url":"https:\/\/parafiajadwigi.waw.pl\/wp-content\/uploads\/2022\/01\/DSC_4857.jpg","contentUrl":"https:\/\/parafiajadwigi.waw.pl\/wp-content\/uploads\/2022\/01\/DSC_4857.jpg","width":1072,"height":712},{"@type":"BreadcrumbList","@id":"https:\/\/parafiajadwigi.waw.pl\/index.php\/kronika\/#breadcrumb","itemListElement":[{"@type":"ListItem","position":1,"name":"Strona g\u0142\u00f3wna","item":"https:\/\/parafiajadwigi.waw.pl\/"},{"@type":"ListItem","position":2,"name":"KRONIKA"}]},{"@type":"WebSite","@id":"https:\/\/parafiajadwigi.waw.pl\/#website","url":"https:\/\/parafiajadwigi.waw.pl\/","name":"\u015aw. Jadwiga \u015al\u0105ska","description":"Witamy","publisher":{"@id":"https:\/\/parafiajadwigi.waw.pl\/#organization"},"potentialAction":[{"@type":"SearchAction","target":{"@type":"EntryPoint","urlTemplate":"https:\/\/parafiajadwigi.waw.pl\/?s={search_term_string}"},"query-input":{"@type":"PropertyValueSpecification","valueRequired":true,"valueName":"search_term_string"}}],"inLanguage":"pl-PL"},{"@type":"Organization","@id":"https:\/\/parafiajadwigi.waw.pl\/#organization","name":"Parafia \u015awi\u0119tej Jadwigi \u015alaskiej","url":"https:\/\/parafiajadwigi.waw.pl\/","logo":{"@type":"ImageObject","inLanguage":"pl-PL","@id":"https:\/\/parafiajadwigi.waw.pl\/#\/schema\/logo\/image\/","url":"https:\/\/parafiajadwigi.waw.pl\/wp-content\/uploads\/2017\/06\/logooo_Jadwiga.png","contentUrl":"https:\/\/parafiajadwigi.waw.pl\/wp-content\/uploads\/2017\/06\/logooo_Jadwiga.png","width":1640,"height":2808,"caption":"Parafia \u015awi\u0119tej Jadwigi \u015alaskiej"},"image":{"@id":"https:\/\/parafiajadwigi.waw.pl\/#\/schema\/logo\/image\/"}}]}},"_links":{"self":[{"href":"https:\/\/parafiajadwigi.waw.pl\/index.php\/wp-json\/wp\/v2\/pages\/35","targetHints":{"allow":["GET"]}}],"collection":[{"href":"https:\/\/parafiajadwigi.waw.pl\/index.php\/wp-json\/wp\/v2\/pages"}],"about":[{"href":"https:\/\/parafiajadwigi.waw.pl\/index.php\/wp-json\/wp\/v2\/types\/page"}],"author":[{"embeddable":true,"href":"https:\/\/parafiajadwigi.waw.pl\/index.php\/wp-json\/wp\/v2\/users\/1"}],"replies":[{"embeddable":true,"href":"https:\/\/parafiajadwigi.waw.pl\/index.php\/wp-json\/wp\/v2\/comments?post=35"}],"version-history":[{"count":139,"href":"https:\/\/parafiajadwigi.waw.pl\/index.php\/wp-json\/wp\/v2\/pages\/35\/revisions"}],"predecessor-version":[{"id":8861,"href":"https:\/\/parafiajadwigi.waw.pl\/index.php\/wp-json\/wp\/v2\/pages\/35\/revisions\/8861"}],"wp:attachment":[{"href":"https:\/\/parafiajadwigi.waw.pl\/index.php\/wp-json\/wp\/v2\/media?parent=35"}],"curies":[{"name":"wp","href":"https:\/\/api.w.org\/{rel}","templated":true}]}}