{"id":2626,"date":"2018-11-18T09:42:02","date_gmt":"2018-11-18T08:42:02","guid":{"rendered":"http:\/\/parafiajadwigi.waw.pl\/?page_id=2626"},"modified":"2018-11-18T09:42:02","modified_gmt":"2018-11-18T08:42:02","slug":"duszpasterska-rada-parafialna","status":"publish","type":"page","link":"https:\/\/parafiajadwigi.waw.pl\/index.php\/duszpasterska-rada-parafialna\/","title":{"rendered":"DUSZPASTERSKA RADA PARAFIALNA"},"content":{"rendered":"<p>O roli Duszpasterskiej Rady Parafialnej w \u017cyciu wsp\u00f3lnoty parafialnej.<\/p>\n<p>Parafia, ka\u017cda parafia, jest cz\u0119\u015bci\u0105 Ko\u015bcio\u0142a katolickiego (katolicki oznacza dos\u0142ownie powszechny), czyli znajduj\u0105cego si\u0119 pod ka\u017cd\u0105 szeroko\u015bci\u0105 geograficzn\u0105 i skupiaj\u0105cego wszystkie ludy i narody. Tak jak ca\u0142y Ko\u015bci\u00f3\u0142, kt\u00f3ry istnieje, by kontynuowa\u0107 misj\u0119 Syna Bo\u017cego \u2013 Jezusa Chrystusa, misj\u0119 \u201egromadzenia w jedno wszystkich ludzi\u201d, tak samo ka\u017cda parafia nie istnieje sama dla siebie. Powsta\u0142a nie tylko z my\u015bl\u0105, by da\u0107 wiernym mo\u017cliwo\u015b\u0107 \u017cycia i do\u015bwiadczenia namiastki jedno\u015bci, jaka stanie si\u0119 naszym udzia\u0142em w niebie, ale r\u00f3wnie\u017c a mo\u017ce przede wszystkim po to, by by\u0107 znakiem dla os\u00f3b znajduj\u0105cych si\u0119 poza ni\u0105 albo na jej poboczach. Istniejemy wi\u0119c jako Parafia \u015awi\u0119tej Jadwigi, aby przekazywa\u0107 wiar\u0119 i \u015bwiadczy\u0107 o obecno\u015bci Chrystusa w\u015br\u00f3d nas, obecno\u015bci Pana, kt\u00f3ry daje nam Swego Ducha Mi\u0142o\u015bci i Pojednania. Przekaz ten winien odbywa\u0107 si\u0119 nie tyle przez uczenie religii, jak to ma miejsce w szko\u0142ach, ale poprzez \u015bwiadczenie o Bogu \u017cyciem tak, jak to mia\u0142o miejsce w pierwszych wsp\u00f3lnotach chrze\u015bcija\u0144skich (parafiach) do kt\u00f3rych, jak podaj\u0105 Dzieje Apostolskie, poganie garn\u0119li si\u0119 poci\u0105gni\u0119ci stylem \u017cycia chrze\u015bcijan (\u201epatrzcie, jak oni si\u0119 mi\u0142uj\u0105\u201d).<\/p>\n<p>Ko\u015bci\u00f3\u0142 to maj\u0105ca swe korzenie w Tradycji Apostolskiej Wsp\u00f3lnota ludzi wierz\u0105cych w Jezusa Chrystusa jako Zbawiciela, charakteryzuj\u0105ca si\u0119 z jednej strony \u2013 postaw\u0105 pokornej \u015bwiadomo\u015bci potrzeby ci\u0105g\u0142ego nawracania si\u0119 ku Mi\u0142o\u015bci i prze\u017cywaj\u0105ca t\u0119 mi\u0142o\u015b\u0107 w celebracjach liturgicznych a z drugiej strony \u2013 \u015bwiadoma misji \u015bwiadczenia \u017cyciem i s\u0142owem, wobec wszystkich ludzi, o bezgranicznej Mi\u0142o\u015bci Boga, czyli \u015bwiadoma tego, \u017ce istnieje dla innych.<\/p>\n<p>Aby parafia, ta najmniejsza cz\u0119\u015b\u0107 Ko\u015bcio\u0142a lokalnego mog\u0142a owo zadanie realizowa\u0107 jak najlepiej, winna posiada\u0107 pewn\u0105 form\u0119 i pewne struktury. Parafi\u0105 okre\u015bla si\u0119 zwykle wsp\u00f3lnot\u0119 wiernych mieszkaj\u0105cych na okre\u015blonym terenie (cho\u0107 niekoniecznie musz\u0105 oni by\u0107 zwi\u0105zani po\u0142o\u017ceniem geograficznym), gromadz\u0105cych si\u0119 pod przewodnictwem prezbitera (kap\u0142ana) na celebracjach liturgicznych (Msza \u015bw., nabo\u017ce\u0144stwa i adoracje), na katechezie (w celu pog\u0142\u0119bienia wiary) oraz spotykaj\u0105cych si\u0119, aby ws\u0142uchuj\u0105c si\u0119 w natchnienia Ducha \u015awi\u0119tego podejmowa\u0107 decyzje co do g\u0142\u00f3wnych wyzwa\u0144 stoj\u0105cymi przed parafi\u0105 (min. ewangelizacja \u015brodowiska i pomoc najbardziej potrzebuj\u0105cym).<\/p>\n<p>W tej rozbudowanej nieco definicji zawarte s\u0105 wszystkie istotne elementy formuj\u0105ce parafi\u0119, kt\u00f3re sk\u0105din\u0105d znajdujemy wyszczeg\u00f3lnione w pierwszych rozdzia\u0142ach Dziej\u00f3w Apostolskich, b\u0119d\u0105cych opisem \u017cycia pierwszych wsp\u00f3lnot chrze\u015bcija\u0144skich:<br \/>\nBycie razem jako Wsp\u00f3lnota (\u201ejeden duch i jedno serce o\u017cywia\u0142y wszystkich wierz\u0105cych &#8230; mieli wszystko wsp\u00f3lne\u201d \u2013 Dz 4,32)<br \/>\nCelebracja Eucharystii i wsp\u00f3lna modlitwa (\u201etrwali oni na \u0142amaniu Chleba i w modlitwach\u201d \u2013 Dz 2,42; \u201ecodziennie trwali jednomy\u015blnie w \u015bwi\u0105tyni\u201d \u2013 Dz 2,46)<br \/>\nKatecheza maj\u0105ca na celu formacj\u0119 wszystkich wiernych (\u201etrwali w nauce Aposto\u0142\u00f3w\u201d \u2013 Dz 2,42)<br \/>\nEwangelizacja niewierz\u0105cych (\u201eAposto\u0142owie z wielk\u0105 moc\u0105 \u015bwiadczyli o zmartwychwstaniu Pana Jezusa\u201d \u2013 Dz 4,33)<br \/>\nDuch rado\u015bci i prostota serca (\u201eCi wszyscy, co uwierzyli przebywali razem &#8230; przyjmowali posi\u0142ki z rado\u015bci\u0105 i prostot\u0105 serca, wielbi\u0105c Boga&#8230;\u201d \u2013 Dz 2,44-46)<br \/>\nKonkretna pomoc ubogim (otrzymane z darowizny dobra \u201erozdzielali ka\u017cdemu wed\u0142ug potrzeby\u201d \u2013 Dz 2,45; 4,35; \u201ei nikt z nich nie cierpia\u0142 niedostatku\u201d \u2013 Dz 4,34)<\/p>\n<p>Nigdy nie b\u0119dzie do\u015b\u0107 przypomina\u0107 stale, co jest istot\u0105 parafii zw\u0142aszcza w obliczu pokusy dostrzegania tylko w\u0142asnych potrzeb. Trzeba pami\u0119ta\u0107, i\u017c \u017cadna parafia nie mo\u017ce \u017cy\u0107 tak jakby istnia\u0142a sama dla siebie. Nie mo\u017ce wzrasta\u0107 bez ci\u0105g\u0142ego otwierania si\u0119 tak na Bo\u017cego Ducha jak i na potrzeby ludzi. Podobnie jak \u017cadna cz\u0119\u015b\u0107 ludzkiego organizmu nie istnieje poza cia\u0142em i niezale\u017cnie od niego, tak \u017cadna wsp\u00f3lnota chrze\u015bcija\u0144ska nie mo\u017ce by\u0107 nazwana tak\u0105, nie mo\u017ce funkcjonowa\u0107 bez wi\u0119zi z ca\u0142ym Ko\u015bcio\u0142em. I ta ci\u0105g\u0142a \u015bwiadomo\u015b\u0107 katolicko\u015bci jest znakiem i warunkiem \u017cywotno\u015bci parafii i jej autentyczno\u015bci.<\/p>\n<p>Aby by\u0107 cz\u0142onkiem parafii katolickiej, tak naprawd\u0119 a nie jedynie z nazwy, nie wystarczy by\u0107 ochrzczonym i zapisanym w kartotece parafialnej. Nie wystarczy te\u017c przyj\u015b\u0107 w niedziel\u0119 do ko\u015bcio\u0142a. Kto chce by\u0107 w pe\u0142ni cz\u0142onkiem Ko\u015bcio\u0142a (a wi\u0119c i parafii) i odczuwa\u0107 z tego powodu rado\u015b\u0107, winien stale pog\u0142\u0119bia\u0107 sw\u0105 wiedz\u0119 o Bogu. Konieczno\u015bci ci\u0105g\u0142ego wzrastania we wierze wi\u0105\u017ce si\u0119 z prawd\u0105, i\u017c nie mo\u017cna kocha\u0107 tak naprawd\u0119 kogo\u015b, kogo si\u0119 nie zna i nie poznaje stale na nowo! Jako \u017ce nie jest dzisiaj \u0142atw\u0105 rzecz\u0105 znale\u017a\u0107 czas i ch\u0119ci na indywidualne \u201edokszta\u0142canie religijne\u201d wydaje si\u0119 rzecz\u0105 konieczn\u0105 znalezienie jakiej\u015b grupy funkcjonuj\u0105cej przy parafii.<\/p>\n<p>Formacja osobista, wzrastanie we wiedzy o Bogu i Ko\u015bciele to jedno. A druga sprawa, nie mniej wa\u017cna, kt\u00f3ra winna \u201ezmusza\u0107\u201d ka\u017cdego katolika do lektury i Pisma \u015awi\u0119tego, i katechizmu i katolickich periodyk\u00f3w to prawda, i\u017c nie mo\u017cna chcie\u0107 przynale\u017ce\u0107 do Ko\u015bcio\u0142a, kt\u00f3ry jest powszechny nie pragn\u0105c wiedzie\u0107, co si\u0119 dzieje poza granicami parafii: w diecezji, w Ko\u015bciele polskim, na \u015bwiecie. To wraz ze wzrostem \u015bwiadomo\u015bci wzrasta odpowiedzialno\u015b\u0107. Dlatego niezmiernie wa\u017cny jest obowi\u0105zek poznawania rado\u015bci i smutk\u00f3w naszych braci i si\u00f3str \u017cyj\u0105cych na ca\u0142ym \u015bwiecie. Nie oznacza to oczywi\u015bcie oboj\u0119tno\u015bci wobec tych, kt\u00f3rzy \u017cyj\u0105 wok\u00f3\u0142 nas czy braku zainteresowania sprawami parafii. Podobnie jak w rodzinie ten, kto nie uczestniczy aktywnie w jej \u017cyciu przestaje si\u0119 powoli ni\u0105 interesowa\u0107 a nawet staje si\u0119 z czasem dla niej ci\u0119\u017carem, tak samo ma si\u0119 rzecz z przynale\u017cno\u015bci\u0105 do parafii. Je\u015bli kto\u015b jest jedynie biernym obserwatorem dziej\u0105cych si\u0119 w niej wydarze\u0144, powa\u017cnie ryzykuje, i\u017c pr\u0119dzej czy p\u00f3\u017aniej oddali si\u0119 nie tylko od Ko\u015bcio\u0142a ale i od Boga.<\/p>\n<p>Z racji z\u0142o\u017cono\u015bci misji, jak\u0105 B\u00f3g zawierzy\u0142 ka\u017cdej wsp\u00f3lnocie parafialnej, ten kto otrzyma\u0142 misje jej przewodzenia (ksi\u0105dz proboszcz) winien zadba\u0107 o rozs\u0105dny podzia\u0142 odpowiedzialno\u015bci i prac w\u015br\u00f3d wiernych, zgodnie z talentami i charyzmatami, jakimi Duch \u015aw. obdarzy\u0142 ka\u017cdego. Nie powinien przy tym zaniedbywa\u0107 swych obowi\u0105zk\u00f3w bycia dla swych parafian pasterzem dusz, przewodnikiem i nauczycielem we wierze oraz administratorem bo\u017cych \u0142ask! Dopiero na drugim miejscu stoj\u0105 wszelkie inne zadania takie jak administracja i zarz\u0105dzanie dobrami materialnymi czy ewentualne remonty i budowy. Nic jednak nie mo\u017ce duszpasterzowi przys\u0142oni\u0107 tej pierwszorz\u0119dnej troski o dobro duchowe swych parafian, czyli o zbawienie ka\u017cdego z powierzonych mu wiernych.<\/p>\n<p>Aby proboszcz m\u00f3g\u0142 lepiej pozna\u0107 bogactwo charyzmat\u00f3w i dar\u00f3w swoich parafian, lepiej, efektywniej wykorzysta\u0107 w duszpasterstwie ich do\u015bwiadczenie i zapa\u0142 a przez to bardziej po bo\u017cemu administrowa\u0107 parafi\u0105, dokumenty Ko\u015bcio\u0142a zalecaj\u0105 powstanie w ka\u017cdej wsp\u00f3lnocie parafialnej dw\u00f3ch organ\u00f3w o charakterze doradczym: Duszpasterskiej Rady Parafialnej oraz Parafialnej Rady do Spraw Finansowo \u2013 Ekonomicznych.<\/p>\n<p>Co to jest Duszpasterska Rada Parafialna?<br \/>\nAby odpowiedzie\u0107 na to pytanie pos\u0142u\u017c\u0119 si\u0119 nie tylko osobistym do\u015bwiadczeniem, ale bardziej jeszcze dokumentami Ko\u015bcio\u0142a. Aby opisa\u0107 istot\u0119 i cel Duszpasterskiej Rady Parafialnej trzeba by najpierw przypomnie\u0107 kr\u00f3tko now\u0105 wizj\u0119 Ko\u015bcio\u0142a, zaprezentowan\u0105 na Soborze Wat. II jako Lud Bo\u017cy, jako wsp\u00f3lnota prorocka, kap\u0142a\u0144ska i kr\u00f3lewska, jako znak i narz\u0119dzie zbawienia. Zacznijmy mo\u017ce od pewnych fundamentalnych prawd, kt\u00f3re pomog\u0105 nam lepiej zrozumie\u0107 poruszany temat.<\/p>\n<p>Pierwsz\u0105 z nich mo\u017cna by okre\u015bli\u0107 jako principium r\u00f3wno\u015bci. Chodzi tu o przypomnienie, \u017ce wszyscy chrze\u015bcijanie maj\u0105 w Ko\u015bciele t\u0119 sam\u0105 godno\u015b\u0107. R\u00f3wno\u015b\u0107 ta jest spraw\u0105 zasadnicz\u0105, priorytetow\u0105 (Lumen Gentium 32). Nie ma w Ko\u015bciele \u201esuper-chrztu\u201d, nie ma kast, nie ma przywilej\u00f3w. Pierwszy sakrament \u2013 Chrzest \u2013 jest tym, kt\u00f3ry stwarza Ko\u015bci\u00f3\u0142 i do\u0144 wprowadza; pozosta\u0142e sakramenty s\u0105 w Ko\u015bciele. Pocz\u0105wszy od pierwszego sakramentu rodz\u0105 si\u0119 i rozwijaj\u0105 r\u00f3\u017cne powo\u0142ania, charyzmaty i funkcje.<\/p>\n<p>Druga podstawowa prawda mo\u017ce by\u0107 okre\u015blona jako principium charyzmatyczne. Przypomina ona, \u017ce ka\u017cdy chrze\u015bcijanin jest charyzmatykiem. Ma charyzmaty, to znaczy szczeg\u00f3lne dary \u2013 zwyczajne lub nadzwyczajne \u2013 kt\u00f3re pomagaj\u0105 w formowaniu wsp\u00f3lnoty. I te r\u00f3\u017cne charyzmatu buduj\u0105 Ko\u015bci\u00f3\u0142 \u2013 Cia\u0142o Chrystusa (\u015bw. Pawe\u0142).<br \/>\nWed\u0142ug pism Nowego Testamentu pierwszym i podstawowym charyzmatem jest wiara. Zwyk\u0142ymi charyzmatami s\u0105 na przyk\u0142ad: zaw\u00f3d, stan, pozycja spo\u0142eczna, go\u015bcinno\u015b\u0107, solidarno\u015b\u0107, gotowo\u015b\u0107 do pomocy, upominanie, p\u0142akanie z tym, kto p\u0142acze i radowanie si\u0119 z tym, kto si\u0119 cieszy. Za\u015b do charyzmat\u00f3w specjalnych, zwi\u0105zanych z kontekstem ko\u015bcielnym mo\u017cemy zaliczy\u0107 na przyk\u0142ad: proroctwo, t\u0142umaczenie j\u0119zyk\u00f3w, przewodzenie wsp\u00f3lnocie, nauczanie, prowadzenie, celibat, itd. Zw\u0142aszcza ci, co maj\u0105 we wsp\u00f3lnocie jak\u0105\u015b funkcj\u0119 kierownicz\u0105 w spos\u00f3b szczeg\u00f3lny winni stara\u0107 si\u0119 u\u017cywa\u0107 otrzymane charyzmaty dla dobra wsp\u00f3lnoty ko\u015bcielnej i cywilnej.<\/p>\n<p>Kolejna fundamentalna prawda to principium wsp\u00f3\u0142odpowiedzialno\u015bci i misji. Oznacza to po prostu, \u017ce w Ko\u015bciele, kt\u00f3ry my wszyscy formu\u0142ujemy, nie ma z jednej strony zbawionych a z drugiej zbawiaj\u0105cych, ale wszyscy razem, jednocze\u015bnie jeste\u015bmy i zbawieni i zbawiaj\u0105cy. Mimo r\u00f3\u017cnic zwi\u0105zanych z sakramentem kap\u0142a\u0144stwa nie istnieje podzia\u0142 na rz\u0105dz\u0105cych i rz\u0105dzonych, na uczni\u00f3w i nauczycieli: ca\u0142y Lud Bo\u017cy jest kap\u0142a\u0144ski, kr\u00f3lewski i prorocki.<br \/>\nWszyscy wi\u0119c jeste\u015bmy odpowiedzialni czy wsp\u00f3\u0142odpowiedzialni za to, co Ko\u015bci\u00f3\u0142 czyni (albo czego nie czyni). Dla chrze\u015bcijanina nie istnieje jedynie odpowiedzialno\u015b\u0107 indywidualna, osobista ale r\u00f3wnie\u017c ta wsp\u00f3lna. Nie mo\u017cna wi\u0119c by\u0107 jedynie pomocnikiem proboszcza czy innego kap\u0142ana tak jakby tylko on mia\u0142 prawo do reprezentowania Ko\u015bcio\u0142a. Praca w Ko\u015bciele jest wsp\u00f3lna, bo jest On zbudowany i reprezentowane przez wszystkich ochrzczonych. Parafia \u2013 Ko\u015bci\u00f3\u0142 lokalny \u2013 jest wszystkich i wszyscy winni s\u0142u\u017cy\u0107 wszystkim. Kap\u0142a\u0144stwo sakramentalne jest pomoc\u0105, pos\u0142ug\u0105 i s\u0142u\u017cb\u0105 kap\u0142a\u0144stwu powszechnemu. Istnieje wi\u0119c g\u0142\u0119boka wi\u0119\u017a, prawdziwa komunia: wszyscy jeste\u015bmy jednym cia\u0142em i cz\u0142onkami jedni dla drugich (Rz 12).<\/p>\n<p>Kolejn\u0105 fundamentaln\u0105 prawd\u0105, kt\u00f3r\u0105 trzeba cho\u0107 kr\u00f3tko przypomnie\u0107 jest principium pos\u0142ug, s\u0142u\u017cby i hierarchii. Co to znaczy? Po prostu chodzi o stwierdzenie, \u017ce we wsp\u00f3lnocie parafialnej winny by\u0107 doceniane i koordynowane r\u00f3\u017cne istniej\u0105ce w niej pos\u0142ugi, niezb\u0119dne dla jej istnienia. A wi\u0119c:<br \/>\npos\u0142ugi wyp\u0142ywaj\u0105ce z hierarchii: pos\u0142uga biskupia, kap\u0142a\u0144ska i diako\u0144ska;<br \/>\ndalej \u2013 pos\u0142ugi \u015bwieckich, zakonnik\u00f3w, zakonnic;<br \/>\ninne pos\u0142ugi ju\u017c zatwierdzone, takie jak: akolity, lektora, szafarza nadzwyczajnego Eucharystii;<br \/>\njeszcze inne pos\u0142ugi, kt\u00f3re mog\u0142yby by\u0107 zatwierdzone jako takie, jak na przyk\u0142ad: katechety, s\u0142u\u017cby liturgicznej, s\u0142u\u017cby spo\u0142ecznej (Caritas) czy duszpasterskiej.<\/p>\n<p>Inna prawda, kt\u00f3r\u0105 koniecznie trzeba przypomnie\u0107 w kontek\u015bcie normalnego funkcjonowania \u017cycia w parafii mo\u017cna by nazwa\u0107 principium dialogu i komunikacji. Wsp\u00f3\u0142odpowiedzialno\u015b\u0107 i komunia wymagaj\u0105 dialogu i komunikacji. Chodzi tu o przep\u0142yw informacji i \u015bwiadome d\u0105\u017cenie do wymiany spojrze\u0144 i do\u015bwiadcze\u0144 wewn\u0105trz Ko\u015bcio\u0142a: mi\u0119dzy \u015bwieckimi a biskupem, mi\u0119dzy kap\u0142anami a biskupem, mi\u0119dzy kap\u0142anami a \u015bwieckimi a przede wszystkim mi\u0119dzy osobami \u015bwieckimi a ich proboszczami. Jest to jedno z wa\u017cniejszych i trudniejszych do zrealizowania wyzwa\u0144 w Ko\u015bciele posoborowym.<\/p>\n<p>Principium jedno\u015bci i pomocniczo\u015bci, to nast\u0119pna fundamentalna prawda wymagaj\u0105ca \u201eodkurzenia\u201d i wprowadzenia w \u017cycie. Trzeba bowiem stale przypomina\u0107, \u017ce jedno\u015b\u0107 nie oznacza identyczno\u015bci. W Ko\u015bciele winna istnie\u0107 jedno\u015b\u0107 w r\u00f3\u017cnorodno\u015bci, bo poszczeg\u00f3lne dary rozwijaj\u0105 si\u0119 w wolno\u015bci (J 3,8). Pomocniczo\u015b\u0107 oznacza, \u017ce ka\u017cdy \u2018posiada\u2019 tylko cz\u0119\u015b\u0107 prawdy i potrzebuje tych wielu jej cz\u0119\u015bci, kt\u00f3re posiadaj\u0105 inni. Pomocniczo\u015b\u0107 oznacza r\u00f3wnie\u017c to, \u017ce nie mo\u017cna przerzuca\u0107 na innych, na inne parafie, na instancje wy\u017csze (np. diecezja, biskup, Watykan, itp.), na prze\u0142o\u017conych tego, co winno by\u0107 podj\u0119te przez nas, zrobione przez nasz\u0105 wsp\u00f3lnot\u0119 parafialn\u0105.<\/p>\n<p>Nie mniej wa\u017cn\u0105 i zmuszaj\u0105c\u0105 do g\u0142\u0119bokiej refleksji jest kwestia sposobu realizacji przez Ko\u015bci\u00f3\u0142 otrzymanej od Jezusa misji. Ko\u015bci\u00f3\u0142 Chrystusa, aby doprowadza\u0107 ludzi do zbawienia, zgodnie z otrzymanym przez Swego Mistrza mandatem, winien stawa\u0107 si\u0119 Ko\u015bcio\u0142em lokalnym, umiejscowionym na konkretnym terenie, szanuj\u0105cym miejscow\u0105 kultur\u0119 i mentalno\u015b\u0107. Mo\u017cemy m\u00f3wi\u0107 tu o pewnego rodzaju principium Ko\u015bcio\u0142a lokalnego. Chodzi o to, aby \u201ewej\u015b\u0107 do wszystkich istniej\u0105cych grup ludzkich w ten sam spos\u00f3b w jaki sam Chrystus, poprzez wcielenie, w\u0142\u0105czy\u0142 si\u0119, z\u0142\u0105czy\u0142 si\u0119 z owym konkretnym \u015brodowiskiem spo\u0142eczno-kulturowym ludzi, w\u015br\u00f3d kt\u00f3rych \u017cy\u0142\u201d (Ad Gentes 10).<\/p>\n<p>Bior\u0105c powy\u017csze principia za punkt odniesienia mo\u017cemy m\u00f3wi\u0107 o radzie duszpasterskiej jako o \u017cywej i dynamicznej grupie os\u00f3b nale\u017c\u0105cych do Ko\u015bcio\u0142a, kt\u00f3ra nie jest ani poza ani ponad wsp\u00f3lnot\u0105 parafialn\u0105 ale stanowi jej integraln\u0105 cz\u0119\u015b\u0107. Jest wyrazem wiary tej wsp\u00f3lnoty i jej misyjnego zapa\u0142u.<\/p>\n<p>By\u0142oby b\u0142\u0119dem widzie\u0107 rad\u0119 duszpastersk\u0105 jedynie jako organ organizacyjno-administracyjny parafii, jedynie jako grup\u0119 koordynuj\u0105c\u0105 wszystkie funkcjonuj\u0105ce we wsp\u00f3lnocie grupy i ruchy ko\u015bcielne. Rada duszpasterska nie mo\u017ce te\u017c by\u0107 pojmowana jako miejsce podejmowania decyzji w oparciu o \u201edemokratyczne\u201d g\u0142osowania, kt\u00f3re by\u0142oby niejako w opozycji czy jako alternatywa w stosunku do decyzji i wytycznych hierarchii.<br \/>\nRada duszpasterska jest w zamierzeniu jasnym znakiem jedno\u015bci i g\u0142\u0119bokich wi\u0119zi istniej\u0105cych w ko\u015bciele a tak\u017ce miejscem spotkania i duszpasterskiego dzia\u0142ania. Reprezentuje ca\u0142\u0105 wsp\u00f3lnot\u0119 parafialn\u0105 poprzez jedno\u015b\u0107 wiary oraz bogactwo i r\u00f3\u017cnorodno\u015b\u0107 istniej\u0105cych w parafii charyzmat\u00f3w i powo\u0142a\u0144. Oznacza i wyra\u017ca komuni\u0119 wszystkich wiernych mi\u0119dzy sob\u0105 a tak\u017ce jedno\u015b\u0107 parafian ze swym pasterzem \u2013 proboszczem. Jest jednocze\u015bnie narz\u0119dziem wzrostu tej komunii, gwarantuj\u0105c wszystkim parafianom mo\u017cliwo\u015b\u0107 bycia wsp\u00f3\u0142odpowiedzialnymi za Ko\u015bci\u00f3\u0142 i Jego misj\u0119 w \u015bwiecie. Jest te\u017c miejscem w kt\u00f3rym \u0142\u0105cz\u0105 si\u0119 wszystkie charyzmaty i osobiste dary (kt\u00f3re winny by\u0107 przeznaczone do s\u0142u\u017cby na rzecz innych), a jednocze\u015bnie miejscem, gdzie dociera echo trosk, potrzeb i pragnie\u0144 ca\u0142ej wsp\u00f3lnoty parafialnej. Rada parafialna realizuje sw\u0105 misj\u0119 ws\u0142uchuj\u0105c si\u0119 \u2013 z jednej strony w g\u0142osy dochodz\u0105ce z r\u00f3\u017cnych stron wsp\u00f3lnoty a z drugiej \u2013 w Bo\u017ce natchnienia p\u0142yn\u0105ce z uwa\u017cnej lektury S\u0142owa Bo\u017cego.<br \/>\nNie nale\u017cy zapomina\u0107, \u017ce duszpasterska rada parafialna, odpowiedzialna za wzrost komunii we wsp\u00f3lnocie parafialnej jest jednocze\u015bnie powo\u0142ana do przypominania wszystkim parafianom o przynale\u017cno\u015bci do Ko\u015bcio\u0142a katolickiego, czyli powszechnego. O fakcie otrzymania od Pana podw\u00f3jnego zadania: troski o duchowy wzrost parafii (misja ad intra) oraz o misji bycia znakiem bo\u017cym dla innych ludzi (misja ad extra).<\/p>\n<p>Rada duszpasterska winna by\u0107 organem reprezentuj\u0105cym wszystkie rzeczywisto\u015bci parafii dlatego musi by\u0107 wybrana przez wiernych. Nie mo\u017ce to by\u0107 grupa os\u00f3b mianowanych z jakiego\u015b powodu jedynie przez proboszcza. Jednocze\u015bnie trzeba podkre\u015bli\u0107, \u017ce rada duszpasterska reprezentuj\u0105c ca\u0142\u0105 wsp\u00f3lnot\u0119 jej nie zast\u0119puje! Wr\u0119cz przeciwnie: szanuje kompetencje i opinie ka\u017cdej grupy parafialnej i ka\u017cdego parafianina. Gdyby z jakiego\u015b powodu urwa\u0142 si\u0119 dialog i zabrak\u0142o \u0142\u0105czno\u015bci mi\u0119dzy rad\u0105 a pozosta\u0142ymi parafianami wtedy radzie duszpasterskiej grozi\u0142aby izolacj\u0105 i przesta\u0142by spe\u0142nia\u0107 w parafii powierzon\u0105 jej misj\u0119 bycia \u201esakramentem komunii\u201d.<\/p>\n<p>Celem, do kt\u00f3rego trzeba d\u0105\u017cy\u0107 tak w \u017cyciu parafii jak i w funkcjonowaniu duszpasterskiej rady parafialnej nie jest d\u0105\u017cenie do jednolito\u015bci, do identyczno\u015bci wszystkich wiernych ale do jedno\u015bci w r\u00f3\u017cnorodno\u015bci, do komunii, kt\u00f3ra szanuje osobiste charyzmaty i dary ka\u017cdego parafianina. Z racji swej natury rada duszpasterska jest miejscem spotkania i komunii ludzi w r\u00f3\u017cnym wieku, o r\u00f3\u017cnym wykszta\u0142ceniu, pochodzeniu spo\u0142ecznym, wychowaniu, zawodzie, itd., kt\u00f3rzy zbieraj\u0105 si\u0119, aby wsp\u00f3lnie budowa\u0107, wzajemnie ubogaca\u0107 si\u0119 posiadanymi darami ws\u0142uchuj\u0105c si\u0119 w natchnienia Ducha \u015awi\u0119tego. I cho\u0107 ka\u017cdy uznaje w\u0142asne ograniczenia i braki, to jednak winien stara\u0107 si\u0119 unika\u0107 wszelkiego narzucania opinii i m\u00f3wienia z pozycji kogo\u015b bardziej do\u015bwiadczonego, lepiej przygotowanego, itp. Chodzi po prostu o to, by nie u\u017cywa\u0107 rady duszpasterskiej jako p\u0142aszczyzny s\u0142u\u017c\u0105cej do potwierdzenia w\u0142asnych idei albo do samorealizacji. Oczywi\u015bcie, idea\u0142\u00f3w nie ma i w praktyce, mo\u017cna zaobserwowa\u0107 w \u0142onie rady duszpasterskiej pewne trudno\u015bci. Dotycz\u0105 one jednak nie tyle braku ch\u0119ci do wsp\u00f3\u0142pracy ile braku pe\u0142nej otwarto\u015bci na opini\u0119, kt\u00f3ra jest odmienna od mojej i braku akceptacji drugiej osoby gdy chodzi o konkretn\u0105 z ni\u0105 wsp\u00f3\u0142prac\u0119.<\/p>\n<p>Do rady duszpasterskiej nale\u017c\u0105: kap\u0142ani, zakonnicy i zakonnice oraz \u015bwieccy, czyli ca\u0142y lud Bo\u017cy z zachowaniem r\u00f3\u017cnic istniej\u0105cych wewn\u0105trz Ko\u015bcio\u0142a. Przez ni\u0105 (rad\u0119) realizuje si\u0119 wsp\u00f3\u0142praca i wsp\u00f3\u0142odpowiedzialno\u015b\u0107 ca\u0142ego Ludu Bo\u017cego za decyzje dotycz\u0105ce \u017cycia wsp\u00f3lnoty parafialnej. Poczucie odpowiedzialno\u015bci jest podstawowym warunkiem bez kt\u00f3rego nie b\u0119dzie mo\u017cna podj\u0105\u0107 \u017cadnych zada\u0144 duszpasterskich dotycz\u0105cych parafii. Warto tu podkre\u015bli\u0107, \u017ce rada duszpasterska nie b\u0119dzie w stanie sama z siebie budowa\u0107 wsp\u00f3lnoty i przekazywa\u0107 ducha jedno\u015bci, je\u015bli tego ducha nie b\u0119dzie wcze\u015bniej w ka\u017cdym z jej cz\u0142onk\u00f3w.<br \/>\nPrawdziwa odpowiedzialno\u015b\u0107 nie jest czym\u015b, do czego dochodzi si\u0119 z \u0142atwo\u015bci\u0105: nie mo\u017cemy zapomina\u0107 o grzechu pierworodnym, o sk\u0142onno\u015bciach do egoizmu i osobistych s\u0142abo\u015bciach.<br \/>\nKo\u0144cz\u0105c te cz\u0119\u015b\u0107 refleksji warto doda\u0107, \u017ce rada duszpasterska jako organ odpowiedzialnego uczestniczenia w \u017cyciu wsp\u00f3lnoty parafialnej zak\u0142ada koniecznie posiadanie przez wiernych pewnego poziomu \u015bwiadomo\u015bci przynale\u017cno\u015bci do wsp\u00f3lnoty \u2013 parafii. Oznacza to, \u017ce parafianie winni czu\u0107 si\u0119 czynnymi cz\u0142onkami Ko\u015bcio\u0142a, uczestnicz\u0105cymi w spos\u00f3b odpowiedzialny w \u017cyciu parafii a nie jedynie niedzielnymi s\u0142uchaczami Liturgii Mszy \u015bw.<\/p>\n<p>Warto jednocze\u015bnie zada\u0107 sobie pytanie:<br \/>\nJaki jest ci\u0119\u017car gatunkowy decyzji podejmowanych przez Duszpastersk\u0105 Rad\u0119 Parafialn\u0105? Na ile jest ona organem decyduj\u0105cym o \u017cyciu parafii?<br \/>\nAby odpowiedzie\u0107 na to pytanie nale\u017cy wpierw przypomnie\u0107 jedna podstawow\u0105 rzecz: parafia jest oddana przez ks. biskupa pod opiek\u0119 duszpastersk\u0105 konkretnemu kap\u0142anowi albo wsp\u00f3lnocie prezbiter\u00f3w (kap\u0142an\u00f3w), kt\u00f3rzy go reprezentuj\u0105. Dekret soborowy Presbyterorum Ordinis stwierdza, \u017ce \u201eprezbiterzy wykonuj\u0105c w zakresie swej w\u0142adzy urz\u0105d Chrystusa G\u0142owy i Pasterza, gromadz\u0105 w imieniu biskupa rodzin\u0105 Bo\u017c\u0105, o\u017cywion\u0105 bratersk\u0105 jedno\u015bci\u0105&#8230;\u201d (6). Misja przewodniczenia ludowi Bo\u017cemu nie stawia jednak kap\u0142ana ani nad ani poza rad\u0105 duszpastersk\u0105. Przewodniczy\u0107 nie oznacza absolutnie podejmowania decyzji samemu, w spos\u00f3b autonomiczny i bez zgody cz\u0142onk\u00f3w rady duszpasterskiej. Kiedy m\u00f3wi si\u0119 o kolegialno\u015bci w parafii oznacza to, \u017ce odpowiedzialno\u015b\u0107 za kierowanie parafi\u0105 i s\u0142u\u017cenie jej le\u017cy na barkach rady parafialnej, kt\u00f3rej kap\u0142an przewodniczy.<\/p>\n<p>Rada parafialna mo\u017ce podejmowa\u0107 decyzje odnosz\u0105ce si\u0119 do wszystkich obszar\u00f3w jej dzia\u0142ania, to znaczy tego, co dotyczy jej kompetencji zwi\u0105zanych z misj\u0105 prorock\u0105 (wszystko to, co jest zwi\u0105zane z ewangelizacj\u0105, katechumenatem, katechez\u0105, formacj\u0105 doros\u0142ych&#8230;), z misj\u0105 liturgiczn\u0105 (kt\u00f3ra obejmuje obszerny teren celebracji liturgicznych i udzielania sakrament\u00f3w ), misj\u0105 \u201ekr\u00f3lewsk\u0105\u201d czyli administracyjn\u0105 (dotyczy wszystkich aspekt\u00f3w duszpasterstwa powi\u0105zanych z kwestiami finans\u00f3w, administrowania dobrami materialnymi, itp.). Warunkiem jednak wa\u017cno\u015bci owych decyzji jest:<br \/>\n1) by nie by\u0142y w opozycji do wytycznych biskupa i proboszcza;<br \/>\n2) by by\u0142y zatwierdzone przez absolutn\u0105 wi\u0119kszo\u015b\u0107 swych cz\u0142onk\u00f3w.<br \/>\nJe\u015bli w jakiej\u015b wa\u017cnej kwestii, kt\u00f3r\u0105 zajmuje si\u0119 rada brak jest w g\u0142osowaniu nad ni\u0105 zdecydowanej wi\u0119kszo\u015bci oznacza to, \u017ce sprawa nie jest jeszcze wystarczaj\u0105co jasna dla wszystkich i \u017ce winno si\u0119 po\u015bwi\u0119ci\u0107 czas na dodatkow\u0105 analiz\u0119, na modlitw\u0119 a tak\u017ce na &#8230; nawr\u00f3cenie si\u0119 i na zasi\u0119gni\u0119cie opinii na dany temat we wsp\u00f3lnocie parafialnej.<br \/>\nInnymi s\u0142owy: decyzje co do spraw zwi\u0105zanych z istotnymi sprawami dotycz\u0105cymi komunii eklezjalnej i jedno\u015bci wsp\u00f3lnoty nie mog\u0105 spada\u0107 jak z nieba, ale powinny dojrzewa\u0107 i by\u0107 podejmowane przy czynnym udziale ca\u0142ej parafii.<\/p>\n<p>Mo\u017ce spr\u00f3bujmy powiedzie\u0107 jeszcze, co robi Duszpasterska Rada Parafialna.<br \/>\nRada duszpasterska interesuje si\u0119 wszystkimi problemami dotycz\u0105cymi \u017cycia parafii i jej misji wobec os\u00f3b oboj\u0119tnych i niewierz\u0105cych. W szczeg\u00f3lny spos\u00f3b analizuje i czyni swymi te inicjatywy, kt\u00f3re zmierzaj\u0105 do pog\u0142\u0119bienia warto\u015bci ewangelicznych, a konkretnie:<br \/>\nzastanawia si\u0119 nad stanem \u017cycia religijnego parafii; zw\u0142aszcza gdy chodzi o poziom wiedzy religijnej i stopie\u0144 wiary, uczestniczenie w sakramentach \u015bw., \u017cycie moralne cz\u0142onk\u00f3w wsp\u00f3lnoty, zaanga\u017cowanie w dzie\u0142a mi\u0142osierdzia (Caritas) w propagowanie pokoju i pojednania, uczestniczenie w \u017cyciu spo\u0142ecznym i politycznym;<br \/>\nokre\u015bla pierwszoplanowe potrzeby i wymogi parafii; ustala konkretny program w oparciu o plan duszpasterski Ko\u015bcio\u0142a lokalnego i o wezwania Ko\u015bcio\u0142a powszechnego;<br \/>\ndecyduje o konkretnych dzia\u0142aniach duszpasterskich i wybiera odpowiednie do ich realizacji metody.<\/p>\n<p>W trosce o jak najsprawniejsze funkcjonowanie, w wielu diecezjach dokumenty po\u015bwi\u0119cone DRP sugeruj\u0105 podzielenie zada\u0144 i odpowiedzialno\u015bci, zgodnie z zainteresowaniami i osobistym do\u015bwiadczeniem poszczeg\u00f3lnych cz\u0142onk\u00f3w. Chodzi o to, by utworzy\u0107 w radzie\u00a0 sekcje\u00a0 odpowiedzialne za poszczeg\u00f3lne odcinki \u017cycia parafialnego. Mog\u0105 to by\u0107 na przyk\u0142ad sekcje:<br \/>\na) katechetyczno-m\u0142odzie\u017cowa;<br \/>\nb) liturgiczna;<br \/>\nc) charytatywno \u2013 misyjna;<br \/>\nd) ekonomiczno \u2013 gospodarcza;<br \/>\ne) sekcja duszpasterstwa rodzinnego.<br \/>\nDwa s\u0142owa o ka\u017cdej z sekcji.<br \/>\nDo sekcji katechetyczno \u2013 m\u0142odzie\u017cowej winny nale\u017ce\u0107: katecheci (z racji wykonywanego zawodu), osoby odpowiedzialne za formacj\u0119 m\u0142odzie\u017cy oraz pracuj\u0105ce z dzie\u0107mi i m\u0142odzie\u017c\u0105 a tak\u017ce ci z cz\u0142onk\u00f3w PRD, kt\u00f3rzy z racji swego do\u015bwiadczenia albo\/i zami\u0142owania, troski o m\u0142odzie\u017c s\u0105 gotowi zaanga\u017cowa\u0107 si\u0119 w tym sektorze duszpasterstwa.<br \/>\nSekcja liturgiczna zajmuje si\u0119 g\u0142\u00f3wnie tym aspektem naszego \u017cycia parafialnego, kt\u00f3ry mo\u017cna by okre\u015bli\u0107 jako troska o to, by wszyscy parafianie mogli poprzez dobrze przygotowana i godnie odprawian\u0105 liturgi\u0119 do\u015bwiadczy\u0107 spotkania z Panem. Opr\u00f3cz przedstawicieli lektor\u00f3w i s\u0142u\u017cby o\u0142tarza (ministranci) winne do tej sekcji nale\u017ce\u0107 osoby zwi\u0105zane w jaki\u015b spos\u00f3b z liturgi\u0105 (cz\u0142onkowie zespo\u0142\u00f3w muzycznych, organi\u015bci, osoby dbaj\u0105ce o zachowanie w ko\u015bciele porz\u0105dku i czysto\u015bci).<br \/>\nSekcja charytatywno \u2013 misyjna skupia osoby w spos\u00f3b szczeg\u00f3lny otwarte na potrzeby ubogich czy potrzebuj\u0105cych wsparcia materialnego czy\/i duchowego. Jest w niej miejsce i dla tych, kt\u00f3rzy \u015bwiadomi misyjnej natury Ko\u015bcio\u0142a chc\u0105 poprzez swoje do\u015bwiadczenie albo kontakt z misjonarzami, misjonarkami pom\u00f3c parafii nie zamkn\u0105\u0107 si\u0119 we w\u0142asnym podw\u00f3rku.<br \/>\nSekcja za\u015b ekonomiczno \u2013 gospodarcza, jak sama nazwa sugeruje, ma jako g\u0142\u00f3wne zadanie trosk\u0119 o nasze \u201edobra doczesne\u201d: budynek ko\u015bcio\u0142a, salki parafialne. Cz\u0142onkowie sekcji maj\u0105 prawo do czuwania nad wydatkami zwi\u0105zanymi z funkcjonowaniem parafii, jak te\u017c do sporz\u0105dzania rocznych sprawozda\u0144 finansowych, kt\u00f3re nast\u0119pnie przedstawiaj\u0105 w og\u00f3lnym zarysie ca\u0142ej wsp\u00f3lnocie parafialnej.<br \/>\nOsoby nale\u017c\u0105ce do sekcji duszpasterstwa rodzinnego winny zaj\u0105\u0107 si\u0119 bezpo\u015brednio sprawami ma\u0142\u017ce\u0144stwa i rodziny a konkretnie \u2013 troszczy\u0107 si\u0119 o to, by w naszych planach i zaj\u0119ciach duszpasterskich parafii rodzina, kt\u00f3ra jest ko\u015bcio\u0142em domowym, nie zosta\u0142a gdzie\u015b zapomniana. Chodzi te\u017c i o analizowanie mo\u017cliwo\u015bci powstania grup rodzin czy dla ma\u0142\u017conk\u00f3w a tak\u017ce wsp\u00f3lnot wsparcia wzajemnego i formacji dla ma\u0142\u017ce\u0144stw, kt\u00f3re z r\u00f3\u017cnych powod\u00f3w nie mog\u0105 w pe\u0142ni uczestniczy\u0107 w \u017cyciu sakramentalnym.<br \/>\nKa\u017cda z powy\u017cszych sekcji winna posiada\u0107 swego przewodnicz\u0105cego i sekretarza. Spotkania poszczeg\u00f3lnych sekcji odbywaj\u0105 si\u0119 w zale\u017cno\u015bci od potrzeb w spos\u00f3b niezale\u017cny od posiedze\u0144 PRD.<br \/>\nI na koniec jeszcze jedno: dobrze, by kto\u015b z DRP wzi\u0105\u0142 na siebie odpowiedzialno\u015b\u0107 za prowadzenie Kroniki Parafialnej.<br \/>\nOpr. o. Krzysztof \u0141ukoszczyk SVD<\/p>\n","protected":false},"excerpt":{"rendered":"<p>O roli Duszpasterskiej Rady Parafialnej w \u017cyciu wsp\u00f3lnoty parafialnej. Parafia, ka\u017cda parafia, jest cz\u0119\u015bci\u0105 Ko\u015bcio\u0142a katolickiego (katolicki oznacza dos\u0142ownie powszechny), czyli znajduj\u0105cego si\u0119 pod ka\u017cd\u0105 szeroko\u015bci\u0105 geograficzn\u0105 i skupiaj\u0105cego wszystkie ludy i narody. Tak &hellip;<\/p>\n","protected":false},"author":1,"featured_media":0,"parent":0,"menu_order":0,"comment_status":"closed","ping_status":"closed","template":"","meta":{"footnotes":""},"class_list":["post-2626","page","type-page","status-publish","hentry"],"yoast_head":"<!-- This site is optimized with the Yoast SEO plugin v27.5 - https:\/\/yoast.com\/product\/yoast-seo-wordpress\/ -->\n<title>DUSZPASTERSKA RADA PARAFIALNA - \u015aw. Jadwiga \u015al\u0105ska<\/title>\n<meta name=\"robots\" content=\"index, follow, max-snippet:-1, max-image-preview:large, max-video-preview:-1\" \/>\n<link rel=\"canonical\" href=\"https:\/\/parafiajadwigi.waw.pl\/index.php\/duszpasterska-rada-parafialna\/\" \/>\n<meta property=\"og:locale\" content=\"pl_PL\" \/>\n<meta property=\"og:type\" content=\"article\" \/>\n<meta property=\"og:title\" content=\"DUSZPASTERSKA RADA PARAFIALNA - \u015aw. Jadwiga \u015al\u0105ska\" \/>\n<meta property=\"og:description\" content=\"O roli Duszpasterskiej Rady Parafialnej w \u017cyciu wsp\u00f3lnoty parafialnej. Parafia, ka\u017cda parafia, jest cz\u0119\u015bci\u0105 Ko\u015bcio\u0142a katolickiego (katolicki oznacza dos\u0142ownie powszechny), czyli znajduj\u0105cego si\u0119 pod ka\u017cd\u0105 szeroko\u015bci\u0105 geograficzn\u0105 i skupiaj\u0105cego wszystkie ludy i narody. Tak &hellip;\" \/>\n<meta property=\"og:url\" content=\"https:\/\/parafiajadwigi.waw.pl\/index.php\/duszpasterska-rada-parafialna\/\" \/>\n<meta property=\"og:site_name\" content=\"\u015aw. Jadwiga \u015al\u0105ska\" \/>\n<meta name=\"twitter:card\" content=\"summary_large_image\" \/>\n<meta name=\"twitter:label1\" content=\"Szacowany czas czytania\" \/>\n\t<meta name=\"twitter:data1\" content=\"20 minut\" \/>\n<script type=\"application\/ld+json\" class=\"yoast-schema-graph\">{\"@context\":\"https:\\\/\\\/schema.org\",\"@graph\":[{\"@type\":\"WebPage\",\"@id\":\"https:\\\/\\\/parafiajadwigi.waw.pl\\\/index.php\\\/duszpasterska-rada-parafialna\\\/\",\"url\":\"https:\\\/\\\/parafiajadwigi.waw.pl\\\/index.php\\\/duszpasterska-rada-parafialna\\\/\",\"name\":\"DUSZPASTERSKA RADA PARAFIALNA - \u015aw. Jadwiga \u015al\u0105ska\",\"isPartOf\":{\"@id\":\"https:\\\/\\\/parafiajadwigi.waw.pl\\\/#website\"},\"datePublished\":\"2018-11-18T08:42:02+00:00\",\"breadcrumb\":{\"@id\":\"https:\\\/\\\/parafiajadwigi.waw.pl\\\/index.php\\\/duszpasterska-rada-parafialna\\\/#breadcrumb\"},\"inLanguage\":\"pl-PL\",\"potentialAction\":[{\"@type\":\"ReadAction\",\"target\":[\"https:\\\/\\\/parafiajadwigi.waw.pl\\\/index.php\\\/duszpasterska-rada-parafialna\\\/\"]}]},{\"@type\":\"BreadcrumbList\",\"@id\":\"https:\\\/\\\/parafiajadwigi.waw.pl\\\/index.php\\\/duszpasterska-rada-parafialna\\\/#breadcrumb\",\"itemListElement\":[{\"@type\":\"ListItem\",\"position\":1,\"name\":\"Strona g\u0142\u00f3wna\",\"item\":\"https:\\\/\\\/parafiajadwigi.waw.pl\\\/\"},{\"@type\":\"ListItem\",\"position\":2,\"name\":\"DUSZPASTERSKA RADA PARAFIALNA\"}]},{\"@type\":\"WebSite\",\"@id\":\"https:\\\/\\\/parafiajadwigi.waw.pl\\\/#website\",\"url\":\"https:\\\/\\\/parafiajadwigi.waw.pl\\\/\",\"name\":\"\u015aw. Jadwiga \u015al\u0105ska\",\"description\":\"Witamy\",\"publisher\":{\"@id\":\"https:\\\/\\\/parafiajadwigi.waw.pl\\\/#organization\"},\"potentialAction\":[{\"@type\":\"SearchAction\",\"target\":{\"@type\":\"EntryPoint\",\"urlTemplate\":\"https:\\\/\\\/parafiajadwigi.waw.pl\\\/?s={search_term_string}\"},\"query-input\":{\"@type\":\"PropertyValueSpecification\",\"valueRequired\":true,\"valueName\":\"search_term_string\"}}],\"inLanguage\":\"pl-PL\"},{\"@type\":\"Organization\",\"@id\":\"https:\\\/\\\/parafiajadwigi.waw.pl\\\/#organization\",\"name\":\"Parafia \u015awi\u0119tej Jadwigi \u015alaskiej\",\"url\":\"https:\\\/\\\/parafiajadwigi.waw.pl\\\/\",\"logo\":{\"@type\":\"ImageObject\",\"inLanguage\":\"pl-PL\",\"@id\":\"https:\\\/\\\/parafiajadwigi.waw.pl\\\/#\\\/schema\\\/logo\\\/image\\\/\",\"url\":\"https:\\\/\\\/parafiajadwigi.waw.pl\\\/wp-content\\\/uploads\\\/2017\\\/06\\\/logooo_Jadwiga.png\",\"contentUrl\":\"https:\\\/\\\/parafiajadwigi.waw.pl\\\/wp-content\\\/uploads\\\/2017\\\/06\\\/logooo_Jadwiga.png\",\"width\":1640,\"height\":2808,\"caption\":\"Parafia \u015awi\u0119tej Jadwigi \u015alaskiej\"},\"image\":{\"@id\":\"https:\\\/\\\/parafiajadwigi.waw.pl\\\/#\\\/schema\\\/logo\\\/image\\\/\"}}]}<\/script>\n<!-- \/ Yoast SEO plugin. -->","yoast_head_json":{"title":"DUSZPASTERSKA RADA PARAFIALNA - \u015aw. Jadwiga \u015al\u0105ska","robots":{"index":"index","follow":"follow","max-snippet":"max-snippet:-1","max-image-preview":"max-image-preview:large","max-video-preview":"max-video-preview:-1"},"canonical":"https:\/\/parafiajadwigi.waw.pl\/index.php\/duszpasterska-rada-parafialna\/","og_locale":"pl_PL","og_type":"article","og_title":"DUSZPASTERSKA RADA PARAFIALNA - \u015aw. Jadwiga \u015al\u0105ska","og_description":"O roli Duszpasterskiej Rady Parafialnej w \u017cyciu wsp\u00f3lnoty parafialnej. Parafia, ka\u017cda parafia, jest cz\u0119\u015bci\u0105 Ko\u015bcio\u0142a katolickiego (katolicki oznacza dos\u0142ownie powszechny), czyli znajduj\u0105cego si\u0119 pod ka\u017cd\u0105 szeroko\u015bci\u0105 geograficzn\u0105 i skupiaj\u0105cego wszystkie ludy i narody. Tak &hellip;","og_url":"https:\/\/parafiajadwigi.waw.pl\/index.php\/duszpasterska-rada-parafialna\/","og_site_name":"\u015aw. Jadwiga \u015al\u0105ska","twitter_card":"summary_large_image","twitter_misc":{"Szacowany czas czytania":"20 minut"},"schema":{"@context":"https:\/\/schema.org","@graph":[{"@type":"WebPage","@id":"https:\/\/parafiajadwigi.waw.pl\/index.php\/duszpasterska-rada-parafialna\/","url":"https:\/\/parafiajadwigi.waw.pl\/index.php\/duszpasterska-rada-parafialna\/","name":"DUSZPASTERSKA RADA PARAFIALNA - \u015aw. Jadwiga \u015al\u0105ska","isPartOf":{"@id":"https:\/\/parafiajadwigi.waw.pl\/#website"},"datePublished":"2018-11-18T08:42:02+00:00","breadcrumb":{"@id":"https:\/\/parafiajadwigi.waw.pl\/index.php\/duszpasterska-rada-parafialna\/#breadcrumb"},"inLanguage":"pl-PL","potentialAction":[{"@type":"ReadAction","target":["https:\/\/parafiajadwigi.waw.pl\/index.php\/duszpasterska-rada-parafialna\/"]}]},{"@type":"BreadcrumbList","@id":"https:\/\/parafiajadwigi.waw.pl\/index.php\/duszpasterska-rada-parafialna\/#breadcrumb","itemListElement":[{"@type":"ListItem","position":1,"name":"Strona g\u0142\u00f3wna","item":"https:\/\/parafiajadwigi.waw.pl\/"},{"@type":"ListItem","position":2,"name":"DUSZPASTERSKA RADA PARAFIALNA"}]},{"@type":"WebSite","@id":"https:\/\/parafiajadwigi.waw.pl\/#website","url":"https:\/\/parafiajadwigi.waw.pl\/","name":"\u015aw. Jadwiga \u015al\u0105ska","description":"Witamy","publisher":{"@id":"https:\/\/parafiajadwigi.waw.pl\/#organization"},"potentialAction":[{"@type":"SearchAction","target":{"@type":"EntryPoint","urlTemplate":"https:\/\/parafiajadwigi.waw.pl\/?s={search_term_string}"},"query-input":{"@type":"PropertyValueSpecification","valueRequired":true,"valueName":"search_term_string"}}],"inLanguage":"pl-PL"},{"@type":"Organization","@id":"https:\/\/parafiajadwigi.waw.pl\/#organization","name":"Parafia \u015awi\u0119tej Jadwigi \u015alaskiej","url":"https:\/\/parafiajadwigi.waw.pl\/","logo":{"@type":"ImageObject","inLanguage":"pl-PL","@id":"https:\/\/parafiajadwigi.waw.pl\/#\/schema\/logo\/image\/","url":"https:\/\/parafiajadwigi.waw.pl\/wp-content\/uploads\/2017\/06\/logooo_Jadwiga.png","contentUrl":"https:\/\/parafiajadwigi.waw.pl\/wp-content\/uploads\/2017\/06\/logooo_Jadwiga.png","width":1640,"height":2808,"caption":"Parafia \u015awi\u0119tej Jadwigi \u015alaskiej"},"image":{"@id":"https:\/\/parafiajadwigi.waw.pl\/#\/schema\/logo\/image\/"}}]}},"_links":{"self":[{"href":"https:\/\/parafiajadwigi.waw.pl\/index.php\/wp-json\/wp\/v2\/pages\/2626","targetHints":{"allow":["GET"]}}],"collection":[{"href":"https:\/\/parafiajadwigi.waw.pl\/index.php\/wp-json\/wp\/v2\/pages"}],"about":[{"href":"https:\/\/parafiajadwigi.waw.pl\/index.php\/wp-json\/wp\/v2\/types\/page"}],"author":[{"embeddable":true,"href":"https:\/\/parafiajadwigi.waw.pl\/index.php\/wp-json\/wp\/v2\/users\/1"}],"replies":[{"embeddable":true,"href":"https:\/\/parafiajadwigi.waw.pl\/index.php\/wp-json\/wp\/v2\/comments?post=2626"}],"version-history":[{"count":1,"href":"https:\/\/parafiajadwigi.waw.pl\/index.php\/wp-json\/wp\/v2\/pages\/2626\/revisions"}],"predecessor-version":[{"id":2627,"href":"https:\/\/parafiajadwigi.waw.pl\/index.php\/wp-json\/wp\/v2\/pages\/2626\/revisions\/2627"}],"wp:attachment":[{"href":"https:\/\/parafiajadwigi.waw.pl\/index.php\/wp-json\/wp\/v2\/media?parent=2626"}],"curies":[{"name":"wp","href":"https:\/\/api.w.org\/{rel}","templated":true}]}}