{"id":14928,"date":"2025-04-22T20:54:13","date_gmt":"2025-04-22T18:54:13","guid":{"rendered":"https:\/\/parafiajadwigi.waw.pl\/?page_id=14928"},"modified":"2025-04-22T20:59:56","modified_gmt":"2025-04-22T18:59:56","slug":"elementor-14928","status":"publish","type":"page","link":"https:\/\/parafiajadwigi.waw.pl\/index.php\/wspolnoty\/elementor-14928\/","title":{"rendered":"WSP\u00d3LNOTA WIETNAMSKA"},"content":{"rendered":"\t\t<div data-elementor-type=\"wp-page\" data-elementor-id=\"14928\" class=\"elementor elementor-14928\">\n\t\t\t\t\t\t<section class=\"elementor-section elementor-top-section elementor-element elementor-element-da56fef elementor-section-boxed elementor-section-height-default elementor-section-height-default\" data-id=\"da56fef\" data-element_type=\"section\" data-e-type=\"section\">\n\t\t\t\t\t\t<div class=\"elementor-container elementor-column-gap-default\">\n\t\t\t\t\t<div class=\"elementor-column elementor-col-100 elementor-top-column elementor-element elementor-element-7848fc3\" data-id=\"7848fc3\" data-element_type=\"column\" data-e-type=\"column\">\n\t\t\t<div class=\"elementor-widget-wrap elementor-element-populated\">\n\t\t\t\t\t\t<div class=\"elementor-element elementor-element-070d71c elementor-widget elementor-widget-image\" data-id=\"070d71c\" data-element_type=\"widget\" data-e-type=\"widget\" data-widget_type=\"image.default\">\n\t\t\t\t<div class=\"elementor-widget-container\">\n\t\t\t\t\t\t\t\t\t\t\t\t\t\t\t<img fetchpriority=\"high\" decoding=\"async\" width=\"920\" height=\"250\" src=\"https:\/\/parafiajadwigi.waw.pl\/wp-content\/uploads\/2025\/04\/WSPOLNOTA-WIETNAMSKA.png\" class=\"attachment-full size-full wp-image-14930\" alt=\"\" srcset=\"https:\/\/parafiajadwigi.waw.pl\/wp-content\/uploads\/2025\/04\/WSPOLNOTA-WIETNAMSKA.png 920w, https:\/\/parafiajadwigi.waw.pl\/wp-content\/uploads\/2025\/04\/WSPOLNOTA-WIETNAMSKA-300x82.png 300w, https:\/\/parafiajadwigi.waw.pl\/wp-content\/uploads\/2025\/04\/WSPOLNOTA-WIETNAMSKA-768x209.png 768w\" sizes=\"(max-width: 920px) 100vw, 920px\" \/>\t\t\t\t\t\t\t\t\t\t\t\t\t\t\t<\/div>\n\t\t\t\t<\/div>\n\t\t\t\t\t<\/div>\n\t\t<\/div>\n\t\t\t\t\t<\/div>\n\t\t<\/section>\n\t\t\t\t<section class=\"elementor-section elementor-top-section elementor-element elementor-element-970dfa4 elementor-section-boxed elementor-section-height-default elementor-section-height-default\" data-id=\"970dfa4\" data-element_type=\"section\" data-e-type=\"section\">\n\t\t\t\t\t\t<div class=\"elementor-container elementor-column-gap-default\">\n\t\t\t\t\t<div class=\"elementor-column elementor-col-100 elementor-top-column elementor-element elementor-element-561a669\" data-id=\"561a669\" data-element_type=\"column\" data-e-type=\"column\">\n\t\t\t<div class=\"elementor-widget-wrap elementor-element-populated\">\n\t\t\t\t\t\t<div class=\"elementor-element elementor-element-68a4e8c elementor-widget elementor-widget-text-editor\" data-id=\"68a4e8c\" data-element_type=\"widget\" data-e-type=\"widget\" data-widget_type=\"text-editor.default\">\n\t\t\t\t<div class=\"elementor-widget-container\">\n\t\t\t\t\t\t\t\t\t<p>Wsp\u00f3lnota wietnamska p.w. \u015bw. Jana Paw\u0142a II przy naszej parafii<\/p>\t\t\t\t\t\t\t\t<\/div>\n\t\t\t\t<\/div>\n\t\t\t\t<div class=\"elementor-element elementor-element-08e3888 elementor-widget elementor-widget-text-editor\" data-id=\"08e3888\" data-element_type=\"widget\" data-e-type=\"widget\" data-widget_type=\"text-editor.default\">\n\t\t\t\t<div class=\"elementor-widget-container\">\n\t\t\t\t\t\t\t\t\t<p><span style=\"font-weight: 400;\">Duszpasterstwo Wietnamczyk\u00f3w w Polsce si\u0119ga pocz\u0105tkami roku 2000. Wtedy powsta\u0142a wsp\u00f3lnota gromadz\u0105ca katolik\u00f3w wietnamskich handluj\u0105cych na by\u0142ym stadionie 10-lecia. Obecnie w Warszawie funkcjonuj\u0105 dwie du\u017ce wsp\u00f3lnoty przy centrach handlowych Marywilska i W\u00f3lka Kossowska. Z\u00a0regularnego duszpasterstwa, przy Parafii \u015bw. Jadwigi \u015al\u0105skiej, korzysta ok. 100 os\u00f3b gromadz\u0105cych si\u0119 na niedzielnej Eucharystii. Wsp\u00f3lnota wietnamska to w du\u017cej mierze osoby m\u0142ode i rodziny, kt\u00f3re przyjecha\u0142y do Polski z\u00a0powod\u00f3w ekonomicznych. Katolicy wietnamscy s\u0105 bardzo pracowici, rado\u015bni i kultywuj\u0105cy tradycje narodowe i religijne.\u00a0Wsp\u00f3lnota wietnamska ubogaca nasz\u0105 wsp\u00f3lnot\u0119 parafialn\u0105 swoj\u0105 obecno\u015bci\u0105 i gorliwo\u015bci\u0105. Uczestnicz\u0105 aktywnie w \u017cycie parafii a tak\u017ce w wydarzeniach takich jak Dzie\u0144 Migranta i\u00a0Misyjny Festiwal Kol\u0119d. Duszpasterzami wsp\u00f3lnoty s\u0105 ojcowie o. J\u00f3zef Nguyen Huy Them SVD i o. John Baptist Nguyen Van Thuat SVD misjonarze werbi\u015bci pochodzenia wietnamskiego.<\/span><\/p><p><span style=\"color: #ffffff;\">.<\/span><\/p><p style=\"text-align: center;\"><b>Msza niedzielna odbywa si\u0119 w niedziel\u0119 czasami w sobot\u0119 wieczorem. <\/b><\/p>\t\t\t\t\t\t\t\t<\/div>\n\t\t\t\t<\/div>\n\t\t\t\t\t<\/div>\n\t\t<\/div>\n\t\t\t\t\t<\/div>\n\t\t<\/section>\n\t\t\t\t<\/div>\n\t\t","protected":false},"excerpt":{"rendered":"<p>Wsp\u00f3lnota wietnamska p.w. \u015bw. Jana Paw\u0142a II przy naszej parafii Duszpasterstwo Wietnamczyk\u00f3w w Polsce si\u0119ga pocz\u0105tkami roku 2000. Wtedy powsta\u0142a wsp\u00f3lnota gromadz\u0105ca katolik\u00f3w wietnamskich handluj\u0105cych na by\u0142ym stadionie 10-lecia. Obecnie w Warszawie funkcjonuj\u0105 dwie &hellip;<\/p>\n","protected":false},"author":7,"featured_media":0,"parent":12445,"menu_order":0,"comment_status":"closed","ping_status":"closed","template":"","meta":{"footnotes":""},"class_list":["post-14928","page","type-page","status-publish","hentry"],"yoast_head":"<!-- This site is optimized with the Yoast SEO plugin v27.5 - https:\/\/yoast.com\/product\/yoast-seo-wordpress\/ -->\n<title>WSP\u00d3LNOTA WIETNAMSKA - \u015aw. Jadwiga \u015al\u0105ska<\/title>\n<meta name=\"robots\" content=\"index, follow, max-snippet:-1, max-image-preview:large, max-video-preview:-1\" \/>\n<link rel=\"canonical\" href=\"https:\/\/parafiajadwigi.waw.pl\/index.php\/wspolnoty\/elementor-14928\/\" \/>\n<meta property=\"og:locale\" content=\"pl_PL\" \/>\n<meta property=\"og:type\" content=\"article\" \/>\n<meta property=\"og:title\" content=\"WSP\u00d3LNOTA WIETNAMSKA - \u015aw. Jadwiga \u015al\u0105ska\" \/>\n<meta property=\"og:description\" content=\"Wsp\u00f3lnota wietnamska p.w. \u015bw. Jana Paw\u0142a II przy naszej parafii Duszpasterstwo Wietnamczyk\u00f3w w Polsce si\u0119ga pocz\u0105tkami roku 2000. Wtedy powsta\u0142a wsp\u00f3lnota gromadz\u0105ca katolik\u00f3w wietnamskich handluj\u0105cych na by\u0142ym stadionie 10-lecia. Obecnie w Warszawie funkcjonuj\u0105 dwie &hellip;\" \/>\n<meta property=\"og:url\" content=\"https:\/\/parafiajadwigi.waw.pl\/index.php\/wspolnoty\/elementor-14928\/\" \/>\n<meta property=\"og:site_name\" content=\"\u015aw. Jadwiga \u015al\u0105ska\" \/>\n<meta property=\"article:modified_time\" content=\"2025-04-22T18:59:56+00:00\" \/>\n<meta property=\"og:image\" content=\"https:\/\/parafiajadwigi.waw.pl\/wp-content\/uploads\/2025\/04\/WSPOLNOTA-WIETNAMSKA.png\" \/>\n\t<meta property=\"og:image:width\" content=\"920\" \/>\n\t<meta property=\"og:image:height\" content=\"250\" \/>\n\t<meta property=\"og:image:type\" content=\"image\/png\" \/>\n<meta name=\"twitter:card\" content=\"summary_large_image\" \/>\n<meta name=\"twitter:label1\" content=\"Szacowany czas czytania\" \/>\n\t<meta name=\"twitter:data1\" content=\"2 minuty\" \/>\n<script type=\"application\/ld+json\" class=\"yoast-schema-graph\">{\"@context\":\"https:\\\/\\\/schema.org\",\"@graph\":[{\"@type\":\"WebPage\",\"@id\":\"https:\\\/\\\/parafiajadwigi.waw.pl\\\/index.php\\\/wspolnoty\\\/elementor-14928\\\/\",\"url\":\"https:\\\/\\\/parafiajadwigi.waw.pl\\\/index.php\\\/wspolnoty\\\/elementor-14928\\\/\",\"name\":\"WSP\u00d3LNOTA WIETNAMSKA - \u015aw. Jadwiga \u015al\u0105ska\",\"isPartOf\":{\"@id\":\"https:\\\/\\\/parafiajadwigi.waw.pl\\\/#website\"},\"primaryImageOfPage\":{\"@id\":\"https:\\\/\\\/parafiajadwigi.waw.pl\\\/index.php\\\/wspolnoty\\\/elementor-14928\\\/#primaryimage\"},\"image\":{\"@id\":\"https:\\\/\\\/parafiajadwigi.waw.pl\\\/index.php\\\/wspolnoty\\\/elementor-14928\\\/#primaryimage\"},\"thumbnailUrl\":\"https:\\\/\\\/parafiajadwigi.waw.pl\\\/wp-content\\\/uploads\\\/2025\\\/04\\\/WSPOLNOTA-WIETNAMSKA.png\",\"datePublished\":\"2025-04-22T18:54:13+00:00\",\"dateModified\":\"2025-04-22T18:59:56+00:00\",\"breadcrumb\":{\"@id\":\"https:\\\/\\\/parafiajadwigi.waw.pl\\\/index.php\\\/wspolnoty\\\/elementor-14928\\\/#breadcrumb\"},\"inLanguage\":\"pl-PL\",\"potentialAction\":[{\"@type\":\"ReadAction\",\"target\":[\"https:\\\/\\\/parafiajadwigi.waw.pl\\\/index.php\\\/wspolnoty\\\/elementor-14928\\\/\"]}]},{\"@type\":\"ImageObject\",\"inLanguage\":\"pl-PL\",\"@id\":\"https:\\\/\\\/parafiajadwigi.waw.pl\\\/index.php\\\/wspolnoty\\\/elementor-14928\\\/#primaryimage\",\"url\":\"https:\\\/\\\/parafiajadwigi.waw.pl\\\/wp-content\\\/uploads\\\/2025\\\/04\\\/WSPOLNOTA-WIETNAMSKA.png\",\"contentUrl\":\"https:\\\/\\\/parafiajadwigi.waw.pl\\\/wp-content\\\/uploads\\\/2025\\\/04\\\/WSPOLNOTA-WIETNAMSKA.png\",\"width\":920,\"height\":250},{\"@type\":\"BreadcrumbList\",\"@id\":\"https:\\\/\\\/parafiajadwigi.waw.pl\\\/index.php\\\/wspolnoty\\\/elementor-14928\\\/#breadcrumb\",\"itemListElement\":[{\"@type\":\"ListItem\",\"position\":1,\"name\":\"Strona g\u0142\u00f3wna\",\"item\":\"https:\\\/\\\/parafiajadwigi.waw.pl\\\/\"},{\"@type\":\"ListItem\",\"position\":2,\"name\":\"WSP\u00d3LNOTY\",\"item\":\"https:\\\/\\\/parafiajadwigi.waw.pl\\\/index.php\\\/wspolnoty\\\/\"},{\"@type\":\"ListItem\",\"position\":3,\"name\":\"WSP\u00d3LNOTA WIETNAMSKA\"}]},{\"@type\":\"WebSite\",\"@id\":\"https:\\\/\\\/parafiajadwigi.waw.pl\\\/#website\",\"url\":\"https:\\\/\\\/parafiajadwigi.waw.pl\\\/\",\"name\":\"\u015aw. Jadwiga \u015al\u0105ska\",\"description\":\"Witamy\",\"publisher\":{\"@id\":\"https:\\\/\\\/parafiajadwigi.waw.pl\\\/#organization\"},\"potentialAction\":[{\"@type\":\"SearchAction\",\"target\":{\"@type\":\"EntryPoint\",\"urlTemplate\":\"https:\\\/\\\/parafiajadwigi.waw.pl\\\/?s={search_term_string}\"},\"query-input\":{\"@type\":\"PropertyValueSpecification\",\"valueRequired\":true,\"valueName\":\"search_term_string\"}}],\"inLanguage\":\"pl-PL\"},{\"@type\":\"Organization\",\"@id\":\"https:\\\/\\\/parafiajadwigi.waw.pl\\\/#organization\",\"name\":\"Parafia \u015awi\u0119tej Jadwigi \u015alaskiej\",\"url\":\"https:\\\/\\\/parafiajadwigi.waw.pl\\\/\",\"logo\":{\"@type\":\"ImageObject\",\"inLanguage\":\"pl-PL\",\"@id\":\"https:\\\/\\\/parafiajadwigi.waw.pl\\\/#\\\/schema\\\/logo\\\/image\\\/\",\"url\":\"https:\\\/\\\/parafiajadwigi.waw.pl\\\/wp-content\\\/uploads\\\/2017\\\/06\\\/logooo_Jadwiga.png\",\"contentUrl\":\"https:\\\/\\\/parafiajadwigi.waw.pl\\\/wp-content\\\/uploads\\\/2017\\\/06\\\/logooo_Jadwiga.png\",\"width\":1640,\"height\":2808,\"caption\":\"Parafia \u015awi\u0119tej Jadwigi \u015alaskiej\"},\"image\":{\"@id\":\"https:\\\/\\\/parafiajadwigi.waw.pl\\\/#\\\/schema\\\/logo\\\/image\\\/\"}}]}<\/script>\n<!-- \/ Yoast SEO plugin. -->","yoast_head_json":{"title":"WSP\u00d3LNOTA WIETNAMSKA - \u015aw. Jadwiga \u015al\u0105ska","robots":{"index":"index","follow":"follow","max-snippet":"max-snippet:-1","max-image-preview":"max-image-preview:large","max-video-preview":"max-video-preview:-1"},"canonical":"https:\/\/parafiajadwigi.waw.pl\/index.php\/wspolnoty\/elementor-14928\/","og_locale":"pl_PL","og_type":"article","og_title":"WSP\u00d3LNOTA WIETNAMSKA - \u015aw. Jadwiga \u015al\u0105ska","og_description":"Wsp\u00f3lnota wietnamska p.w. \u015bw. Jana Paw\u0142a II przy naszej parafii Duszpasterstwo Wietnamczyk\u00f3w w Polsce si\u0119ga pocz\u0105tkami roku 2000. Wtedy powsta\u0142a wsp\u00f3lnota gromadz\u0105ca katolik\u00f3w wietnamskich handluj\u0105cych na by\u0142ym stadionie 10-lecia. Obecnie w Warszawie funkcjonuj\u0105 dwie &hellip;","og_url":"https:\/\/parafiajadwigi.waw.pl\/index.php\/wspolnoty\/elementor-14928\/","og_site_name":"\u015aw. Jadwiga \u015al\u0105ska","article_modified_time":"2025-04-22T18:59:56+00:00","og_image":[{"width":920,"height":250,"url":"https:\/\/parafiajadwigi.waw.pl\/wp-content\/uploads\/2025\/04\/WSPOLNOTA-WIETNAMSKA.png","type":"image\/png"}],"twitter_card":"summary_large_image","twitter_misc":{"Szacowany czas czytania":"2 minuty"},"schema":{"@context":"https:\/\/schema.org","@graph":[{"@type":"WebPage","@id":"https:\/\/parafiajadwigi.waw.pl\/index.php\/wspolnoty\/elementor-14928\/","url":"https:\/\/parafiajadwigi.waw.pl\/index.php\/wspolnoty\/elementor-14928\/","name":"WSP\u00d3LNOTA WIETNAMSKA - \u015aw. Jadwiga \u015al\u0105ska","isPartOf":{"@id":"https:\/\/parafiajadwigi.waw.pl\/#website"},"primaryImageOfPage":{"@id":"https:\/\/parafiajadwigi.waw.pl\/index.php\/wspolnoty\/elementor-14928\/#primaryimage"},"image":{"@id":"https:\/\/parafiajadwigi.waw.pl\/index.php\/wspolnoty\/elementor-14928\/#primaryimage"},"thumbnailUrl":"https:\/\/parafiajadwigi.waw.pl\/wp-content\/uploads\/2025\/04\/WSPOLNOTA-WIETNAMSKA.png","datePublished":"2025-04-22T18:54:13+00:00","dateModified":"2025-04-22T18:59:56+00:00","breadcrumb":{"@id":"https:\/\/parafiajadwigi.waw.pl\/index.php\/wspolnoty\/elementor-14928\/#breadcrumb"},"inLanguage":"pl-PL","potentialAction":[{"@type":"ReadAction","target":["https:\/\/parafiajadwigi.waw.pl\/index.php\/wspolnoty\/elementor-14928\/"]}]},{"@type":"ImageObject","inLanguage":"pl-PL","@id":"https:\/\/parafiajadwigi.waw.pl\/index.php\/wspolnoty\/elementor-14928\/#primaryimage","url":"https:\/\/parafiajadwigi.waw.pl\/wp-content\/uploads\/2025\/04\/WSPOLNOTA-WIETNAMSKA.png","contentUrl":"https:\/\/parafiajadwigi.waw.pl\/wp-content\/uploads\/2025\/04\/WSPOLNOTA-WIETNAMSKA.png","width":920,"height":250},{"@type":"BreadcrumbList","@id":"https:\/\/parafiajadwigi.waw.pl\/index.php\/wspolnoty\/elementor-14928\/#breadcrumb","itemListElement":[{"@type":"ListItem","position":1,"name":"Strona g\u0142\u00f3wna","item":"https:\/\/parafiajadwigi.waw.pl\/"},{"@type":"ListItem","position":2,"name":"WSP\u00d3LNOTY","item":"https:\/\/parafiajadwigi.waw.pl\/index.php\/wspolnoty\/"},{"@type":"ListItem","position":3,"name":"WSP\u00d3LNOTA WIETNAMSKA"}]},{"@type":"WebSite","@id":"https:\/\/parafiajadwigi.waw.pl\/#website","url":"https:\/\/parafiajadwigi.waw.pl\/","name":"\u015aw. Jadwiga \u015al\u0105ska","description":"Witamy","publisher":{"@id":"https:\/\/parafiajadwigi.waw.pl\/#organization"},"potentialAction":[{"@type":"SearchAction","target":{"@type":"EntryPoint","urlTemplate":"https:\/\/parafiajadwigi.waw.pl\/?s={search_term_string}"},"query-input":{"@type":"PropertyValueSpecification","valueRequired":true,"valueName":"search_term_string"}}],"inLanguage":"pl-PL"},{"@type":"Organization","@id":"https:\/\/parafiajadwigi.waw.pl\/#organization","name":"Parafia \u015awi\u0119tej Jadwigi \u015alaskiej","url":"https:\/\/parafiajadwigi.waw.pl\/","logo":{"@type":"ImageObject","inLanguage":"pl-PL","@id":"https:\/\/parafiajadwigi.waw.pl\/#\/schema\/logo\/image\/","url":"https:\/\/parafiajadwigi.waw.pl\/wp-content\/uploads\/2017\/06\/logooo_Jadwiga.png","contentUrl":"https:\/\/parafiajadwigi.waw.pl\/wp-content\/uploads\/2017\/06\/logooo_Jadwiga.png","width":1640,"height":2808,"caption":"Parafia \u015awi\u0119tej Jadwigi \u015alaskiej"},"image":{"@id":"https:\/\/parafiajadwigi.waw.pl\/#\/schema\/logo\/image\/"}}]}},"_links":{"self":[{"href":"https:\/\/parafiajadwigi.waw.pl\/index.php\/wp-json\/wp\/v2\/pages\/14928","targetHints":{"allow":["GET"]}}],"collection":[{"href":"https:\/\/parafiajadwigi.waw.pl\/index.php\/wp-json\/wp\/v2\/pages"}],"about":[{"href":"https:\/\/parafiajadwigi.waw.pl\/index.php\/wp-json\/wp\/v2\/types\/page"}],"author":[{"embeddable":true,"href":"https:\/\/parafiajadwigi.waw.pl\/index.php\/wp-json\/wp\/v2\/users\/7"}],"replies":[{"embeddable":true,"href":"https:\/\/parafiajadwigi.waw.pl\/index.php\/wp-json\/wp\/v2\/comments?post=14928"}],"version-history":[{"count":10,"href":"https:\/\/parafiajadwigi.waw.pl\/index.php\/wp-json\/wp\/v2\/pages\/14928\/revisions"}],"predecessor-version":[{"id":14939,"href":"https:\/\/parafiajadwigi.waw.pl\/index.php\/wp-json\/wp\/v2\/pages\/14928\/revisions\/14939"}],"up":[{"embeddable":true,"href":"https:\/\/parafiajadwigi.waw.pl\/index.php\/wp-json\/wp\/v2\/pages\/12445"}],"wp:attachment":[{"href":"https:\/\/parafiajadwigi.waw.pl\/index.php\/wp-json\/wp\/v2\/media?parent=14928"}],"curies":[{"name":"wp","href":"https:\/\/api.w.org\/{rel}","templated":true}]}}