{"id":14896,"date":"2025-04-22T19:34:06","date_gmt":"2025-04-22T17:34:06","guid":{"rendered":"https:\/\/parafiajadwigi.waw.pl\/?page_id=14896"},"modified":"2025-04-22T21:00:28","modified_gmt":"2025-04-22T19:00:28","slug":"elementor-14896","status":"publish","type":"page","link":"https:\/\/parafiajadwigi.waw.pl\/index.php\/wspolnoty\/elementor-14896\/","title":{"rendered":"R\u00d3\u017bE R\u00d3\u017bA\u0143COWE"},"content":{"rendered":"\t\t<div data-elementor-type=\"wp-page\" data-elementor-id=\"14896\" class=\"elementor elementor-14896\">\n\t\t\t\t\t\t<section class=\"elementor-section elementor-top-section elementor-element elementor-element-c61db88 elementor-section-boxed elementor-section-height-default elementor-section-height-default\" data-id=\"c61db88\" data-element_type=\"section\" data-e-type=\"section\">\n\t\t\t\t\t\t<div class=\"elementor-container elementor-column-gap-default\">\n\t\t\t\t\t<div class=\"elementor-column elementor-col-100 elementor-top-column elementor-element elementor-element-9f80eab\" data-id=\"9f80eab\" data-element_type=\"column\" data-e-type=\"column\">\n\t\t\t<div class=\"elementor-widget-wrap elementor-element-populated\">\n\t\t\t\t\t\t<div class=\"elementor-element elementor-element-c64cbd5 elementor-widget__width-inherit elementor-widget elementor-widget-image\" data-id=\"c64cbd5\" data-element_type=\"widget\" data-e-type=\"widget\" data-widget_type=\"image.default\">\n\t\t\t\t<div class=\"elementor-widget-container\">\n\t\t\t\t\t\t\t\t\t\t\t\t\t\t\t<img fetchpriority=\"high\" decoding=\"async\" width=\"920\" height=\"250\" src=\"https:\/\/parafiajadwigi.waw.pl\/wp-content\/uploads\/2025\/04\/ROZE-ROZANCOWE.png\" class=\"attachment-full size-full wp-image-14898\" alt=\"\" srcset=\"https:\/\/parafiajadwigi.waw.pl\/wp-content\/uploads\/2025\/04\/ROZE-ROZANCOWE.png 920w, https:\/\/parafiajadwigi.waw.pl\/wp-content\/uploads\/2025\/04\/ROZE-ROZANCOWE-300x82.png 300w, https:\/\/parafiajadwigi.waw.pl\/wp-content\/uploads\/2025\/04\/ROZE-ROZANCOWE-768x209.png 768w\" sizes=\"(max-width: 920px) 100vw, 920px\" \/>\t\t\t\t\t\t\t\t\t\t\t\t\t\t\t<\/div>\n\t\t\t\t<\/div>\n\t\t\t\t<div class=\"elementor-element elementor-element-0c26881 elementor-widget elementor-widget-text-editor\" data-id=\"0c26881\" data-element_type=\"widget\" data-e-type=\"widget\" data-widget_type=\"text-editor.default\">\n\t\t\t\t<div class=\"elementor-widget-container\">\n\t\t\t\t\t\t\t\t\t<p><span style=\"font-weight: 400;\">Wsp\u00f3lnota r\u00f3\u017ca\u0144cowa zawi\u0105za\u0142a si\u0119 w parafii \u015aw. Jadwigi \u015al\u0105skiej w maju 2013 z inicjatywy ks. Konrada Hasiora &#8211; \u00f3wczesnego wikarego i parafianina, obecnie szafarza nadzwyczajnego, Wies\u0142awa Nadolnego.<\/span><\/p><p><span style=\"color: #ffffff;\">.<\/span><\/p><p><span style=\"font-weight: 400;\">To ju\u017c 11 pe\u0142nych lat modlitwy r\u00f3\u017ca\u0144cowej i widocznych jej owoc\u00f3w.<\/span><\/p><p><span style=\"color: #ffffff;\">.<\/span><\/p><p><span style=\"font-weight: 400;\">Intencj\u0105 utworzonej grupy by\u0142a wsp\u00f3lna modlitwa rodzic\u00f3w za dzieci, zapisana w 11 pro\u015bbach.<\/span><\/p><p><span style=\"color: #ffffff;\">.<\/span><\/p><p><span style=\"font-weight: 400;\">Z up\u0142ywem czasu, intencja si\u0119 rozrasta\u0142a i ewoluowa\u0142a i obecnie wszyscy modl\u0105 si\u0119 w intencjach zapisanych w ksi\u0119dze intencji naszej parafii, do kt\u00f3rej ka\u017cdego dnia ka\u017cdy mo\u017ce wpisa\u0107 swoj\u0105 pro\u015bb\u0119 czy podzi\u0119kowanie, modlimy si\u0119 w intencjach naszego serca i tych wszystkich, kt\u00f3rzy zg\u0142aszaj\u0105 tak\u0105 pro\u015bb\u0119 o modlitw\u0119 a tak\u017ce w intencjach Ko\u015bcio\u0142a.<\/span><\/p><p><span style=\"color: #ffffff;\">.<\/span><\/p><p><span style=\"font-weight: 400;\">Ksi\u0119ga jest wy\u0142o\u017cona do publicznej wiadomo\u015bci na stoliku obok figury \u015aw. Antoniego.<\/span><\/p><p><span style=\"color: #ffffff;\">.<\/span><\/p><h5 style=\"text-align: left;\"><b>W parafii dzia\u0142a 10 r\u00f3\u017c r\u00f3\u017ca\u0144cowych<\/b><span style=\"font-weight: 400;\">:<\/span><\/h5><p><span style=\"font-weight: 400;\">\u015aw. Rity, \u015aw. Moniki, \u015aw. Augustyna, \u015aw. Brygidy, \u015aw. Siostry Faustyny, \u015aw. Jana Paw\u0142a II, B\u0142. Jerzego Popie\u0142uszki, \u015aw. Ojca Pio, m\u0119ska r\u00f3\u017ca \u015aw. J\u00f3zefa oraz dzieci\u0119ca r\u00f3\u017ca r\u00f3\u017ca\u0144cowa \u015aw. Dominika Savio, kt\u00f3ra nadal jest otwarta na przy\u0142\u0105czenie si\u0119 dzieci do wsp\u00f3lnej modlitwy.\u00a0<\/span><\/p><p><span style=\"color: #ffffff;\">.<\/span><\/p><p><span style=\"font-weight: 400;\">Ka\u017cda r\u00f3\u017ca liczy <strong>20 cz\u0142onk\u00f3w<\/strong>. Tak wi\u0119c 200 os\u00f3b ka\u017cdego dnia modli si\u0119 w intencjach im powierzonych.<\/span><\/p><p><span style=\"font-weight: 400;\">W ka\u017cd\u0105 ostatni\u0105 niedziel\u0119 miesi\u0105ca odbywa si\u0119 zmiana tajemnic r\u00f3\u017ca\u0144cowych, spotykamy si\u0119 w naszej \u015bwi\u0105tyni na wsp\u00f3lnej Eucharystii o godz.10.00 w intencji wszystkich cz\u0142onk\u00f3w naszej wsp\u00f3lnoty. Po niej odmawiamy jedn\u0105 cze\u015b\u0107 r\u00f3\u017ca\u0144ca \u015bwi\u0119tego, a nast\u0119pnie udajemy si\u0119 na wsp\u00f3ln\u0105 agap\u0119 w podziemiach ko\u015bcio\u0142a, na kt\u00f3rej omawiamy bie\u017c\u0105ce sprawy naszej wsp\u00f3lnoty etc., dzielimy si\u0119 \u015bwiadectwem wiary i do\u015bwiadczeniami.<\/span><\/p><p><span style=\"color: #ffffff;\">.<\/span><\/p><p><span style=\"font-weight: 400;\">We wrze\u015bniu 2024 roku zorganizowali\u015bmy piknik r\u00f3\u017ca\u0144cowy, kt\u00f3rego celem by\u0142a wsp\u00f3lna modlitwa i ewangelizacja, aby jak najwi\u0119cej os\u00f3b rozmi\u0142owa\u0142o si\u0119 w modlitwie r\u00f3\u017ca\u0144cowej. By\u0142 wsp\u00f3lny pocz\u0119stunek, rozmowy, konferencja na temat pierwszych pi\u0105tk\u00f3w miesi\u0105ca i informacje na temat r\u00f3\u017ca\u0144ca.<\/span><\/p><p><span style=\"color: #ffffff;\">.<\/span><\/p><p><span style=\"font-weight: 400;\">R\u00f3\u017ce s\u0105 prowadzone przez 5 zelator\u00f3w.<\/span><\/p><p><span style=\"color: #ffffff;\">.<\/span><\/p><p><span style=\"font-weight: 400;\">Od marca 2020 roku r\u00f3\u017caniec jest codzienn\u0105 modlitw\u0105 przed Naj\u015bwi\u0119tszym Sakramentem, odmawian\u0105 ka\u017cdego dnia w naszej \u015bwi\u0105tyni po wieczornej Mszy \u015awi\u0119tej o godz. 18.00. R\u00f3\u017caniec prowadz\u0105 osoby ze wsp\u00f3lnoty r\u00f3\u017ca\u0144cowej b\u0105d\u017a zaanga\u017cowani parafianie.<\/span><\/p>\t\t\t\t\t\t\t\t<\/div>\n\t\t\t\t<\/div>\n\t\t\t\t<div class=\"elementor-element elementor-element-ec5a6a3 elementor-widget elementor-widget-text-editor\" data-id=\"ec5a6a3\" data-element_type=\"widget\" data-e-type=\"widget\" data-widget_type=\"text-editor.default\">\n\t\t\t\t<div class=\"elementor-widget-container\">\n\t\t\t\t\t\t\t\t\t<p><span style=\"font-weight: 400;\">ZAPRASZAMY DO DO\u0141\u0104CZENIA DO MODLITWY W R\u00d3\u017bACH R\u00d3\u017bA\u0143COWYCH<\/span><\/p>\t\t\t\t\t\t\t\t<\/div>\n\t\t\t\t<\/div>\n\t\t\t\t\t<\/div>\n\t\t<\/div>\n\t\t\t\t\t<\/div>\n\t\t<\/section>\n\t\t\t\t<\/div>\n\t\t","protected":false},"excerpt":{"rendered":"<p>Wsp\u00f3lnota r\u00f3\u017ca\u0144cowa zawi\u0105za\u0142a si\u0119 w parafii \u015aw. Jadwigi \u015al\u0105skiej w maju 2013 z inicjatywy ks. Konrada Hasiora &#8211; \u00f3wczesnego wikarego i parafianina, obecnie szafarza nadzwyczajnego, Wies\u0142awa Nadolnego. . To ju\u017c 11 pe\u0142nych lat modlitwy &hellip;<\/p>\n","protected":false},"author":7,"featured_media":0,"parent":12445,"menu_order":0,"comment_status":"closed","ping_status":"closed","template":"","meta":{"footnotes":""},"class_list":["post-14896","page","type-page","status-publish","hentry"],"yoast_head":"<!-- This site is optimized with the Yoast SEO plugin v27.5 - https:\/\/yoast.com\/product\/yoast-seo-wordpress\/ -->\n<title>R\u00d3\u017bE R\u00d3\u017bA\u0143COWE - \u015aw. Jadwiga \u015al\u0105ska<\/title>\n<meta name=\"robots\" content=\"index, follow, max-snippet:-1, max-image-preview:large, max-video-preview:-1\" \/>\n<link rel=\"canonical\" href=\"https:\/\/parafiajadwigi.waw.pl\/index.php\/wspolnoty\/elementor-14896\/\" \/>\n<meta property=\"og:locale\" content=\"pl_PL\" \/>\n<meta property=\"og:type\" content=\"article\" \/>\n<meta property=\"og:title\" content=\"R\u00d3\u017bE R\u00d3\u017bA\u0143COWE - \u015aw. Jadwiga \u015al\u0105ska\" \/>\n<meta property=\"og:description\" content=\"Wsp\u00f3lnota r\u00f3\u017ca\u0144cowa zawi\u0105za\u0142a si\u0119 w parafii \u015aw. Jadwigi \u015al\u0105skiej w maju 2013 z inicjatywy ks. Konrada Hasiora &#8211; \u00f3wczesnego wikarego i parafianina, obecnie szafarza nadzwyczajnego, Wies\u0142awa Nadolnego. . To ju\u017c 11 pe\u0142nych lat modlitwy &hellip;\" \/>\n<meta property=\"og:url\" content=\"https:\/\/parafiajadwigi.waw.pl\/index.php\/wspolnoty\/elementor-14896\/\" \/>\n<meta property=\"og:site_name\" content=\"\u015aw. Jadwiga \u015al\u0105ska\" \/>\n<meta property=\"article:modified_time\" content=\"2025-04-22T19:00:28+00:00\" \/>\n<meta property=\"og:image\" content=\"https:\/\/parafiajadwigi.waw.pl\/wp-content\/uploads\/2025\/04\/ROZE-ROZANCOWE.png\" \/>\n\t<meta property=\"og:image:width\" content=\"920\" \/>\n\t<meta property=\"og:image:height\" content=\"250\" \/>\n\t<meta property=\"og:image:type\" content=\"image\/png\" \/>\n<meta name=\"twitter:card\" content=\"summary_large_image\" \/>\n<meta name=\"twitter:label1\" content=\"Szacowany czas czytania\" \/>\n\t<meta name=\"twitter:data1\" content=\"3 minuty\" \/>\n<script type=\"application\/ld+json\" class=\"yoast-schema-graph\">{\"@context\":\"https:\\\/\\\/schema.org\",\"@graph\":[{\"@type\":\"WebPage\",\"@id\":\"https:\\\/\\\/parafiajadwigi.waw.pl\\\/index.php\\\/wspolnoty\\\/elementor-14896\\\/\",\"url\":\"https:\\\/\\\/parafiajadwigi.waw.pl\\\/index.php\\\/wspolnoty\\\/elementor-14896\\\/\",\"name\":\"R\u00d3\u017bE R\u00d3\u017bA\u0143COWE - \u015aw. Jadwiga \u015al\u0105ska\",\"isPartOf\":{\"@id\":\"https:\\\/\\\/parafiajadwigi.waw.pl\\\/#website\"},\"primaryImageOfPage\":{\"@id\":\"https:\\\/\\\/parafiajadwigi.waw.pl\\\/index.php\\\/wspolnoty\\\/elementor-14896\\\/#primaryimage\"},\"image\":{\"@id\":\"https:\\\/\\\/parafiajadwigi.waw.pl\\\/index.php\\\/wspolnoty\\\/elementor-14896\\\/#primaryimage\"},\"thumbnailUrl\":\"https:\\\/\\\/parafiajadwigi.waw.pl\\\/wp-content\\\/uploads\\\/2025\\\/04\\\/ROZE-ROZANCOWE.png\",\"datePublished\":\"2025-04-22T17:34:06+00:00\",\"dateModified\":\"2025-04-22T19:00:28+00:00\",\"breadcrumb\":{\"@id\":\"https:\\\/\\\/parafiajadwigi.waw.pl\\\/index.php\\\/wspolnoty\\\/elementor-14896\\\/#breadcrumb\"},\"inLanguage\":\"pl-PL\",\"potentialAction\":[{\"@type\":\"ReadAction\",\"target\":[\"https:\\\/\\\/parafiajadwigi.waw.pl\\\/index.php\\\/wspolnoty\\\/elementor-14896\\\/\"]}]},{\"@type\":\"ImageObject\",\"inLanguage\":\"pl-PL\",\"@id\":\"https:\\\/\\\/parafiajadwigi.waw.pl\\\/index.php\\\/wspolnoty\\\/elementor-14896\\\/#primaryimage\",\"url\":\"https:\\\/\\\/parafiajadwigi.waw.pl\\\/wp-content\\\/uploads\\\/2025\\\/04\\\/ROZE-ROZANCOWE.png\",\"contentUrl\":\"https:\\\/\\\/parafiajadwigi.waw.pl\\\/wp-content\\\/uploads\\\/2025\\\/04\\\/ROZE-ROZANCOWE.png\",\"width\":920,\"height\":250},{\"@type\":\"BreadcrumbList\",\"@id\":\"https:\\\/\\\/parafiajadwigi.waw.pl\\\/index.php\\\/wspolnoty\\\/elementor-14896\\\/#breadcrumb\",\"itemListElement\":[{\"@type\":\"ListItem\",\"position\":1,\"name\":\"Strona g\u0142\u00f3wna\",\"item\":\"https:\\\/\\\/parafiajadwigi.waw.pl\\\/\"},{\"@type\":\"ListItem\",\"position\":2,\"name\":\"WSP\u00d3LNOTY\",\"item\":\"https:\\\/\\\/parafiajadwigi.waw.pl\\\/index.php\\\/wspolnoty\\\/\"},{\"@type\":\"ListItem\",\"position\":3,\"name\":\"R\u00d3\u017bE R\u00d3\u017bA\u0143COWE\"}]},{\"@type\":\"WebSite\",\"@id\":\"https:\\\/\\\/parafiajadwigi.waw.pl\\\/#website\",\"url\":\"https:\\\/\\\/parafiajadwigi.waw.pl\\\/\",\"name\":\"\u015aw. Jadwiga \u015al\u0105ska\",\"description\":\"Witamy\",\"publisher\":{\"@id\":\"https:\\\/\\\/parafiajadwigi.waw.pl\\\/#organization\"},\"potentialAction\":[{\"@type\":\"SearchAction\",\"target\":{\"@type\":\"EntryPoint\",\"urlTemplate\":\"https:\\\/\\\/parafiajadwigi.waw.pl\\\/?s={search_term_string}\"},\"query-input\":{\"@type\":\"PropertyValueSpecification\",\"valueRequired\":true,\"valueName\":\"search_term_string\"}}],\"inLanguage\":\"pl-PL\"},{\"@type\":\"Organization\",\"@id\":\"https:\\\/\\\/parafiajadwigi.waw.pl\\\/#organization\",\"name\":\"Parafia \u015awi\u0119tej Jadwigi \u015alaskiej\",\"url\":\"https:\\\/\\\/parafiajadwigi.waw.pl\\\/\",\"logo\":{\"@type\":\"ImageObject\",\"inLanguage\":\"pl-PL\",\"@id\":\"https:\\\/\\\/parafiajadwigi.waw.pl\\\/#\\\/schema\\\/logo\\\/image\\\/\",\"url\":\"https:\\\/\\\/parafiajadwigi.waw.pl\\\/wp-content\\\/uploads\\\/2017\\\/06\\\/logooo_Jadwiga.png\",\"contentUrl\":\"https:\\\/\\\/parafiajadwigi.waw.pl\\\/wp-content\\\/uploads\\\/2017\\\/06\\\/logooo_Jadwiga.png\",\"width\":1640,\"height\":2808,\"caption\":\"Parafia \u015awi\u0119tej Jadwigi \u015alaskiej\"},\"image\":{\"@id\":\"https:\\\/\\\/parafiajadwigi.waw.pl\\\/#\\\/schema\\\/logo\\\/image\\\/\"}}]}<\/script>\n<!-- \/ Yoast SEO plugin. -->","yoast_head_json":{"title":"R\u00d3\u017bE R\u00d3\u017bA\u0143COWE - \u015aw. Jadwiga \u015al\u0105ska","robots":{"index":"index","follow":"follow","max-snippet":"max-snippet:-1","max-image-preview":"max-image-preview:large","max-video-preview":"max-video-preview:-1"},"canonical":"https:\/\/parafiajadwigi.waw.pl\/index.php\/wspolnoty\/elementor-14896\/","og_locale":"pl_PL","og_type":"article","og_title":"R\u00d3\u017bE R\u00d3\u017bA\u0143COWE - \u015aw. Jadwiga \u015al\u0105ska","og_description":"Wsp\u00f3lnota r\u00f3\u017ca\u0144cowa zawi\u0105za\u0142a si\u0119 w parafii \u015aw. Jadwigi \u015al\u0105skiej w maju 2013 z inicjatywy ks. Konrada Hasiora &#8211; \u00f3wczesnego wikarego i parafianina, obecnie szafarza nadzwyczajnego, Wies\u0142awa Nadolnego. . To ju\u017c 11 pe\u0142nych lat modlitwy &hellip;","og_url":"https:\/\/parafiajadwigi.waw.pl\/index.php\/wspolnoty\/elementor-14896\/","og_site_name":"\u015aw. Jadwiga \u015al\u0105ska","article_modified_time":"2025-04-22T19:00:28+00:00","og_image":[{"width":920,"height":250,"url":"https:\/\/parafiajadwigi.waw.pl\/wp-content\/uploads\/2025\/04\/ROZE-ROZANCOWE.png","type":"image\/png"}],"twitter_card":"summary_large_image","twitter_misc":{"Szacowany czas czytania":"3 minuty"},"schema":{"@context":"https:\/\/schema.org","@graph":[{"@type":"WebPage","@id":"https:\/\/parafiajadwigi.waw.pl\/index.php\/wspolnoty\/elementor-14896\/","url":"https:\/\/parafiajadwigi.waw.pl\/index.php\/wspolnoty\/elementor-14896\/","name":"R\u00d3\u017bE R\u00d3\u017bA\u0143COWE - \u015aw. Jadwiga \u015al\u0105ska","isPartOf":{"@id":"https:\/\/parafiajadwigi.waw.pl\/#website"},"primaryImageOfPage":{"@id":"https:\/\/parafiajadwigi.waw.pl\/index.php\/wspolnoty\/elementor-14896\/#primaryimage"},"image":{"@id":"https:\/\/parafiajadwigi.waw.pl\/index.php\/wspolnoty\/elementor-14896\/#primaryimage"},"thumbnailUrl":"https:\/\/parafiajadwigi.waw.pl\/wp-content\/uploads\/2025\/04\/ROZE-ROZANCOWE.png","datePublished":"2025-04-22T17:34:06+00:00","dateModified":"2025-04-22T19:00:28+00:00","breadcrumb":{"@id":"https:\/\/parafiajadwigi.waw.pl\/index.php\/wspolnoty\/elementor-14896\/#breadcrumb"},"inLanguage":"pl-PL","potentialAction":[{"@type":"ReadAction","target":["https:\/\/parafiajadwigi.waw.pl\/index.php\/wspolnoty\/elementor-14896\/"]}]},{"@type":"ImageObject","inLanguage":"pl-PL","@id":"https:\/\/parafiajadwigi.waw.pl\/index.php\/wspolnoty\/elementor-14896\/#primaryimage","url":"https:\/\/parafiajadwigi.waw.pl\/wp-content\/uploads\/2025\/04\/ROZE-ROZANCOWE.png","contentUrl":"https:\/\/parafiajadwigi.waw.pl\/wp-content\/uploads\/2025\/04\/ROZE-ROZANCOWE.png","width":920,"height":250},{"@type":"BreadcrumbList","@id":"https:\/\/parafiajadwigi.waw.pl\/index.php\/wspolnoty\/elementor-14896\/#breadcrumb","itemListElement":[{"@type":"ListItem","position":1,"name":"Strona g\u0142\u00f3wna","item":"https:\/\/parafiajadwigi.waw.pl\/"},{"@type":"ListItem","position":2,"name":"WSP\u00d3LNOTY","item":"https:\/\/parafiajadwigi.waw.pl\/index.php\/wspolnoty\/"},{"@type":"ListItem","position":3,"name":"R\u00d3\u017bE R\u00d3\u017bA\u0143COWE"}]},{"@type":"WebSite","@id":"https:\/\/parafiajadwigi.waw.pl\/#website","url":"https:\/\/parafiajadwigi.waw.pl\/","name":"\u015aw. Jadwiga \u015al\u0105ska","description":"Witamy","publisher":{"@id":"https:\/\/parafiajadwigi.waw.pl\/#organization"},"potentialAction":[{"@type":"SearchAction","target":{"@type":"EntryPoint","urlTemplate":"https:\/\/parafiajadwigi.waw.pl\/?s={search_term_string}"},"query-input":{"@type":"PropertyValueSpecification","valueRequired":true,"valueName":"search_term_string"}}],"inLanguage":"pl-PL"},{"@type":"Organization","@id":"https:\/\/parafiajadwigi.waw.pl\/#organization","name":"Parafia \u015awi\u0119tej Jadwigi \u015alaskiej","url":"https:\/\/parafiajadwigi.waw.pl\/","logo":{"@type":"ImageObject","inLanguage":"pl-PL","@id":"https:\/\/parafiajadwigi.waw.pl\/#\/schema\/logo\/image\/","url":"https:\/\/parafiajadwigi.waw.pl\/wp-content\/uploads\/2017\/06\/logooo_Jadwiga.png","contentUrl":"https:\/\/parafiajadwigi.waw.pl\/wp-content\/uploads\/2017\/06\/logooo_Jadwiga.png","width":1640,"height":2808,"caption":"Parafia \u015awi\u0119tej Jadwigi \u015alaskiej"},"image":{"@id":"https:\/\/parafiajadwigi.waw.pl\/#\/schema\/logo\/image\/"}}]}},"_links":{"self":[{"href":"https:\/\/parafiajadwigi.waw.pl\/index.php\/wp-json\/wp\/v2\/pages\/14896","targetHints":{"allow":["GET"]}}],"collection":[{"href":"https:\/\/parafiajadwigi.waw.pl\/index.php\/wp-json\/wp\/v2\/pages"}],"about":[{"href":"https:\/\/parafiajadwigi.waw.pl\/index.php\/wp-json\/wp\/v2\/types\/page"}],"author":[{"embeddable":true,"href":"https:\/\/parafiajadwigi.waw.pl\/index.php\/wp-json\/wp\/v2\/users\/7"}],"replies":[{"embeddable":true,"href":"https:\/\/parafiajadwigi.waw.pl\/index.php\/wp-json\/wp\/v2\/comments?post=14896"}],"version-history":[{"count":10,"href":"https:\/\/parafiajadwigi.waw.pl\/index.php\/wp-json\/wp\/v2\/pages\/14896\/revisions"}],"predecessor-version":[{"id":14908,"href":"https:\/\/parafiajadwigi.waw.pl\/index.php\/wp-json\/wp\/v2\/pages\/14896\/revisions\/14908"}],"up":[{"embeddable":true,"href":"https:\/\/parafiajadwigi.waw.pl\/index.php\/wp-json\/wp\/v2\/pages\/12445"}],"wp:attachment":[{"href":"https:\/\/parafiajadwigi.waw.pl\/index.php\/wp-json\/wp\/v2\/media?parent=14896"}],"curies":[{"name":"wp","href":"https:\/\/api.w.org\/{rel}","templated":true}]}}