{"id":14773,"date":"2025-04-10T21:27:34","date_gmt":"2025-04-10T19:27:34","guid":{"rendered":"https:\/\/parafiajadwigi.waw.pl\/?page_id=14773"},"modified":"2026-01-25T10:04:11","modified_gmt":"2026-01-25T09:04:11","slug":"grupa-biblijna","status":"publish","type":"page","link":"https:\/\/parafiajadwigi.waw.pl\/index.php\/wspolnoty\/grupa-biblijna\/","title":{"rendered":"GRUPA BIBLIJNA"},"content":{"rendered":"\t\t<div data-elementor-type=\"wp-page\" data-elementor-id=\"14773\" class=\"elementor elementor-14773\">\n\t\t\t\t\t\t<section class=\"elementor-section elementor-top-section elementor-element elementor-element-68ad2e23 elementor-section-boxed elementor-section-height-default elementor-section-height-default\" data-id=\"68ad2e23\" data-element_type=\"section\" data-e-type=\"section\">\n\t\t\t\t\t\t<div class=\"elementor-container elementor-column-gap-default\">\n\t\t\t\t\t<div class=\"elementor-column elementor-col-66 elementor-top-column elementor-element elementor-element-2a6ee224\" data-id=\"2a6ee224\" data-element_type=\"column\" data-e-type=\"column\">\n\t\t\t<div class=\"elementor-widget-wrap elementor-element-populated\">\n\t\t\t\t\t\t<div class=\"elementor-element elementor-element-3081a72f elementor-widget-divider--view-line_text elementor-widget-divider--element-align-center elementor-widget elementor-widget-divider\" data-id=\"3081a72f\" data-element_type=\"widget\" data-e-type=\"widget\" data-widget_type=\"divider.default\">\n\t\t\t\t<div class=\"elementor-widget-container\">\n\t\t\t\t\t\t\t<div class=\"elementor-divider\">\n\t\t\t<span class=\"elementor-divider-separator\">\n\t\t\t\t\t\t\t<span class=\"elementor-divider__text elementor-divider__element\">\n\t\t\t\tGRUPA BIBLIJNA\t\t\t\t<\/span>\n\t\t\t\t\t\t<\/span>\n\t\t<\/div>\n\t\t\t\t\t\t<\/div>\n\t\t\t\t<\/div>\n\t\t\t\t<div class=\"elementor-element elementor-element-a3cf769 elementor-widget elementor-widget-text-editor\" data-id=\"a3cf769\" data-element_type=\"widget\" data-e-type=\"widget\" data-widget_type=\"text-editor.default\">\n\t\t\t\t<div class=\"elementor-widget-container\">\n\t\t\t\t\t\t\t\t\t<div id=\"page\" class=\"hfeed site\"><header id=\"masthead\"><\/header><div class=\"elementor elementor-14700\" data-elementor-type=\"wp-page\" data-elementor-id=\"14700\"><section class=\"elementor-section elementor-top-section elementor-element elementor-element-a718d48 elementor-section-boxed elementor-section-height-default elementor-section-height-default\" data-id=\"a718d48\" data-element_type=\"section\"><div class=\"elementor-container elementor-column-gap-default\"><div class=\"elementor-column elementor-col-100 elementor-top-column elementor-element elementor-element-78b2b0f\" data-id=\"78b2b0f\" data-element_type=\"column\"><div class=\"elementor-widget-wrap elementor-element-populated\"><div class=\"elementor-element elementor-element-743aecd elementor-widget__width-inherit elementor-widget elementor-widget-image\" data-id=\"743aecd\" data-element_type=\"widget\" data-widget_type=\"image.default\"><div class=\"elementor-widget-container\"><img fetchpriority=\"high\" decoding=\"async\" class=\"attachment-full size-full wp-image-14736\" src=\"https:\/\/parafiajadwigi.waw.pl\/wp-content\/uploads\/2025\/04\/GRUPA-BIBLIJNA-2.png\" sizes=\"(max-width: 920px) 100vw, 920px\" srcset=\"https:\/\/parafiajadwigi.waw.pl\/wp-content\/uploads\/2025\/04\/GRUPA-BIBLIJNA-2.png 920w, https:\/\/parafiajadwigi.waw.pl\/wp-content\/uploads\/2025\/04\/GRUPA-BIBLIJNA-2-300x82.png 300w, https:\/\/parafiajadwigi.waw.pl\/wp-content\/uploads\/2025\/04\/GRUPA-BIBLIJNA-2-768x209.png 768w\" alt=\"\" width=\"920\" height=\"250\" \/><\/div><\/div><div class=\"elementor-element elementor-element-fb067c5 elementor-drop-cap-yes elementor-drop-cap-view-default elementor-widget elementor-widget-text-editor\" data-id=\"fb067c5\" data-element_type=\"widget\" data-settings=\"{&quot;drop_cap&quot;:&quot;yes&quot;}\" data-widget_type=\"text-editor.default\"><div class=\"elementor-widget-container\"><p><span class=\"elementor-drop-cap\"><span class=\"elementor-drop-cap-letter\">I<\/span><\/span>d\u0105c za my\u015bl\u0105 \u015bw. Hieronima, \u017ce \u201enieznajomo\u015b\u0107 Pisma \u015awi\u0119tego to nieznajomo\u015b\u0107 Chrystusa\u201d, cz\u0142onkowie Kr\u0119gu Biblijnego staraj\u0105 si\u0119 lepiej poznawa\u0107 Chrystusa i dzieli\u0107 si\u0119 swoimi do\u015bwiadczeniami na drodze pog\u0142\u0119biania znajomo\u015bci Pisma \u015awi\u0119tego.<\/p><p>Spotkania zosta\u0142y zapocz\u0105tkowane zaraz po pojawieniu si\u0119 oo. werbist\u00f3w w parafii \u015bw. Jadwigi \u015al\u0105skiej. Pocz\u0105tkowo prowadzi\u0142 je \u015bp. o. Krzysztof \u0141ukoszczyk. Obecnie spotkania s\u0105 kontynuowane w takiej formule, \u017ce ojcowie prowadz\u0105 je naprzemiennie, co pozwala uczestnikom do\u015bwiadcza\u0107 r\u00f3\u017cnych styl\u00f3w czytania i dzielenia si\u0119 S\u0142owem Bo\u017cym. Spotkania odbywaj\u0105 si\u0119 w \u015brody po Mszy wieczornej. Regularnie, opr\u00f3cz prowadz\u0105cego Ojca, w spotkaniach bierze udzia\u0142, co najmniej pi\u0119\u0107 os\u00f3b. Czasami do\u0142\u0105czaj\u0105 do nas inne osoby. Na spotkaniach rozwa\u017camy Ewangeli\u0119 na najbli\u017csz\u0105 niedziel\u0119, co pozwala nam znacznie lepiej prze\u017cy\u0107 niedzieln\u0105 Eucharysti\u0119.<\/p><p>Jeste\u015bmy r\u00f3\u017cni pod wzgl\u0119dem do\u015bwiadczenia \u017cyciowego, lecz \u0142\u0105czy nas pragnienie wi\u0119kszego otwarcia si\u0119 na dzia\u0142anie S\u0142owa Bo\u017cego w naszym codziennym \u017cyciu. Dzielenie si\u0119 do\u015bwiadczaniem wiary w naszym \u017cyciu, z nawi\u0105zaniem do rozwa\u017canej na spotkaniach Ewangelii, pomaga nam by\u0107 bardziej otwartym na innych ludzi i u\u015bwiadamia nam znaczenie \u015bwiadectwa naszej wiary dla innych ludzi, dla kt\u00f3rych czasami b\u0119dziemy pierwszym i jedynym \u017ar\u00f3d\u0142em wiedzy o Chrystusie.<\/p><\/div><\/div><div class=\"elementor-element elementor-element-006a9f0 elementor-widget elementor-widget-text-editor\" data-id=\"006a9f0\" data-element_type=\"widget\" data-widget_type=\"text-editor.default\"><div class=\"elementor-widget-container\"><p>Zapraszamy na spotkania w ka\u017cd\u0105 \u015brod\u0119 po wieczornej Mszy \u015awi\u0119tej.<\/p><\/div><\/div><\/div><\/div><\/div><\/section><\/div><\/div>\t\t\t\t\t\t\t\t<\/div>\n\t\t\t\t<\/div>\n\t\t\t\t\t<\/div>\n\t\t<\/div>\n\t\t\t\t<div class=\"elementor-column elementor-col-33 elementor-top-column elementor-element elementor-element-6795fa88\" data-id=\"6795fa88\" data-element_type=\"column\" data-e-type=\"column\">\n\t\t\t<div class=\"elementor-widget-wrap elementor-element-populated\">\n\t\t\t\t\t\t<div class=\"elementor-element elementor-element-ef1456a elementor-widget-divider--view-line_text elementor-widget-divider--element-align-center elementor-widget elementor-widget-divider\" data-id=\"ef1456a\" data-element_type=\"widget\" data-e-type=\"widget\" data-widget_type=\"divider.default\">\n\t\t\t\t<div class=\"elementor-widget-container\">\n\t\t\t\t\t\t\t<div class=\"elementor-divider\">\n\t\t\t<span class=\"elementor-divider-separator\">\n\t\t\t\t\t\t\t<span class=\"elementor-divider__text elementor-divider__element\">\n\t\t\t\tSTANDARDY OCHRONY MA\u0141OLETNICH\t\t\t\t<\/span>\n\t\t\t\t\t\t<\/span>\n\t\t<\/div>\n\t\t\t\t\t\t<\/div>\n\t\t\t\t<\/div>\n\t\t\t\t<div class=\"elementor-element elementor-element-8a2b45a elementor-widget elementor-widget-image\" data-id=\"8a2b45a\" data-element_type=\"widget\" data-e-type=\"widget\" data-widget_type=\"image.default\">\n\t\t\t\t<div class=\"elementor-widget-container\">\n\t\t\t\t\t\t\t\t\t\t\t\t\t\t\t\t<a href=\"https:\/\/parafiajadwigi.waw.pl\/index.php\/elementor-strona-12332\/\">\n\t\t\t\t\t\t\t<img decoding=\"async\" width=\"455\" height=\"195\" src=\"https:\/\/parafiajadwigi.waw.pl\/wp-content\/uploads\/2024\/11\/standardy_panel.png\" class=\"attachment-full size-full wp-image-13153\" alt=\"\" srcset=\"https:\/\/parafiajadwigi.waw.pl\/wp-content\/uploads\/2024\/11\/standardy_panel.png 455w, https:\/\/parafiajadwigi.waw.pl\/wp-content\/uploads\/2024\/11\/standardy_panel-300x129.png 300w\" sizes=\"(max-width: 455px) 100vw, 455px\" \/>\t\t\t\t\t\t\t\t<\/a>\n\t\t\t\t\t\t\t\t\t\t\t\t\t\t\t<\/div>\n\t\t\t\t<\/div>\n\t\t\t\t<div class=\"elementor-element elementor-element-12210321 elementor-widget-divider--view-line elementor-widget elementor-widget-divider\" data-id=\"12210321\" data-element_type=\"widget\" data-e-type=\"widget\" data-widget_type=\"divider.default\">\n\t\t\t\t<div class=\"elementor-widget-container\">\n\t\t\t\t\t\t\t<div class=\"elementor-divider\">\n\t\t\t<span class=\"elementor-divider-separator\">\n\t\t\t\t\t\t<\/span>\n\t\t<\/div>\n\t\t\t\t\t\t<\/div>\n\t\t\t\t<\/div>\n\t\t\t\t<div class=\"elementor-element elementor-element-807f017 elementor-widget-divider--view-line_text elementor-widget-divider--element-align-center elementor-widget elementor-widget-divider\" data-id=\"807f017\" data-element_type=\"widget\" data-e-type=\"widget\" data-widget_type=\"divider.default\">\n\t\t\t\t<div class=\"elementor-widget-container\">\n\t\t\t\t\t\t\t<div class=\"elementor-divider\">\n\t\t\t<span class=\"elementor-divider-separator\">\n\t\t\t\t\t\t\t<span class=\"elementor-divider__text elementor-divider__element\">\n\t\t\t\tMSZA \u015aWI\u0118TA\t\t\t\t<\/span>\n\t\t\t\t\t\t<\/span>\n\t\t<\/div>\n\t\t\t\t\t\t<\/div>\n\t\t\t\t<\/div>\n\t\t\t\t<div class=\"elementor-element elementor-element-309f268f elementor-widget elementor-widget-text-editor\" data-id=\"309f268f\" data-element_type=\"widget\" data-e-type=\"widget\" data-widget_type=\"text-editor.default\">\n\t\t\t\t<div class=\"elementor-widget-container\">\n\t\t\t\t\t\t\t\t\t<h5><img decoding=\"async\" class=\"size-medium wp-image-11760 aligncenter\" src=\"https:\/\/parafiajadwigi.waw.pl\/wp-content\/uploads\/2024\/11\/Parafia_wnetrze_1490-300x83.png\" alt=\"\" width=\"300\" height=\"83\" srcset=\"https:\/\/parafiajadwigi.waw.pl\/wp-content\/uploads\/2024\/11\/Parafia_wnetrze_1490-300x83.png 300w, https:\/\/parafiajadwigi.waw.pl\/wp-content\/uploads\/2024\/11\/Parafia_wnetrze_1490-1024x282.png 1024w, https:\/\/parafiajadwigi.waw.pl\/wp-content\/uploads\/2024\/11\/Parafia_wnetrze_1490-768x211.png 768w, https:\/\/parafiajadwigi.waw.pl\/wp-content\/uploads\/2024\/11\/Parafia_wnetrze_1490-971x267.png 971w, https:\/\/parafiajadwigi.waw.pl\/wp-content\/uploads\/2024\/11\/Parafia_wnetrze_1490.png 1490w\" sizes=\"(max-width: 300px) 100vw, 300px\" \/><\/h5>\t\t\t\t\t\t\t\t<\/div>\n\t\t\t\t<\/div>\n\t\t\t\t<div class=\"elementor-element elementor-element-b83f2e5 e-transform elementor-widget elementor-widget-text-editor\" data-id=\"b83f2e5\" data-element_type=\"widget\" data-e-type=\"widget\" data-settings=\"{&quot;_transform_translateX_effect&quot;:{&quot;unit&quot;:&quot;px&quot;,&quot;size&quot;:35,&quot;sizes&quot;:[]},&quot;_transform_translateX_effect_tablet&quot;:{&quot;unit&quot;:&quot;px&quot;,&quot;size&quot;:&quot;&quot;,&quot;sizes&quot;:[]},&quot;_transform_translateX_effect_mobile&quot;:{&quot;unit&quot;:&quot;px&quot;,&quot;size&quot;:&quot;&quot;,&quot;sizes&quot;:[]},&quot;_transform_translateY_effect&quot;:{&quot;unit&quot;:&quot;px&quot;,&quot;size&quot;:&quot;&quot;,&quot;sizes&quot;:[]},&quot;_transform_translateY_effect_tablet&quot;:{&quot;unit&quot;:&quot;px&quot;,&quot;size&quot;:&quot;&quot;,&quot;sizes&quot;:[]},&quot;_transform_translateY_effect_mobile&quot;:{&quot;unit&quot;:&quot;px&quot;,&quot;size&quot;:&quot;&quot;,&quot;sizes&quot;:[]}}\" data-widget_type=\"text-editor.default\">\n\t\t\t\t<div class=\"elementor-widget-container\">\n\t\t\t\t\t\t\t\t\t<h5 style=\"text-align: left;\">NIEDZIELA<\/h5><p style=\"text-align: left;\">8:00, 12:00, 17:00,<\/p><p style=\"text-align: left;\">10:00 &#8211; z udzia\u0142em dzieci<\/p>\t\t\t\t\t\t\t\t<\/div>\n\t\t\t\t<\/div>\n\t\t\t\t<div class=\"elementor-element elementor-element-11003b42 e-transform elementor-widget elementor-widget-text-editor\" data-id=\"11003b42\" data-element_type=\"widget\" data-e-type=\"widget\" data-settings=\"{&quot;_transform_translateX_effect&quot;:{&quot;unit&quot;:&quot;px&quot;,&quot;size&quot;:35,&quot;sizes&quot;:[]},&quot;_transform_translateX_effect_tablet&quot;:{&quot;unit&quot;:&quot;px&quot;,&quot;size&quot;:&quot;&quot;,&quot;sizes&quot;:[]},&quot;_transform_translateX_effect_mobile&quot;:{&quot;unit&quot;:&quot;px&quot;,&quot;size&quot;:&quot;&quot;,&quot;sizes&quot;:[]},&quot;_transform_translateY_effect&quot;:{&quot;unit&quot;:&quot;px&quot;,&quot;size&quot;:&quot;&quot;,&quot;sizes&quot;:[]},&quot;_transform_translateY_effect_tablet&quot;:{&quot;unit&quot;:&quot;px&quot;,&quot;size&quot;:&quot;&quot;,&quot;sizes&quot;:[]},&quot;_transform_translateY_effect_mobile&quot;:{&quot;unit&quot;:&quot;px&quot;,&quot;size&quot;:&quot;&quot;,&quot;sizes&quot;:[]}}\" data-widget_type=\"text-editor.default\">\n\t\t\t\t<div class=\"elementor-widget-container\">\n\t\t\t\t\t\t\t\t\t<h5 style=\"text-align: left;\">W TYGODNIU<\/h5><p style=\"text-align: left;\">codziennie: 18:00<br \/>\u015broda: 6:00<br \/>sobota: 9:00<\/p>\t\t\t\t\t\t\t\t<\/div>\n\t\t\t\t<\/div>\n\t\t\t\t<div class=\"elementor-element elementor-element-46a33ce elementor-widget-divider--view-line elementor-widget elementor-widget-divider\" data-id=\"46a33ce\" data-element_type=\"widget\" data-e-type=\"widget\" data-widget_type=\"divider.default\">\n\t\t\t\t<div class=\"elementor-widget-container\">\n\t\t\t\t\t\t\t<div class=\"elementor-divider\">\n\t\t\t<span class=\"elementor-divider-separator\">\n\t\t\t\t\t\t<\/span>\n\t\t<\/div>\n\t\t\t\t\t\t<\/div>\n\t\t\t\t<\/div>\n\t\t\t\t<div class=\"elementor-element elementor-element-476ad071 elementor-widget-divider--view-line_text elementor-widget-divider--element-align-center elementor-widget elementor-widget-divider\" data-id=\"476ad071\" data-element_type=\"widget\" data-e-type=\"widget\" data-widget_type=\"divider.default\">\n\t\t\t\t<div class=\"elementor-widget-container\">\n\t\t\t\t\t\t\t<div class=\"elementor-divider\">\n\t\t\t<span class=\"elementor-divider-separator\">\n\t\t\t\t\t\t\t<span class=\"elementor-divider__text elementor-divider__element\">\n\t\t\t\tSPOWIED\u0179 \u015aWI\u0118TA\t\t\t\t<\/span>\n\t\t\t\t\t\t<\/span>\n\t\t<\/div>\n\t\t\t\t\t\t<\/div>\n\t\t\t\t<\/div>\n\t\t\t\t<div class=\"elementor-element elementor-element-1e1248 elementor-tabs-alignment-stretch elementor-tabs-view-horizontal elementor-widget elementor-widget-tabs\" data-id=\"1e1248\" data-element_type=\"widget\" data-e-type=\"widget\" data-widget_type=\"tabs.default\">\n\t\t\t\t<div class=\"elementor-widget-container\">\n\t\t\t\t\t\t\t<div class=\"elementor-tabs\">\n\t\t\t<div class=\"elementor-tabs-wrapper\" role=\"tablist\" >\n\t\t\t\t\t\t\t\t\t<div id=\"elementor-tab-title-1971\" class=\"elementor-tab-title elementor-tab-desktop-title\" aria-selected=\"true\" data-tab=\"1\" role=\"tab\" tabindex=\"0\" aria-controls=\"elementor-tab-content-1971\" aria-expanded=\"false\">      W TYGODNIU<\/div>\n\t\t\t\t\t\t\t\t\t<div id=\"elementor-tab-title-1972\" class=\"elementor-tab-title elementor-tab-desktop-title\" aria-selected=\"false\" data-tab=\"2\" role=\"tab\" tabindex=\"-1\" aria-controls=\"elementor-tab-content-1972\" aria-expanded=\"false\">     W NIEDZIEL\u0118<\/div>\n\t\t\t\t\t\t\t<\/div>\n\t\t\t<div class=\"elementor-tabs-content-wrapper\" role=\"tablist\" aria-orientation=\"vertical\">\n\t\t\t\t\t\t\t\t\t<div class=\"elementor-tab-title elementor-tab-mobile-title\" aria-selected=\"true\" data-tab=\"1\" role=\"tab\" tabindex=\"0\" aria-controls=\"elementor-tab-content-1971\" aria-expanded=\"false\">      W TYGODNIU<\/div>\n\t\t\t\t\t<div id=\"elementor-tab-content-1971\" class=\"elementor-tab-content elementor-clearfix\" data-tab=\"1\" role=\"tabpanel\" aria-labelledby=\"elementor-tab-title-1971\" tabindex=\"0\" hidden=\"false\"><p style=\"text-align: left;\">15 min przed Msz\u0105 \u015bw. lub na pro\u015bb\u0119 penitenta po Mszy \u015bw.<\/p><\/div>\n\t\t\t\t\t\t\t\t\t<div class=\"elementor-tab-title elementor-tab-mobile-title\" aria-selected=\"false\" data-tab=\"2\" role=\"tab\" tabindex=\"-1\" aria-controls=\"elementor-tab-content-1972\" aria-expanded=\"false\">     W NIEDZIEL\u0118<\/div>\n\t\t\t\t\t<div id=\"elementor-tab-content-1972\" class=\"elementor-tab-content elementor-clearfix\" data-tab=\"2\" role=\"tabpanel\" aria-labelledby=\"elementor-tab-title-1972\" tabindex=\"0\" hidden=\"hidden\"><p>15 min przed Msz\u0105 \u015bw.<\/p><\/div>\n\t\t\t\t\t\t\t<\/div>\n\t\t<\/div>\n\t\t\t\t\t\t<\/div>\n\t\t\t\t<\/div>\n\t\t\t\t<div class=\"elementor-element elementor-element-6a550966 elementor-widget-divider--view-line elementor-widget elementor-widget-divider\" data-id=\"6a550966\" data-element_type=\"widget\" data-e-type=\"widget\" data-widget_type=\"divider.default\">\n\t\t\t\t<div class=\"elementor-widget-container\">\n\t\t\t\t\t\t\t<div class=\"elementor-divider\">\n\t\t\t<span class=\"elementor-divider-separator\">\n\t\t\t\t\t\t<\/span>\n\t\t<\/div>\n\t\t\t\t\t\t<\/div>\n\t\t\t\t<\/div>\n\t\t\t\t<div class=\"elementor-element elementor-element-32f1ef75 elementor-widget-divider--view-line_text elementor-widget-divider--element-align-center elementor-widget elementor-widget-divider\" data-id=\"32f1ef75\" data-element_type=\"widget\" data-e-type=\"widget\" data-widget_type=\"divider.default\">\n\t\t\t\t<div class=\"elementor-widget-container\">\n\t\t\t\t\t\t\t<div class=\"elementor-divider\">\n\t\t\t<span class=\"elementor-divider-separator\">\n\t\t\t\t\t\t\t<span class=\"elementor-divider__text elementor-divider__element\">\n\t\t\t\t    DANE KONTAKTOWE\t\t\t\t<\/span>\n\t\t\t\t\t\t<\/span>\n\t\t<\/div>\n\t\t\t\t\t\t<\/div>\n\t\t\t\t<\/div>\n\t\t\t\t<div class=\"elementor-element elementor-element-264f99ca e-transform elementor-widget elementor-widget-text-editor\" data-id=\"264f99ca\" data-element_type=\"widget\" data-e-type=\"widget\" data-settings=\"{&quot;_transform_translateX_effect&quot;:{&quot;unit&quot;:&quot;px&quot;,&quot;size&quot;:0,&quot;sizes&quot;:[]},&quot;_transform_translateX_effect_tablet&quot;:{&quot;unit&quot;:&quot;px&quot;,&quot;size&quot;:&quot;&quot;,&quot;sizes&quot;:[]},&quot;_transform_translateX_effect_mobile&quot;:{&quot;unit&quot;:&quot;px&quot;,&quot;size&quot;:&quot;&quot;,&quot;sizes&quot;:[]},&quot;_transform_translateY_effect&quot;:{&quot;unit&quot;:&quot;px&quot;,&quot;size&quot;:&quot;&quot;,&quot;sizes&quot;:[]},&quot;_transform_translateY_effect_tablet&quot;:{&quot;unit&quot;:&quot;px&quot;,&quot;size&quot;:&quot;&quot;,&quot;sizes&quot;:[]},&quot;_transform_translateY_effect_mobile&quot;:{&quot;unit&quot;:&quot;px&quot;,&quot;size&quot;:&quot;&quot;,&quot;sizes&quot;:[]}}\" data-widget_type=\"text-editor.default\">\n\t\t\t\t<div class=\"elementor-widget-container\">\n\t\t\t\t\t\t\t\t\t<p style=\"text-align: center;\">Parafia rzymsko-katolicka p.w. \u015bw. Jadwigi \u015al\u0105skiej,\u00a0 Warszawa-\u017bera\u0144<br \/>ul. Modli\u0144ska 4, \u00a0 03-216 Warszawa<\/p><p style=\"text-align: center;\">adres e-mail:\u00a0<br \/><span tabindex=\"-1\" role=\"gridcell\" translate=\"no\">parafiajadwigi4@gmail.com\u00a0<\/span><\/p><p style=\"text-align: center;\">tel. do kancelarii: <br \/>884 997 939<br \/>nr konta: 50 1600 1462 1897 4221 8000 0001<\/p>\t\t\t\t\t\t\t\t<\/div>\n\t\t\t\t<\/div>\n\t\t\t\t<div class=\"elementor-element elementor-element-2d245e5 elementor-widget-divider--view-line elementor-widget elementor-widget-divider\" data-id=\"2d245e5\" data-element_type=\"widget\" data-e-type=\"widget\" data-widget_type=\"divider.default\">\n\t\t\t\t<div class=\"elementor-widget-container\">\n\t\t\t\t\t\t\t<div class=\"elementor-divider\">\n\t\t\t<span class=\"elementor-divider-separator\">\n\t\t\t\t\t\t<\/span>\n\t\t<\/div>\n\t\t\t\t\t\t<\/div>\n\t\t\t\t<\/div>\n\t\t\t\t<div class=\"elementor-element elementor-element-2b581771 elementor-widget-divider--view-line_text elementor-widget-divider--element-align-center elementor-widget elementor-widget-divider\" data-id=\"2b581771\" data-element_type=\"widget\" data-e-type=\"widget\" data-widget_type=\"divider.default\">\n\t\t\t\t<div class=\"elementor-widget-container\">\n\t\t\t\t\t\t\t<div class=\"elementor-divider\">\n\t\t\t<span class=\"elementor-divider-separator\">\n\t\t\t\t\t\t\t<span class=\"elementor-divider__text elementor-divider__element\">\n\t\t\t\tKANCELARIA\t\t\t\t<\/span>\n\t\t\t\t\t\t<\/span>\n\t\t<\/div>\n\t\t\t\t\t\t<\/div>\n\t\t\t\t<\/div>\n\t\t\t\t<div class=\"elementor-element elementor-element-20676910 e-transform elementor-widget elementor-widget-text-editor\" data-id=\"20676910\" data-element_type=\"widget\" data-e-type=\"widget\" data-settings=\"{&quot;_transform_translateX_effect&quot;:{&quot;unit&quot;:&quot;px&quot;,&quot;size&quot;:35,&quot;sizes&quot;:[]},&quot;_transform_translateX_effect_tablet&quot;:{&quot;unit&quot;:&quot;px&quot;,&quot;size&quot;:&quot;&quot;,&quot;sizes&quot;:[]},&quot;_transform_translateX_effect_mobile&quot;:{&quot;unit&quot;:&quot;px&quot;,&quot;size&quot;:&quot;&quot;,&quot;sizes&quot;:[]},&quot;_transform_translateY_effect&quot;:{&quot;unit&quot;:&quot;px&quot;,&quot;size&quot;:&quot;&quot;,&quot;sizes&quot;:[]},&quot;_transform_translateY_effect_tablet&quot;:{&quot;unit&quot;:&quot;px&quot;,&quot;size&quot;:&quot;&quot;,&quot;sizes&quot;:[]},&quot;_transform_translateY_effect_mobile&quot;:{&quot;unit&quot;:&quot;px&quot;,&quot;size&quot;:&quot;&quot;,&quot;sizes&quot;:[]}}\" data-widget_type=\"text-editor.default\">\n\t\t\t\t<div class=\"elementor-widget-container\">\n\t\t\t\t\t\t\t\t\t<p style=\"text-align: left;\">\u015aRODA: 16.30-17.30<br \/>CZWARTEK: 16.30-17.30<br \/>PI\u0104TEK: po wieczornej Mszy \u015bw. ok. godz. 19.10<\/p>\t\t\t\t\t\t\t\t<\/div>\n\t\t\t\t<\/div>\n\t\t\t\t<div class=\"elementor-element elementor-element-71ea08b6 elementor-widget-divider--view-line elementor-widget elementor-widget-divider\" data-id=\"71ea08b6\" data-element_type=\"widget\" data-e-type=\"widget\" data-widget_type=\"divider.default\">\n\t\t\t\t<div class=\"elementor-widget-container\">\n\t\t\t\t\t\t\t<div class=\"elementor-divider\">\n\t\t\t<span class=\"elementor-divider-separator\">\n\t\t\t\t\t\t<\/span>\n\t\t<\/div>\n\t\t\t\t\t\t<\/div>\n\t\t\t\t<\/div>\n\t\t\t\t<div class=\"elementor-element elementor-element-3a8b20e2 elementor-widget-divider--view-line_text elementor-widget-divider--element-align-center elementor-widget elementor-widget-divider\" data-id=\"3a8b20e2\" data-element_type=\"widget\" data-e-type=\"widget\" data-widget_type=\"divider.default\">\n\t\t\t\t<div class=\"elementor-widget-container\">\n\t\t\t\t\t\t\t<div class=\"elementor-divider\">\n\t\t\t<span class=\"elementor-divider-separator\">\n\t\t\t\t\t\t\t<span class=\"elementor-divider__text elementor-divider__element\">\n\t\t\t\tMEDIA SPO\u0141ECZNO\u015aCIOWE\t\t\t\t<\/span>\n\t\t\t\t\t\t<\/span>\n\t\t<\/div>\n\t\t\t\t\t\t<\/div>\n\t\t\t\t<\/div>\n\t\t\t\t<div class=\"elementor-element elementor-element-2d1d48fc elementor-widget-divider--view-line elementor-widget elementor-widget-divider\" data-id=\"2d1d48fc\" data-element_type=\"widget\" data-e-type=\"widget\" data-widget_type=\"divider.default\">\n\t\t\t\t<div class=\"elementor-widget-container\">\n\t\t\t\t\t\t\t<div class=\"elementor-divider\">\n\t\t\t<span class=\"elementor-divider-separator\">\n\t\t\t\t\t\t<\/span>\n\t\t<\/div>\n\t\t\t\t\t\t<\/div>\n\t\t\t\t<\/div>\n\t\t\t\t<div class=\"elementor-element elementor-element-73d4228 elementor-widget elementor-widget-text-editor\" data-id=\"73d4228\" data-element_type=\"widget\" data-e-type=\"widget\" data-widget_type=\"text-editor.default\">\n\t\t\t\t<div class=\"elementor-widget-container\">\n\t\t\t\t\t\t\t\t\t<p><a href=\"https:\/\/www.youtube.com\/@Parafiajadwigi\"><img loading=\"lazy\" decoding=\"async\" class=\"size-medium wp-image-12263 aligncenter\" src=\"https:\/\/parafiajadwigi.waw.pl\/wp-content\/uploads\/2024\/11\/pobrane-300x72.png\" alt=\"https:\/\/www.youtube.com\/@Parafiajadwigi\" width=\"300\" height=\"72\" srcset=\"https:\/\/parafiajadwigi.waw.pl\/wp-content\/uploads\/2024\/11\/pobrane-300x72.png 300w, https:\/\/parafiajadwigi.waw.pl\/wp-content\/uploads\/2024\/11\/pobrane.png 311w\" sizes=\"(max-width: 300px) 100vw, 300px\" \/><\/a><br \/><a href=\"https:\/\/www.facebook.com\/jadwigazeran\"><img loading=\"lazy\" decoding=\"async\" class=\"size-medium wp-image-12286 aligncenter\" src=\"https:\/\/parafiajadwigi.waw.pl\/wp-content\/uploads\/2024\/11\/Facebook-Logo-300x91.png\" alt=\"\" width=\"300\" height=\"91\" srcset=\"https:\/\/parafiajadwigi.waw.pl\/wp-content\/uploads\/2024\/11\/Facebook-Logo-300x91.png 300w, https:\/\/parafiajadwigi.waw.pl\/wp-content\/uploads\/2024\/11\/Facebook-Logo-1024x312.png 1024w, https:\/\/parafiajadwigi.waw.pl\/wp-content\/uploads\/2024\/11\/Facebook-Logo-768x234.png 768w, https:\/\/parafiajadwigi.waw.pl\/wp-content\/uploads\/2024\/11\/Facebook-Logo-1536x468.png 1536w, https:\/\/parafiajadwigi.waw.pl\/wp-content\/uploads\/2024\/11\/Facebook-Logo-2048x623.png 2048w, https:\/\/parafiajadwigi.waw.pl\/wp-content\/uploads\/2024\/11\/Facebook-Logo-985x300.png 985w\" sizes=\"(max-width: 300px) 100vw, 300px\" \/><\/a><\/p>\t\t\t\t\t\t\t\t<\/div>\n\t\t\t\t<\/div>\n\t\t\t\t<div class=\"elementor-element elementor-element-2c7e8421 elementor-widget-divider--view-line_text elementor-widget-divider--element-align-center elementor-widget elementor-widget-divider\" data-id=\"2c7e8421\" data-element_type=\"widget\" data-e-type=\"widget\" data-widget_type=\"divider.default\">\n\t\t\t\t<div class=\"elementor-widget-container\">\n\t\t\t\t\t\t\t<div class=\"elementor-divider\">\n\t\t\t<span class=\"elementor-divider-separator\">\n\t\t\t\t\t\t\t<span class=\"elementor-divider__text elementor-divider__element\">\n\t\t\t\tI PI\u0104TEK MIESI\u0104CA\t\t\t\t<\/span>\n\t\t\t\t\t\t<\/span>\n\t\t<\/div>\n\t\t\t\t\t\t<\/div>\n\t\t\t\t<\/div>\n\t\t\t\t<div class=\"elementor-element elementor-element-3ccdc2a0 elementor-widget elementor-widget-text-editor\" data-id=\"3ccdc2a0\" data-element_type=\"widget\" data-e-type=\"widget\" data-widget_type=\"text-editor.default\">\n\t\t\t\t<div class=\"elementor-widget-container\">\n\t\t\t\t\t\t\t\t\t<p style=\"text-align: center;\">Praktyka 9 pierwszych pi\u0105tk\u00f3w miesi\u0105ca i\u00a0 Komunia \u015bw. wynagradzaj\u0105ca<\/p><p style=\"text-align: right;\"><a href=\"https:\/\/parafiajadwigi.waw.pl\/index.php\/pierwszy-piatek-miesiaca\/\">czytaj wi\u0119cej<\/a><\/p>\t\t\t\t\t\t\t\t<\/div>\n\t\t\t\t<\/div>\n\t\t\t\t<div class=\"elementor-element elementor-element-3bb21bc5 elementor-widget-divider--view-line_text elementor-widget-divider--element-align-center elementor-widget elementor-widget-divider\" data-id=\"3bb21bc5\" data-element_type=\"widget\" data-e-type=\"widget\" data-widget_type=\"divider.default\">\n\t\t\t\t<div class=\"elementor-widget-container\">\n\t\t\t\t\t\t\t<div class=\"elementor-divider\">\n\t\t\t<span class=\"elementor-divider-separator\">\n\t\t\t\t\t\t\t<span class=\"elementor-divider__text elementor-divider__element\">\n\t\t\t\tI SOBOTA MIESI\u0104CA\t\t\t\t<\/span>\n\t\t\t\t\t\t<\/span>\n\t\t<\/div>\n\t\t\t\t\t\t<\/div>\n\t\t\t\t<\/div>\n\t\t\t\t<div class=\"elementor-element elementor-element-2ccb0377 elementor-widget elementor-widget-text-editor\" data-id=\"2ccb0377\" data-element_type=\"widget\" data-e-type=\"widget\" data-widget_type=\"text-editor.default\">\n\t\t\t\t<div class=\"elementor-widget-container\">\n\t\t\t\t\t\t\t\t\t<p>Wynagradzaj za grzechy i ratuj swoj\u0105 dusz\u0119, we\u017a udzia\u0142 w nabo\u017ce\u0144stwie wynagradzaj\u0105cym NMP. Wynagrodzenie sk\u0142adane Niepokalanemu Sercu Maryi i wielka obietnica Matki Bo\u017cej Fatimskiej<\/p><p style=\"text-align: right;\"><a href=\"https:\/\/parafiajadwigi.waw.pl\/index.php\/pierwsza-sobota-miesiaca\/\">czytaj wi\u0119cej<\/a><\/p>\t\t\t\t\t\t\t\t<\/div>\n\t\t\t\t<\/div>\n\t\t\t\t<div class=\"elementor-element elementor-element-6d8db580 elementor-widget-divider--view-line_text elementor-widget-divider--element-align-center elementor-widget elementor-widget-divider\" data-id=\"6d8db580\" data-element_type=\"widget\" data-e-type=\"widget\" data-widget_type=\"divider.default\">\n\t\t\t\t<div class=\"elementor-widget-container\">\n\t\t\t\t\t\t\t<div class=\"elementor-divider\">\n\t\t\t<span class=\"elementor-divider-separator\">\n\t\t\t\t\t\t\t<span class=\"elementor-divider__text elementor-divider__element\">\n\t\t\t\tWIECZ\u00d3R UWIELBIENIA\t\t\t\t<\/span>\n\t\t\t\t\t\t<\/span>\n\t\t<\/div>\n\t\t\t\t\t\t<\/div>\n\t\t\t\t<\/div>\n\t\t\t\t<div class=\"elementor-element elementor-element-32cdaa05 elementor-drop-cap-yes elementor-drop-cap-view-default elementor-widget elementor-widget-text-editor\" data-id=\"32cdaa05\" data-element_type=\"widget\" data-e-type=\"widget\" data-settings=\"{&quot;drop_cap&quot;:&quot;yes&quot;}\" data-widget_type=\"text-editor.default\">\n\t\t\t\t<div class=\"elementor-widget-container\">\n\t\t\t\t\t\t\t\t\t<p style=\"text-align: left;\">W ka\u017cd\u0105 3 niedziel\u0119 miesi\u0105ca po Mszy \u015bw. wieczornej odbywa si\u0119 Wiecz\u00f3r Uwielbienia, maj\u0105cy charakter dzi\u0119kczynienia i uwielbienia przy wystawionym Naj\u015bwi\u0119tszym Sakramencie&#8230;<\/p><p style=\"text-align: right;\"><a href=\"https:\/\/parafiajadwigi.waw.pl\/index.php\/grupa-uwielbienia\/\">czytaj wi\u0119cej<\/a><\/p>\t\t\t\t\t\t\t\t<\/div>\n\t\t\t\t<\/div>\n\t\t\t\t\t<\/div>\n\t\t<\/div>\n\t\t\t\t\t<\/div>\n\t\t<\/section>\n\t\t\t\t<\/div>\n\t\t","protected":false},"excerpt":{"rendered":"<p>GRUPA BIBLIJNA Id\u0105c za my\u015bl\u0105 \u015bw. Hieronima, \u017ce \u201enieznajomo\u015b\u0107 Pisma \u015awi\u0119tego to nieznajomo\u015b\u0107 Chrystusa\u201d, cz\u0142onkowie Kr\u0119gu Biblijnego staraj\u0105 si\u0119 lepiej poznawa\u0107 Chrystusa i dzieli\u0107 si\u0119 swoimi do\u015bwiadczeniami na drodze pog\u0142\u0119biania znajomo\u015bci Pisma \u015awi\u0119tego. Spotkania &hellip;<\/p>\n","protected":false},"author":1,"featured_media":0,"parent":12445,"menu_order":0,"comment_status":"closed","ping_status":"closed","template":"","meta":{"footnotes":""},"class_list":["post-14773","page","type-page","status-publish","hentry"],"yoast_head":"<!-- This site is optimized with the Yoast SEO plugin v27.5 - https:\/\/yoast.com\/product\/yoast-seo-wordpress\/ -->\n<title>GRUPA BIBLIJNA - \u015aw. Jadwiga \u015al\u0105ska<\/title>\n<meta name=\"robots\" content=\"index, follow, max-snippet:-1, max-image-preview:large, max-video-preview:-1\" \/>\n<link rel=\"canonical\" href=\"https:\/\/parafiajadwigi.waw.pl\/index.php\/wspolnoty\/grupa-biblijna\/\" \/>\n<meta property=\"og:locale\" content=\"pl_PL\" \/>\n<meta property=\"og:type\" content=\"article\" \/>\n<meta property=\"og:title\" content=\"GRUPA BIBLIJNA - \u015aw. Jadwiga \u015al\u0105ska\" \/>\n<meta property=\"og:description\" content=\"GRUPA BIBLIJNA Id\u0105c za my\u015bl\u0105 \u015bw. Hieronima, \u017ce \u201enieznajomo\u015b\u0107 Pisma \u015awi\u0119tego to nieznajomo\u015b\u0107 Chrystusa\u201d, cz\u0142onkowie Kr\u0119gu Biblijnego staraj\u0105 si\u0119 lepiej poznawa\u0107 Chrystusa i dzieli\u0107 si\u0119 swoimi do\u015bwiadczeniami na drodze pog\u0142\u0119biania znajomo\u015bci Pisma \u015awi\u0119tego. Spotkania &hellip;\" \/>\n<meta property=\"og:url\" content=\"https:\/\/parafiajadwigi.waw.pl\/index.php\/wspolnoty\/grupa-biblijna\/\" \/>\n<meta property=\"og:site_name\" content=\"\u015aw. Jadwiga \u015al\u0105ska\" \/>\n<meta property=\"article:modified_time\" content=\"2026-01-25T09:04:11+00:00\" \/>\n<meta property=\"og:image\" content=\"https:\/\/parafiajadwigi.waw.pl\/wp-content\/uploads\/2025\/04\/GRUPA-BIBLIJNA-2.png\" \/>\n\t<meta property=\"og:image:width\" content=\"920\" \/>\n\t<meta property=\"og:image:height\" content=\"250\" \/>\n\t<meta property=\"og:image:type\" content=\"image\/png\" \/>\n<meta name=\"twitter:card\" content=\"summary_large_image\" \/>\n<meta name=\"twitter:label1\" content=\"Szacowany czas czytania\" \/>\n\t<meta name=\"twitter:data1\" content=\"5 minut\" \/>\n<script type=\"application\/ld+json\" class=\"yoast-schema-graph\">{\"@context\":\"https:\\\/\\\/schema.org\",\"@graph\":[{\"@type\":\"WebPage\",\"@id\":\"https:\\\/\\\/parafiajadwigi.waw.pl\\\/index.php\\\/wspolnoty\\\/grupa-biblijna\\\/\",\"url\":\"https:\\\/\\\/parafiajadwigi.waw.pl\\\/index.php\\\/wspolnoty\\\/grupa-biblijna\\\/\",\"name\":\"GRUPA BIBLIJNA - \u015aw. Jadwiga \u015al\u0105ska\",\"isPartOf\":{\"@id\":\"https:\\\/\\\/parafiajadwigi.waw.pl\\\/#website\"},\"primaryImageOfPage\":{\"@id\":\"https:\\\/\\\/parafiajadwigi.waw.pl\\\/index.php\\\/wspolnoty\\\/grupa-biblijna\\\/#primaryimage\"},\"image\":{\"@id\":\"https:\\\/\\\/parafiajadwigi.waw.pl\\\/index.php\\\/wspolnoty\\\/grupa-biblijna\\\/#primaryimage\"},\"thumbnailUrl\":\"https:\\\/\\\/parafiajadwigi.waw.pl\\\/wp-content\\\/uploads\\\/2025\\\/04\\\/GRUPA-BIBLIJNA-2.png\",\"datePublished\":\"2025-04-10T19:27:34+00:00\",\"dateModified\":\"2026-01-25T09:04:11+00:00\",\"breadcrumb\":{\"@id\":\"https:\\\/\\\/parafiajadwigi.waw.pl\\\/index.php\\\/wspolnoty\\\/grupa-biblijna\\\/#breadcrumb\"},\"inLanguage\":\"pl-PL\",\"potentialAction\":[{\"@type\":\"ReadAction\",\"target\":[\"https:\\\/\\\/parafiajadwigi.waw.pl\\\/index.php\\\/wspolnoty\\\/grupa-biblijna\\\/\"]}]},{\"@type\":\"ImageObject\",\"inLanguage\":\"pl-PL\",\"@id\":\"https:\\\/\\\/parafiajadwigi.waw.pl\\\/index.php\\\/wspolnoty\\\/grupa-biblijna\\\/#primaryimage\",\"url\":\"https:\\\/\\\/parafiajadwigi.waw.pl\\\/wp-content\\\/uploads\\\/2025\\\/04\\\/GRUPA-BIBLIJNA-2.png\",\"contentUrl\":\"https:\\\/\\\/parafiajadwigi.waw.pl\\\/wp-content\\\/uploads\\\/2025\\\/04\\\/GRUPA-BIBLIJNA-2.png\",\"width\":920,\"height\":250},{\"@type\":\"BreadcrumbList\",\"@id\":\"https:\\\/\\\/parafiajadwigi.waw.pl\\\/index.php\\\/wspolnoty\\\/grupa-biblijna\\\/#breadcrumb\",\"itemListElement\":[{\"@type\":\"ListItem\",\"position\":1,\"name\":\"Strona g\u0142\u00f3wna\",\"item\":\"https:\\\/\\\/parafiajadwigi.waw.pl\\\/\"},{\"@type\":\"ListItem\",\"position\":2,\"name\":\"WSP\u00d3LNOTY\",\"item\":\"https:\\\/\\\/parafiajadwigi.waw.pl\\\/index.php\\\/wspolnoty\\\/\"},{\"@type\":\"ListItem\",\"position\":3,\"name\":\"GRUPA BIBLIJNA\"}]},{\"@type\":\"WebSite\",\"@id\":\"https:\\\/\\\/parafiajadwigi.waw.pl\\\/#website\",\"url\":\"https:\\\/\\\/parafiajadwigi.waw.pl\\\/\",\"name\":\"\u015aw. Jadwiga \u015al\u0105ska\",\"description\":\"Witamy\",\"publisher\":{\"@id\":\"https:\\\/\\\/parafiajadwigi.waw.pl\\\/#organization\"},\"potentialAction\":[{\"@type\":\"SearchAction\",\"target\":{\"@type\":\"EntryPoint\",\"urlTemplate\":\"https:\\\/\\\/parafiajadwigi.waw.pl\\\/?s={search_term_string}\"},\"query-input\":{\"@type\":\"PropertyValueSpecification\",\"valueRequired\":true,\"valueName\":\"search_term_string\"}}],\"inLanguage\":\"pl-PL\"},{\"@type\":\"Organization\",\"@id\":\"https:\\\/\\\/parafiajadwigi.waw.pl\\\/#organization\",\"name\":\"Parafia \u015awi\u0119tej Jadwigi \u015alaskiej\",\"url\":\"https:\\\/\\\/parafiajadwigi.waw.pl\\\/\",\"logo\":{\"@type\":\"ImageObject\",\"inLanguage\":\"pl-PL\",\"@id\":\"https:\\\/\\\/parafiajadwigi.waw.pl\\\/#\\\/schema\\\/logo\\\/image\\\/\",\"url\":\"https:\\\/\\\/parafiajadwigi.waw.pl\\\/wp-content\\\/uploads\\\/2017\\\/06\\\/logooo_Jadwiga.png\",\"contentUrl\":\"https:\\\/\\\/parafiajadwigi.waw.pl\\\/wp-content\\\/uploads\\\/2017\\\/06\\\/logooo_Jadwiga.png\",\"width\":1640,\"height\":2808,\"caption\":\"Parafia \u015awi\u0119tej Jadwigi \u015alaskiej\"},\"image\":{\"@id\":\"https:\\\/\\\/parafiajadwigi.waw.pl\\\/#\\\/schema\\\/logo\\\/image\\\/\"}}]}<\/script>\n<!-- \/ Yoast SEO plugin. -->","yoast_head_json":{"title":"GRUPA BIBLIJNA - \u015aw. Jadwiga \u015al\u0105ska","robots":{"index":"index","follow":"follow","max-snippet":"max-snippet:-1","max-image-preview":"max-image-preview:large","max-video-preview":"max-video-preview:-1"},"canonical":"https:\/\/parafiajadwigi.waw.pl\/index.php\/wspolnoty\/grupa-biblijna\/","og_locale":"pl_PL","og_type":"article","og_title":"GRUPA BIBLIJNA - \u015aw. Jadwiga \u015al\u0105ska","og_description":"GRUPA BIBLIJNA Id\u0105c za my\u015bl\u0105 \u015bw. Hieronima, \u017ce \u201enieznajomo\u015b\u0107 Pisma \u015awi\u0119tego to nieznajomo\u015b\u0107 Chrystusa\u201d, cz\u0142onkowie Kr\u0119gu Biblijnego staraj\u0105 si\u0119 lepiej poznawa\u0107 Chrystusa i dzieli\u0107 si\u0119 swoimi do\u015bwiadczeniami na drodze pog\u0142\u0119biania znajomo\u015bci Pisma \u015awi\u0119tego. Spotkania &hellip;","og_url":"https:\/\/parafiajadwigi.waw.pl\/index.php\/wspolnoty\/grupa-biblijna\/","og_site_name":"\u015aw. Jadwiga \u015al\u0105ska","article_modified_time":"2026-01-25T09:04:11+00:00","og_image":[{"width":920,"height":250,"url":"https:\/\/parafiajadwigi.waw.pl\/wp-content\/uploads\/2025\/04\/GRUPA-BIBLIJNA-2.png","type":"image\/png"}],"twitter_card":"summary_large_image","twitter_misc":{"Szacowany czas czytania":"5 minut"},"schema":{"@context":"https:\/\/schema.org","@graph":[{"@type":"WebPage","@id":"https:\/\/parafiajadwigi.waw.pl\/index.php\/wspolnoty\/grupa-biblijna\/","url":"https:\/\/parafiajadwigi.waw.pl\/index.php\/wspolnoty\/grupa-biblijna\/","name":"GRUPA BIBLIJNA - \u015aw. Jadwiga \u015al\u0105ska","isPartOf":{"@id":"https:\/\/parafiajadwigi.waw.pl\/#website"},"primaryImageOfPage":{"@id":"https:\/\/parafiajadwigi.waw.pl\/index.php\/wspolnoty\/grupa-biblijna\/#primaryimage"},"image":{"@id":"https:\/\/parafiajadwigi.waw.pl\/index.php\/wspolnoty\/grupa-biblijna\/#primaryimage"},"thumbnailUrl":"https:\/\/parafiajadwigi.waw.pl\/wp-content\/uploads\/2025\/04\/GRUPA-BIBLIJNA-2.png","datePublished":"2025-04-10T19:27:34+00:00","dateModified":"2026-01-25T09:04:11+00:00","breadcrumb":{"@id":"https:\/\/parafiajadwigi.waw.pl\/index.php\/wspolnoty\/grupa-biblijna\/#breadcrumb"},"inLanguage":"pl-PL","potentialAction":[{"@type":"ReadAction","target":["https:\/\/parafiajadwigi.waw.pl\/index.php\/wspolnoty\/grupa-biblijna\/"]}]},{"@type":"ImageObject","inLanguage":"pl-PL","@id":"https:\/\/parafiajadwigi.waw.pl\/index.php\/wspolnoty\/grupa-biblijna\/#primaryimage","url":"https:\/\/parafiajadwigi.waw.pl\/wp-content\/uploads\/2025\/04\/GRUPA-BIBLIJNA-2.png","contentUrl":"https:\/\/parafiajadwigi.waw.pl\/wp-content\/uploads\/2025\/04\/GRUPA-BIBLIJNA-2.png","width":920,"height":250},{"@type":"BreadcrumbList","@id":"https:\/\/parafiajadwigi.waw.pl\/index.php\/wspolnoty\/grupa-biblijna\/#breadcrumb","itemListElement":[{"@type":"ListItem","position":1,"name":"Strona g\u0142\u00f3wna","item":"https:\/\/parafiajadwigi.waw.pl\/"},{"@type":"ListItem","position":2,"name":"WSP\u00d3LNOTY","item":"https:\/\/parafiajadwigi.waw.pl\/index.php\/wspolnoty\/"},{"@type":"ListItem","position":3,"name":"GRUPA BIBLIJNA"}]},{"@type":"WebSite","@id":"https:\/\/parafiajadwigi.waw.pl\/#website","url":"https:\/\/parafiajadwigi.waw.pl\/","name":"\u015aw. Jadwiga \u015al\u0105ska","description":"Witamy","publisher":{"@id":"https:\/\/parafiajadwigi.waw.pl\/#organization"},"potentialAction":[{"@type":"SearchAction","target":{"@type":"EntryPoint","urlTemplate":"https:\/\/parafiajadwigi.waw.pl\/?s={search_term_string}"},"query-input":{"@type":"PropertyValueSpecification","valueRequired":true,"valueName":"search_term_string"}}],"inLanguage":"pl-PL"},{"@type":"Organization","@id":"https:\/\/parafiajadwigi.waw.pl\/#organization","name":"Parafia \u015awi\u0119tej Jadwigi \u015alaskiej","url":"https:\/\/parafiajadwigi.waw.pl\/","logo":{"@type":"ImageObject","inLanguage":"pl-PL","@id":"https:\/\/parafiajadwigi.waw.pl\/#\/schema\/logo\/image\/","url":"https:\/\/parafiajadwigi.waw.pl\/wp-content\/uploads\/2017\/06\/logooo_Jadwiga.png","contentUrl":"https:\/\/parafiajadwigi.waw.pl\/wp-content\/uploads\/2017\/06\/logooo_Jadwiga.png","width":1640,"height":2808,"caption":"Parafia \u015awi\u0119tej Jadwigi \u015alaskiej"},"image":{"@id":"https:\/\/parafiajadwigi.waw.pl\/#\/schema\/logo\/image\/"}}]}},"_links":{"self":[{"href":"https:\/\/parafiajadwigi.waw.pl\/index.php\/wp-json\/wp\/v2\/pages\/14773","targetHints":{"allow":["GET"]}}],"collection":[{"href":"https:\/\/parafiajadwigi.waw.pl\/index.php\/wp-json\/wp\/v2\/pages"}],"about":[{"href":"https:\/\/parafiajadwigi.waw.pl\/index.php\/wp-json\/wp\/v2\/types\/page"}],"author":[{"embeddable":true,"href":"https:\/\/parafiajadwigi.waw.pl\/index.php\/wp-json\/wp\/v2\/users\/1"}],"replies":[{"embeddable":true,"href":"https:\/\/parafiajadwigi.waw.pl\/index.php\/wp-json\/wp\/v2\/comments?post=14773"}],"version-history":[{"count":7,"href":"https:\/\/parafiajadwigi.waw.pl\/index.php\/wp-json\/wp\/v2\/pages\/14773\/revisions"}],"predecessor-version":[{"id":14780,"href":"https:\/\/parafiajadwigi.waw.pl\/index.php\/wp-json\/wp\/v2\/pages\/14773\/revisions\/14780"}],"up":[{"embeddable":true,"href":"https:\/\/parafiajadwigi.waw.pl\/index.php\/wp-json\/wp\/v2\/pages\/12445"}],"wp:attachment":[{"href":"https:\/\/parafiajadwigi.waw.pl\/index.php\/wp-json\/wp\/v2\/media?parent=14773"}],"curies":[{"name":"wp","href":"https:\/\/api.w.org\/{rel}","templated":true}]}}