{"id":12330,"date":"2024-11-15T15:56:21","date_gmt":"2024-11-15T14:56:21","guid":{"rendered":"https:\/\/parafiajadwigi.waw.pl\/?page_id=12330"},"modified":"2025-04-10T21:55:11","modified_gmt":"2025-04-10T19:55:11","slug":"elementor-12330","status":"publish","type":"page","link":"https:\/\/parafiajadwigi.waw.pl\/index.php\/elementor-12330\/","title":{"rendered":"CHRZEST \u015aWI\u0118TY"},"content":{"rendered":"\t\t<div data-elementor-type=\"wp-page\" data-elementor-id=\"12330\" class=\"elementor elementor-12330\">\n\t\t\t\t\t\t<section class=\"elementor-section elementor-top-section elementor-element elementor-element-159bbab7 elementor-section-boxed elementor-section-height-default elementor-section-height-default\" data-id=\"159bbab7\" data-element_type=\"section\" data-e-type=\"section\">\n\t\t\t\t\t\t<div class=\"elementor-container elementor-column-gap-default\">\n\t\t\t\t\t<div class=\"elementor-column elementor-col-66 elementor-top-column elementor-element elementor-element-76e3bd3d\" data-id=\"76e3bd3d\" data-element_type=\"column\" data-e-type=\"column\">\n\t\t\t<div class=\"elementor-widget-wrap elementor-element-populated\">\n\t\t\t\t\t\t<div class=\"elementor-element elementor-element-68fbe68b elementor-widget-divider--view-line_text elementor-widget-divider--element-align-center elementor-widget elementor-widget-divider\" data-id=\"68fbe68b\" data-element_type=\"widget\" data-e-type=\"widget\" data-widget_type=\"divider.default\">\n\t\t\t\t<div class=\"elementor-widget-container\">\n\t\t\t\t\t\t\t<div class=\"elementor-divider\">\n\t\t\t<span class=\"elementor-divider-separator\">\n\t\t\t\t\t\t\t<span class=\"elementor-divider__text elementor-divider__element\">\n\t\t\t\tCHRZEST \u015aWI\u0118TY\t\t\t\t<\/span>\n\t\t\t\t\t\t<\/span>\n\t\t<\/div>\n\t\t\t\t\t\t<\/div>\n\t\t\t\t<\/div>\n\t\t\t\t<div class=\"elementor-element elementor-element-3c1f94e elementor-widget elementor-widget-text-editor\" data-id=\"3c1f94e\" data-element_type=\"widget\" data-e-type=\"widget\" data-widget_type=\"text-editor.default\">\n\t\t\t\t<div class=\"elementor-widget-container\">\n\t\t\t\t\t\t\t\t\t<h3>Podstawowe informacje dla rodzic\u00f3w i chrzestnych dotycz\u0105ce Chrztu \u015bw. w naszej parafii<\/h3><p>***<\/p><ul><li>Sakrament chrztu jest udzielany uroczy\u015bcie podczas Mszy \u015bw. w\u00a0ka\u017cd\u0105 niedziel\u0119 miesi\u0105ca o godzinie 12.00 (z wyj\u0105tkiem okresu Adwentu i Wielkiego Postu) oraz w drugi dzie\u0144 \u015awi\u0105t Bo\u017cego Narodzenia i Wielkanocy.<\/li><li>Chrzest nale\u017cy zg\u0142osi\u0107 na miesi\u0105c przed terminem celebracji. W tym celu w\u00a0kancelarii parafialnej winno si\u0119 przedstawi\u0107 nast\u0119puj\u0105ce dokumenty:<br \/>\u2013 akt urodzenia dziecka;<br \/>\u2013 informacje dotycz\u0105ce chrzestnych: imi\u0119, nazwisko, wiek oraz adres;<br \/>\u2013 \u015bwiadectwo \u015blubu rodzic\u00f3w, (gdy jest ko\u015bcielny)<\/li><li><span style=\"color: #0000ff;\">Rodzicami chrzestnymi mog\u0105 by\u0107 tylko osoby wierz\u0105ce i\u00a0praktykuj\u0105ce! Katolicy, kt\u00f3rzy uko\u0144czyli\u00a016 lat, byli\u00a0bierzmowani i\u00a0nie \u017cyj\u0105 w stanie grzechu\u00a0(np.: konkubinat, czyli sta\u0142y, cho\u0107 lu\u017any zwi\u0105zek partnerski albo niesakramentalny zwi\u0105zek ma\u0142\u017ce\u0144ski)<\/span>. Z\u00a0kancelarii parafii, do kt\u00f3rej nale\u017c\u0105 (tzn., w kt\u00f3rej mieszkaj\u0105, co nie zawsze musi odpowiada\u0107 miejscu zameldowania) winni dostarczy\u0107 tydzie\u0144 przed chrztem, \u015aWIADECTWO RODZICA CHRZESTNEGO \u2013 za\u015bwiadczenie zezwalaj\u0105ce im na bycie ojcem chrzestnym lub matk\u0105 chrzestn\u0105.<\/li><li>Rodzicami chrzestnymi mog\u0105 by\u0107 oczywi\u015bcie jedynie osoby przeciwnych p\u0142ci. W wyj\u0105tkowych wypadkach wystarczy jeden chrzestny.<\/li><li>Rodzice dziecka a tak\u017ce rodzice chrzestni winni dostarczy\u0107\u00a0potwierdzenie skorzystania z sakramentu pokuty i\u00a0pojednania\u00a0(dotyczy to oczywi\u015bcie rodzic\u00f3w, kt\u00f3rzy mog\u0105 przyjmowa\u0107 sakramenty, czyli tych, kt\u00f3rzy \u017cyj\u0105 w\u00a0zwi\u0105zku sakramentalnym lub matki samotnie wychowuj\u0105ce dziecko)<\/li><li>Nauka przedchrzcielna dla rodzic\u00f3w i chrzestnych odbywa si\u0119 najcz\u0119\u015bciej w\u00a0przeddzie\u0144 celebracji (informacja przy zg\u0142oszeniu Chrztu).<\/li><li>Je\u015bli rodzice, z jakiej\u015b powa\u017cnej przyczyny, pragn\u0105 ochrzci\u0107 dziecko poza parafi\u0105, do kt\u00f3rej nale\u017c\u0105 winni skontaktowa\u0107 si\u0119 z\u00a0ksi\u0119dzem, w celu uzyskania pozwolenia na chrzest poza w\u0142asn\u0105 parafi\u0105.<\/li><li><span style=\"color: #ff0000;\">FORMULARZ ZG\u0141OSZENIA DZIECKA DO CHRZTU I \u015aWIADECTWA RODZIC\u00d3W CHRZESTNYCH NALE\u017bY DOSTARCZY\u0106 DO KANCELARII PARAFIALNEJ NAJP\u00d3\u0179NIEJ TYDZIE\u0143 PRZED CHRZTEM<\/span><\/li><\/ul>\t\t\t\t\t\t\t\t<\/div>\n\t\t\t\t<\/div>\n\t\t\t\t<div class=\"elementor-element elementor-element-1fbc7c3c elementor-widget-divider--view-line elementor-widget elementor-widget-divider\" data-id=\"1fbc7c3c\" data-element_type=\"widget\" data-e-type=\"widget\" data-widget_type=\"divider.default\">\n\t\t\t\t<div class=\"elementor-widget-container\">\n\t\t\t\t\t\t\t<div class=\"elementor-divider\">\n\t\t\t<span class=\"elementor-divider-separator\">\n\t\t\t\t\t\t<\/span>\n\t\t<\/div>\n\t\t\t\t\t\t<\/div>\n\t\t\t\t<\/div>\n\t\t\t\t\t<\/div>\n\t\t<\/div>\n\t\t\t\t<div class=\"elementor-column elementor-col-33 elementor-top-column elementor-element elementor-element-53107855\" data-id=\"53107855\" data-element_type=\"column\" data-e-type=\"column\">\n\t\t\t<div class=\"elementor-widget-wrap elementor-element-populated\">\n\t\t\t\t\t\t<div class=\"elementor-element elementor-element-535f45f1 elementor-widget-divider--view-line_text elementor-widget-divider--element-align-center elementor-widget elementor-widget-divider\" data-id=\"535f45f1\" data-element_type=\"widget\" data-e-type=\"widget\" data-widget_type=\"divider.default\">\n\t\t\t\t<div class=\"elementor-widget-container\">\n\t\t\t\t\t\t\t<div class=\"elementor-divider\">\n\t\t\t<span class=\"elementor-divider-separator\">\n\t\t\t\t\t\t\t<span class=\"elementor-divider__text elementor-divider__element\">\n\t\t\t\tSTANDARDY OCHRONY MA\u0141OLETNICH\t\t\t\t<\/span>\n\t\t\t\t\t\t<\/span>\n\t\t<\/div>\n\t\t\t\t\t\t<\/div>\n\t\t\t\t<\/div>\n\t\t\t\t<div class=\"elementor-element elementor-element-1d531f12 elementor-widget elementor-widget-image\" data-id=\"1d531f12\" data-element_type=\"widget\" data-e-type=\"widget\" data-widget_type=\"image.default\">\n\t\t\t\t<div class=\"elementor-widget-container\">\n\t\t\t\t\t\t\t\t\t\t\t\t\t\t\t\t<a href=\"https:\/\/parafiajadwigi.waw.pl\/index.php\/elementor-strona-12332\/\">\n\t\t\t\t\t\t\t<img fetchpriority=\"high\" decoding=\"async\" width=\"455\" height=\"195\" src=\"https:\/\/parafiajadwigi.waw.pl\/wp-content\/uploads\/2024\/11\/standardy_panel.png\" class=\"attachment-full size-full wp-image-13153\" alt=\"\" srcset=\"https:\/\/parafiajadwigi.waw.pl\/wp-content\/uploads\/2024\/11\/standardy_panel.png 455w, https:\/\/parafiajadwigi.waw.pl\/wp-content\/uploads\/2024\/11\/standardy_panel-300x129.png 300w\" sizes=\"(max-width: 455px) 100vw, 455px\" \/>\t\t\t\t\t\t\t\t<\/a>\n\t\t\t\t\t\t\t\t\t\t\t\t\t\t\t<\/div>\n\t\t\t\t<\/div>\n\t\t\t\t<div class=\"elementor-element elementor-element-7da8ec87 elementor-widget-divider--view-line elementor-widget elementor-widget-divider\" data-id=\"7da8ec87\" data-element_type=\"widget\" data-e-type=\"widget\" data-widget_type=\"divider.default\">\n\t\t\t\t<div class=\"elementor-widget-container\">\n\t\t\t\t\t\t\t<div class=\"elementor-divider\">\n\t\t\t<span class=\"elementor-divider-separator\">\n\t\t\t\t\t\t<\/span>\n\t\t<\/div>\n\t\t\t\t\t\t<\/div>\n\t\t\t\t<\/div>\n\t\t\t\t<div class=\"elementor-element elementor-element-3fc40904 elementor-widget-divider--view-line_text elementor-widget-divider--element-align-center elementor-widget elementor-widget-divider\" data-id=\"3fc40904\" data-element_type=\"widget\" data-e-type=\"widget\" data-widget_type=\"divider.default\">\n\t\t\t\t<div class=\"elementor-widget-container\">\n\t\t\t\t\t\t\t<div class=\"elementor-divider\">\n\t\t\t<span class=\"elementor-divider-separator\">\n\t\t\t\t\t\t\t<span class=\"elementor-divider__text elementor-divider__element\">\n\t\t\t\tMSZA \u015aWI\u0118TA\t\t\t\t<\/span>\n\t\t\t\t\t\t<\/span>\n\t\t<\/div>\n\t\t\t\t\t\t<\/div>\n\t\t\t\t<\/div>\n\t\t\t\t<div class=\"elementor-element elementor-element-7270e9e4 elementor-widget elementor-widget-text-editor\" data-id=\"7270e9e4\" data-element_type=\"widget\" data-e-type=\"widget\" data-widget_type=\"text-editor.default\">\n\t\t\t\t<div class=\"elementor-widget-container\">\n\t\t\t\t\t\t\t\t\t<h5><img decoding=\"async\" class=\"size-medium wp-image-11760 aligncenter\" src=\"https:\/\/parafiajadwigi.waw.pl\/wp-content\/uploads\/2024\/11\/Parafia_wnetrze_1490-300x83.png\" alt=\"\" width=\"300\" height=\"83\" srcset=\"https:\/\/parafiajadwigi.waw.pl\/wp-content\/uploads\/2024\/11\/Parafia_wnetrze_1490-300x83.png 300w, https:\/\/parafiajadwigi.waw.pl\/wp-content\/uploads\/2024\/11\/Parafia_wnetrze_1490-1024x282.png 1024w, https:\/\/parafiajadwigi.waw.pl\/wp-content\/uploads\/2024\/11\/Parafia_wnetrze_1490-768x211.png 768w, https:\/\/parafiajadwigi.waw.pl\/wp-content\/uploads\/2024\/11\/Parafia_wnetrze_1490-971x267.png 971w, https:\/\/parafiajadwigi.waw.pl\/wp-content\/uploads\/2024\/11\/Parafia_wnetrze_1490.png 1490w\" sizes=\"(max-width: 300px) 100vw, 300px\" \/><\/h5>\t\t\t\t\t\t\t\t<\/div>\n\t\t\t\t<\/div>\n\t\t\t\t<div class=\"elementor-element elementor-element-deb81b5 e-transform elementor-widget elementor-widget-text-editor\" data-id=\"deb81b5\" data-element_type=\"widget\" data-e-type=\"widget\" data-settings=\"{&quot;_transform_translateX_effect&quot;:{&quot;unit&quot;:&quot;px&quot;,&quot;size&quot;:35,&quot;sizes&quot;:[]},&quot;_transform_translateX_effect_tablet&quot;:{&quot;unit&quot;:&quot;px&quot;,&quot;size&quot;:&quot;&quot;,&quot;sizes&quot;:[]},&quot;_transform_translateX_effect_mobile&quot;:{&quot;unit&quot;:&quot;px&quot;,&quot;size&quot;:&quot;&quot;,&quot;sizes&quot;:[]},&quot;_transform_translateY_effect&quot;:{&quot;unit&quot;:&quot;px&quot;,&quot;size&quot;:&quot;&quot;,&quot;sizes&quot;:[]},&quot;_transform_translateY_effect_tablet&quot;:{&quot;unit&quot;:&quot;px&quot;,&quot;size&quot;:&quot;&quot;,&quot;sizes&quot;:[]},&quot;_transform_translateY_effect_mobile&quot;:{&quot;unit&quot;:&quot;px&quot;,&quot;size&quot;:&quot;&quot;,&quot;sizes&quot;:[]}}\" data-widget_type=\"text-editor.default\">\n\t\t\t\t<div class=\"elementor-widget-container\">\n\t\t\t\t\t\t\t\t\t<h5 style=\"text-align: left;\">NIEDZIELA<\/h5><p style=\"text-align: left;\">8:00, 12:00, 17:00,<\/p><p style=\"text-align: left;\">10:00 &#8211; z udzia\u0142em dzieci<\/p>\t\t\t\t\t\t\t\t<\/div>\n\t\t\t\t<\/div>\n\t\t\t\t<div class=\"elementor-element elementor-element-5b14d9d7 e-transform elementor-widget elementor-widget-text-editor\" data-id=\"5b14d9d7\" data-element_type=\"widget\" data-e-type=\"widget\" data-settings=\"{&quot;_transform_translateX_effect&quot;:{&quot;unit&quot;:&quot;px&quot;,&quot;size&quot;:35,&quot;sizes&quot;:[]},&quot;_transform_translateX_effect_tablet&quot;:{&quot;unit&quot;:&quot;px&quot;,&quot;size&quot;:&quot;&quot;,&quot;sizes&quot;:[]},&quot;_transform_translateX_effect_mobile&quot;:{&quot;unit&quot;:&quot;px&quot;,&quot;size&quot;:&quot;&quot;,&quot;sizes&quot;:[]},&quot;_transform_translateY_effect&quot;:{&quot;unit&quot;:&quot;px&quot;,&quot;size&quot;:&quot;&quot;,&quot;sizes&quot;:[]},&quot;_transform_translateY_effect_tablet&quot;:{&quot;unit&quot;:&quot;px&quot;,&quot;size&quot;:&quot;&quot;,&quot;sizes&quot;:[]},&quot;_transform_translateY_effect_mobile&quot;:{&quot;unit&quot;:&quot;px&quot;,&quot;size&quot;:&quot;&quot;,&quot;sizes&quot;:[]}}\" data-widget_type=\"text-editor.default\">\n\t\t\t\t<div class=\"elementor-widget-container\">\n\t\t\t\t\t\t\t\t\t<h5 style=\"text-align: left;\">W TYGODNIU<\/h5><p style=\"text-align: left;\">codziennie: 18:00<br \/>\u015broda: 6:00<br \/>sobota: 9:00<\/p>\t\t\t\t\t\t\t\t<\/div>\n\t\t\t\t<\/div>\n\t\t\t\t<div class=\"elementor-element elementor-element-7c3fad93 elementor-widget-divider--view-line elementor-widget elementor-widget-divider\" data-id=\"7c3fad93\" data-element_type=\"widget\" data-e-type=\"widget\" data-widget_type=\"divider.default\">\n\t\t\t\t<div class=\"elementor-widget-container\">\n\t\t\t\t\t\t\t<div class=\"elementor-divider\">\n\t\t\t<span class=\"elementor-divider-separator\">\n\t\t\t\t\t\t<\/span>\n\t\t<\/div>\n\t\t\t\t\t\t<\/div>\n\t\t\t\t<\/div>\n\t\t\t\t<div class=\"elementor-element elementor-element-5c7256be elementor-widget-divider--view-line_text elementor-widget-divider--element-align-center elementor-widget elementor-widget-divider\" data-id=\"5c7256be\" data-element_type=\"widget\" data-e-type=\"widget\" data-widget_type=\"divider.default\">\n\t\t\t\t<div class=\"elementor-widget-container\">\n\t\t\t\t\t\t\t<div class=\"elementor-divider\">\n\t\t\t<span class=\"elementor-divider-separator\">\n\t\t\t\t\t\t\t<span class=\"elementor-divider__text elementor-divider__element\">\n\t\t\t\tSPOWIED\u0179 \u015aWI\u0118TA\t\t\t\t<\/span>\n\t\t\t\t\t\t<\/span>\n\t\t<\/div>\n\t\t\t\t\t\t<\/div>\n\t\t\t\t<\/div>\n\t\t\t\t<div class=\"elementor-element elementor-element-b8ab678 elementor-tabs-alignment-stretch elementor-tabs-view-horizontal elementor-widget elementor-widget-tabs\" data-id=\"b8ab678\" data-element_type=\"widget\" data-e-type=\"widget\" data-widget_type=\"tabs.default\">\n\t\t\t\t<div class=\"elementor-widget-container\">\n\t\t\t\t\t\t\t<div class=\"elementor-tabs\">\n\t\t\t<div class=\"elementor-tabs-wrapper\" role=\"tablist\" >\n\t\t\t\t\t\t\t\t\t<div id=\"elementor-tab-title-1931\" class=\"elementor-tab-title elementor-tab-desktop-title\" aria-selected=\"true\" data-tab=\"1\" role=\"tab\" tabindex=\"0\" aria-controls=\"elementor-tab-content-1931\" aria-expanded=\"false\">      W TYGODNIU<\/div>\n\t\t\t\t\t\t\t\t\t<div id=\"elementor-tab-title-1932\" class=\"elementor-tab-title elementor-tab-desktop-title\" aria-selected=\"false\" data-tab=\"2\" role=\"tab\" tabindex=\"-1\" aria-controls=\"elementor-tab-content-1932\" aria-expanded=\"false\">     W NIEDZIEL\u0118<\/div>\n\t\t\t\t\t\t\t<\/div>\n\t\t\t<div class=\"elementor-tabs-content-wrapper\" role=\"tablist\" aria-orientation=\"vertical\">\n\t\t\t\t\t\t\t\t\t<div class=\"elementor-tab-title elementor-tab-mobile-title\" aria-selected=\"true\" data-tab=\"1\" role=\"tab\" tabindex=\"0\" aria-controls=\"elementor-tab-content-1931\" aria-expanded=\"false\">      W TYGODNIU<\/div>\n\t\t\t\t\t<div id=\"elementor-tab-content-1931\" class=\"elementor-tab-content elementor-clearfix\" data-tab=\"1\" role=\"tabpanel\" aria-labelledby=\"elementor-tab-title-1931\" tabindex=\"0\" hidden=\"false\"><p style=\"text-align: left;\">15 min przed Msz\u0105 \u015bw. lub na pro\u015bb\u0119 penitenta po Mszy \u015bw.<\/p><\/div>\n\t\t\t\t\t\t\t\t\t<div class=\"elementor-tab-title elementor-tab-mobile-title\" aria-selected=\"false\" data-tab=\"2\" role=\"tab\" tabindex=\"-1\" aria-controls=\"elementor-tab-content-1932\" aria-expanded=\"false\">     W NIEDZIEL\u0118<\/div>\n\t\t\t\t\t<div id=\"elementor-tab-content-1932\" class=\"elementor-tab-content elementor-clearfix\" data-tab=\"2\" role=\"tabpanel\" aria-labelledby=\"elementor-tab-title-1932\" tabindex=\"0\" hidden=\"hidden\"><p>15 min przed Msz\u0105 \u015bw.<\/p><\/div>\n\t\t\t\t\t\t\t<\/div>\n\t\t<\/div>\n\t\t\t\t\t\t<\/div>\n\t\t\t\t<\/div>\n\t\t\t\t<div class=\"elementor-element elementor-element-39a186d2 elementor-widget-divider--view-line elementor-widget elementor-widget-divider\" data-id=\"39a186d2\" data-element_type=\"widget\" data-e-type=\"widget\" data-widget_type=\"divider.default\">\n\t\t\t\t<div class=\"elementor-widget-container\">\n\t\t\t\t\t\t\t<div class=\"elementor-divider\">\n\t\t\t<span class=\"elementor-divider-separator\">\n\t\t\t\t\t\t<\/span>\n\t\t<\/div>\n\t\t\t\t\t\t<\/div>\n\t\t\t\t<\/div>\n\t\t\t\t<div class=\"elementor-element elementor-element-7d2d15b2 elementor-widget-divider--view-line_text elementor-widget-divider--element-align-center elementor-widget elementor-widget-divider\" data-id=\"7d2d15b2\" data-element_type=\"widget\" data-e-type=\"widget\" data-widget_type=\"divider.default\">\n\t\t\t\t<div class=\"elementor-widget-container\">\n\t\t\t\t\t\t\t<div class=\"elementor-divider\">\n\t\t\t<span class=\"elementor-divider-separator\">\n\t\t\t\t\t\t\t<span class=\"elementor-divider__text elementor-divider__element\">\n\t\t\t\t    DANE KONTAKTOWE\t\t\t\t<\/span>\n\t\t\t\t\t\t<\/span>\n\t\t<\/div>\n\t\t\t\t\t\t<\/div>\n\t\t\t\t<\/div>\n\t\t\t\t<div class=\"elementor-element elementor-element-42b45298 e-transform elementor-widget elementor-widget-text-editor\" data-id=\"42b45298\" data-element_type=\"widget\" data-e-type=\"widget\" data-settings=\"{&quot;_transform_translateX_effect&quot;:{&quot;unit&quot;:&quot;px&quot;,&quot;size&quot;:0,&quot;sizes&quot;:[]},&quot;_transform_translateX_effect_tablet&quot;:{&quot;unit&quot;:&quot;px&quot;,&quot;size&quot;:&quot;&quot;,&quot;sizes&quot;:[]},&quot;_transform_translateX_effect_mobile&quot;:{&quot;unit&quot;:&quot;px&quot;,&quot;size&quot;:&quot;&quot;,&quot;sizes&quot;:[]},&quot;_transform_translateY_effect&quot;:{&quot;unit&quot;:&quot;px&quot;,&quot;size&quot;:&quot;&quot;,&quot;sizes&quot;:[]},&quot;_transform_translateY_effect_tablet&quot;:{&quot;unit&quot;:&quot;px&quot;,&quot;size&quot;:&quot;&quot;,&quot;sizes&quot;:[]},&quot;_transform_translateY_effect_mobile&quot;:{&quot;unit&quot;:&quot;px&quot;,&quot;size&quot;:&quot;&quot;,&quot;sizes&quot;:[]}}\" data-widget_type=\"text-editor.default\">\n\t\t\t\t<div class=\"elementor-widget-container\">\n\t\t\t\t\t\t\t\t\t<p style=\"text-align: center;\">Parafia rzymsko-katolicka p.w. \u015bw. Jadwigi \u015al\u0105skiej,\u00a0 Warszawa-\u017bera\u0144<br \/>ul. Modli\u0144ska 4, \u00a0 03-216 Warszawa<\/p><p style=\"text-align: center;\">adres e-mail:\u00a0<br \/><span tabindex=\"-1\" role=\"gridcell\" translate=\"no\">parafiajadwigi4@gmail.com\u00a0<\/span><\/p><p style=\"text-align: center;\">tel. do kancelarii: <br \/>884 997 939<br \/>nr konta: 50 1600 1462 1897 4221 8000 0001<\/p>\t\t\t\t\t\t\t\t<\/div>\n\t\t\t\t<\/div>\n\t\t\t\t<div class=\"elementor-element elementor-element-78197df0 elementor-widget-divider--view-line elementor-widget elementor-widget-divider\" data-id=\"78197df0\" data-element_type=\"widget\" data-e-type=\"widget\" data-widget_type=\"divider.default\">\n\t\t\t\t<div class=\"elementor-widget-container\">\n\t\t\t\t\t\t\t<div class=\"elementor-divider\">\n\t\t\t<span class=\"elementor-divider-separator\">\n\t\t\t\t\t\t<\/span>\n\t\t<\/div>\n\t\t\t\t\t\t<\/div>\n\t\t\t\t<\/div>\n\t\t\t\t<div class=\"elementor-element elementor-element-1384c8da elementor-widget-divider--view-line_text elementor-widget-divider--element-align-center elementor-widget elementor-widget-divider\" data-id=\"1384c8da\" data-element_type=\"widget\" data-e-type=\"widget\" data-widget_type=\"divider.default\">\n\t\t\t\t<div class=\"elementor-widget-container\">\n\t\t\t\t\t\t\t<div class=\"elementor-divider\">\n\t\t\t<span class=\"elementor-divider-separator\">\n\t\t\t\t\t\t\t<span class=\"elementor-divider__text elementor-divider__element\">\n\t\t\t\tKANCELARIA\t\t\t\t<\/span>\n\t\t\t\t\t\t<\/span>\n\t\t<\/div>\n\t\t\t\t\t\t<\/div>\n\t\t\t\t<\/div>\n\t\t\t\t<div class=\"elementor-element elementor-element-595cb193 e-transform elementor-widget elementor-widget-text-editor\" data-id=\"595cb193\" data-element_type=\"widget\" data-e-type=\"widget\" data-settings=\"{&quot;_transform_translateX_effect&quot;:{&quot;unit&quot;:&quot;px&quot;,&quot;size&quot;:35,&quot;sizes&quot;:[]},&quot;_transform_translateX_effect_tablet&quot;:{&quot;unit&quot;:&quot;px&quot;,&quot;size&quot;:&quot;&quot;,&quot;sizes&quot;:[]},&quot;_transform_translateX_effect_mobile&quot;:{&quot;unit&quot;:&quot;px&quot;,&quot;size&quot;:&quot;&quot;,&quot;sizes&quot;:[]},&quot;_transform_translateY_effect&quot;:{&quot;unit&quot;:&quot;px&quot;,&quot;size&quot;:&quot;&quot;,&quot;sizes&quot;:[]},&quot;_transform_translateY_effect_tablet&quot;:{&quot;unit&quot;:&quot;px&quot;,&quot;size&quot;:&quot;&quot;,&quot;sizes&quot;:[]},&quot;_transform_translateY_effect_mobile&quot;:{&quot;unit&quot;:&quot;px&quot;,&quot;size&quot;:&quot;&quot;,&quot;sizes&quot;:[]}}\" data-widget_type=\"text-editor.default\">\n\t\t\t\t<div class=\"elementor-widget-container\">\n\t\t\t\t\t\t\t\t\t<p style=\"text-align: left;\">\u015aRODA: 16.30-17.30<br \/>CZWARTEK: 16.30-17.30<br \/>PI\u0104TEK: po wieczornej Mszy \u015bw. ok. godz. 19.10<\/p>\t\t\t\t\t\t\t\t<\/div>\n\t\t\t\t<\/div>\n\t\t\t\t<div class=\"elementor-element elementor-element-8dba095 elementor-widget-divider--view-line elementor-widget elementor-widget-divider\" data-id=\"8dba095\" data-element_type=\"widget\" data-e-type=\"widget\" data-widget_type=\"divider.default\">\n\t\t\t\t<div class=\"elementor-widget-container\">\n\t\t\t\t\t\t\t<div class=\"elementor-divider\">\n\t\t\t<span class=\"elementor-divider-separator\">\n\t\t\t\t\t\t<\/span>\n\t\t<\/div>\n\t\t\t\t\t\t<\/div>\n\t\t\t\t<\/div>\n\t\t\t\t<div class=\"elementor-element elementor-element-4b88c552 elementor-widget-divider--view-line_text elementor-widget-divider--element-align-center elementor-widget elementor-widget-divider\" data-id=\"4b88c552\" data-element_type=\"widget\" data-e-type=\"widget\" data-widget_type=\"divider.default\">\n\t\t\t\t<div class=\"elementor-widget-container\">\n\t\t\t\t\t\t\t<div class=\"elementor-divider\">\n\t\t\t<span class=\"elementor-divider-separator\">\n\t\t\t\t\t\t\t<span class=\"elementor-divider__text elementor-divider__element\">\n\t\t\t\tMEDIA SPO\u0141ECZNO\u015aCIOWE\t\t\t\t<\/span>\n\t\t\t\t\t\t<\/span>\n\t\t<\/div>\n\t\t\t\t\t\t<\/div>\n\t\t\t\t<\/div>\n\t\t\t\t<div class=\"elementor-element elementor-element-77cf6f3b elementor-widget-divider--view-line elementor-widget elementor-widget-divider\" data-id=\"77cf6f3b\" data-element_type=\"widget\" data-e-type=\"widget\" data-widget_type=\"divider.default\">\n\t\t\t\t<div class=\"elementor-widget-container\">\n\t\t\t\t\t\t\t<div class=\"elementor-divider\">\n\t\t\t<span class=\"elementor-divider-separator\">\n\t\t\t\t\t\t<\/span>\n\t\t<\/div>\n\t\t\t\t\t\t<\/div>\n\t\t\t\t<\/div>\n\t\t\t\t<div class=\"elementor-element elementor-element-610e8c9c elementor-widget elementor-widget-text-editor\" data-id=\"610e8c9c\" data-element_type=\"widget\" data-e-type=\"widget\" data-widget_type=\"text-editor.default\">\n\t\t\t\t<div class=\"elementor-widget-container\">\n\t\t\t\t\t\t\t\t\t<p><a href=\"https:\/\/www.youtube.com\/@Parafiajadwigi\"><img decoding=\"async\" class=\"size-medium wp-image-12263 aligncenter\" src=\"https:\/\/parafiajadwigi.waw.pl\/wp-content\/uploads\/2024\/11\/pobrane-300x72.png\" alt=\"https:\/\/www.youtube.com\/@Parafiajadwigi\" width=\"300\" height=\"72\" srcset=\"https:\/\/parafiajadwigi.waw.pl\/wp-content\/uploads\/2024\/11\/pobrane-300x72.png 300w, https:\/\/parafiajadwigi.waw.pl\/wp-content\/uploads\/2024\/11\/pobrane.png 311w\" sizes=\"(max-width: 300px) 100vw, 300px\" \/><\/a><br \/><a href=\"https:\/\/www.facebook.com\/jadwigazeran\"><img loading=\"lazy\" decoding=\"async\" class=\"size-medium wp-image-12286 aligncenter\" src=\"https:\/\/parafiajadwigi.waw.pl\/wp-content\/uploads\/2024\/11\/Facebook-Logo-300x91.png\" alt=\"\" width=\"300\" height=\"91\" srcset=\"https:\/\/parafiajadwigi.waw.pl\/wp-content\/uploads\/2024\/11\/Facebook-Logo-300x91.png 300w, https:\/\/parafiajadwigi.waw.pl\/wp-content\/uploads\/2024\/11\/Facebook-Logo-1024x312.png 1024w, https:\/\/parafiajadwigi.waw.pl\/wp-content\/uploads\/2024\/11\/Facebook-Logo-768x234.png 768w, https:\/\/parafiajadwigi.waw.pl\/wp-content\/uploads\/2024\/11\/Facebook-Logo-1536x468.png 1536w, https:\/\/parafiajadwigi.waw.pl\/wp-content\/uploads\/2024\/11\/Facebook-Logo-2048x623.png 2048w, https:\/\/parafiajadwigi.waw.pl\/wp-content\/uploads\/2024\/11\/Facebook-Logo-985x300.png 985w\" sizes=\"(max-width: 300px) 100vw, 300px\" \/><\/a><\/p>\t\t\t\t\t\t\t\t<\/div>\n\t\t\t\t<\/div>\n\t\t\t\t<div class=\"elementor-element elementor-element-50ba02b5 elementor-widget-divider--view-line_text elementor-widget-divider--element-align-center elementor-widget elementor-widget-divider\" data-id=\"50ba02b5\" data-element_type=\"widget\" data-e-type=\"widget\" data-widget_type=\"divider.default\">\n\t\t\t\t<div class=\"elementor-widget-container\">\n\t\t\t\t\t\t\t<div class=\"elementor-divider\">\n\t\t\t<span class=\"elementor-divider-separator\">\n\t\t\t\t\t\t\t<span class=\"elementor-divider__text elementor-divider__element\">\n\t\t\t\tI PI\u0104TEK MIESI\u0104CA\t\t\t\t<\/span>\n\t\t\t\t\t\t<\/span>\n\t\t<\/div>\n\t\t\t\t\t\t<\/div>\n\t\t\t\t<\/div>\n\t\t\t\t<div class=\"elementor-element elementor-element-d49e9c7 elementor-widget elementor-widget-text-editor\" data-id=\"d49e9c7\" data-element_type=\"widget\" data-e-type=\"widget\" data-widget_type=\"text-editor.default\">\n\t\t\t\t<div class=\"elementor-widget-container\">\n\t\t\t\t\t\t\t\t\t<p style=\"text-align: center;\">Praktyka 9 pierwszych pi\u0105tk\u00f3w miesi\u0105ca i\u00a0 Komunia \u015bw. wynagradzaj\u0105ca<\/p><p style=\"text-align: right;\"><a href=\"https:\/\/parafiajadwigi.waw.pl\/index.php\/pierwszy-piatek-miesiaca\/\">czytaj wi\u0119cej<\/a><\/p>\t\t\t\t\t\t\t\t<\/div>\n\t\t\t\t<\/div>\n\t\t\t\t<div class=\"elementor-element elementor-element-229853b4 elementor-widget-divider--view-line_text elementor-widget-divider--element-align-center elementor-widget elementor-widget-divider\" data-id=\"229853b4\" data-element_type=\"widget\" data-e-type=\"widget\" data-widget_type=\"divider.default\">\n\t\t\t\t<div class=\"elementor-widget-container\">\n\t\t\t\t\t\t\t<div class=\"elementor-divider\">\n\t\t\t<span class=\"elementor-divider-separator\">\n\t\t\t\t\t\t\t<span class=\"elementor-divider__text elementor-divider__element\">\n\t\t\t\tI SOBOTA MIESI\u0104CA\t\t\t\t<\/span>\n\t\t\t\t\t\t<\/span>\n\t\t<\/div>\n\t\t\t\t\t\t<\/div>\n\t\t\t\t<\/div>\n\t\t\t\t<div class=\"elementor-element elementor-element-41c30733 elementor-widget elementor-widget-text-editor\" data-id=\"41c30733\" data-element_type=\"widget\" data-e-type=\"widget\" data-widget_type=\"text-editor.default\">\n\t\t\t\t<div class=\"elementor-widget-container\">\n\t\t\t\t\t\t\t\t\t<p>Wynagradzaj za grzechy i ratuj swoj\u0105 dusz\u0119, we\u017a udzia\u0142 w nabo\u017ce\u0144stwie wynagradzaj\u0105cym NMP. Wynagrodzenie sk\u0142adane Niepokalanemu Sercu Maryi i wielka obietnica Matki Bo\u017cej Fatimskiej<\/p><p style=\"text-align: right;\"><a href=\"https:\/\/parafiajadwigi.waw.pl\/index.php\/pierwsza-sobota-miesiaca\/\">czytaj wi\u0119cej<\/a><\/p>\t\t\t\t\t\t\t\t<\/div>\n\t\t\t\t<\/div>\n\t\t\t\t<div class=\"elementor-element elementor-element-28fc3e73 elementor-widget-divider--view-line_text elementor-widget-divider--element-align-center elementor-widget elementor-widget-divider\" data-id=\"28fc3e73\" data-element_type=\"widget\" data-e-type=\"widget\" data-widget_type=\"divider.default\">\n\t\t\t\t<div class=\"elementor-widget-container\">\n\t\t\t\t\t\t\t<div class=\"elementor-divider\">\n\t\t\t<span class=\"elementor-divider-separator\">\n\t\t\t\t\t\t\t<span class=\"elementor-divider__text elementor-divider__element\">\n\t\t\t\tWIECZ\u00d3R UWIELBIENIA\t\t\t\t<\/span>\n\t\t\t\t\t\t<\/span>\n\t\t<\/div>\n\t\t\t\t\t\t<\/div>\n\t\t\t\t<\/div>\n\t\t\t\t<div class=\"elementor-element elementor-element-49c2014e elementor-drop-cap-yes elementor-drop-cap-view-default elementor-widget elementor-widget-text-editor\" data-id=\"49c2014e\" data-element_type=\"widget\" data-e-type=\"widget\" data-settings=\"{&quot;drop_cap&quot;:&quot;yes&quot;}\" data-widget_type=\"text-editor.default\">\n\t\t\t\t<div class=\"elementor-widget-container\">\n\t\t\t\t\t\t\t\t\t<p style=\"text-align: left;\">W ka\u017cd\u0105 3 niedziel\u0119 miesi\u0105ca po Mszy \u015bw. wieczornej odbywa si\u0119 Wiecz\u00f3r Uwielbienia, maj\u0105cy charakter dzi\u0119kczynienia i uwielbienia przy wystawionym Naj\u015bwi\u0119tszym Sakramencie&#8230;<\/p><p style=\"text-align: right;\"><a href=\"https:\/\/parafiajadwigi.waw.pl\/index.php\/grupa-uwielbienia\/\">czytaj wi\u0119cej<\/a><\/p>\t\t\t\t\t\t\t\t<\/div>\n\t\t\t\t<\/div>\n\t\t\t\t\t<\/div>\n\t\t<\/div>\n\t\t\t\t\t<\/div>\n\t\t<\/section>\n\t\t\t\t<\/div>\n\t\t","protected":false},"excerpt":{"rendered":"<p>CHRZEST \u015aWI\u0118TY Podstawowe informacje dla rodzic\u00f3w i chrzestnych dotycz\u0105ce Chrztu \u015bw. w naszej parafii *** Sakrament chrztu jest udzielany uroczy\u015bcie podczas Mszy \u015bw. w\u00a0ka\u017cd\u0105 niedziel\u0119 miesi\u0105ca o godzinie 12.00 (z wyj\u0105tkiem okresu Adwentu i &hellip;<\/p>\n","protected":false},"author":1,"featured_media":0,"parent":0,"menu_order":0,"comment_status":"closed","ping_status":"closed","template":"","meta":{"footnotes":""},"class_list":["post-12330","page","type-page","status-publish","hentry"],"yoast_head":"<!-- This site is optimized with the Yoast SEO plugin v27.5 - https:\/\/yoast.com\/product\/yoast-seo-wordpress\/ -->\n<title>CHRZEST \u015aWI\u0118TY - \u015aw. Jadwiga \u015al\u0105ska<\/title>\n<meta name=\"robots\" content=\"index, follow, max-snippet:-1, max-image-preview:large, max-video-preview:-1\" \/>\n<link rel=\"canonical\" href=\"https:\/\/parafiajadwigi.waw.pl\/index.php\/elementor-12330\/\" \/>\n<meta property=\"og:locale\" content=\"pl_PL\" \/>\n<meta property=\"og:type\" content=\"article\" \/>\n<meta property=\"og:title\" content=\"CHRZEST \u015aWI\u0118TY - \u015aw. Jadwiga \u015al\u0105ska\" \/>\n<meta property=\"og:description\" content=\"CHRZEST \u015aWI\u0118TY Podstawowe informacje dla rodzic\u00f3w i chrzestnych dotycz\u0105ce Chrztu \u015bw. w naszej parafii *** Sakrament chrztu jest udzielany uroczy\u015bcie podczas Mszy \u015bw. w\u00a0ka\u017cd\u0105 niedziel\u0119 miesi\u0105ca o godzinie 12.00 (z wyj\u0105tkiem okresu Adwentu i &hellip;\" \/>\n<meta property=\"og:url\" content=\"https:\/\/parafiajadwigi.waw.pl\/index.php\/elementor-12330\/\" \/>\n<meta property=\"og:site_name\" content=\"\u015aw. Jadwiga \u015al\u0105ska\" \/>\n<meta property=\"article:modified_time\" content=\"2025-04-10T19:55:11+00:00\" \/>\n<meta property=\"og:image\" content=\"https:\/\/parafiajadwigi.waw.pl\/wp-content\/uploads\/2024\/11\/standardy_panel.png\" \/>\n\t<meta property=\"og:image:width\" content=\"455\" \/>\n\t<meta property=\"og:image:height\" content=\"195\" \/>\n\t<meta property=\"og:image:type\" content=\"image\/png\" \/>\n<meta name=\"twitter:card\" content=\"summary_large_image\" \/>\n<meta name=\"twitter:label1\" content=\"Szacowany czas czytania\" \/>\n\t<meta name=\"twitter:data1\" content=\"4 minuty\" \/>\n<script type=\"application\/ld+json\" class=\"yoast-schema-graph\">{\"@context\":\"https:\\\/\\\/schema.org\",\"@graph\":[{\"@type\":\"WebPage\",\"@id\":\"https:\\\/\\\/parafiajadwigi.waw.pl\\\/index.php\\\/elementor-12330\\\/\",\"url\":\"https:\\\/\\\/parafiajadwigi.waw.pl\\\/index.php\\\/elementor-12330\\\/\",\"name\":\"CHRZEST \u015aWI\u0118TY - \u015aw. Jadwiga \u015al\u0105ska\",\"isPartOf\":{\"@id\":\"https:\\\/\\\/parafiajadwigi.waw.pl\\\/#website\"},\"primaryImageOfPage\":{\"@id\":\"https:\\\/\\\/parafiajadwigi.waw.pl\\\/index.php\\\/elementor-12330\\\/#primaryimage\"},\"image\":{\"@id\":\"https:\\\/\\\/parafiajadwigi.waw.pl\\\/index.php\\\/elementor-12330\\\/#primaryimage\"},\"thumbnailUrl\":\"https:\\\/\\\/parafiajadwigi.waw.pl\\\/wp-content\\\/uploads\\\/2024\\\/11\\\/standardy_panel.png\",\"datePublished\":\"2024-11-15T14:56:21+00:00\",\"dateModified\":\"2025-04-10T19:55:11+00:00\",\"breadcrumb\":{\"@id\":\"https:\\\/\\\/parafiajadwigi.waw.pl\\\/index.php\\\/elementor-12330\\\/#breadcrumb\"},\"inLanguage\":\"pl-PL\",\"potentialAction\":[{\"@type\":\"ReadAction\",\"target\":[\"https:\\\/\\\/parafiajadwigi.waw.pl\\\/index.php\\\/elementor-12330\\\/\"]}]},{\"@type\":\"ImageObject\",\"inLanguage\":\"pl-PL\",\"@id\":\"https:\\\/\\\/parafiajadwigi.waw.pl\\\/index.php\\\/elementor-12330\\\/#primaryimage\",\"url\":\"https:\\\/\\\/parafiajadwigi.waw.pl\\\/wp-content\\\/uploads\\\/2024\\\/11\\\/standardy_panel.png\",\"contentUrl\":\"https:\\\/\\\/parafiajadwigi.waw.pl\\\/wp-content\\\/uploads\\\/2024\\\/11\\\/standardy_panel.png\",\"width\":455,\"height\":195},{\"@type\":\"BreadcrumbList\",\"@id\":\"https:\\\/\\\/parafiajadwigi.waw.pl\\\/index.php\\\/elementor-12330\\\/#breadcrumb\",\"itemListElement\":[{\"@type\":\"ListItem\",\"position\":1,\"name\":\"Strona g\u0142\u00f3wna\",\"item\":\"https:\\\/\\\/parafiajadwigi.waw.pl\\\/\"},{\"@type\":\"ListItem\",\"position\":2,\"name\":\"CHRZEST \u015aWI\u0118TY\"}]},{\"@type\":\"WebSite\",\"@id\":\"https:\\\/\\\/parafiajadwigi.waw.pl\\\/#website\",\"url\":\"https:\\\/\\\/parafiajadwigi.waw.pl\\\/\",\"name\":\"\u015aw. Jadwiga \u015al\u0105ska\",\"description\":\"Witamy\",\"publisher\":{\"@id\":\"https:\\\/\\\/parafiajadwigi.waw.pl\\\/#organization\"},\"potentialAction\":[{\"@type\":\"SearchAction\",\"target\":{\"@type\":\"EntryPoint\",\"urlTemplate\":\"https:\\\/\\\/parafiajadwigi.waw.pl\\\/?s={search_term_string}\"},\"query-input\":{\"@type\":\"PropertyValueSpecification\",\"valueRequired\":true,\"valueName\":\"search_term_string\"}}],\"inLanguage\":\"pl-PL\"},{\"@type\":\"Organization\",\"@id\":\"https:\\\/\\\/parafiajadwigi.waw.pl\\\/#organization\",\"name\":\"Parafia \u015awi\u0119tej Jadwigi \u015alaskiej\",\"url\":\"https:\\\/\\\/parafiajadwigi.waw.pl\\\/\",\"logo\":{\"@type\":\"ImageObject\",\"inLanguage\":\"pl-PL\",\"@id\":\"https:\\\/\\\/parafiajadwigi.waw.pl\\\/#\\\/schema\\\/logo\\\/image\\\/\",\"url\":\"https:\\\/\\\/parafiajadwigi.waw.pl\\\/wp-content\\\/uploads\\\/2017\\\/06\\\/logooo_Jadwiga.png\",\"contentUrl\":\"https:\\\/\\\/parafiajadwigi.waw.pl\\\/wp-content\\\/uploads\\\/2017\\\/06\\\/logooo_Jadwiga.png\",\"width\":1640,\"height\":2808,\"caption\":\"Parafia \u015awi\u0119tej Jadwigi \u015alaskiej\"},\"image\":{\"@id\":\"https:\\\/\\\/parafiajadwigi.waw.pl\\\/#\\\/schema\\\/logo\\\/image\\\/\"}}]}<\/script>\n<!-- \/ Yoast SEO plugin. -->","yoast_head_json":{"title":"CHRZEST \u015aWI\u0118TY - \u015aw. Jadwiga \u015al\u0105ska","robots":{"index":"index","follow":"follow","max-snippet":"max-snippet:-1","max-image-preview":"max-image-preview:large","max-video-preview":"max-video-preview:-1"},"canonical":"https:\/\/parafiajadwigi.waw.pl\/index.php\/elementor-12330\/","og_locale":"pl_PL","og_type":"article","og_title":"CHRZEST \u015aWI\u0118TY - \u015aw. Jadwiga \u015al\u0105ska","og_description":"CHRZEST \u015aWI\u0118TY Podstawowe informacje dla rodzic\u00f3w i chrzestnych dotycz\u0105ce Chrztu \u015bw. w naszej parafii *** Sakrament chrztu jest udzielany uroczy\u015bcie podczas Mszy \u015bw. w\u00a0ka\u017cd\u0105 niedziel\u0119 miesi\u0105ca o godzinie 12.00 (z wyj\u0105tkiem okresu Adwentu i &hellip;","og_url":"https:\/\/parafiajadwigi.waw.pl\/index.php\/elementor-12330\/","og_site_name":"\u015aw. Jadwiga \u015al\u0105ska","article_modified_time":"2025-04-10T19:55:11+00:00","og_image":[{"width":455,"height":195,"url":"https:\/\/parafiajadwigi.waw.pl\/wp-content\/uploads\/2024\/11\/standardy_panel.png","type":"image\/png"}],"twitter_card":"summary_large_image","twitter_misc":{"Szacowany czas czytania":"4 minuty"},"schema":{"@context":"https:\/\/schema.org","@graph":[{"@type":"WebPage","@id":"https:\/\/parafiajadwigi.waw.pl\/index.php\/elementor-12330\/","url":"https:\/\/parafiajadwigi.waw.pl\/index.php\/elementor-12330\/","name":"CHRZEST \u015aWI\u0118TY - \u015aw. Jadwiga \u015al\u0105ska","isPartOf":{"@id":"https:\/\/parafiajadwigi.waw.pl\/#website"},"primaryImageOfPage":{"@id":"https:\/\/parafiajadwigi.waw.pl\/index.php\/elementor-12330\/#primaryimage"},"image":{"@id":"https:\/\/parafiajadwigi.waw.pl\/index.php\/elementor-12330\/#primaryimage"},"thumbnailUrl":"https:\/\/parafiajadwigi.waw.pl\/wp-content\/uploads\/2024\/11\/standardy_panel.png","datePublished":"2024-11-15T14:56:21+00:00","dateModified":"2025-04-10T19:55:11+00:00","breadcrumb":{"@id":"https:\/\/parafiajadwigi.waw.pl\/index.php\/elementor-12330\/#breadcrumb"},"inLanguage":"pl-PL","potentialAction":[{"@type":"ReadAction","target":["https:\/\/parafiajadwigi.waw.pl\/index.php\/elementor-12330\/"]}]},{"@type":"ImageObject","inLanguage":"pl-PL","@id":"https:\/\/parafiajadwigi.waw.pl\/index.php\/elementor-12330\/#primaryimage","url":"https:\/\/parafiajadwigi.waw.pl\/wp-content\/uploads\/2024\/11\/standardy_panel.png","contentUrl":"https:\/\/parafiajadwigi.waw.pl\/wp-content\/uploads\/2024\/11\/standardy_panel.png","width":455,"height":195},{"@type":"BreadcrumbList","@id":"https:\/\/parafiajadwigi.waw.pl\/index.php\/elementor-12330\/#breadcrumb","itemListElement":[{"@type":"ListItem","position":1,"name":"Strona g\u0142\u00f3wna","item":"https:\/\/parafiajadwigi.waw.pl\/"},{"@type":"ListItem","position":2,"name":"CHRZEST \u015aWI\u0118TY"}]},{"@type":"WebSite","@id":"https:\/\/parafiajadwigi.waw.pl\/#website","url":"https:\/\/parafiajadwigi.waw.pl\/","name":"\u015aw. Jadwiga \u015al\u0105ska","description":"Witamy","publisher":{"@id":"https:\/\/parafiajadwigi.waw.pl\/#organization"},"potentialAction":[{"@type":"SearchAction","target":{"@type":"EntryPoint","urlTemplate":"https:\/\/parafiajadwigi.waw.pl\/?s={search_term_string}"},"query-input":{"@type":"PropertyValueSpecification","valueRequired":true,"valueName":"search_term_string"}}],"inLanguage":"pl-PL"},{"@type":"Organization","@id":"https:\/\/parafiajadwigi.waw.pl\/#organization","name":"Parafia \u015awi\u0119tej Jadwigi \u015alaskiej","url":"https:\/\/parafiajadwigi.waw.pl\/","logo":{"@type":"ImageObject","inLanguage":"pl-PL","@id":"https:\/\/parafiajadwigi.waw.pl\/#\/schema\/logo\/image\/","url":"https:\/\/parafiajadwigi.waw.pl\/wp-content\/uploads\/2017\/06\/logooo_Jadwiga.png","contentUrl":"https:\/\/parafiajadwigi.waw.pl\/wp-content\/uploads\/2017\/06\/logooo_Jadwiga.png","width":1640,"height":2808,"caption":"Parafia \u015awi\u0119tej Jadwigi \u015alaskiej"},"image":{"@id":"https:\/\/parafiajadwigi.waw.pl\/#\/schema\/logo\/image\/"}}]}},"_links":{"self":[{"href":"https:\/\/parafiajadwigi.waw.pl\/index.php\/wp-json\/wp\/v2\/pages\/12330","targetHints":{"allow":["GET"]}}],"collection":[{"href":"https:\/\/parafiajadwigi.waw.pl\/index.php\/wp-json\/wp\/v2\/pages"}],"about":[{"href":"https:\/\/parafiajadwigi.waw.pl\/index.php\/wp-json\/wp\/v2\/types\/page"}],"author":[{"embeddable":true,"href":"https:\/\/parafiajadwigi.waw.pl\/index.php\/wp-json\/wp\/v2\/users\/1"}],"replies":[{"embeddable":true,"href":"https:\/\/parafiajadwigi.waw.pl\/index.php\/wp-json\/wp\/v2\/comments?post=12330"}],"version-history":[{"count":20,"href":"https:\/\/parafiajadwigi.waw.pl\/index.php\/wp-json\/wp\/v2\/pages\/12330\/revisions"}],"predecessor-version":[{"id":14793,"href":"https:\/\/parafiajadwigi.waw.pl\/index.php\/wp-json\/wp\/v2\/pages\/12330\/revisions\/14793"}],"wp:attachment":[{"href":"https:\/\/parafiajadwigi.waw.pl\/index.php\/wp-json\/wp\/v2\/media?parent=12330"}],"curies":[{"name":"wp","href":"https:\/\/api.w.org\/{rel}","templated":true}]}}