{"id":10385,"date":"2024-02-29T21:20:53","date_gmt":"2024-02-29T20:20:53","guid":{"rendered":"https:\/\/parafiajadwigi.waw.pl\/?page_id=10385"},"modified":"2026-03-14T20:45:02","modified_gmt":"2026-03-14T19:45:02","slug":"nocna-droga-krzyzowa-2026","status":"publish","type":"page","link":"https:\/\/parafiajadwigi.waw.pl\/index.php\/nocna-droga-krzyzowa-2026\/","title":{"rendered":"NOCNA DROGA KRZY\u017bOWA 2026"},"content":{"rendered":"\t\t<div data-elementor-type=\"wp-page\" data-elementor-id=\"10385\" class=\"elementor elementor-10385\">\n\t\t\t\t\t\t<section class=\"elementor-section elementor-top-section elementor-element elementor-element-b9e4513 elementor-section-boxed elementor-section-height-default elementor-section-height-default\" data-id=\"b9e4513\" data-element_type=\"section\" data-e-type=\"section\">\n\t\t\t\t\t\t<div class=\"elementor-container elementor-column-gap-default\">\n\t\t\t\t\t<div class=\"elementor-column elementor-col-100 elementor-top-column elementor-element elementor-element-d2cd3aa\" data-id=\"d2cd3aa\" data-element_type=\"column\" data-e-type=\"column\">\n\t\t\t<div class=\"elementor-widget-wrap elementor-element-populated\">\n\t\t\t\t\t\t<div class=\"elementor-element elementor-element-805d2a1 elementor-widget elementor-widget-text-editor\" data-id=\"805d2a1\" data-element_type=\"widget\" data-e-type=\"widget\" data-widget_type=\"text-editor.default\">\n\t\t\t\t<div class=\"elementor-widget-container\">\n\t\t\t\t\t\t\t\t\t<div><span style=\"color: #0000ff;\">Nocna Droga Krzy\u017cowa \u017bera\u0144 2026<\/span><\/div><div>\u00a0<\/div><div>Trasa &#8211; lokalizacja stacji:<\/div><div><div class=\"gs\"><div class=\"\"><div id=\":sx\" class=\"ii gt adO\"><div id=\":sw\" class=\"a3s aiL\"><div id=\"avWBGd-87\"><div dir=\"ltr\"><div>1. Parafia Jadwigi \u015al\u0105skiej, ul. Modli\u0144ska 4,\u00a0<\/div><div>2. Ko\u015bci\u00f3\u0142 \u015awi\u0119tych Wyznawc\u00f3w\u00a0Ko\u015bci\u00f3\u0142 Rzymskokatolicki Pw. \u015aw. Rafa\u0142a i Alberta ul. Gwia\u017adzista 17,<\/div><div>3. Parafia Matki Bo\u017cej Kr\u00f3lowej Polski ul. Gda\u0144ska 6a,<\/div><div>4. Ko\u015bci\u00f3\u0142 Stanis\u0142awa Kostki ul. Hozjusza 2,<\/div><div>5. Ko\u015bci\u00f3\u0142 Dzieci\u0105tka Jezus ul. Czarnieckiego 15,<\/div><div>6. Ko\u015bci\u00f3\u0142 Jana Bo\u017cego i \u015aw. Andrzeja Aposto\u0142a ul. Bonifraterska 12,<\/div><div>7. Ko\u015bci\u00f3\u0142 \u015bw. Jacka ul. Freta 10,<\/div><div>8. Bazylika Katedralna \u015aw. Jana Chrzciciela ul. \u015awi\u0119toja\u0144ska 8,<\/div><div>9. Ko\u015bci\u00f3\u0142 Akademicki \u015bw. Anny Krakowskie Przedmie\u015bcie 68,<\/div><div>10. Katedra Praska ul. Floria\u0144ska 3<\/div><div>11. Ko\u015bci\u00f3\u0142 pod wezwaniem Matki Bo\u017cej Loreta\u0144skiej ul. Ratuszowa 5a,<\/div><div>12. Krzy\u017c przed przystankiem, przed blokiem ul. Jagiello\u0144ska 64,\u00a0<\/div><div>13. Kapliczka Matki Bo\u017cej na d\u0119bie przy MPWiK ul. Jagiello\u0144ska 65,<\/div><div>14. Parafia Jadwigi \u015al\u0105skiej, ul. Modli\u0144ska 4.\u00a0<\/div><\/div><\/div><\/div><\/div><h5 id=\"avWBGd-88\" class=\"WhmR8e\" data-hash=\"0\"><span style=\"color: #ff0000;\">Trasa naszej drogi dost\u0119pna jest w aplikacji TRASEO do pobrania <a href=\"https:\/\/www.traseo.pl\/trasa\/zeranska-nocna-droga-krzyzowa-2-26-jadwiga-slaska\">TUTAJ<\/a><\/span><\/h5><p>\u00a0<\/p><h5><span style=\"color: #ff0000;\">Konieczne jest pobranie darmowej aplikacji TRASEO.\u00a0<\/span><\/h5><p>\u00a0<\/p><\/div><\/div><\/div><div><span style=\"color: #0000ff;\">Co to jest Nocna Droga Krzy\u017cowa \u017bera\u0144 2026:<\/span><\/div><div>To droga krzy\u017cowa, kt\u00f3r\u0105 odbywa si\u0119 w samotno\u015bci i w ciszy maszeruj\u0105c ulicami Warszawy. Mo\u017cna i\u015b\u0107 te\u017c w grupach, ale nale\u017cy pami\u0119ta\u0107, \u017ce to ma by\u0107 czas wyciszenia i modlitwy, a nie czas na rozmowy ze znajomymi.\u00a0<\/div><div>Mo\u017cna zabra\u0107 ze sob\u0105 krzy\u017c i nie\u015b\u0107 go ze sob\u0105 po drodze. Mo\u017ce to by\u0107 dowolny krzy\u017c, nawet wykonany w\u0142asnor\u0119cznie z ga\u0142\u0105zek lub deseczek. Je\u015bli chcesz po przej\u015bciu drogi krzy\u017cowej mo\u017cesz zostawi\u0107 go przy drzwiach naszego ko\u015bcio\u0142a.<\/div><div>\u00a0<\/div><div><span style=\"color: #0000ff;\">Data wydarzenia: 20 marca 2026 r.<\/span><\/div><div>Godzina rozpocz\u0119cia: 19:30 Msz\u0105 \u015bwi\u0119t\u0105, po mszy wymarsz na tras\u0119<\/div><div>Miejsce rozpocz\u0119cia: Parafia \u015awi\u0119tej Jadwigi \u015al\u0105skiej ul. Modli\u0144ska 4 Warszawa<\/div><div>Miejsce zako\u0144czenia: Parafia \u015awi\u0119tej Jadwigi \u015al\u0105skiej ul. Modli\u0144ska 4 Warszawa<\/div><div>D\u0142ugo\u015b\u0107 trasy: 16 km, trasa dost\u0119pna jest w aplikacji Traseo.<\/div><div>Kto mo\u017ce wzi\u0105\u0107 udzia\u0142 w wydarzeniu: Ka\u017cdy kto czuje si\u0119 na si\u0142ach aby samotnie, w nocy pokona\u0107 tras\u0119 o d\u0142ugo\u015bci 16 km.\u00a0<\/div><div>\u00a0<\/div><div><span style=\"color: #0000ff;\">Jak przygotowa\u0107 si\u0119 do udzia\u0142u w Drodze Krzy\u017cowej:<\/span><\/div><div>Ubierz si\u0119 odpowiednio do warunk\u00f3w atmosferycznych.\u00a0<\/div><div>We\u017a ze sob\u0105:<\/div><div>&#8211; kurtk\u0119 przeciwdeszczow\u0105, dodatkow\u0105 bluz\u0119 oraz wygodne buty,<\/div><div>&#8211; latark\u0119,\u00a0<\/div><div>&#8211; na\u0142adowany telefon,<\/div><div>&#8211; co\u015b do picia (wod\u0119, termos z herbat\u0105 lub kaw\u0105),\u00a0<\/div><div>&#8211; co\u015b do jedzenia (kanapka, batonik, czekolada itp.).<\/div><div>\u00a0<\/div><div><span style=\"color: #0000ff;\">Rozwa\u017canie do Drogi: b\u0119d\u0105 udost\u0119pnione do pobrania przed Drog\u0105 Krzy\u017cow\u0105.<\/span><\/div><div>\u00a0<\/div><div><span style=\"color: #ff0000;\">WA\u017bNE: Organizatorzy nie zapewniaj\u0105 \u017cadnych zabezpiecze\u0144 na trasie. Nale\u017cy i\u015b\u0107 z zachowaniem zasad ruchu drogowego.\u00a0<\/span><\/div><div>\u00a0<\/div><div>Je\u015bli masz pytanie skontaktuj si\u0119 z 501944197<\/div><div>\u00a0<\/div><div>Trasa naszej drogi dost\u0119pna jest w aplikacji TRASEO do pobrania <a href=\"https:\/\/www.traseo.pl\/trasa\/zeranska-nocna-droga-krzyzowa-2-26-jadwiga-slaska\">TUTAJ<\/a><\/div><div class=\"yj6qo ajU\">\u00a0<\/div>\t\t\t\t\t\t\t\t<\/div>\n\t\t\t\t<\/div>\n\t\t\t\t\t<\/div>\n\t\t<\/div>\n\t\t\t\t\t<\/div>\n\t\t<\/section>\n\t\t\t\t<\/div>\n\t\t","protected":false},"excerpt":{"rendered":"<p>Nocna Droga Krzy\u017cowa \u017bera\u0144 2026\u00a0Trasa &#8211; lokalizacja stacji:1. Parafia Jadwigi \u015al\u0105skiej, ul. Modli\u0144ska 4,\u00a02. Ko\u015bci\u00f3\u0142 \u015awi\u0119tych Wyznawc\u00f3w\u00a0Ko\u015bci\u00f3\u0142 Rzymskokatolicki Pw. \u015aw. Rafa\u0142a i Alberta ul. Gwia\u017adzista 17,3. Parafia Matki Bo\u017cej Kr\u00f3lowej Polski ul. Gda\u0144ska 6a,4. &hellip;<\/p>\n","protected":false},"author":1,"featured_media":0,"parent":0,"menu_order":0,"comment_status":"closed","ping_status":"closed","template":"","meta":{"footnotes":""},"class_list":["post-10385","page","type-page","status-publish","hentry"],"yoast_head":"<!-- This site is optimized with the Yoast SEO plugin v27.5 - https:\/\/yoast.com\/product\/yoast-seo-wordpress\/ -->\n<title>NOCNA DROGA KRZY\u017bOWA 2026 - \u015aw. Jadwiga \u015al\u0105ska<\/title>\n<meta name=\"robots\" content=\"index, follow, max-snippet:-1, max-image-preview:large, max-video-preview:-1\" \/>\n<link rel=\"canonical\" href=\"https:\/\/parafiajadwigi.waw.pl\/index.php\/nocna-droga-krzyzowa-2026\/\" \/>\n<meta property=\"og:locale\" content=\"pl_PL\" \/>\n<meta property=\"og:type\" content=\"article\" \/>\n<meta property=\"og:title\" content=\"NOCNA DROGA KRZY\u017bOWA 2026 - \u015aw. Jadwiga \u015al\u0105ska\" \/>\n<meta property=\"og:description\" content=\"Nocna Droga Krzy\u017cowa \u017bera\u0144 2026\u00a0Trasa &#8211; lokalizacja stacji:1. Parafia Jadwigi \u015al\u0105skiej, ul. Modli\u0144ska 4,\u00a02. Ko\u015bci\u00f3\u0142 \u015awi\u0119tych Wyznawc\u00f3w\u00a0Ko\u015bci\u00f3\u0142 Rzymskokatolicki Pw. \u015aw. Rafa\u0142a i Alberta ul. Gwia\u017adzista 17,3. Parafia Matki Bo\u017cej Kr\u00f3lowej Polski ul. Gda\u0144ska 6a,4. &hellip;\" \/>\n<meta property=\"og:url\" content=\"https:\/\/parafiajadwigi.waw.pl\/index.php\/nocna-droga-krzyzowa-2026\/\" \/>\n<meta property=\"og:site_name\" content=\"\u015aw. Jadwiga \u015al\u0105ska\" \/>\n<meta property=\"article:modified_time\" content=\"2026-03-14T19:45:02+00:00\" \/>\n<meta name=\"twitter:card\" content=\"summary_large_image\" \/>\n<meta name=\"twitter:label1\" content=\"Szacowany czas czytania\" \/>\n\t<meta name=\"twitter:data1\" content=\"3 minuty\" \/>\n<script type=\"application\/ld+json\" class=\"yoast-schema-graph\">{\"@context\":\"https:\\\/\\\/schema.org\",\"@graph\":[{\"@type\":\"WebPage\",\"@id\":\"https:\\\/\\\/parafiajadwigi.waw.pl\\\/index.php\\\/nocna-droga-krzyzowa-2026\\\/\",\"url\":\"https:\\\/\\\/parafiajadwigi.waw.pl\\\/index.php\\\/nocna-droga-krzyzowa-2026\\\/\",\"name\":\"NOCNA DROGA KRZY\u017bOWA 2026 - \u015aw. Jadwiga \u015al\u0105ska\",\"isPartOf\":{\"@id\":\"https:\\\/\\\/parafiajadwigi.waw.pl\\\/#website\"},\"datePublished\":\"2024-02-29T20:20:53+00:00\",\"dateModified\":\"2026-03-14T19:45:02+00:00\",\"breadcrumb\":{\"@id\":\"https:\\\/\\\/parafiajadwigi.waw.pl\\\/index.php\\\/nocna-droga-krzyzowa-2026\\\/#breadcrumb\"},\"inLanguage\":\"pl-PL\",\"potentialAction\":[{\"@type\":\"ReadAction\",\"target\":[\"https:\\\/\\\/parafiajadwigi.waw.pl\\\/index.php\\\/nocna-droga-krzyzowa-2026\\\/\"]}]},{\"@type\":\"BreadcrumbList\",\"@id\":\"https:\\\/\\\/parafiajadwigi.waw.pl\\\/index.php\\\/nocna-droga-krzyzowa-2026\\\/#breadcrumb\",\"itemListElement\":[{\"@type\":\"ListItem\",\"position\":1,\"name\":\"Strona g\u0142\u00f3wna\",\"item\":\"https:\\\/\\\/parafiajadwigi.waw.pl\\\/\"},{\"@type\":\"ListItem\",\"position\":2,\"name\":\"NOCNA DROGA KRZY\u017bOWA 2026\"}]},{\"@type\":\"WebSite\",\"@id\":\"https:\\\/\\\/parafiajadwigi.waw.pl\\\/#website\",\"url\":\"https:\\\/\\\/parafiajadwigi.waw.pl\\\/\",\"name\":\"\u015aw. Jadwiga \u015al\u0105ska\",\"description\":\"Witamy\",\"publisher\":{\"@id\":\"https:\\\/\\\/parafiajadwigi.waw.pl\\\/#organization\"},\"potentialAction\":[{\"@type\":\"SearchAction\",\"target\":{\"@type\":\"EntryPoint\",\"urlTemplate\":\"https:\\\/\\\/parafiajadwigi.waw.pl\\\/?s={search_term_string}\"},\"query-input\":{\"@type\":\"PropertyValueSpecification\",\"valueRequired\":true,\"valueName\":\"search_term_string\"}}],\"inLanguage\":\"pl-PL\"},{\"@type\":\"Organization\",\"@id\":\"https:\\\/\\\/parafiajadwigi.waw.pl\\\/#organization\",\"name\":\"Parafia \u015awi\u0119tej Jadwigi \u015alaskiej\",\"url\":\"https:\\\/\\\/parafiajadwigi.waw.pl\\\/\",\"logo\":{\"@type\":\"ImageObject\",\"inLanguage\":\"pl-PL\",\"@id\":\"https:\\\/\\\/parafiajadwigi.waw.pl\\\/#\\\/schema\\\/logo\\\/image\\\/\",\"url\":\"https:\\\/\\\/parafiajadwigi.waw.pl\\\/wp-content\\\/uploads\\\/2017\\\/06\\\/logooo_Jadwiga.png\",\"contentUrl\":\"https:\\\/\\\/parafiajadwigi.waw.pl\\\/wp-content\\\/uploads\\\/2017\\\/06\\\/logooo_Jadwiga.png\",\"width\":1640,\"height\":2808,\"caption\":\"Parafia \u015awi\u0119tej Jadwigi \u015alaskiej\"},\"image\":{\"@id\":\"https:\\\/\\\/parafiajadwigi.waw.pl\\\/#\\\/schema\\\/logo\\\/image\\\/\"}}]}<\/script>\n<!-- \/ Yoast SEO plugin. -->","yoast_head_json":{"title":"NOCNA DROGA KRZY\u017bOWA 2026 - \u015aw. Jadwiga \u015al\u0105ska","robots":{"index":"index","follow":"follow","max-snippet":"max-snippet:-1","max-image-preview":"max-image-preview:large","max-video-preview":"max-video-preview:-1"},"canonical":"https:\/\/parafiajadwigi.waw.pl\/index.php\/nocna-droga-krzyzowa-2026\/","og_locale":"pl_PL","og_type":"article","og_title":"NOCNA DROGA KRZY\u017bOWA 2026 - \u015aw. Jadwiga \u015al\u0105ska","og_description":"Nocna Droga Krzy\u017cowa \u017bera\u0144 2026\u00a0Trasa &#8211; lokalizacja stacji:1. Parafia Jadwigi \u015al\u0105skiej, ul. Modli\u0144ska 4,\u00a02. Ko\u015bci\u00f3\u0142 \u015awi\u0119tych Wyznawc\u00f3w\u00a0Ko\u015bci\u00f3\u0142 Rzymskokatolicki Pw. \u015aw. Rafa\u0142a i Alberta ul. Gwia\u017adzista 17,3. Parafia Matki Bo\u017cej Kr\u00f3lowej Polski ul. Gda\u0144ska 6a,4. &hellip;","og_url":"https:\/\/parafiajadwigi.waw.pl\/index.php\/nocna-droga-krzyzowa-2026\/","og_site_name":"\u015aw. Jadwiga \u015al\u0105ska","article_modified_time":"2026-03-14T19:45:02+00:00","twitter_card":"summary_large_image","twitter_misc":{"Szacowany czas czytania":"3 minuty"},"schema":{"@context":"https:\/\/schema.org","@graph":[{"@type":"WebPage","@id":"https:\/\/parafiajadwigi.waw.pl\/index.php\/nocna-droga-krzyzowa-2026\/","url":"https:\/\/parafiajadwigi.waw.pl\/index.php\/nocna-droga-krzyzowa-2026\/","name":"NOCNA DROGA KRZY\u017bOWA 2026 - \u015aw. Jadwiga \u015al\u0105ska","isPartOf":{"@id":"https:\/\/parafiajadwigi.waw.pl\/#website"},"datePublished":"2024-02-29T20:20:53+00:00","dateModified":"2026-03-14T19:45:02+00:00","breadcrumb":{"@id":"https:\/\/parafiajadwigi.waw.pl\/index.php\/nocna-droga-krzyzowa-2026\/#breadcrumb"},"inLanguage":"pl-PL","potentialAction":[{"@type":"ReadAction","target":["https:\/\/parafiajadwigi.waw.pl\/index.php\/nocna-droga-krzyzowa-2026\/"]}]},{"@type":"BreadcrumbList","@id":"https:\/\/parafiajadwigi.waw.pl\/index.php\/nocna-droga-krzyzowa-2026\/#breadcrumb","itemListElement":[{"@type":"ListItem","position":1,"name":"Strona g\u0142\u00f3wna","item":"https:\/\/parafiajadwigi.waw.pl\/"},{"@type":"ListItem","position":2,"name":"NOCNA DROGA KRZY\u017bOWA 2026"}]},{"@type":"WebSite","@id":"https:\/\/parafiajadwigi.waw.pl\/#website","url":"https:\/\/parafiajadwigi.waw.pl\/","name":"\u015aw. Jadwiga \u015al\u0105ska","description":"Witamy","publisher":{"@id":"https:\/\/parafiajadwigi.waw.pl\/#organization"},"potentialAction":[{"@type":"SearchAction","target":{"@type":"EntryPoint","urlTemplate":"https:\/\/parafiajadwigi.waw.pl\/?s={search_term_string}"},"query-input":{"@type":"PropertyValueSpecification","valueRequired":true,"valueName":"search_term_string"}}],"inLanguage":"pl-PL"},{"@type":"Organization","@id":"https:\/\/parafiajadwigi.waw.pl\/#organization","name":"Parafia \u015awi\u0119tej Jadwigi \u015alaskiej","url":"https:\/\/parafiajadwigi.waw.pl\/","logo":{"@type":"ImageObject","inLanguage":"pl-PL","@id":"https:\/\/parafiajadwigi.waw.pl\/#\/schema\/logo\/image\/","url":"https:\/\/parafiajadwigi.waw.pl\/wp-content\/uploads\/2017\/06\/logooo_Jadwiga.png","contentUrl":"https:\/\/parafiajadwigi.waw.pl\/wp-content\/uploads\/2017\/06\/logooo_Jadwiga.png","width":1640,"height":2808,"caption":"Parafia \u015awi\u0119tej Jadwigi \u015alaskiej"},"image":{"@id":"https:\/\/parafiajadwigi.waw.pl\/#\/schema\/logo\/image\/"}}]}},"_links":{"self":[{"href":"https:\/\/parafiajadwigi.waw.pl\/index.php\/wp-json\/wp\/v2\/pages\/10385","targetHints":{"allow":["GET"]}}],"collection":[{"href":"https:\/\/parafiajadwigi.waw.pl\/index.php\/wp-json\/wp\/v2\/pages"}],"about":[{"href":"https:\/\/parafiajadwigi.waw.pl\/index.php\/wp-json\/wp\/v2\/types\/page"}],"author":[{"embeddable":true,"href":"https:\/\/parafiajadwigi.waw.pl\/index.php\/wp-json\/wp\/v2\/users\/1"}],"replies":[{"embeddable":true,"href":"https:\/\/parafiajadwigi.waw.pl\/index.php\/wp-json\/wp\/v2\/comments?post=10385"}],"version-history":[{"count":63,"href":"https:\/\/parafiajadwigi.waw.pl\/index.php\/wp-json\/wp\/v2\/pages\/10385\/revisions"}],"predecessor-version":[{"id":16379,"href":"https:\/\/parafiajadwigi.waw.pl\/index.php\/wp-json\/wp\/v2\/pages\/10385\/revisions\/16379"}],"wp:attachment":[{"href":"https:\/\/parafiajadwigi.waw.pl\/index.php\/wp-json\/wp\/v2\/media?parent=10385"}],"curies":[{"name":"wp","href":"https:\/\/api.w.org\/{rel}","templated":true}]}}